{"id":233,"date":"2026-02-13T20:08:08","date_gmt":"2026-02-13T23:08:08","guid":{"rendered":"https:\/\/blog.ufes.br\/enps\/?page_id=233"},"modified":"2026-02-13T20:09:13","modified_gmt":"2026-02-13T23:09:13","slug":"hospedagem-alimentacao-e-lazer","status":"publish","type":"page","link":"https:\/\/blog.ufes.br\/enps\/hospedagem-alimentacao-e-lazer\/","title":{"rendered":"Hospedagem, Alimenta\u00e7\u00e3o e Lazer"},"content":{"rendered":"\t\t<div data-elementor-type=\"wp-page\" data-elementor-id=\"233\" class=\"elementor elementor-233\">\n\t\t\t\t<div class=\"elementor-element elementor-element-5feafbbd e-flex e-con-boxed e-con e-parent\" data-id=\"5feafbbd\" data-element_type=\"container\" data-e-type=\"container\">\n\t\t\t\t\t<div class=\"e-con-inner\">\n\t\t\t\t<div class=\"elementor-element elementor-element-fe145bf elementor-widget elementor-widget-heading\" data-id=\"fe145bf\" data-element_type=\"widget\" data-e-type=\"widget\" data-widget_type=\"heading.default\">\n\t\t\t\t\t<h1 class=\"elementor-heading-title elementor-size-default\">Hospedagem, Alimenta\u00e7\u00e3o e Lazer<\/h1>\t\t\t\t<\/div>\n\t\t\t\t<div class=\"elementor-element elementor-element-6079fa38 elementor-widget elementor-widget-text-editor\" data-id=\"6079fa38\" data-element_type=\"widget\" data-e-type=\"widget\" data-widget_type=\"text-editor.default\">\n\t\t\t\t\t\t\t\t\t\n<h2 class=\"wp-block-heading\"><strong>Restaurante universit\u00e1rio<\/strong><\/h2>\n\n<p>Funciona de segunda-feira a sexta-feira, para almo\u00e7o (11h \u00e0s 13h30) e jantar (17h30 \u00e0s 19h). Pessoas externas \u00e0 comunidade acad\u00eamica podem acessar ao RU com taxa de R$9,50 por refei\u00e7\u00e3o, pago no guich\u00ea pr\u00f3ximo ao acesso ao restaurante.<\/p>\n\n<p>Para mais informa\u00e7\u00f5es: <a href=\"https:\/\/ru.ufes.br\/boas-vindas\" target=\"_blank\" rel=\"noreferrer noopener\">https:\/\/ru.ufes.br\/boas-vindas<\/a><\/p>\n\n<h2 class=\"wp-block-heading\">Cantina no CCJE (Cantina do Gerv\u00e1sio):<\/h2>\n\n<p>Funciona de segunda-feira a sexta-feira, entre 6h30 e 21h15. O servi\u00e7o de almo\u00e7o ocorre entre 11h30 e 14h.<\/p>\n\n<h2 class=\"wp-block-heading\">Cantina no CCHN (Cantina do Honofre):<\/h2>\n\n<p>Funciona de segunda-feira a sexta-feira, entre 6h30 e 21h. O servi\u00e7o de almo\u00e7o ocorre entre 11h e 14h.<\/p>\n\n<h2 class=\"wp-block-heading\">Cantina pr\u00f3xima ao Cinema e Teatro Universit\u00e1rio:<\/h2>\n\n<p>Funciona de segunda-feira a sexta-feira, entre 7h e 20h40. N\u00e3o h\u00e1 almo\u00e7o.<\/p>\n\n<blockquote class=\"wp-block-quote is-layout-flow wp-block-quote-is-layout-flow\">\n<p>Observa\u00e7\u00e3o: estas s\u00e3o apenas algumas refer\u00eancias de locais poss\u00edveis para alimenta\u00e7\u00e3o dentro do <em>campus<\/em> universit\u00e1rio, considerando a proximidade com os locais em que se realizar\u00e1 o evento. Al\u00e9m destes, h\u00e1 outras cantinas bem como vendedores\/as ambulantes pela Universidade.<\/p>\n<\/blockquote>\n\n<h2 class=\"wp-block-heading\"><strong>Copiadora<\/strong><\/h2>\n\n<h2 class=\"wp-block-heading\">Copiadora (Impress\u00f5es QDA)<\/h2>\n\n<p>A copiadora fica localizada no CCHN, pr\u00f3xima \u00e0 cantina do Honofre. Funciona de segunda-feira a sexta-feira, entre 7h30 e 20h.<\/p>\n<hr class=\"wp-block-separator has-alpha-channel-opacity\" \/>\n<p class=\"has-text-align-center\"><strong>Para conhecer e explorar o campus Universit\u00e1rio<\/strong><\/p>\n\n<h2 class=\"wp-block-heading\">Teatro Universit\u00e1rio<\/h2>\n\n<p>Localizado na parte frontal do <em>campus<\/em>, receber\u00e1 parte das atividades do Encontro.<\/p>\n\n<h2 class=\"wp-block-heading\">Cine Metr\u00f3polis<\/h2>\n\n<p>O cinema universit\u00e1rio est\u00e1 localizado pr\u00f3ximo ao Teatro Universit\u00e1rio, no Centro de Viv\u00eancia (vide mapa da Ufes). A programa\u00e7\u00e3o pode ser conferida no site do cinema (<a href=\"https:\/\/cinema.ufes.br\/programa-semana\" target=\"_blank\" rel=\"noreferrer noopener\">https:\/\/cinema.ufes.br\/programa-semana<\/a>) e os ingressos adquiridos na bilheteria, sendo R$ 16,00 (inteira) e R$ 8,00 (meia).<\/p>\n\n<h2 class=\"wp-block-heading\">Museu de Ci\u00eancias da Vida (MCV)<\/h2>\n\n<p>O MCV est\u00e1 localizado pr\u00f3ximo ao Teatro Universit\u00e1rio. As visitas individuais ou em pequenos grupos (de at\u00e9 12 pessoas) n\u00e3o necessitam de agendamento e s\u00e3o gratuitas. O local fica aberto para visita\u00e7\u00e3o entre \u00e0s ter\u00e7as-feiras e sextas-feiras (8h30 \u00e0s 12 e 14h \u00e0s 17h30) e aos s\u00e1bados (9h \u00e0s 13h). Possui elevador e espa\u00e7o para circula\u00e7\u00e3o de cadeirantes.<\/p>\n\n<blockquote class=\"wp-block-quote is-layout-flow wp-block-quote-is-layout-flow\">\n<p>Observa\u00e7\u00e3o: informa\u00e7\u00f5es obtidas a partir do site do MCV. Dispon\u00edvel em: <a href=\"https:\/\/mcv.ufes.br\/visitacao\" target=\"_blank\" rel=\"noreferrer noopener\">https:\/\/mcv.ufes.br\/visitacao<\/a>.<\/p>\n<\/blockquote>\n\n<h2 class=\"wp-block-heading\">Planet\u00e1rio de Vit\u00f3ria<\/h2>\n\n<p>Localizado no Centro de Ci\u00eancias Jur\u00eddicas e Econ\u00f4micas (CCJE), pr\u00f3ximo \u00e0 lagoa, \u00e9 aberto para visita\u00e7\u00e3o. Funciona entre segunda-feira e sexta-feira, das 7h \u00e0s 18h.<\/p>\n\n<h2 class=\"wp-block-heading\">Galeria de Arte Espa\u00e7o Universit\u00e1rio (Gaeu)<\/h2>\n\n<p>Pr\u00f3xima ao Teatro Universit\u00e1rio, a entrada \u00e9 gratuita, com funcionamento de segunda a sexta-feira, das 9h \u00e0s 12h e das 13h \u00e0s 17h.<\/p>\n\n<blockquote class=\"wp-block-quote is-layout-flow wp-block-quote-is-layout-flow\">\n<p>Observa\u00e7\u00e3o: informa\u00e7\u00f5es obtidas a partir do site da Gaeu. Dispon\u00edvel em: <a href=\"https:\/\/galeria.ufes.br\/visitacao\" target=\"_blank\" rel=\"noreferrer noopener\">https:\/\/galeria.ufes.br\/visitacao<\/a>.<\/p>\n<\/blockquote>\n\n<h2 class=\"wp-block-heading\">Galeria de Arte e Pesquisa (GAP):<\/h2>\n\n<p>Localizada em frente ao Centro de Viv\u00eancia, funciona entre ter\u00e7a e sexta-feira, das 9h \u00e0s 12h e das 13h \u00e0s 17h. <strong>\u00a0<\/strong><\/p>\n\n<blockquote class=\"wp-block-quote is-layout-flow wp-block-quote-is-layout-flow\">\n<p>Observa\u00e7\u00e3o: informa\u00e7\u00f5es obtidas a partir do site da GAP. Dispon\u00edvel em: <a href=\"https:\/\/gap.ufes.br\/sobre-gap\" target=\"_blank\" rel=\"noreferrer noopener\">https:\/\/gap.ufes.br\/sobre-gap<\/a>.<\/p>\n<\/blockquote>\n<hr class=\"wp-block-separator has-alpha-channel-opacity\" \/>\n<h2 class=\"wp-block-heading has-text-align-center\">DESLOCAMENTO<\/h2>\n\n<p><strong>Transporte p\u00fablico<\/strong><u><\/u><\/p>\n\n<p>O transporte p\u00fablico na cidade de Vit\u00f3ria e munic\u00edpios vizinhos (como Serra, Vila Velha e Cariacica) \u00e9 operado por meio do sistema Transcol. O acesso \u00e9 mediante cart\u00e3o (n\u00e3o h\u00e1 cobradores nos coletivos). Por\u00e9m, h\u00e1 a possibilidade de pagar pelo celular via QR Code. Para isso:<\/p>\n\n<ol class=\"wp-block-list\">\n<li>Baixe o aplicativo Kim e realize seu cadastro gratuitamente;<\/li>\n\n<li>Escolha a forma de pagamento e recarregue o cart\u00e3o virtual;<\/li>\n\n<li>Gere o QR Code e insira a linha que deseja. No \u00f4nibus, basta aproximar a tela com o QR Code da c\u00e2mera do validador.<\/li>\n<\/ol>\n\n<blockquote class=\"wp-block-quote is-layout-flow wp-block-quote-is-layout-flow\">\n<p>Observa\u00e7\u00e3o: informa\u00e7\u00f5es extra\u00eddas do site da GV Bus. Dispon\u00edvel em: <a href=\"https:\/\/gvbus.org.br\/saiba-como-pagar-a-passagem-pelo-celular-via-qr-code\/\" target=\"_blank\" rel=\"noreferrer noopener\">https:\/\/gvbus.org.br\/saiba-como-pagar-a-passagem-pelo-celular-via-qr-code\/<\/a><\/p>\n<\/blockquote>\n\n<p>Al\u00e9m disso, outros dois aplicativos podem ser \u00fateis:<\/p>\n\n<ul class=\"wp-block-list\">\n<li><strong>GVBus: <\/strong>informa quais \u00f4nibus passam em cada ponto, seus hor\u00e1rios, lota\u00e7\u00e3o, climatiza\u00e7\u00e3o, rotas e outras informa\u00e7\u00f5es.<\/li>\n\n<li><strong>Moovit: <\/strong>permite colocar a rota e ter as op\u00e7\u00f5es de \u00f4nibus.<\/li>\n<\/ul>\n\n<blockquote class=\"wp-block-quote is-layout-flow wp-block-quote-is-layout-flow\">\n<p>Fique atento\/a: alguns locais em Vit\u00f3ria possuem uma separa\u00e7\u00e3o entre os pontos de \u00f4nibus para linhas municipais e intermunicipais. Este \u00e9 o caso dos pontos de \u00f4nibus que ficam em frente \u00e0 Universidade.\u00a0<\/p>\n<\/blockquote>\n\n<h2 class=\"wp-block-heading\"><strong>Transporte individual de passageiros<\/strong><\/h2>\n\n<p>Para locomo\u00e7\u00e3o, tamb\u00e9m \u00e9 poss\u00edvel utilizar as plataformas Uber, 99 e InDrive. Recomenda-se colocar para desembarque pontos espec\u00edficos da Universidade, como o Teatro Universit\u00e1rio e o CCJE.<\/p>\n<hr class=\"wp-block-separator has-alpha-channel-opacity\" \/>\n<h2 class=\"wp-block-heading has-text-align-center\">PARA PRONTO ATENDIMENTO EM CASOS DE URG\u00caNCIA E EMERG\u00caNCIA<\/h2>\n\n<ul class=\"wp-block-list\">\n<li><strong>Pronto Atendimento Praia do Su\u00e1<\/strong>\n<ul class=\"wp-block-list\">\n<li>Endere\u00e7o: R. Alm. Tamandar\u00e9, 16 &#8211; Praia do Su\u00e1, Vit\u00f3ria &#8211; ES, 29052-190 (<a href=\"https:\/\/maps.app.goo.gl\/LSK5p1yVNkHtUfcW8\" target=\"_blank\" rel=\"noreferrer noopener\">https:\/\/maps.app.goo.gl\/LSK5p1yVNkHtUfcW8<\/a>);<\/li>\n\n<li>Contato: (27) 3137-2764.<\/li>\n<\/ul>\n<\/li>\n<\/ul>\n\n<ul class=\"wp-block-list\">\n<li><strong>Pronto Atendimento S\u00e3o Pedro<\/strong>\n<ul class=\"wp-block-list\">\n<li>Endere\u00e7o: Rodovia Serafim Derenzi, 4489 &#8211; S\u00e3o Jos\u00e9, Vit\u00f3ria &#8211; ES, 29046-513 (<a href=\"https:\/\/maps.app.goo.gl\/NAMBMfR6aU24YRX8A\" target=\"_blank\" rel=\"noreferrer noopener\">https:\/\/maps.app.goo.gl\/NAMBMfR6aU24YRX8A<\/a>);<\/li>\n\n<li>Contato: (27) 3132-5099.<\/li>\n<\/ul>\n<\/li>\n\n<li><strong>Hospital Estadual S\u00e3o Lucas<\/strong>\n<ul class=\"wp-block-list\">\n<li>Refer\u00eancia: urg\u00eancias traum\u00e1ticas, neurol\u00f3gicas, vasculares, oftalmol\u00f3gicas e ortop\u00e9dicas;<\/li>\n\n<li>Endere\u00e7o: R. Raimundo Nonato, 1095 &#8211; Forte S\u00e3o Jo\u00e3o, Vit\u00f3ria &#8211; ES, 29017-160 (<a href=\"https:\/\/maps.app.goo.gl\/JnjRzjhvh4PzAe557\" target=\"_blank\" rel=\"noreferrer noopener\">https:\/\/maps.app.goo.gl\/JnjRzjhvh4PzAe557<\/a>);<\/li>\n\n<li>Contato: (27) 3381-3365; (27) 3381-3410.<\/li>\n<\/ul>\n<\/li>\n\n<li><strong>Hospital Estadual Ant\u00f4nio Bezerra de Faria<\/strong>\n<ul class=\"wp-block-list\">\n<li>Refer\u00eancia: urg\u00eancias cl\u00ednicas, cir\u00fargicas e traumato-ortop\u00e9dicas;<\/li>\n\n<li>Endere\u00e7o: R. Liberalino Lima, s\/n &#8211; Olaria, Vila Velha &#8211; ES, 29123-180 (<a href=\"https:\/\/maps.app.goo.gl\/VcjNemFbonFSVzaC9\" target=\"_blank\" rel=\"noreferrer noopener\">https:\/\/maps.app.goo.gl\/VcjNemFbonFSVzaC9<\/a>);<\/li>\n\n<li>Contato: (27) 3636-3508; (27) 36363509; (27) 3636-3517.<\/li>\n<\/ul>\n<\/li>\n\n<li><strong>Hospital Estadual Infantil e Maternidade de Vila Velha (Himaba)<\/strong>\n<ul class=\"wp-block-list\">\n<li>Refer\u00eancia: urg\u00eancias card\u00edacas infantil, urg\u00eancias cir\u00fargicas e ortop\u00e9dicas (infantil), urg\u00eancias obst\u00e9tricas e atendimento a v\u00edtimas de viol\u00eancia infantil;<\/li>\n\n<li>Endere\u00e7o: Av. Min. Salgado Filho, 918 &#8211; Soteco, Vila Velha &#8211; ES, 29106-010 (<a href=\"https:\/\/maps.app.goo.gl\/2HHvRhD6C1AtejBv8\" target=\"_blank\" rel=\"noreferrer noopener\">https:\/\/maps.app.goo.gl\/2HHvRhD6C1AtejBv8<\/a>);<\/li>\n\n<li>Contato: 0800 050 5022.<\/li>\n<\/ul>\n<\/li>\n\n<li><strong>Hospital Estadual Infantil de Vit\u00f3ria<\/strong>\n<ul class=\"wp-block-list\">\n<li>Refer\u00eancia: urg\u00eancias pedi\u00e1tricas traum\u00e1ticas, ortop\u00e9dicas, cir\u00fargicas, cl\u00ednicas, neurocir\u00fargicas, oncol\u00f3gicas, infectol\u00f3gicas e urg\u00eancias por intoxica\u00e7\u00f5es e queimaduras graves;<\/li>\n\n<li>Endere\u00e7o: Av. Ja\u00edr Etienne Dessaune, 230 &#8211; Bento Ferreira, Vit\u00f3ria &#8211; ES, 29045-160 (<a href=\"https:\/\/maps.app.goo.gl\/MBXBCairtAovbRPC8\" target=\"_blank\" rel=\"noreferrer noopener\">https:\/\/maps.app.goo.gl\/MBXBCairtAovbRPC8<\/a>);<\/li>\n\n<li>Contato: (27) 3636-7532.<\/li>\n<\/ul>\n<\/li>\n\n<li><strong>Hospital Estadual de Aten\u00e7\u00e3o Cl\u00ednica<\/strong>\n<ul class=\"wp-block-list\">\n<li>Refer\u00eancia: urg\u00eancias psiqui\u00e1tricas (como surtos psic\u00f3ticos);<\/li>\n\n<li>Endere\u00e7o: Alameda \u00c9lcio \u00c1lvares, 339 &#8211; Tucum, Cariacica &#8211; ES, 29152-600 (<a href=\"https:\/\/maps.app.goo.gl\/u2cj7o7UxkqQMGHe7\" target=\"_blank\" rel=\"noreferrer noopener\">https:\/\/maps.app.goo.gl\/u2cj7o7UxkqQMGHe7<\/a>);<\/li>\n\n<li>Contato:\u00a0 (27) 3636-2837.<\/li>\n<\/ul>\n<\/li>\n<\/ul>\n\n<blockquote class=\"wp-block-quote is-layout-flow wp-block-quote-is-layout-flow\">\n<p>Sobre outros hospitais estaduais de pronto atendimento ver: <a href=\"https:\/\/saude.es.gov.br\/saiba-em-que-hospital-buscar-atendimento-de-u\" target=\"_blank\" rel=\"noreferrer noopener\">https:\/\/saude.es.gov.br\/saiba-em-que-hospital-buscar-atendimento-de-u<\/a><\/p>\n<\/blockquote>\n<hr class=\"wp-block-separator has-alpha-channel-opacity\" \/>\n<p class=\"has-text-align-center\"><strong>ALIMENTA\u00c7\u00c3O FORA DO CAMPUS UNIVERSIT\u00c1RIO<\/strong><\/p>\n\n<p>Aqui est\u00e3o sugest\u00f5es de alguns locais para alimenta\u00e7\u00e3o (bares, cafeterias, lanchonetes e restaurantes) fora do <em>campus <\/em>universit\u00e1rio. Por\u00e9m, destacamos que h\u00e1 muitas outras op\u00e7\u00f5es. Al\u00e9m disso, os hor\u00e1rios de funcionamento podem sofrer altera\u00e7\u00f5es, por isso, recomendamos visitar os sites\/perfis para confirma\u00e7\u00e3o.<\/p>\n\n<p><strong>Pr\u00f3ximo da Ufes<\/strong><\/p>\n\n<ul class=\"wp-block-list\">\n<li><strong>Restaurante Chico Bento<\/strong>\n<ul class=\"wp-block-list\">\n<li>Endere\u00e7o: Av. An\u00edsio Fernandes Coelho, 1540 &#8211; Jardim da Penha, Vit\u00f3ria &#8211; ES, 29060-670 (<a href=\"https:\/\/maps.app.goo.gl\/NCZHRgGK3TCppNup7\" target=\"_blank\" rel=\"noreferrer noopener\">https:\/\/maps.app.goo.gl\/NCZHRgGK3TCppNup7<\/a>);<\/li>\n\n<li>Funcionamento: de segunda-feira a sexta-feira, entre 10h40 e 14h40. No s\u00e1bado e no domingo, entre 10h40 e 15h;<\/li>\n\n<li>Perfil no instagram: @chicobentojpenha.<\/li>\n<\/ul>\n<\/li>\n<\/ul>\n\n<ul class=\"wp-block-list\">\n<li><strong>Kaffa Cafeteria<\/strong>\n<ul class=\"wp-block-list\">\n<li>Endere\u00e7o: Av. An\u00edsio Fernandes Coelho, 1850 &#8211; Lojas 1, 2 e 3 &#8211; Jardim da Penha, Vit\u00f3ria &#8211; ES, 29060-670 (<a href=\"https:\/\/maps.app.goo.gl\/TCDPWw3uNRq6ssNz7\" target=\"_blank\" rel=\"noreferrer noopener\">https:\/\/maps.app.goo.gl\/TCDPWw3uNRq6ssNz7<\/a>);<\/li>\n\n<li>Funcionamento: de segunda-feira a sexta-feira, entre 11h30 e 19h30;<\/li>\n\n<li>Perfil no instagram: @kaffacafeteria.<\/li>\n<\/ul>\n<\/li>\n<\/ul>\n\n<ul class=\"wp-block-list\">\n<li><strong>King Kone Pizza-Bar<\/strong>\n<ul class=\"wp-block-list\">\n<li>Endere\u00e7o: Av. An\u00edsio Fernandes Coelho, 1645 &#8211; Jardim da Penha, Vit\u00f3ria &#8211; ES, 29060-670 (<a href=\"https:\/\/maps.app.goo.gl\/sPJwkWuoG48pChz96\" target=\"_blank\" rel=\"noreferrer noopener\">https:\/\/maps.app.goo.gl\/sPJwkWuoG48pChz96<\/a>);<\/li>\n\n<li>Funcionamento: de segunda-feira a sexta-feira, entre 11h e 14h30 e entre 17h e 23h. No s\u00e1bado, entre 11h00 e 14h30 e entre 18h e 00h. No domingo, entre 18h e 23h;<\/li>\n\n<li>Perfil no instagram: @kingkoneoficial.<\/li>\n<\/ul>\n<\/li>\n<\/ul>\n\n<ul class=\"wp-block-list\">\n<li><strong>Restaurante Sabor no Fogo<\/strong>\n<ul class=\"wp-block-list\">\n<li>Endere\u00e7o: Rua Carij\u00f3s, 714 &#8211; 99642-3833 &#8211; Jardim da Penha, Vit\u00f3ria &#8211; ES, 29060-700 (<a href=\"https:\/\/maps.app.goo.gl\/4WP5B2DtoD9SfKvGA\" target=\"_blank\" rel=\"noreferrer noopener\">https:\/\/maps.app.goo.gl\/4WP5B2DtoD9SfKvGA<\/a>);<\/li>\n\n<li>Funcionamento: de segunda-feira a s\u00e1bado, entre 11h e 14h30;<\/li>\n\n<li>Perfil no instagram: @sabornofogor.<\/li>\n<\/ul>\n<\/li>\n<\/ul>\n\n<ul class=\"wp-block-list\">\n<li><strong>Nonna Barberina<\/strong>\n<ul class=\"wp-block-list\">\n<li>Endere\u00e7o: Rua Tupinamb\u00e1s, 623 &#8211; loja 02 &#8211; Jardim da Penha, Vit\u00f3ria &#8211; ES, 29060-810 (<a href=\"https:\/\/maps.app.goo.gl\/CZevqFbJL2uVVpyD8\" target=\"_blank\" rel=\"noreferrer noopener\">https:\/\/maps.app.goo.gl\/CZevqFbJL2uVVpyD8<\/a>);<\/li>\n\n<li>Funcionamento: de ter\u00e7a-feira a sexta-feira, entre 10h e 19h. No s\u00e1bado e no\u00a0 domingo, entre 10h e 16h;<\/li>\n\n<li>Perfil no instagram: @nonnabarberina.<\/li>\n<\/ul>\n<\/li>\n<\/ul>\n\n<ul class=\"wp-block-list\">\n<li><strong>Rua da Lama (aqui h\u00e1 v\u00e1rias outras op\u00e7\u00f5es al\u00e9m das j\u00e1 mencionadas)<\/strong>\n<ul class=\"wp-block-list\">\n<li>Endere\u00e7o: Av. An\u00edsio Fernandes Coelho, Jardim da Penha. (<a href=\"https:\/\/maps.app.goo.gl\/P4LiMMPMMTtMQvDf8\" target=\"_blank\" rel=\"noreferrer noopener\">https:\/\/maps.app.goo.gl\/P4LiMMPMMTtMQvDf8<\/a>).<\/li>\n<\/ul>\n<\/li>\n<\/ul>\n\n<p><strong>Outras sugest\u00f5es (para ir de carro)<\/strong><\/p>\n\n<ul class=\"wp-block-list\">\n<li><strong>Restaurante Caieiras (restaurante de comidas t\u00edpicas em frente ao mar)<\/strong>\n<ul class=\"wp-block-list\">\n<li>Endere\u00e7o: R. Felicidade Corr\u00eaa dos Santos, 968 &#8211; Ilha das Caieiras, Vit\u00f3ria &#8211; ES, 29032-118 (<a href=\"https:\/\/maps.app.goo.gl\/CdvaUujaqtoWiXeZ9\" target=\"_blank\" rel=\"noreferrer noopener\">https:\/\/maps.app.goo.gl\/CdvaUujaqtoWiXeZ9<\/a>);<\/li>\n\n<li>Funcionamento: de segunda-feira a sexta-feira, entre 11h e 16h; s\u00e1bado e domingo, entre 11h e 17h;<\/li>\n\n<li>Perfil no instagram: @caieirasrestaurante.<\/li>\n<\/ul>\n<\/li>\n<\/ul>\n\n<ul class=\"wp-block-list\">\n<li><strong>Bar Pimenta Carioca<\/strong>\n<ul class=\"wp-block-list\">\n<li>Endere\u00e7o: Av. Saturnino Rangel Mauro, 1215 &#8211; Jardim da Penha, Vit\u00f3ria &#8211; ES, 29062-033 (<a href=\"https:\/\/maps.app.goo.gl\/iTUFYzhupbCt7rFL7\" target=\"_blank\" rel=\"noreferrer noopener\">https:\/\/maps.app.goo.gl\/iTUFYzhupbCt7rFL7<\/a>);<\/li>\n\n<li>Funcionamento: de ter\u00e7a-feira a sexta-feira, entre 17h e 01h. S\u00e1bado, entre 11h e 21h;<\/li>\n\n<li>Perfil no instagram: @barpimentacarioca.<\/li>\n<\/ul>\n<\/li>\n<\/ul>\n\n<ul class=\"wp-block-list\">\n<li><strong>Mistura&#8217;s Bar<\/strong>\n<ul class=\"wp-block-list\">\n<li>Endere\u00e7o: R. Pres. Rodrigues Alves, 150 &#8211; Republica, Vit\u00f3ria &#8211; ES, 29070-145 (<a href=\"https:\/\/maps.app.goo.gl\/2G5bFhdamPs9FyMc7\" target=\"_blank\" rel=\"noreferrer noopener\">https:\/\/maps.app.goo.gl\/2G5bFhdamPs9FyMc7<\/a>);<\/li>\n\n<li>Funcionamento: de ter\u00e7a-feira a sexta-feira, entre 17h e 00h. S\u00e1bado, entre 11h e 00h, e domingo, entre 11h e 17h;<\/li>\n\n<li>Perfil no instagram: @misturasbar.<\/li>\n<\/ul>\n<\/li>\n<\/ul>\n\n<ul class=\"wp-block-list\">\n<li><strong>Terraf\u00e9 Restaurante e Cafeteria<\/strong>\n<ul class=\"wp-block-list\">\n<li>Endere\u00e7o: Shopping Jardins, R. Carlos Eduardo Monteiro de Lemos, 262 &#8211; Jardim da Penha, Vit\u00f3ria &#8211; ES, 29060-120 (<a href=\"https:\/\/maps.app.goo.gl\/hZ26X8zG5yHGzdne7\" target=\"_blank\" rel=\"noreferrer noopener\">https:\/\/maps.app.goo.gl\/hZ26X8zG5yHGzdne7<\/a>);\u00a0<\/li>\n\n<li>Funcionamento: de segunda-feira a s\u00e1bado, entre 8h e 22h. Domingo, entre 11h e 20h;<\/li>\n\n<li>Perfil no instagram: @terrafecafeteria.<\/li>\n<\/ul>\n<\/li>\n<\/ul>\n\n<ul class=\"wp-block-list\">\n<li><strong>Panach\u00e9 Restaurante<\/strong>\n<ul class=\"wp-block-list\">\n<li>Endere\u00e7o: R. Eugen\u00edlio Ramos, 676 &#8211; Jardim da Penha, Vit\u00f3ria &#8211; ES, 29060-130 (<a href=\"https:\/\/maps.app.goo.gl\/pNZqDkduZcuegtAX7\" target=\"_blank\" rel=\"noreferrer noopener\">https:\/\/maps.app.goo.gl\/pNZqDkduZcuegtAX7<\/a>);\u00a0\u00a0<\/li>\n\n<li>Funcionamento: de segunda-feira a sexta-feira, entre 11h e 14h;<\/li>\n\n<li>Perfil no instagram: @panacherestaurante.<\/li>\n<\/ul>\n<\/li>\n<\/ul>\n\n<ul class=\"wp-block-list\">\n<li><strong>Ferreirinha Grill<\/strong>\n<ul class=\"wp-block-list\">\n<li>Endere\u00e7o: R. Maria Eleonora Pereira, 940 &#8211; Jardim da Penha, Vit\u00f3ria &#8211; ES, 29060-150 (<a href=\"https:\/\/maps.app.goo.gl\/z6jEWQjduzHo7UMM8\" target=\"_blank\" rel=\"noreferrer noopener\">https:\/\/maps.app.goo.gl\/z6jEWQjduzHo7UMM8<\/a>);\u00a0\u00a0\u00a0<\/li>\n\n<li>Funcionamento: todos os dias, entre 11h e 15h;<\/li>\n\n<li>Perfil no instagram: @ferreirinhagrill.<\/li>\n<\/ul>\n<\/li>\n<\/ul>\n\n<ul class=\"wp-block-list\">\n<li><strong>Restaurante Oba Oba<\/strong>\n<ul class=\"wp-block-list\">\n<li>Endere\u00e7o: Av. An\u00edsio Fernandes Coelho, 1040 &#8211; Jardim da Penha, Vit\u00f3ria &#8211; ES, 29060-670 (<a href=\"https:\/\/maps.app.goo.gl\/TWPCEgDHfocHzPXV8\" target=\"_blank\" rel=\"noreferrer noopener\">https:\/\/maps.app.goo.gl\/TWPCEgDHfocHzPXV8<\/a>);\u00a0\u00a0\u00a0\u00a0\u00a0\u00a0<\/li>\n\n<li>Funcionamento: de segunda-feira a sexta-feira, entre 11h e 14h30. S\u00e1bado e domingo, entre 11h e 15h;<\/li>\n\n<li>Perfil no instagram: @restauranteobaoba.<\/li>\n<\/ul>\n<\/li>\n<\/ul>\n\n<ul class=\"wp-block-list\">\n<li><strong>Cida Terra Restaurante (Vegano)<\/strong>\n<ul class=\"wp-block-list\">\n<li>Endere\u00e7o: Boulevard, Av. Rosendo Serapi\u00e3o de Souza Filho, 691 &#8211; loja 10 &#8211; Mata da Praia, Vit\u00f3ria &#8211; ES, 29065-020 (<a href=\"https:\/\/maps.app.goo.gl\/Edstow6k2Rsp2MSP8\" target=\"_blank\" rel=\"noreferrer noopener\">https:\/\/maps.app.goo.gl\/Edstow6k2Rsp2MSP8<\/a>);\u00a0\u00a0\u00a0\u00a0\u00a0\u00a0\u00a0\u00a0<\/li>\n\n<li>Funcionamento: de segunda-feira a sexta-feira, entre 10h e 15h;<\/li>\n\n<li>Perfil no instagram: @cidaterrarestaurante.<\/li>\n<\/ul>\n<\/li>\n<\/ul>\n\n<ul class=\"wp-block-list\">\n<li><strong>D\u2019bem com a sua natureza (vegetariano e vegano)<\/strong>\n<ul class=\"wp-block-list\">\n<li>Endere\u00e7o: R. Joaquim L\u00edrio, 595 &#8211; Praia do Canto, Vit\u00f3ria &#8211; ES, 29055-460 (<a href=\"https:\/\/maps.app.goo.gl\/4wpBFsSMc1JMhNt59\" target=\"_blank\" rel=\"noreferrer noopener\">https:\/\/maps.app.goo.gl\/4wpBFsSMc1JMhNt59<\/a>);<\/li>\n\n<li>Funcionamento: de segunda-feira a sexta-feira, entre 11h30 e 15h30. S\u00e1bado, entre 9h30 e 16h. Domingo, entre 12h e 15h;<\/li>\n\n<li>Perfil no instagram: @dbemcomasuanatureza.<\/li>\n<\/ul>\n<\/li>\n<\/ul>\n\n<ul class=\"wp-block-list\">\n<li><strong>Restaurante Natural Sol da Terra (vegetariano e vegano)<\/strong>\n<ul class=\"wp-block-list\">\n<li>Endere\u00e7o: Horto Mercado &#8211; R. Lic\u00ednio dos Santos Conte, 51 &#8211; Loja 06\/07 &#8211; Praia do Su\u00e1, Vit\u00f3ria &#8211; ES, 29050-333 (<a href=\"https:\/\/maps.app.goo.gl\/CrC5q7KjedkdVvoV6\" target=\"_blank\" rel=\"noreferrer noopener\">https:\/\/maps.app.goo.gl\/CrC5q7KjedkdVvoV6<\/a>);\u00a0<\/li>\n\n<li>Funcionamento: todos os dias, entre 11h e 14h30;<\/li>\n\n<li>Perfil no instagram: @soldaterra.<\/li>\n<\/ul>\n<\/li>\n<\/ul>\n\n<p><strong>No Centro de Vit\u00f3ria<\/strong><\/p>\n\n<ul class=\"wp-block-list\">\n<li><strong>Bar da Zilda<\/strong>\n<ul class=\"wp-block-list\">\n<li>Endere\u00e7o: Rua Maria Sara\u00edva, 30 &#8211; Centro, Vit\u00f3ria &#8211; ES, 29015-350 (<a href=\"https:\/\/maps.app.goo.gl\/HHG6veKtJV8nQ7ix9\" target=\"_blank\" rel=\"noreferrer noopener\">https:\/\/maps.app.goo.gl\/HHG6veKtJV8nQ7ix9<\/a>);<\/li>\n\n<li>Funcionamento: s\u00e1bado e domingo, entre 19h e 01h;<\/li>\n\n<li>Perfil no instagram: @bardazilda.<\/li>\n<\/ul>\n<\/li>\n<\/ul>\n\n<ul class=\"wp-block-list\">\n<li><strong>Casa de Bamba<\/strong>\n<ul class=\"wp-block-list\">\n<li>Endere\u00e7o: R. Gama Rosa, 154 &#8211; Centro, Vit\u00f3ria &#8211; ES, 29015-100 (<a href=\"https:\/\/maps.app.goo.gl\/EPFMy5SCKdpKRosw6\" target=\"_blank\" rel=\"noreferrer noopener\">https:\/\/maps.app.goo.gl\/EPFMy5SCKdpKRosw6<\/a>);<\/li>\n\n<li>Funcionamento: de ter\u00e7a-feira a s\u00e1bado, de 18h \u00e0 01h;<\/li>\n\n<li>Perfil no instagram: @casadebambavix.<\/li>\n<\/ul>\n<\/li>\n<\/ul>\n\n<ul class=\"wp-block-list\">\n<li><strong>Casa \u00c0r\u00e0b\u00e0<\/strong>\n<ul class=\"wp-block-list\">\n<li>Endere\u00e7o: R. Graciano Neves, 123 &#8211; Centro, Vit\u00f3ria &#8211; ES, 29015-330 (<a href=\"https:\/\/maps.app.goo.gl\/SWRT93UeNrFDwmBf9\" target=\"_blank\" rel=\"noreferrer noopener\">https:\/\/maps.app.goo.gl\/SWRT93UeNrFDwmBf9<\/a>);<\/li>\n\n<li>Funcionamento: de ter\u00e7a-feira a sexta-feira, de 18h \u00e0s 23h; s\u00e1bado de 11h \u00e0 meia noite; domingo, de 11h \u00e0s 16h;<\/li>\n\n<li>Perfil no instagram: @casaaraba.<\/li>\n<\/ul>\n<\/li>\n<\/ul>\n\n<ul class=\"wp-block-list\">\n<li><strong>Boteco da Panela<\/strong>\n<ul class=\"wp-block-list\">\n<li>Endere\u00e7o: R. Sete de Setembro, 434 &#8211; Centro, Vit\u00f3ria &#8211; ES, 29016-080 (<a href=\"https:\/\/maps.app.goo.gl\/RtMiUqWZ6uxh6goM6\" target=\"_blank\" rel=\"noreferrer noopener\">https:\/\/maps.app.goo.gl\/RtMiUqWZ6uxh6goM6<\/a>);<\/li>\n\n<li>Funcionamento: de quarta-feira a sexta-feira, de 17h \u00e0 meia noite; s\u00e1bado e domingo, de meio dia at\u00e9 meia noite;<\/li>\n\n<li>Perfil no instagram: @botecodapanela.<\/li>\n<\/ul>\n<\/li>\n<\/ul>\n\n<ul class=\"wp-block-list\">\n<li><strong>Bar do Beco<\/strong>\n<ul class=\"wp-block-list\">\n<li>Endere\u00e7o: R. Ant\u00f4nio Aguirre, 9 &#8211; Centro, Vit\u00f3ria &#8211; ES, 29010-170 (<a href=\"https:\/\/maps.app.goo.gl\/oXXPAtzduE6jTbAa6\" target=\"_blank\" rel=\"noreferrer noopener\">https:\/\/maps.app.goo.gl\/oXXPAtzduE6jTbAa6<\/a>);<\/li>\n\n<li>Funcionamento: de quarta-feira a sexta-feira, entre 15h e 22h; s\u00e1bado e domingo, entre meio-dia e 22h;<\/li>\n\n<li>Perfil no instagram: @bar_do_beco1.<\/li>\n<\/ul>\n<\/li>\n<\/ul>\n\n<ul class=\"wp-block-list\">\n<li><strong>Restaurante Vegetariano Verde Perene<\/strong>\n<ul class=\"wp-block-list\">\n<li>Endere\u00e7o: Escadaria Maria Ortiz, 29 &#8211; Centro, Vit\u00f3ria &#8211; ES, 29015-130 (<a href=\"https:\/\/maps.app.goo.gl\/4yYcecv4rmtC9A6J7\" target=\"_blank\" rel=\"noreferrer noopener\">https:\/\/maps.app.goo.gl\/4yYcecv4rmtC9A6J7<\/a>);\u00a0<\/li>\n\n<li>Funcionamento: de quarta-feira a s\u00e1bado entre 11h30 e 14h30;<\/li>\n\n<li>Perfil no instagram: @verde_perene.<\/li>\n<\/ul>\n<\/li>\n<\/ul>\n\n<p class=\"has-text-align-center\"><strong>ATIVIDADES CULTURAIS NO PER\u00cdODO DO EVENTO<\/strong><\/p>\n\n<ul class=\"wp-block-list\">\n<li><strong>Link de p\u00e1ginas onde \u00e9 poss\u00edvel acompanhar as atividades culturais do Centro Hist\u00f3rico de Vit\u00f3ria.<\/strong>\n<ul class=\"wp-block-list\">\n<li>@boramarca_: <a href=\"https:\/\/www.instagram.com\/boramarca_\" target=\"_blank\" rel=\"noreferrer noopener\">https:\/\/www.instagram.com\/boramarca_<\/a><\/li>\n\n<li>@radar_centrodevitoria: <a href=\"https:\/\/www.instagram.com\/radar_centrodevitoria\" target=\"_blank\" rel=\"noreferrer noopener\" data-type=\"link\" data-id=\"https:\/\/www.instagram.com\/radar_centrodevitoria\">https:\/\/www.instagram.com\/radar_centrodevitoria<\/a><\/li>\n<\/ul>\n<\/li>\n<\/ul>\t\t\t\t\t\t\t\t<\/div>\n\t\t\t\t\t<\/div>\n\t\t\t\t<\/div>\n\t\t\t\t<\/div>\n\t\t","protected":false},"excerpt":{"rendered":"<p>Hospedagem, Alimenta\u00e7\u00e3o e Lazer Restaurante universit\u00e1rio Funciona de segunda-feira a sexta-feira, para almo\u00e7o (11h \u00e0s 13h30) e jantar (17h30 \u00e0s 19h). Pessoas externas \u00e0 comunidade acad\u00eamica podem acessar ao RU com taxa de R$9,50 por refei\u00e7\u00e3o, pago no guich\u00ea pr\u00f3ximo &hellip; <a href=\"https:\/\/blog.ufes.br\/enps\/hospedagem-alimentacao-e-lazer\/\">Continue lendo <span class=\"meta-nav\">&rarr;<\/span><\/a><\/p>\n","protected":false},"author":492,"featured_media":0,"parent":0,"menu_order":0,"comment_status":"closed","ping_status":"closed","template":"","meta":{"_bbp_topic_count":0,"_bbp_reply_count":0,"_bbp_total_topic_count":0,"_bbp_total_reply_count":0,"_bbp_voice_count":0,"_bbp_anonymous_reply_count":0,"_bbp_topic_count_hidden":0,"_bbp_reply_count_hidden":0,"_bbp_forum_subforum_count":0,"_uag_custom_page_level_css":"","footnotes":""},"class_list":["post-233","page","type-page","status-publish","hentry"],"uagb_featured_image_src":{"full":false,"thumbnail":false,"medium":false,"medium_large":false,"large":false,"1536x1536":false,"2048x2048":false,"post-thumbnail":false,"large-feature":false,"small-feature":false},"uagb_author_info":{"display_name":"admindoenps","author_link":"https:\/\/blog.ufes.br\/enps\/author\/admindoenps\/"},"uagb_comment_info":0,"uagb_excerpt":"Hospedagem, Alimenta\u00e7\u00e3o e Lazer Restaurante universit\u00e1rio Funciona de segunda-feira a sexta-feira, para almo\u00e7o (11h \u00e0s 13h30) e jantar (17h30 \u00e0s 19h). Pessoas externas \u00e0 comunidade acad\u00eamica podem acessar ao RU com taxa de R$9,50 por refei\u00e7\u00e3o, pago no guich\u00ea pr\u00f3ximo &hellip; Continue lendo &rarr;","_links":{"self":[{"href":"https:\/\/blog.ufes.br\/enps\/wp-json\/wp\/v2\/pages\/233","targetHints":{"allow":["GET"]}}],"collection":[{"href":"https:\/\/blog.ufes.br\/enps\/wp-json\/wp\/v2\/pages"}],"about":[{"href":"https:\/\/blog.ufes.br\/enps\/wp-json\/wp\/v2\/types\/page"}],"author":[{"embeddable":true,"href":"https:\/\/blog.ufes.br\/enps\/wp-json\/wp\/v2\/users\/492"}],"replies":[{"embeddable":true,"href":"https:\/\/blog.ufes.br\/enps\/wp-json\/wp\/v2\/comments?post=233"}],"version-history":[{"count":4,"href":"https:\/\/blog.ufes.br\/enps\/wp-json\/wp\/v2\/pages\/233\/revisions"}],"predecessor-version":[{"id":237,"href":"https:\/\/blog.ufes.br\/enps\/wp-json\/wp\/v2\/pages\/233\/revisions\/237"}],"wp:attachment":[{"href":"https:\/\/blog.ufes.br\/enps\/wp-json\/wp\/v2\/media?parent=233"}],"curies":[{"name":"wp","href":"https:\/\/api.w.org\/{rel}","templated":true}]}}