{"id":43,"date":"2025-12-26T15:57:29","date_gmt":"2025-12-26T18:57:29","guid":{"rendered":"https:\/\/blog.ufes.br\/enps\/?page_id=43"},"modified":"2026-04-24T09:55:32","modified_gmt":"2026-04-24T12:55:32","slug":"inscricoes-de-trabalhos","status":"publish","type":"page","link":"https:\/\/blog.ufes.br\/enps\/inscricoes-de-trabalhos\/","title":{"rendered":"Inscri\u00e7\u00f5es de Trabalhos"},"content":{"rendered":"\t\t<div data-elementor-type=\"wp-page\" data-elementor-id=\"43\" class=\"elementor elementor-43\">\n\t\t\t\t<div class=\"elementor-element elementor-element-ff08bed e-flex e-con-boxed e-con e-parent\" data-id=\"ff08bed\" data-element_type=\"container\" data-e-type=\"container\">\n\t\t\t\t\t<div class=\"e-con-inner\">\n\t\t\t\t<div class=\"elementor-element elementor-element-b27be33 elementor-widget elementor-widget-heading\" data-id=\"b27be33\" data-element_type=\"widget\" data-e-type=\"widget\" data-widget_type=\"heading.default\">\n\t\t\t\t\t<h2 class=\"elementor-heading-title elementor-size-default\">Submiss\u00f5es de Trabalhos<\/h2>\t\t\t\t<\/div>\n\t\t\t\t\t<\/div>\n\t\t\t\t<\/div>\n\t\t<div class=\"elementor-element elementor-element-375ac0d e-con-full e-flex e-con e-parent\" data-id=\"375ac0d\" data-element_type=\"container\" data-e-type=\"container\">\n\t\t\t\t<div class=\"elementor-element elementor-element-e19588d elementor-widget elementor-widget-heading\" data-id=\"e19588d\" data-element_type=\"widget\" data-e-type=\"widget\" data-widget_type=\"heading.default\">\n\t\t\t\t\t<h2 class=\"elementor-heading-title elementor-size-default\">INFORMA\u00c7\u00d5ES GERAIS<\/h2>\t\t\t\t<\/div>\n\t\t\t\t<div class=\"elementor-element elementor-element-78b3cb4 elementor-widget elementor-widget-tablepress-table\" data-id=\"78b3cb4\" data-element_type=\"widget\" data-e-type=\"widget\" data-widget_type=\"tablepress-table.default\">\n\t\t\t\t\t\n<table id=\"tablepress-1\" class=\"tablepress tablepress-id-1\">\n<thead>\n<tr class=\"row-1\">\n\t<th class=\"column-1\">CRONOGRAMA<\/th><th class=\"column-2\">DATA<\/th>\n<\/tr>\n<\/thead>\n<tbody class=\"row-striping row-hover\">\n<tr class=\"row-2\">\n\t<td class=\"column-1\">IN\u00cdCIO DAS INSCRI\u00c7\u00d5ES DOS TRABALHOS<\/td><td class=\"column-2\">30\/03\/2026<\/td>\n<\/tr>\n<tr class=\"row-3\">\n\t<td class=\"column-1\">PRAZO FINAL PARA SUBMISS\u00c3O DOS TRABALHOS (PRORROGADO)<\/td><td class=\"column-2\">05\/05\/2026<\/td>\n<\/tr>\n<tr class=\"row-4\">\n\t<td class=\"column-1\">RESULTADO DOS TRABALHOS APROVADOS<\/td><td class=\"column-2\">29\/06\/2026<\/td>\n<\/tr>\n<tr class=\"row-5\">\n\t<td class=\"column-1\">PAGAMENTO DAS INSCRI\u00c7\u00d5ES<\/td><td class=\"column-2\">EM BREVE<\/td>\n<\/tr>\n<\/tbody>\n<\/table>\n<!-- #tablepress-1 from cache -->\t\t\t\t<\/div>\n\t\t\t\t<div class=\"elementor-element elementor-element-231d874 elementor-widget elementor-widget-text-editor\" data-id=\"231d874\" data-element_type=\"widget\" data-e-type=\"widget\" data-widget_type=\"text-editor.default\">\n\t\t\t\t\t\t\t\t\t<p>Os\/as interessados\/as em participar de qualquer atividade do <strong>11\u00ba Encontro Internacional de Pol\u00edtica Social e o 18\u00ba Encontro Nacional de Pol\u00edtica Social<\/strong> devem clicar em \u201cinscri\u00e7\u00e3o\u201d no menu do site oficial do evento e acessar a p\u00e1gina do evento na plataforma Even3.<\/p>\n<p><strong>Benef\u00edcios do pagamento da inscri\u00e7\u00e3o:<\/strong><\/p>\n<ul>\n<li>Inscri\u00e7\u00e3o em 1 (um) minicurso<\/li>\n<li>Publica\u00e7\u00e3o do(s) trabalho(s) aprovados nos anais do evento desde que pelo menos um dos(as) autores(as) do trabalho tenham realizado o pagamento da inscri\u00e7\u00e3o<\/li>\n<li>Acesso aos certificados (desde que tenha participado do evento, cuja verifica\u00e7\u00e3o ser\u00e1 realizada por meio da confer\u00eancia das listas de presen\u00e7a).<\/li>\n<\/ul>\n<p><strong>Informa\u00e7\u00f5es gerais sobre a submiss\u00e3o de trabalhos:<\/strong><\/p>\n<ul>\n<li>A submiss\u00e3o dos trabalhos \u00e9 gratuita;<\/li>\n<li>Os certificados de apresenta\u00e7\u00e3o de trabalhos somente ser\u00e3o emitidos para os(as) autores(as) que efetivamente apresentarem os trabalhos;<\/li>\n<li>Leia atentamente as regras de submiss\u00e3o de trabalhos nesta p\u00e1gina;<\/li>\n<li>Cada autor(a) poder\u00e1 submeter at\u00e9 2 (dois) trabalhos como autor(a) ou co-autor(a);<\/li>\n<li>Cada trabalho poder\u00e1 ter at\u00e9 4 (quatro) autores(as) ou co-autores(as);<\/li>\n<li>Cada trabalho dever\u00e1 optar por uma modalidade (trabalho completo, resumo expandido, relatos de experi\u00eancia) e uma \u00e1rea tem\u00e1tica (ver descri\u00e7\u00e3o das \u00e1reas tem\u00e1ticas no site oficial no menu \u201ctrabalhos\u201d);<\/li>\n<li>Os trabalhos devem ser formatados de acordo com o template. Clique em \u201cinscri\u00e7\u00e3o\u201d no menu do site oficial e acesse o template na p\u00e1gina da <a href=\"https:\/\/www.even3.com.br\/11eips18enps-698927\/\" target=\"_blank\" rel=\"noopener\">Even3<\/a>. Ou, de modo alternativo, abaixo&nbsp;para acessar os templates para cada modalidade.<\/li>\n<li>&nbsp;Nos links abaixo, o arquivo template <b>n\u00e3o<\/b> poder\u00e1 ser compartilhado. Clique em &#8220;<u>Arquivo<\/u>&#8221; e em &#8220;<u>Baixar<\/u>&#8221; para arquivar uma c\u00f3pia e editar.<\/li>\n<\/ul>\n<p><i><\/i><a href=\"https:\/\/docs.google.com\/document\/d\/1pyk4yiaST5lkZXWgnGYOd7SqV4PRt_WN\/edit?usp=drive_link&amp;ouid=100138583206055709022&amp;rtpof=true&amp;sd=true\" target=\"_blank\" rel=\"noopener\">Modelo para formata\u00e7\u00e3o de trabalhos ENPS 2026 &#8211; resumos expandidos<\/a><\/p>\n<p><a href=\"https:\/\/docs.google.com\/document\/d\/1ajScujM04t0WwY6vcvRy4b_oCaDAnYJI\/edit?usp=sharing&amp;ouid=100138583206055709022&amp;rtpof=true&amp;sd=true\" target=\"_blank\" rel=\"noopener\"> Modelo para formata\u00e7\u00e3o de trabalhos ENPS 2026 &#8211; trabalhos completos e relato de experi\u00eancia<\/a><\/p>\t\t\t\t\t\t\t\t<\/div>\n\t\t\t\t<div class=\"elementor-element elementor-element-63d63e6 elementor-widget elementor-widget-heading\" data-id=\"63d63e6\" data-element_type=\"widget\" data-e-type=\"widget\" data-widget_type=\"heading.default\">\n\t\t\t\t\t<h2 class=\"elementor-heading-title elementor-size-default\">Regras Gerais para Submiss\u00e3o de Trabalhos<\/h2>\t\t\t\t<\/div>\n\t\t\t\t<div class=\"elementor-element elementor-element-e32e184 elementor-widget elementor-widget-text-editor\" data-id=\"e32e184\" data-element_type=\"widget\" data-e-type=\"widget\" data-widget_type=\"text-editor.default\">\n\t\t\t\t\t\t\t\t\t<p>As inscri\u00e7\u00f5es de trabalhos podem dar-se em <strong>tr\u00eas modalidades<\/strong>, listadas a seguir:<\/p><ul><li><strong>Trabalhos completos<\/strong>: apresenta\u00e7\u00e3o e publica\u00e7\u00e3o de trabalhos completos.<\/li><li><strong>Resumos expandidos<\/strong>: apresenta\u00e7\u00e3o e publica\u00e7\u00e3o dos resumos expandidos.<\/li><li><strong>Relatos de experi\u00eancia<\/strong>: apresenta\u00e7\u00e3o e publica\u00e7\u00e3o de trabalhos completos na forma de relatos de experi\u00eancia.<\/li><\/ul><p>Em todos os casos, devem ser seguidas rigorosamente as normas da ABNT para as cita\u00e7\u00f5es (NBR-10520) e para as refer\u00eancias (NBR 6023). No caso de pesquisas envolvendo seres humanos, \u00e9 obrigat\u00f3ria a descri\u00e7\u00e3o dos procedimentos \u00e9ticos pertinentes.<\/p><p>Os nomes dos arquivos enviados no momento da inscri\u00e7\u00e3o devem ter, no m\u00e1ximo, 12 caracteres, incluindo os espa\u00e7os. Os t\u00edtulos dos trabalhos submetidos a avalia\u00e7\u00e3o devem ter uma extens\u00e3o m\u00e1xima de 10 (dez) palavras. Devem ser mai\u00fasculas apenas a primeira letra do t\u00edtulo e as iniciais de nomes pr\u00f3prios.<\/p><p>Os trabalhos que n\u00e3o se adequarem \u00e0s normas aqui apresentadas ser\u00e3o exclu\u00eddos pela Comiss\u00e3o Cient\u00edfica do 11\u00ba EIPS\/18\u00ba ENPS. Os trabalhos selecionados n\u00e3o poder\u00e3o, em nenhuma hip\u00f3tese, ser modificados depois de inscritos, sendo publicados nos anais do evento exatamente como apresentados no momento de sua inscri\u00e7\u00e3o.<\/p><p>Os trabalhos aprovados para serem apresentados no 11\u00ba Encontro Internacional de Pol\u00edtica Social e no 18\u00ba Encontro Nacional de Pol\u00edtica Social ser\u00e3o aqueles selecionados por uma Comiss\u00e3o Cient\u00edfica. A avalia\u00e7\u00e3o ser\u00e1 realizada por meio de pareceristas an\u00f4nimos em avalia\u00e7\u00e3o do tipo duplo-cega.<\/p><p><strong>N\u00e3o ser\u00e3o fornecidos equipamentos multim\u00eddia para apresenta\u00e7\u00e3o de trabalhos.<\/strong><\/p><p>A rela\u00e7\u00e3o dos trabalhos aprovados, em fun\u00e7\u00e3o do cronograma do evento, poder\u00e1 ser acessada no site oficial do evento e na p\u00e1gina do evento na\u00a0<a href=\"https:\/\/www.even3.com.br\/11eips18enps-698927\" target=\"_blank\" rel=\"noopener\">Even3<\/a>. As cartas de aceite poder\u00e3o ser baixadas na \u00e1rea do evento no site da\u00a0<a href=\"https:\/\/www.even3.com.br\/11eips18enps-698927\" target=\"_blank\" rel=\"noopener\">Even3<\/a>.<\/p><p>Os Anais do evento s\u00e3o publicados no Portal de Peri\u00f3dicos da UFES, utilizando-se do sistema OJS-Open Journal (<a href=\"https:\/\/periodicos.ufes.br\/einps\" target=\"_blank\" rel=\"noopener\">https:\/\/periodicos.ufes.br\/einps<\/a>).<\/p><p>Ainda que cada trabalho aprovado seja vinculado a um determinada \u00e1rea tem\u00e1tica, na programa\u00e7\u00e3o do evento os trabalhos poder\u00e3o ser reagrupados para apresenta\u00e7\u00e3o, a crit\u00e9rio da Comiss\u00e3o Cient\u00edfica.<\/p>\t\t\t\t\t\t\t\t<\/div>\n\t\t\t\t<div class=\"elementor-element elementor-element-da722ad elementor-widget elementor-widget-heading\" data-id=\"da722ad\" data-element_type=\"widget\" data-e-type=\"widget\" data-widget_type=\"heading.default\">\n\t\t\t\t\t<h2 class=\"elementor-heading-title elementor-size-default\">Regras Espec\u00edficas para Submiss\u00e3o de Trabalhos<\/h2>\t\t\t\t<\/div>\n\t\t\t\t<div class=\"elementor-element elementor-element-e4cfa49 elementor-widget elementor-widget-heading\" data-id=\"e4cfa49\" data-element_type=\"widget\" data-e-type=\"widget\" data-widget_type=\"heading.default\">\n\t\t\t\t\t<h3 class=\"elementor-heading-title elementor-size-default\">Trabalho Completos<\/h3>\t\t\t\t<\/div>\n\t\t\t\t<div class=\"elementor-element elementor-element-08b21d8 elementor-widget elementor-widget-text-editor\" data-id=\"08b21d8\" data-element_type=\"widget\" data-e-type=\"widget\" data-widget_type=\"text-editor.default\">\n\t\t\t\t\t\t\t\t\t<p>Esta modalidade \u00e9 destinada preferencialmente a pesquisadores(as) e p\u00f3s-graduandos(as) com projetos mais avan\u00e7ados de pesquisa. N\u00e3o \u00e9 recomendada para trabalhos de conclus\u00e3o de curso de gradua\u00e7\u00e3o nem de inicia\u00e7\u00e3o cient\u00edfica.<\/p><p>Os trabalhos inscritos para comunica\u00e7\u00e3o oral dever\u00e3o ter, <strong>no m\u00ednimo, 10 (dez) e, no m\u00e1ximo, 12 (doze) p\u00e1ginas<\/strong> (ver especifica\u00e7\u00f5es, abaixo), incluindo: (a) um resumo e um abstract, cada um com at\u00e9 800 (oitocentos) caracteres com espa\u00e7o, em portugu\u00eas e em ingl\u00eas, respectivamente, em fonte Times New Roman, tamanho 10, texto justificado, com espa\u00e7amento simples entre as linhas; (b) palavras-chave separadas por \u201c;\u201d (ponto e v\u00edrgula). Aplicar negrito nas palavras \u201cresumo\u201d, \u201cabstract\u201d, \u201cpalavras-chave\u201d e \u201ckeywords\u201d.<\/p><p>O corpo do trabalho, no qual poder\u00e1 haver at\u00e9 3 (tr\u00eas) gr\u00e1ficos, quadros, tabelas ou imagens, dever\u00e1 conter as seguintes se\u00e7\u00f5es: (c) introdu\u00e7\u00e3o; (d) desenvolvimento; (e) considera\u00e7\u00f5es finais; (f) refer\u00eancias. Dever\u00e1 ser digitado em fonte Times New Roman, tamanho 12, com espa\u00e7amento 1,5 entre as linhas, margens superior e inferior de 2,0cm e margens esquerda e direita de 3,0cm. As notas de rodap\u00e9 devem ser apresentadas ao final de cada p\u00e1gina, em fonte 10, justificadas, sem espa\u00e7amento.<\/p><p>O t\u00edtulo da \u00e1rea tem\u00e1tica a que se vincula o trabalho deve ser escrito em fonte 10, em negrito, centralizado. O t\u00edtulo do trabalho deve ser apresentado em fonte 12, em negrito, centralizado, sendo mai\u00fasculas apenas a primeira letra do t\u00edtulo e as iniciais de nomes pr\u00f3prios. A autoria deve ser grafada em fonte 12, em negrito, alinhada \u00e0 direita.<\/p><p>As cita\u00e7\u00f5es diretas de mais de tr\u00eas linhas devem ser digitadas em corpo 10, com espa\u00e7amento simples entre as linhas e destacadas do texto por margem esquerda de 4cm, sem aspas. As cita\u00e7\u00f5es diretas de at\u00e9 tr\u00eas linhas devem integrar o corpo do texto e ser assinaladas entre aspas.<\/p><p>Uma c\u00f3pia do trabalho, em \u201c.doc\u201d ou \u201c.docx\u201d (Word), dever\u00e1 apresentar o(s) nome(s) completo(s) do\/a(s) autor\/a(es\/s), sua(s) filia\u00e7\u00e3o(\u00f5es) institucional(ais), seus endere\u00e7os eletr\u00f4nicos e a concord\u00e2ncia expressa com sua divulga\u00e7\u00e3o. A(s) filia\u00e7\u00e3o(\u00f5es) institucional(ais) e o endere\u00e7o eletr\u00f4nico de cada autor\/a devem aparecer em nota de rodap\u00e9, na primeira p\u00e1gina do trabalho. Caso o trabalho seja aprovado, esta c\u00f3pia ser\u00e1 inclu\u00edda nos anais do evento e ficar\u00e1 dispon\u00edvel para download no site do EIPS\/ENPS.<\/p><p>Outra c\u00f3pia, tamb\u00e9m em \u201c.doc\u201d ou \u201c.docx\u201d (Word), dever\u00e1 ser inscrita sem nenhuma identifica\u00e7\u00e3o do\/a(s) autor\/a(es\/s). A Comiss\u00e3o Cient\u00edfica do evento excluir\u00e1 os trabalhos que apresentem quaisquer indica\u00e7\u00f5es que possam identificar o\/a(s) autor\/a(es\/s).<\/p><p>Para fazer a inscri\u00e7\u00e3o, insira na p\u00e1gina o resumo do trabalho, em portugu\u00eas, com, no m\u00e1ximo, 800 (oitocentos) caracteres.<\/p><p>No Encontro, <strong>a apresenta\u00e7\u00e3o dos trabalhos enviados no formato trabalhos completos ser\u00e1 feita em at\u00e9 15 minutos<\/strong>, na data e hor\u00e1rio fixados pela Comiss\u00e3o Organizadora sendo obrigat\u00f3ria a presen\u00e7a de, pelo menos, um(a) de seus(as) autores(as). Ser\u00e1 vedada a apresenta\u00e7\u00e3o de resumos expandidos por terceiros (n\u00e3o autores\/as). N\u00e3o ser\u00e3o fornecidos equipamentos multim\u00eddia para apresenta\u00e7\u00e3o de trabalhos.<\/p>\t\t\t\t\t\t\t\t<\/div>\n\t\t\t\t<div class=\"elementor-element elementor-element-5096b89 elementor-widget elementor-widget-heading\" data-id=\"5096b89\" data-element_type=\"widget\" data-e-type=\"widget\" data-widget_type=\"heading.default\">\n\t\t\t\t\t<h3 class=\"elementor-heading-title elementor-size-default\">Resumos Expandidos<\/h3>\t\t\t\t<\/div>\n\t\t\t\t<div class=\"elementor-element elementor-element-d1154ca elementor-widget elementor-widget-text-editor\" data-id=\"d1154ca\" data-element_type=\"widget\" data-e-type=\"widget\" data-widget_type=\"text-editor.default\">\n\t\t\t\t\t\t\t\t\t<p>Esta modalidade visa ampliar as possibilidades de participa\u00e7\u00e3o de estudantes de gradua\u00e7\u00e3o e de mestrado, com a apresenta\u00e7\u00e3o de seus trabalhos de conclus\u00e3o de curso, de inicia\u00e7\u00e3o cient\u00edfica ou de pesquisa de mestrado em andamento. Cada trabalho desta modalidade dever\u00e1 ser inscrito atrav\u00e9s de um resumo expandido, com um <strong>m\u00ednimo de 01 (uma) e um m\u00e1ximo de 02 (duas) p\u00e1ginas, <\/strong>incluindo refer\u00eancias bibliogr\u00e1ficas.<\/p><p>No corpo do trabalho, recomenda-se a utiliza\u00e7\u00e3o de, no m\u00e1ximo, 1 (um) gr\u00e1fico, ou quadro, ou tabelas ou imagens. O corpo do trabalho dever\u00e1 conter 2 (duas) se\u00e7\u00f5es: <strong>desenvolvimento<\/strong> (o desenvolvimento pode integrar em uma \u00fanica se\u00e7\u00e3o: introdu\u00e7\u00e3o, objetivo, discuss\u00e3o e considera\u00e7\u00f5es finais &#8211; sem separar por itens\/subitens) e <strong>refer\u00eancias<\/strong>.\u00a0<\/p><p>O corpo do trabalho dever\u00e1 ser em fonte Times New Roman, tamanho 12, com espa\u00e7amento 1,5 entre as linhas, margens superior e inferior de 2,0cm e margens esquerda e direita de 3,0cm. As notas de rodap\u00e9 devem ser apresentadas em fonte 10, justificadas, sem espa\u00e7amento.<\/p><p>O t\u00edtulo da \u00e1rea tem\u00e1tica a que se vincula o trabalho deve ser escrito em fonte 10, em negrito, centralizado. O t\u00edtulo do trabalho deve ser apresentado em fonte 12, em negrito, centralizado, sendo mai\u00fasculas apenas a primeira letra do t\u00edtulo e as iniciais de nomes pr\u00f3prios. A autoria deve ser grafada em fonte 12, em negrito, alinhada \u00e0 direita.<\/p><p>As cita\u00e7\u00f5es diretas de mais de tr\u00eas linhas devem ser digitadas em corpo 10, com espa\u00e7amento simples entre as linhas e destacadas do texto por margem esquerda de 4cm, sem aspas. As cita\u00e7\u00f5es diretas de at\u00e9 tr\u00eas linhas devem integrar o corpo do texto e ser assinaladas entre aspas.<\/p><p>Uma c\u00f3pia do trabalho, em \u201c.doc\u201d ou \u201c.docx\u201d (Word), dever\u00e1 apresentar o(s) nome(s) completo(s) do\/a(s) autor\/a(es\/s), sua(s) filia\u00e7\u00e3o(\u00f5es) institucional(ais), seus endere\u00e7os eletr\u00f4nicos e a concord\u00e2ncia expressa com sua divulga\u00e7\u00e3o. A(s) filia\u00e7\u00e3o(\u00f5es) institucional(ais) e o endere\u00e7o eletr\u00f4nico de cada autor\/a devem aparecer em nota de rodap\u00e9, na primeira p\u00e1gina do trabalho. Caso o trabalho seja aprovado, esta c\u00f3pia ser\u00e1 inclu\u00edda nos anais do evento e ficar\u00e1 dispon\u00edvel para download no site do EIPS\/ENPS.<\/p><p>Outra c\u00f3pia, tamb\u00e9m em \u201c.doc\u201d ou \u201c.docx\u201d (Word), dever\u00e1 ser inscrita sem nenhuma identifica\u00e7\u00e3o do\/a(s) autor\/a(es\/s). A Comiss\u00e3o Cient\u00edfica do evento excluir\u00e1 os trabalhos que apresentem quaisquer indica\u00e7\u00f5es que possam identificar o\/a(s) autor\/a(es\/s).<\/p><p>Para fazer a inscri\u00e7\u00e3o, insira na p\u00e1gina o resumo do trabalho, em portugu\u00eas, com, no m\u00e1ximo, 800 (oitocentos) caracteres.<\/p><p>No Encontro, a apresenta\u00e7\u00e3o dos trabalhos enviados no formato resumos expandidos ser\u00e1 feita em at\u00e9 <strong>10 minutos<\/strong>, na data e hor\u00e1rio fixados pela Comiss\u00e3o Organizadora sendo obrigat\u00f3ria a presen\u00e7a de, pelo menos, um do\/a(s) autor\/a(es\/s). Ser\u00e1 vedada a apresenta\u00e7\u00e3o de resumos expandidos por terceiros (n\u00e3o autores\/as). N\u00e3o ser\u00e3o fornecidos equipamentos multim\u00eddia para apresenta\u00e7\u00e3o de trabalhos.<\/p>\t\t\t\t\t\t\t\t<\/div>\n\t\t\t\t<div class=\"elementor-element elementor-element-46ff481 elementor-widget elementor-widget-heading\" data-id=\"46ff481\" data-element_type=\"widget\" data-e-type=\"widget\" data-widget_type=\"heading.default\">\n\t\t\t\t\t<h2 class=\"elementor-heading-title elementor-size-default\">Relatos de Experi\u00eancia<\/h2>\t\t\t\t<\/div>\n\t\t\t\t<div class=\"elementor-element elementor-element-f992174 elementor-widget elementor-widget-text-editor\" data-id=\"f992174\" data-element_type=\"widget\" data-e-type=\"widget\" data-widget_type=\"text-editor.default\">\n\t\t\t\t\t\t\t\t\t<p>Esta modalidade \u00e9 destinada a profissionais que desenvolvem trabalhos em pol\u00edticas p\u00fablicas ou em projetos de extens\u00e3o universit\u00e1ria ou projetos de interven\u00e7\u00e3o comunit\u00e1ria, que t\u00eam relatos de experi\u00eancia de interven\u00e7\u00e3o que possam contribuir, de forma relevante, para a respectiva \u00e1rea de atua\u00e7\u00e3o. O texto deve descrever uma dada experi\u00eancia que possa contribuir de forma relevante para as \u00e1reas de atua\u00e7\u00e3o afeitas ao campo das pol\u00edticas p\u00fablicas ou projetos de extens\u00e3o\/interven\u00e7\u00e3o. Tais relatos n\u00e3o devem ser confundidos com relatos de pesquisa, que n\u00e3o ser\u00e3o aceitos nesta modalidade.<\/p><p>Os trabalhos inscritos para comunica\u00e7\u00e3o oral dever\u00e3o ter, no m\u00ednimo, 10 (dez) e, no m\u00e1ximo, 12 (doze) p\u00e1ginas (ver especifica\u00e7\u00f5es, abaixo), incluindo: (a) um resumo e um abstract, cada um com at\u00e9 800 (oitocentos) caracteres com espa\u00e7o, em portugu\u00eas e em ingl\u00eas, respectivamente, em fonte Times New Roman, tamanho 10, texto justificado, com espa\u00e7amento simples entre as linhas; (b) palavras-chave separadas por \u201c;\u201d (ponto e v\u00edrgula). Aplicar negrito nas palavras \u201cresumo\u201d, \u201cabstract\u201d, \u201cpalavras-chave\u201d e \u201ckeywords\u201d.<\/p><p>O corpo do trabalho, no qual poder\u00e1 haver at\u00e9 3 (tr\u00eas) gr\u00e1ficos, quadros, tabelas ou imagens, dever\u00e1 conter as seguintes se\u00e7\u00f5es: (c) o marco te\u00f3rico de refer\u00eancia, em congru\u00eancia com a tem\u00e1tica da experi\u00eancia; (d) os resultados, incluindo as conclus\u00f5es mais relevantes, a import\u00e2ncia destas e coment\u00e1rios cr\u00edticos; (e) as refer\u00eancias. Dever\u00e1 ser digitado em fonte Times New Roman, tamanho 12, com espa\u00e7amento 1,5 entre as linhas, margens superior e inferior de 2,0cm e margens esquerda e direita de 3,0cm. As notas de rodap\u00e9 devem ser apresentadas em fonte 10, justificadas, sem espa\u00e7amento.<\/p><p>O t\u00edtulo da \u00e1rea tem\u00e1tica a que se vincula o trabalho deve ser escrito em fonte 10, em negrito, centralizado. O t\u00edtulo do trabalho deve ser apresentado em fonte 12, em negrito, centralizado, sendo mai\u00fasculas apenas a primeira letra do t\u00edtulo e as iniciais de nomes pr\u00f3prios. A autoria deve ser grafada em fonte 12, em negrito, alinhada \u00e0 direita.<\/p><p>As cita\u00e7\u00f5es diretas de mais de tr\u00eas linhas devem ser digitadas em corpo 10, com espa\u00e7amento simples entre as linhas e destacadas do texto por margem esquerda de 4cm, sem aspas. As cita\u00e7\u00f5es diretas de at\u00e9 tr\u00eas linhas devem integrar o corpo do texto e ser assinaladas entre aspas.<\/p><p>Uma c\u00f3pia do trabalho, em \u201c.doc\u201d ou \u201c.docx\u201d (Word), dever\u00e1 apresentar o(s) nome(s) completo(s) do\/a(s) autor\/a(es\/s), sua(s) filia\u00e7\u00e3o(\u00f5es) institucional(ais), seus endere\u00e7os eletr\u00f4nicos e a concord\u00e2ncia expressa com sua divulga\u00e7\u00e3o. A(s) filia\u00e7\u00e3o(\u00f5es) institucional(ais) e o endere\u00e7o eletr\u00f4nico de cada autor\/a devem aparecer em nota de rodap\u00e9, na primeira p\u00e1gina do trabalho. Caso o trabalho seja aprovado, esta c\u00f3pia ser\u00e1 inclu\u00edda nos anais do evento e ficar\u00e1 dispon\u00edvel para download no site do EIPS\/ENPS.<\/p><p>Outra c\u00f3pia, tamb\u00e9m em \u201c.doc\u201d ou \u201c.docx\u201d (Word), dever\u00e1 ser inscrita sem nenhuma identifica\u00e7\u00e3o do\/a(s) autor\/a(es\/s). A Comiss\u00e3o Cient\u00edfica do evento excluir\u00e1 os trabalhos que apresentem quaisquer indica\u00e7\u00f5es que possam identificar o\/a(s) autor\/a(es\/s).<\/p><p>Para fazer a inscri\u00e7\u00e3o, insira na p\u00e1gina o resumo do trabalho, em portugu\u00eas, com, no m\u00e1ximo, 800 (oitocentos) caracteres.<\/p><p>No Encontro, a apresenta\u00e7\u00e3o dos trabalhos enviados no formato relatos de experi\u00eancia ser\u00e1 feita em at\u00e9 <strong>15 minutos<\/strong>, na data e hor\u00e1rio fixados pela Comiss\u00e3o Organizadora sendo obrigat\u00f3ria a presen\u00e7a de, pelo menos, um do\/a(s) autor\/a(es\/s). Ser\u00e1 vedada a apresenta\u00e7\u00e3o de resumos expandidos por terceiros (n\u00e3o autores\/as). N\u00e3o ser\u00e3o fornecidos equipamentos multim\u00eddia para apresenta\u00e7\u00e3o de trabalhos.<\/p>\t\t\t\t\t\t\t\t<\/div>\n\t\t\t\t<div class=\"elementor-element elementor-element-8785300 elementor-widget elementor-widget-heading\" data-id=\"8785300\" data-element_type=\"widget\" data-e-type=\"widget\" data-widget_type=\"heading.default\">\n\t\t\t\t\t<h2 class=\"elementor-heading-title elementor-size-default\">\u00c1reas tem\u00e1ticas<\/h2>\t\t\t\t<\/div>\n\t\t\t\t<div class=\"elementor-element elementor-element-e135814 elementor-widget elementor-widget-text-editor\" data-id=\"e135814\" data-element_type=\"widget\" data-e-type=\"widget\" data-widget_type=\"text-editor.default\">\n\t\t\t\t\t\t\t\t\t<p>O 11\u00ba EIPS\/18\u00ba ENPS traz algumas novidades em rela\u00e7\u00e3o as \u00e1reas tem\u00e1ticas do evento. Al\u00e9m da agrega\u00e7\u00e3o de tem\u00e1ticas afins, as ementas de quase todos as \u00e1reas foram ampliadas. N\u00e3o deixe de conferir as novidades na se\u00e7\u00e3o do site: <a href=\"https:\/\/blog.ufes.br\/enps\/eixos-tematicos\/\" target=\"_blank\" rel=\"noopener\">\u00c1reas Tem\u00e1ticas<\/a>. Veja a descri\u00e7\u00e3o das \u00e1reas tem\u00e1ticas na p\u00e1gina espec\u00edfica.<\/p><p>No momento da inscri\u00e7\u00e3o, cada trabalho dever\u00e1 ser classificado em um dos seguintes \u00e1reas tem\u00e1ticas:<\/p><ol><li><p>Democracia, participa\u00e7\u00e3o e movimentos sociais<\/p><\/li><li><p>Classe trabalhadora e mundo do trabalho<\/p><\/li><li><p>Direitos geracionais<\/p><\/li><li><p>Direitos humanos, seguran\u00e7a p\u00fablica e sistema jur\u00eddico<\/p><\/li><li><p>Territ\u00f3rios, quest\u00e3o agr\u00e1ria e colapso ambiental<\/p><\/li><li><p>Explora\u00e7\u00e3o e opress\u00f5es no capitalismo<\/p><\/li><li><p>Servi\u00e7o Social: fundamentos, forma\u00e7\u00e3o e trabalho profissional<\/p><\/li><li><p>Pol\u00edtica Social: fundamentos hist\u00f3rico-te\u00f3ricos, an\u00e1lise, avalia\u00e7\u00e3o e financiamento<\/p><\/li><li><p>Acumula\u00e7\u00e3o, Estado e financeiriza\u00e7\u00e3o: perspectivas cr\u00edticas sobre o desenvolvimento<\/p><\/li><li><p>Teoria do valor, Crise capitalista e a Cr\u00edtica da Economia Pol\u00edtica<\/p><\/li><\/ol>\t\t\t\t\t\t\t\t<\/div>\n\t\t\t\t<\/div>\n\t\t\t\t<\/div>\n\t\t","protected":false},"excerpt":{"rendered":"<p>Submiss\u00f5es de Trabalhos INFORMA\u00c7\u00d5ES GERAIS Editar CRONOGRAMA DATA IN\u00cdCIO DAS INSCRI\u00c7\u00d5ES DOS TRABALHOS 30\/03\/2026 PRAZO FINAL PARA SUBMISS\u00c3O DOS TRABALHOS 30\/04\/2026 RESULTADO DOS TRABALHOS APROVADOS 29\/06\/2026 PAGAMENTO DAS INSCRI\u00c7\u00d5ES EM BREVE Os\/as interessados\/as em participar de qualquer atividade do 11\u00ba &hellip; <a href=\"https:\/\/blog.ufes.br\/enps\/inscricoes-de-trabalhos\/\">Continue lendo <span class=\"meta-nav\">&rarr;<\/span><\/a><\/p>\n","protected":false},"author":492,"featured_media":0,"parent":0,"menu_order":0,"comment_status":"closed","ping_status":"closed","template":"","meta":{"_bbp_topic_count":0,"_bbp_reply_count":0,"_bbp_total_topic_count":0,"_bbp_total_reply_count":0,"_bbp_voice_count":0,"_bbp_anonymous_reply_count":0,"_bbp_topic_count_hidden":0,"_bbp_reply_count_hidden":0,"_bbp_forum_subforum_count":0,"_uag_custom_page_level_css":"","footnotes":""},"class_list":["post-43","page","type-page","status-publish","hentry"],"uagb_featured_image_src":{"full":false,"thumbnail":false,"medium":false,"medium_large":false,"large":false,"1536x1536":false,"2048x2048":false,"post-thumbnail":false,"large-feature":false,"small-feature":false},"uagb_author_info":{"display_name":"admindoenps","author_link":"https:\/\/blog.ufes.br\/enps\/author\/admindoenps\/"},"uagb_comment_info":0,"uagb_excerpt":"Submiss\u00f5es de Trabalhos INFORMA\u00c7\u00d5ES GERAIS Editar CRONOGRAMA DATA IN\u00cdCIO DAS INSCRI\u00c7\u00d5ES DOS TRABALHOS 30\/03\/2026 PRAZO FINAL PARA SUBMISS\u00c3O DOS TRABALHOS 30\/04\/2026 RESULTADO DOS TRABALHOS APROVADOS 29\/06\/2026 PAGAMENTO DAS INSCRI\u00c7\u00d5ES EM BREVE Os\/as interessados\/as em participar de qualquer atividade do 11\u00ba &hellip; Continue lendo &rarr;","_links":{"self":[{"href":"https:\/\/blog.ufes.br\/enps\/wp-json\/wp\/v2\/pages\/43","targetHints":{"allow":["GET"]}}],"collection":[{"href":"https:\/\/blog.ufes.br\/enps\/wp-json\/wp\/v2\/pages"}],"about":[{"href":"https:\/\/blog.ufes.br\/enps\/wp-json\/wp\/v2\/types\/page"}],"author":[{"embeddable":true,"href":"https:\/\/blog.ufes.br\/enps\/wp-json\/wp\/v2\/users\/492"}],"replies":[{"embeddable":true,"href":"https:\/\/blog.ufes.br\/enps\/wp-json\/wp\/v2\/comments?post=43"}],"version-history":[{"count":31,"href":"https:\/\/blog.ufes.br\/enps\/wp-json\/wp\/v2\/pages\/43\/revisions"}],"predecessor-version":[{"id":572,"href":"https:\/\/blog.ufes.br\/enps\/wp-json\/wp\/v2\/pages\/43\/revisions\/572"}],"wp:attachment":[{"href":"https:\/\/blog.ufes.br\/enps\/wp-json\/wp\/v2\/media?parent=43"}],"curies":[{"name":"wp","href":"https:\/\/api.w.org\/{rel}","templated":true}]}}