{"id":3053,"date":"2025-10-12T16:17:25","date_gmt":"2025-10-12T19:17:25","guid":{"rendered":"https:\/\/blog.ufes.br\/grupodeconjunturaufes\/?page_id=3053"},"modified":"2025-10-21T20:01:05","modified_gmt":"2025-10-21T23:01:05","slug":"historia-do-grupo","status":"publish","type":"page","link":"https:\/\/blog.ufes.br\/grupodeconjunturaufes\/historia-do-grupo\/","title":{"rendered":"Hist\u00f3ria do Grupo"},"content":{"rendered":"\t\t<div data-elementor-type=\"wp-page\" data-elementor-id=\"3053\" class=\"elementor elementor-3053\">\n\t\t\t\t\t\t<section class=\"elementor-section elementor-top-section elementor-element elementor-element-3f4e284 elementor-section-boxed elementor-section-height-default elementor-section-height-default\" data-id=\"3f4e284\" data-element_type=\"section\" data-e-type=\"section\">\n\t\t\t\t\t\t<div class=\"elementor-container elementor-column-gap-default\">\n\t\t\t\t\t<div class=\"elementor-column elementor-col-100 elementor-top-column elementor-element elementor-element-d4d75c2\" data-id=\"d4d75c2\" data-element_type=\"column\" data-e-type=\"column\">\n\t\t\t<div class=\"elementor-widget-wrap elementor-element-populated\">\n\t\t\t\t\t\t<div class=\"elementor-element elementor-element-6a37f8b eael-dual-header-content-align-center elementor-widget elementor-widget-eael-dual-color-header\" data-id=\"6a37f8b\" data-element_type=\"widget\" data-e-type=\"widget\" data-widget_type=\"eael-dual-color-header.default\">\n\t\t\t\t<div class=\"elementor-widget-container\">\n\t\t\t\t\t\t\t\t<div class=\"eael-dual-header\">\n\t\t\t\t<h1 class=\"title eael-dch-title\"><span class=\"eael-dch-title-text eael-dch-title-lead lead solid-color\">Sobre o <\/span> <span class=\"eael-dch-title-text\">Conjuntura<\/span><\/h1>\t\t\t\t\t<span class=\"subtext\"><p><span style=\"font-weight: 400\">O Grupo de Estudos e Pesquisa em Conjuntura do Departamento de Economia da Universidade Federal do Esp\u00edrito Santo (Ufes) iniciou suas atividades em novembro de 1997, nas depend\u00eancias do Departamento de Economia do CCJE \u2013 UFES. S\u00e3o quase tr\u00eas d\u00e9cadas de trabalho de forma\u00e7\u00e3o de estudantes de gradua\u00e7\u00e3o em uma das mais importantes e demandadas fun\u00e7\u00f5es de um economista: a an\u00e1lise da conjuntura econ\u00f4mica.<\/span><\/p><\/span>\n\t\t\t\t\t\t\t<\/div>\n\n\t\t\t\t\t\t<\/div>\n\t\t\t\t<\/div>\n\t\t\t\t\t<\/div>\n\t\t<\/div>\n\t\t\t\t\t<\/div>\n\t\t<\/section>\n\t\t\t\t<section class=\"elementor-section elementor-top-section elementor-element elementor-element-e36df38 elementor-section-boxed elementor-section-height-default elementor-section-height-default\" data-id=\"e36df38\" data-element_type=\"section\" data-e-type=\"section\">\n\t\t\t\t\t\t<div class=\"elementor-container elementor-column-gap-default\">\n\t\t\t\t\t<div class=\"elementor-column elementor-col-66 elementor-top-column elementor-element elementor-element-633fd76\" data-id=\"633fd76\" data-element_type=\"column\" data-e-type=\"column\">\n\t\t\t<div class=\"elementor-widget-wrap elementor-element-populated\">\n\t\t\t\t\t\t<div class=\"elementor-element elementor-element-0ad626a elementor-widget__width-initial elementor-widget elementor-widget-text-editor\" data-id=\"0ad626a\" data-element_type=\"widget\" data-e-type=\"widget\" data-widget_type=\"text-editor.default\">\n\t\t\t\t<div class=\"elementor-widget-container\">\n\t\t\t\t\t\t\t\t\t<p><span style=\"font-weight: 400\">Criado pelos professores Paulo Nakatani e Fabr\u00edcio Augusto de Oliveira, o grupo contou, ao longo de sua exist\u00eancia, com a participa\u00e7\u00e3o de v\u00e1rios professores, alunos e servidores t\u00e9cnico-administrativos. At\u00e9 setembro de 2025 publicamos 72 boletins de conjuntura\u00a0 configurando um material hist\u00f3rico da conjuntura nacional de extrema relev\u00e2ncia. At\u00e9 ent\u00e3o, o grupo contou com a participa\u00e7\u00e3o de cerca de 1.200 estudantes e mais de 1.000 ouvintes,\u00a0 os quais tiveram contato com a forma de se fazer uma an\u00e1lise de conjuntura com qualidade.<\/span><\/p><p><span style=\"font-weight: 400\">Os docentes e discentes participantes buscam entender e debater a conjuntura nacional e local. Nosso objeto de trabalho \u00e9 acompanhar o movimento cotidiano das decis\u00f5es de pol\u00edtica econ\u00f4mica e da din\u00e2mica de funcionamento dos diversos mercados. Isto \u00e9 feito a partir dos indicadores fornecidos continuamente por v\u00e1rias fontes de m\u00eddia e pelos diversos institutos de estat\u00edstica, p\u00fablicos e privados. O debate em torno dos indicadores permite a elabora\u00e7\u00e3o de an\u00e1lises pr\u00f3prias do grupo.<\/span><\/p><p><span style=\"font-weight: 400\">Cabe frisar que este grupo representa uma forma cl\u00e1ssica de jun\u00e7\u00e3o dos eixos de forma\u00e7\u00e3o b\u00e1sicos envolvendo aspectos hist\u00f3ricos, te\u00f3ricos e estat\u00edsticos. Pois, assim, pensamos ser feita a an\u00e1lise de fen\u00f4menos concretos da economia brasileira, consolidando uma necess\u00e1ria e desej\u00e1vel forma\u00e7\u00e3o geral dos estudantes de economia participantes do grupo terem uma vis\u00e3o ampla e cr\u00edtica em torno da an\u00e1lise da conjuntura econ\u00f4mica.<\/span><\/p><p><span style=\"font-weight: 400\">Periodicamente o grupo publica boletins de conjuntura, que s\u00e3o escritos por alunos do curso de gradua\u00e7\u00e3o em Ci\u00eancias Econ\u00f4micas da UFES e revisados pelos professores. O boletim de conjuntura teve periodicidade variada ao longo dos anos. Inicialmente bimestral, passou-se a uma tiragem trimestral, sendo semestral desde 2007.<\/span><\/p><p><span style=\"font-weight: 400\">A forma de divulga\u00e7\u00e3o inicial do boletim era impressa e entregue em v\u00e1rios \u00f3rg\u00e3os representativos do Esp\u00edrito Santo, al\u00e9m da Ufes. Eram os pr\u00f3prios estudantes e professores que iam nos \u00f3rg\u00e3os listados. Contudo, as novas tecnologias de comunica\u00e7\u00e3o geraram mudan\u00e7as na forma de divulga\u00e7\u00e3o do grupo, de suas atividades e intera\u00e7\u00e3o com o p\u00fablico, como nossa p\u00e1gina no Instagram e o blog na internet. Essas mudan\u00e7as, junto com a crise do financiamento das Universidades federais, implicaram na descontinuidade da vers\u00e3o impressa.<\/span><\/p><p><span style=\"font-weight: 400\">Por fim, outra forma importante de divulga\u00e7\u00e3o do trabalho do grupo e de intera\u00e7\u00e3o com a comunidade externa, s\u00e3o as nossas m\u00eddias sociais e as reuni\u00f5es semanais, sempre \u00e0s sextas-feiras, das 11h at\u00e9 12h, na sala 408 do Ed IV do CCJE\/UFES.<\/span><\/p>\t\t\t\t\t\t\t\t<\/div>\n\t\t\t\t<\/div>\n\t\t\t\t\t<\/div>\n\t\t<\/div>\n\t\t\t\t<div class=\"elementor-column elementor-col-33 elementor-top-column elementor-element elementor-element-aebb1ab\" data-id=\"aebb1ab\" data-element_type=\"column\" data-e-type=\"column\">\n\t\t\t<div class=\"elementor-widget-wrap elementor-element-populated\">\n\t\t\t\t\t\t<div class=\"elementor-element elementor-element-635d6e1 eael-team-align-eael-team-align-default elementor-widget elementor-widget-eael-team-member\" data-id=\"635d6e1\" data-element_type=\"widget\" data-e-type=\"widget\" data-widget_type=\"eael-team-member.default\">\n\t\t\t\t<div class=\"elementor-widget-container\">\n\t\t\t\t\t\n\n\t<div id=\"eael-team-member-635d6e1\" class=\"eael-team-item eael-team-members-simple \">\n\t\t<div class=\"eael-team-item-inner\">\n\t\t\t<div class=\"eael-team-image\">\n\t\t\t\t<figure>\n\t\t\t\t\t\t\t\t\t\t<img decoding=\"async\" src=\"https:\/\/blog.ufes.br\/grupodeconjunturaufes\/files\/2023\/12\/WhatsApp-Image-2022-11-25-at-12.41.47-1-e1760999674660.jpeg\" alt=\"\">\n\t\t\t\t\t\t\t\t\t<\/figure>\n\t\t\t\t\n\t\t\t\t\n\t\t\t<\/div>\n\n\t\t\t<div class=\"eael-team-content\">\n\t\t\t\t<h2 class=\"eael-team-member-name\">Paulo Nakatani<\/h2><h3 class=\"eael-team-member-position\">Ex-professor do Departamento de Economia UFES<\/h3>\n\t\t\t\t\t\t\t\t\t\t\t\t\t\t\t<ul class=\"eael-team-member-social-profiles\">\n\t\t\t\t\t\t\t\t\t\t\t\t\t\t\t\t\t\t\t\t\t\t\t\t\t\t\t\t\t\t\t\t\t\t\t\t\t\t\t\t\t<li class=\"eael-team-member-social-link\">\n\t\t\t\t\t\t\t\t\t\t<a href=\"http:\/\/lattes.cnpq.br\/2175115564418325\" target=\"_blank\">\n\t\t\t\t\t\t\t\t\t\t\t\t\t\t\t\t\t\t\t\t\t\t\t<i aria-hidden=\"true\" class=\"fas fa-atlas\"><\/i>\t\t\t\t\t\t\t\t\t\t\t\t\t\t\t\t\t\t\t\t\t<\/a>\n\t\t\t\t\t\t\t\t\t<\/li>\n\t\t\t\t\t\t\t\t\t\t\t\t\t\t\t\t\t\t\t\t\t<\/ul>\n\t\t\t\t\t\t\t\t\t\t<p class=\"eael-team-text\">Professor da Ufes desde 1992, Nakatani se aposentou pela Universidade em agosto de 2023, ap\u00f3s 50 anos de exerc\u00edcio da doc\u00eancia. Na Universidade, ele participou das cria\u00e7\u00f5es dos programas de p\u00f3s-gradua\u00e7\u00e3o em Economia, em 1994, e em Pol\u00edtica Social, em 2004. Durante sua carreira, ele tamb\u00e9m foi professor colaborador da Escola Nacional Florestan Fernandes, presidente da Sociedade Brasileira de Economia Pol\u00edtica e membro do Observat\u00f3rio Internacional da Crise e do F\u00f3rum Mundial de Alternativas.<\/p>\n\t\t\t\t\t\t\t<\/div>\n\t\t<\/div>\n\t<\/div>\n\t\t\t\t\t<\/div>\n\t\t\t\t<\/div>\n\t\t\t\t<div class=\"elementor-element elementor-element-68d802b eael-team-align-eael-team-align-default elementor-widget elementor-widget-eael-team-member\" data-id=\"68d802b\" data-element_type=\"widget\" data-e-type=\"widget\" data-widget_type=\"eael-team-member.default\">\n\t\t\t\t<div class=\"elementor-widget-container\">\n\t\t\t\t\t\n\n\t<div id=\"eael-team-member-68d802b\" class=\"eael-team-item eael-team-members-simple \">\n\t\t<div class=\"eael-team-item-inner\">\n\t\t\t<div class=\"eael-team-image\">\n\t\t\t\t<figure>\n\t\t\t\t\t\t\t\t\t<\/figure>\n\t\t\t\t\n\t\t\t\t\n\t\t\t<\/div>\n\n\t\t\t<div class=\"eael-team-content\">\n\t\t\t\t<h2 class=\"eael-team-member-name\">Fabr\u00edcio Augusto de Oliveira<\/h2><h3 class=\"eael-team-member-position\">Professor de p\u00f3s-gradua\u00e7\u00e3o lato sensu da Escola do Legislativo do Estado de Minas Gerais<\/h3>\n\t\t\t\t\t\t\t\t\t\t\t\t\t\t\t<ul class=\"eael-team-member-social-profiles\">\n\t\t\t\t\t\t\t\t\t\t\t\t\t\t\t\t\t\t\t\t\t\t\t\t\t\t\t\t\t\t\t\t\t\t\t\t\t\t\t\t\t<li class=\"eael-team-member-social-link\">\n\t\t\t\t\t\t\t\t\t\t<a href=\"http:\/\/lattes.cnpq.br\/7892664942521232\" target=\"_blank\">\n\t\t\t\t\t\t\t\t\t\t\t\t\t\t\t\t\t\t\t\t\t\t\t<i aria-hidden=\"true\" class=\"fas fa-atlas\"><\/i>\t\t\t\t\t\t\t\t\t\t\t\t\t\t\t\t\t\t\t\t\t<\/a>\n\t\t\t\t\t\t\t\t\t<\/li>\n\t\t\t\t\t\t\t\t\t\t\t\t\t\t\t\t\t\t\t\t\t<\/ul>\n\t\t\t\t\t\t\t\t\t\t<p class=\"eael-team-text\">Fabr\u00edcio Augusto de Oliveira \u00e9 Doutor em Economia pela Universidade Estadual de Campinas, professor do programa da Escola de Governo do Legislativo do Estado de Minas Gerais, membro da Plataforma de Pol\u00edtica Social e consultor de economia do setor p\u00fablico de \u00f3rg\u00e3os nacionais e internacionais.<\/p>\n\t\t\t\t\t\t\t<\/div>\n\t\t<\/div>\n\t<\/div>\n\t\t\t\t\t<\/div>\n\t\t\t\t<\/div>\n\t\t\t\t\t<\/div>\n\t\t<\/div>\n\t\t\t\t\t<\/div>\n\t\t<\/section>\n\t\t\t\t<\/div>\n\t\t","protected":false},"excerpt":{"rendered":"<p>Sobre o Conjuntura O Grupo de Estudos e Pesquisa em Conjuntura do Departamento de Economia da Universidade Federal do Esp\u00edrito [&hellip;]<\/p>\n","protected":false},"author":487,"featured_media":0,"parent":0,"menu_order":0,"comment_status":"closed","ping_status":"closed","template":"elementor_header_footer","meta":{"_bbp_topic_count":0,"_bbp_reply_count":0,"_bbp_total_topic_count":0,"_bbp_total_reply_count":0,"_bbp_voice_count":0,"_bbp_anonymous_reply_count":0,"_bbp_topic_count_hidden":0,"_bbp_reply_count_hidden":0,"_bbp_forum_subforum_count":0,"_uag_custom_page_level_css":"","site-sidebar-layout":"no-sidebar","site-content-layout":"","ast-site-content-layout":"full-width-container","site-content-style":"default","site-sidebar-style":"default","ast-global-header-display":"","ast-banner-title-visibility":"","ast-main-header-display":"","ast-hfb-above-header-display":"","ast-hfb-below-header-display":"","ast-hfb-mobile-header-display":"","site-post-title":"disabled","ast-breadcrumbs-content":"","ast-featured-img":"disabled","footer-sml-layout":"","ast-disable-related-posts":"","theme-transparent-header-meta":"","adv-header-id-meta":"","stick-header-meta":"","header-above-stick-meta":"","header-main-stick-meta":"","header-below-stick-meta":"","astra-migrate-meta-layouts":"default","ast-page-background-enabled":"default","ast-page-background-meta":{"desktop":{"background-color":"var(--ast-global-color-5)","background-image":"","background-repeat":"repeat","background-position":"center center","background-size":"auto","background-attachment":"scroll","background-type":"","background-media":"","overlay-type":"","overlay-color":"","overlay-opacity":"","overlay-gradient":""},"tablet":{"background-color":"","background-image":"","background-repeat":"repeat","background-position":"center center","background-size":"auto","background-attachment":"scroll","background-type":"","background-media":"","overlay-type":"","overlay-color":"","overlay-opacity":"","overlay-gradient":""},"mobile":{"background-color":"","background-image":"","background-repeat":"repeat","background-position":"center center","background-size":"auto","background-attachment":"scroll","background-type":"","background-media":"","overlay-type":"","overlay-color":"","overlay-opacity":"","overlay-gradient":""}},"ast-content-background-meta":{"desktop":{"background-color":"var(--ast-global-color-4)","background-image":"","background-repeat":"repeat","background-position":"center center","background-size":"auto","background-attachment":"scroll","background-type":"","background-media":"","overlay-type":"","overlay-color":"","overlay-opacity":"","overlay-gradient":""},"tablet":{"background-color":"var(--ast-global-color-4)","background-image":"","background-repeat":"repeat","background-position":"center center","background-size":"auto","background-attachment":"scroll","background-type":"","background-media":"","overlay-type":"","overlay-color":"","overlay-opacity":"","overlay-gradient":""},"mobile":{"background-color":"var(--ast-global-color-4)","background-image":"","background-repeat":"repeat","background-position":"center center","background-size":"auto","background-attachment":"scroll","background-type":"","background-media":"","overlay-type":"","overlay-color":"","overlay-opacity":"","overlay-gradient":""}},"footnotes":""},"class_list":["post-3053","page","type-page","status-publish","hentry"],"uagb_featured_image_src":{"full":false,"thumbnail":false,"medium":false,"medium_large":false,"large":false,"1536x1536":false,"2048x2048":false},"uagb_author_info":{"display_name":"Camila Amaral Dias","author_link":"https:\/\/blog.ufes.br\/grupodeconjunturaufes\/author\/camila_amaral-dias\/"},"uagb_comment_info":0,"uagb_excerpt":"Sobre o Conjuntura O Grupo de Estudos e Pesquisa em Conjuntura do Departamento de Economia da Universidade Federal do Esp\u00edrito [&hellip;]","_links":{"self":[{"href":"https:\/\/blog.ufes.br\/grupodeconjunturaufes\/wp-json\/wp\/v2\/pages\/3053","targetHints":{"allow":["GET"]}}],"collection":[{"href":"https:\/\/blog.ufes.br\/grupodeconjunturaufes\/wp-json\/wp\/v2\/pages"}],"about":[{"href":"https:\/\/blog.ufes.br\/grupodeconjunturaufes\/wp-json\/wp\/v2\/types\/page"}],"author":[{"embeddable":true,"href":"https:\/\/blog.ufes.br\/grupodeconjunturaufes\/wp-json\/wp\/v2\/users\/487"}],"replies":[{"embeddable":true,"href":"https:\/\/blog.ufes.br\/grupodeconjunturaufes\/wp-json\/wp\/v2\/comments?post=3053"}],"version-history":[{"count":25,"href":"https:\/\/blog.ufes.br\/grupodeconjunturaufes\/wp-json\/wp\/v2\/pages\/3053\/revisions"}],"predecessor-version":[{"id":3348,"href":"https:\/\/blog.ufes.br\/grupodeconjunturaufes\/wp-json\/wp\/v2\/pages\/3053\/revisions\/3348"}],"wp:attachment":[{"href":"https:\/\/blog.ufes.br\/grupodeconjunturaufes\/wp-json\/wp\/v2\/media?parent=3053"}],"curies":[{"name":"wp","href":"https:\/\/api.w.org\/{rel}","templated":true}]}}