{"id":3065,"date":"2025-10-12T16:22:32","date_gmt":"2025-10-12T19:22:32","guid":{"rendered":"https:\/\/blog.ufes.br\/grupodeconjunturaufes\/?page_id=3065"},"modified":"2025-10-21T21:02:18","modified_gmt":"2025-10-22T00:02:18","slug":"palestras","status":"publish","type":"page","link":"https:\/\/blog.ufes.br\/grupodeconjunturaufes\/palestras\/","title":{"rendered":"Palestras abertas do conjuntura"},"content":{"rendered":"\n\t\t\t<div class=\"wp-block-uagb-post-grid uagb-post-grid  uagb-post__image-position-top uagb-post__image-disabled uagb-block-5b87e65f     uagb-post__items uagb-post__columns-3 is-grid uagb-post__columns-tablet-2 uagb-post__columns-mobile-1 uagb-post__equal-height\" data-total=\"1\" style=\"\">\n\n\t\t\t\t\t\t\t\t\t\t\t\t<article class=\"uagb-post__inner-wrap\">\t\t\t\t\t\t\t\t<h4 class=\"uagb-post__title uagb-post__text\">\n\t\t\t\t<a href=\"https:\/\/blog.ufes.br\/grupodeconjunturaufes\/economistas-do-instituto-jones-apresentam-estudo-no-conjuntura\/\" target=\"_self\" rel=\"bookmark noopener noreferrer\">Economistas do Instituto Jones apresentam estudo no Conjuntura<\/a>\n\t\t\t<\/h4>\n\t\t\t\t\t\t<div class='uagb-post__text uagb-post-grid-byline'>\n\t\t\t\t\t\t\t\t<time datetime=\"2020-03-19T18:41:53-03:00\" class=\"uagb-post__date\">\n\t\t\t\t<span class=\"dashicons-calendar dashicons\"><\/span>\t\t\t\t\t19 de mar\u00e7o de 2020\t\t\t\t<\/time>\n\t\t\t\t\t\t<\/div>\n\t\t\t\t\t\t\t<div class='uagb-post__text uagb-post__excerpt'>\n\t\t\t\t\t<p>Por Mariana Mischiatti Na \u00faltima sexta-feira (12), o Grupo de Conjuntura recebeu um time de economistas do Instituto Jones dos Santos Neves (IJNS) para uma apresenta\u00e7\u00e3o preliminar de um estudo&#8230;\t\t\t\t<\/div>\n\t\t\t\t\t\t<div class=\"uagb-post__text uagb-post__cta wp-block-button\">\n\t\t\t\t<a class=\"wp-block-button__link uagb-text-link\" style=\"\" href=\"https:\/\/blog.ufes.br\/grupodeconjunturaufes\/economistas-do-instituto-jones-apresentam-estudo-no-conjuntura\/\" target=\"_self\" rel=\"bookmark noopener noreferrer\">Ler mais<\/a>\n\t\t\t<\/div>\n\t\t\t\n\t\t\t\t\t\t\t\t\t<\/article>\n\t\t\t\t\t\t\t\t\t\t\t\t\t\t\t\t<article class=\"uagb-post__inner-wrap\">\t\t\t\t\t\t\t\t<h4 class=\"uagb-post__title uagb-post__text\">\n\t\t\t\t<a href=\"https:\/\/blog.ufes.br\/grupodeconjunturaufes\/conjuntura-economica-capixaba-com-ana-carolina-giuberti\/\" target=\"_self\" rel=\"bookmark noopener noreferrer\">Conjuntura Econ\u00f4mica Capixaba com Ana Carolina Giuberti<\/a>\n\t\t\t<\/h4>\n\t\t\t\t\t\t<div class='uagb-post__text uagb-post-grid-byline'>\n\t\t\t\t\t\t\t\t<time datetime=\"2020-03-19T18:30:36-03:00\" class=\"uagb-post__date\">\n\t\t\t\t<span class=\"dashicons-calendar dashicons\"><\/span>\t\t\t\t\t19 de mar\u00e7o de 2020\t\t\t\t<\/time>\n\t\t\t\t\t\t<\/div>\n\t\t\t\t\t\t\t<div class='uagb-post__text uagb-post__excerpt'>\n\t\t\t\t\t<p>Por Mariana Mischiatti Na \u00faltima sexta-feira, o Grupo de Conjuntura recebeu professora Ana Carolina Giuberti (UFES) para uma palestra sobre conjuntura econ\u00f4mica do estado do Esp\u00edrito Santo, na qual foram&#8230;\t\t\t\t<\/div>\n\t\t\t\t\t\t<div class=\"uagb-post__text uagb-post__cta wp-block-button\">\n\t\t\t\t<a class=\"wp-block-button__link uagb-text-link\" style=\"\" href=\"https:\/\/blog.ufes.br\/grupodeconjunturaufes\/conjuntura-economica-capixaba-com-ana-carolina-giuberti\/\" target=\"_self\" rel=\"bookmark noopener noreferrer\">Ler mais<\/a>\n\t\t\t<\/div>\n\t\t\t\n\t\t\t\t\t\t\t\t\t<\/article>\n\t\t\t\t\t\t\t\t\t\t\t\t\t\t\t\t<article class=\"uagb-post__inner-wrap\">\t\t\t\t\t\t\t\t<h4 class=\"uagb-post__title uagb-post__text\">\n\t\t\t\t<a href=\"https:\/\/blog.ufes.br\/grupodeconjunturaufes\/exportacoes-do-espirito-santo-1997-2017-concentracao-vantagens-comparativas-e-perspectivas\/\" target=\"_self\" rel=\"bookmark noopener noreferrer\">Exporta\u00e7\u00f5es do Esp\u00edrito Santo (1997-2017): concentra\u00e7\u00e3o, vantagens comparativas e perspectivas<\/a>\n\t\t\t<\/h4>\n\t\t\t\t\t\t<div class='uagb-post__text uagb-post-grid-byline'>\n\t\t\t\t\t\t\t\t<time datetime=\"2020-03-19T18:26:48-03:00\" class=\"uagb-post__date\">\n\t\t\t\t<span class=\"dashicons-calendar dashicons\"><\/span>\t\t\t\t\t19 de mar\u00e7o de 2020\t\t\t\t<\/time>\n\t\t\t\t\t\t<\/div>\n\t\t\t\t\t\t\t<div class='uagb-post__text uagb-post__excerpt'>\n\t\t\t\t\t<p>Por Nathan Diirr e Vanessa Avanci (Economistas do IDEIES\/FINDES) O com\u00e9rcio exterior \u00e9 muito importante para a economia do Esp\u00edrito Santo, o que se observa pelo seu elevado grau de&#8230;\t\t\t\t<\/div>\n\t\t\t\t\t\t<div class=\"uagb-post__text uagb-post__cta wp-block-button\">\n\t\t\t\t<a class=\"wp-block-button__link uagb-text-link\" style=\"\" href=\"https:\/\/blog.ufes.br\/grupodeconjunturaufes\/exportacoes-do-espirito-santo-1997-2017-concentracao-vantagens-comparativas-e-perspectivas\/\" target=\"_self\" rel=\"bookmark noopener noreferrer\">Ler mais<\/a>\n\t\t\t<\/div>\n\t\t\t\n\t\t\t\t\t\t\t\t\t<\/article>\n\t\t\t\t\t\t\t\t\t\t\t\t\t\t\t\t<article class=\"uagb-post__inner-wrap\">\t\t\t\t\t\t\t\t<h4 class=\"uagb-post__title uagb-post__text\">\n\t\t\t\t<a href=\"https:\/\/blog.ufes.br\/grupodeconjunturaufes\/conjuntura-recebe-ana-carolina-giuberti-nesta-sexta\/\" target=\"_self\" rel=\"bookmark noopener noreferrer\">Conjuntura recebe Ana Carolina Giuberti nesta sexta<\/a>\n\t\t\t<\/h4>\n\t\t\t\t\t\t<div class='uagb-post__text uagb-post-grid-byline'>\n\t\t\t\t\t\t\t\t<time datetime=\"2020-03-19T18:23:51-03:00\" class=\"uagb-post__date\">\n\t\t\t\t<span class=\"dashicons-calendar dashicons\"><\/span>\t\t\t\t\t19 de mar\u00e7o de 2020\t\t\t\t<\/time>\n\t\t\t\t\t\t<\/div>\n\t\t\t\t\t\t\t<div class='uagb-post__text uagb-post__excerpt'>\n\t\t\t\t\t<p>O Grupo de Conjuntura recebe nesta sexta-feira (05) a professora Dra. do departamento de Economia da Ufes, Ana Carolina Giuberti, para uma palestra sobre a Conjuntura Econ\u00f4mica Capixaba. N\u00e3o vai&#8230;\t\t\t\t<\/div>\n\t\t\t\t\t\t<div class=\"uagb-post__text uagb-post__cta wp-block-button\">\n\t\t\t\t<a class=\"wp-block-button__link uagb-text-link\" style=\"\" href=\"https:\/\/blog.ufes.br\/grupodeconjunturaufes\/conjuntura-recebe-ana-carolina-giuberti-nesta-sexta\/\" target=\"_self\" rel=\"bookmark noopener noreferrer\">Ler mais<\/a>\n\t\t\t<\/div>\n\t\t\t\n\t\t\t\t\t\t\t\t\t<\/article>\n\t\t\t\t\t\t\t\t\t\t\t\t\t\t\t\t<article class=\"uagb-post__inner-wrap\">\t\t\t\t\t\t\t\t<h4 class=\"uagb-post__title uagb-post__text\">\n\t\t\t\t<a href=\"https:\/\/blog.ufes.br\/grupodeconjunturaufes\/conjuntura-recebe-equipe-de-economistas-do-ideies\/\" target=\"_self\" rel=\"bookmark noopener noreferrer\">Conjuntura recebe equipe de economistas do IDEIES<\/a>\n\t\t\t<\/h4>\n\t\t\t\t\t\t<div class='uagb-post__text uagb-post-grid-byline'>\n\t\t\t\t\t\t\t\t<time datetime=\"2020-03-19T17:09:00-03:00\" class=\"uagb-post__date\">\n\t\t\t\t<span class=\"dashicons-calendar dashicons\"><\/span>\t\t\t\t\t19 de mar\u00e7o de 2020\t\t\t\t<\/time>\n\t\t\t\t\t\t<\/div>\n\t\t\t\t\t\t\t<div class='uagb-post__text uagb-post__excerpt'>\n\t\t\t\t\t<p>IDEIES\/FINDES E SUAS NOVAS FRENTES DE AN\u00c1LISE SOBRE A INDUSTRIA CAPIXABA Nesta semana, o Grupo de Conjuntura recebe uma equipe de economistas do IDEIES para uma palestra sobre ind\u00fastria capixaba&#8230;.\t\t\t\t<\/div>\n\t\t\t\t\t\t<div class=\"uagb-post__text uagb-post__cta wp-block-button\">\n\t\t\t\t<a class=\"wp-block-button__link uagb-text-link\" style=\"\" href=\"https:\/\/blog.ufes.br\/grupodeconjunturaufes\/conjuntura-recebe-equipe-de-economistas-do-ideies\/\" target=\"_self\" rel=\"bookmark noopener noreferrer\">Ler mais<\/a>\n\t\t\t<\/div>\n\t\t\t\n\t\t\t\t\t\t\t\t\t<\/article>\n\t\t\t\t\t\t\t\t\t\t\t\t\t\t\t\t<article class=\"uagb-post__inner-wrap\">\t\t\t\t\t\t\t\t<h4 class=\"uagb-post__title uagb-post__text\">\n\t\t\t\t<a href=\"https:\/\/blog.ufes.br\/grupodeconjunturaufes\/palestra-sobre-com-ana-carolina-giubert-nessa-sexta-24\/\" target=\"_self\" rel=\"bookmark noopener noreferrer\">Palestra sobre Economia Capixaba com Ana Carolina Giubert nessa sexta (24)<\/a>\n\t\t\t<\/h4>\n\t\t\t\t\t\t<div class='uagb-post__text uagb-post-grid-byline'>\n\t\t\t\t\t\t\t\t<time datetime=\"2020-03-17T00:18:43-03:00\" class=\"uagb-post__date\">\n\t\t\t\t<span class=\"dashicons-calendar dashicons\"><\/span>\t\t\t\t\t17 de mar\u00e7o de 2020\t\t\t\t<\/time>\n\t\t\t\t\t\t<\/div>\n\t\t\t\t\t\t\t<div class='uagb-post__text uagb-post__excerpt'>\n\t\t\t\t\t<p>O Conjuntura recebe nessa semana a professora Dra. Ana Carolina Giuberti para uma palestra sobre Economia Capixaba. Ana Carolina \u00e9 diretora t\u00e9cnica do Instituto Jones dos Santos Neves e j\u00e1&#8230;\t\t\t\t<\/div>\n\t\t\t\t\t\t<div class=\"uagb-post__text uagb-post__cta wp-block-button\">\n\t\t\t\t<a class=\"wp-block-button__link uagb-text-link\" style=\"\" href=\"https:\/\/blog.ufes.br\/grupodeconjunturaufes\/palestra-sobre-com-ana-carolina-giubert-nessa-sexta-24\/\" target=\"_self\" rel=\"bookmark noopener noreferrer\">Ler mais<\/a>\n\t\t\t<\/div>\n\t\t\t\n\t\t\t\t\t\t\t\t\t<\/article>\n\t\t\t\t\t\t\t\t\t\t\t\t\t\t\t\t<article class=\"uagb-post__inner-wrap\">\t\t\t\t\t\t\t\t<h4 class=\"uagb-post__title uagb-post__text\">\n\t\t\t\t<a href=\"https:\/\/blog.ufes.br\/grupodeconjunturaufes\/atividades-do-grupo-de-conjuntura-2018-01\/\" target=\"_self\" rel=\"bookmark noopener noreferrer\">Atividades do Grupo de Conjuntura 2018\/01<\/a>\n\t\t\t<\/h4>\n\t\t\t\t\t\t<div class='uagb-post__text uagb-post-grid-byline'>\n\t\t\t\t\t\t\t\t<time datetime=\"2020-03-17T00:09:43-03:00\" class=\"uagb-post__date\">\n\t\t\t\t<span class=\"dashicons-calendar dashicons\"><\/span>\t\t\t\t\t17 de mar\u00e7o de 2020\t\t\t\t<\/time>\n\t\t\t\t\t\t<\/div>\n\t\t\t\t\t\t\t<div class='uagb-post__text uagb-post__excerpt'>\n\t\t\t\t\t<p>Acompanhe a divulga\u00e7\u00e3o das atividades do Grupo de Conjuntura no semestre letivo 2018\/01 Acompanhe nossa galeria de imagens, marque em sua agenda e fique por dentro de nossos encontros! Prezados&#8230;\t\t\t\t<\/div>\n\t\t\t\t\t\t<div class=\"uagb-post__text uagb-post__cta wp-block-button\">\n\t\t\t\t<a class=\"wp-block-button__link uagb-text-link\" style=\"\" href=\"https:\/\/blog.ufes.br\/grupodeconjunturaufes\/atividades-do-grupo-de-conjuntura-2018-01\/\" target=\"_self\" rel=\"bookmark noopener noreferrer\">Ler mais<\/a>\n\t\t\t<\/div>\n\t\t\t\n\t\t\t\t\t\t\t\t\t<\/article>\n\t\t\t\t\t\t\t\t\t\t\t\t\t\t\t\t<article class=\"uagb-post__inner-wrap\">\t\t\t\t\t\t\t\t<h4 class=\"uagb-post__title uagb-post__text\">\n\t\t\t\t<a href=\"https:\/\/blog.ufes.br\/grupodeconjunturaufes\/atividades-do-grupo-de-conjuntura-2017-02\/\" target=\"_self\" rel=\"bookmark noopener noreferrer\">Atividades do Grupo de Conjuntura 2017\/02<\/a>\n\t\t\t<\/h4>\n\t\t\t\t\t\t<div class='uagb-post__text uagb-post-grid-byline'>\n\t\t\t\t\t\t\t\t<time datetime=\"2020-03-16T23:56:11-03:00\" class=\"uagb-post__date\">\n\t\t\t\t<span class=\"dashicons-calendar dashicons\"><\/span>\t\t\t\t\t16 de mar\u00e7o de 2020\t\t\t\t<\/time>\n\t\t\t\t\t\t<\/div>\n\t\t\t\t\t\t\t<div class='uagb-post__text uagb-post__excerpt'>\n\t\t\t\t\t<p>Atividades realizadas pelo Grupo de Conjuntura no semestre letivo 2017\/02 Em destaque: Semin\u00e1rio em comemora\u00e7\u00e3o dos 20 anos do Grupo de Estudos e Pesquisa em Conjuntura (clique na imagem para&#8230;\t\t\t\t<\/div>\n\t\t\t\t\t\t<div class=\"uagb-post__text uagb-post__cta wp-block-button\">\n\t\t\t\t<a class=\"wp-block-button__link uagb-text-link\" style=\"\" href=\"https:\/\/blog.ufes.br\/grupodeconjunturaufes\/atividades-do-grupo-de-conjuntura-2017-02\/\" target=\"_self\" rel=\"bookmark noopener noreferrer\">Ler mais<\/a>\n\t\t\t<\/div>\n\t\t\t\n\t\t\t\t\t\t\t\t\t<\/article>\n\t\t\t\t\t\t\t\t\t\t\t\t\t<div class=\"uagb-post-pagination-wrap\">\n\t\t\t\t\t\t\t\t\t\t\t<\/div>\n\t\t\t\t\t\t\t\t<\/div>\n\t\t\t","protected":false},"excerpt":{"rendered":"","protected":false},"author":487,"featured_media":0,"parent":0,"menu_order":0,"comment_status":"closed","ping_status":"closed","template":"","meta":{"_bbp_topic_count":0,"_bbp_reply_count":0,"_bbp_total_topic_count":0,"_bbp_total_reply_count":0,"_bbp_voice_count":0,"_bbp_anonymous_reply_count":0,"_bbp_topic_count_hidden":0,"_bbp_reply_count_hidden":0,"_bbp_forum_subforum_count":0,"_uag_custom_page_level_css":"","site-sidebar-layout":"default","site-content-layout":"","ast-site-content-layout":"default","site-content-style":"default","site-sidebar-style":"default","ast-global-header-display":"","ast-banner-title-visibility":"","ast-main-header-display":"","ast-hfb-above-header-display":"","ast-hfb-below-header-display":"","ast-hfb-mobile-header-display":"","site-post-title":"","ast-breadcrumbs-content":"","ast-featured-img":"","footer-sml-layout":"","ast-disable-related-posts":"","theme-transparent-header-meta":"","adv-header-id-meta":"","stick-header-meta":"","header-above-stick-meta":"","header-main-stick-meta":"","header-below-stick-meta":"","astra-migrate-meta-layouts":"default","ast-page-background-enabled":"default","ast-page-background-meta":{"desktop":{"background-color":"var(--ast-global-color-5)","background-image":"","background-repeat":"repeat","background-position":"center center","background-size":"auto","background-attachment":"scroll","background-type":"","background-media":"","overlay-type":"","overlay-color":"","overlay-opacity":"","overlay-gradient":""},"tablet":{"background-color":"","background-image":"","background-repeat":"repeat","background-position":"center center","background-size":"auto","background-attachment":"scroll","background-type":"","background-media":"","overlay-type":"","overlay-color":"","overlay-opacity":"","overlay-gradient":""},"mobile":{"background-color":"","background-image":"","background-repeat":"repeat","background-position":"center center","background-size":"auto","background-attachment":"scroll","background-type":"","background-media":"","overlay-type":"","overlay-color":"","overlay-opacity":"","overlay-gradient":""}},"ast-content-background-meta":{"desktop":{"background-color":"var(--ast-global-color-4)","background-image":"","background-repeat":"repeat","background-position":"center center","background-size":"auto","background-attachment":"scroll","background-type":"","background-media":"","overlay-type":"","overlay-color":"","overlay-opacity":"","overlay-gradient":""},"tablet":{"background-color":"var(--ast-global-color-4)","background-image":"","background-repeat":"repeat","background-position":"center center","background-size":"auto","background-attachment":"scroll","background-type":"","background-media":"","overlay-type":"","overlay-color":"","overlay-opacity":"","overlay-gradient":""},"mobile":{"background-color":"var(--ast-global-color-4)","background-image":"","background-repeat":"repeat","background-position":"center center","background-size":"auto","background-attachment":"scroll","background-type":"","background-media":"","overlay-type":"","overlay-color":"","overlay-opacity":"","overlay-gradient":""}},"footnotes":""},"class_list":["post-3065","page","type-page","status-publish","hentry"],"uagb_featured_image_src":{"full":false,"thumbnail":false,"medium":false,"medium_large":false,"large":false,"1536x1536":false,"2048x2048":false},"uagb_author_info":{"display_name":"Camila Amaral Dias","author_link":"https:\/\/blog.ufes.br\/grupodeconjunturaufes\/author\/camila_amaral-dias\/"},"uagb_comment_info":0,"uagb_excerpt":null,"_links":{"self":[{"href":"https:\/\/blog.ufes.br\/grupodeconjunturaufes\/wp-json\/wp\/v2\/pages\/3065","targetHints":{"allow":["GET"]}}],"collection":[{"href":"https:\/\/blog.ufes.br\/grupodeconjunturaufes\/wp-json\/wp\/v2\/pages"}],"about":[{"href":"https:\/\/blog.ufes.br\/grupodeconjunturaufes\/wp-json\/wp\/v2\/types\/page"}],"author":[{"embeddable":true,"href":"https:\/\/blog.ufes.br\/grupodeconjunturaufes\/wp-json\/wp\/v2\/users\/487"}],"replies":[{"embeddable":true,"href":"https:\/\/blog.ufes.br\/grupodeconjunturaufes\/wp-json\/wp\/v2\/comments?post=3065"}],"version-history":[{"count":7,"href":"https:\/\/blog.ufes.br\/grupodeconjunturaufes\/wp-json\/wp\/v2\/pages\/3065\/revisions"}],"predecessor-version":[{"id":3387,"href":"https:\/\/blog.ufes.br\/grupodeconjunturaufes\/wp-json\/wp\/v2\/pages\/3065\/revisions\/3387"}],"wp:attachment":[{"href":"https:\/\/blog.ufes.br\/grupodeconjunturaufes\/wp-json\/wp\/v2\/media?parent=3065"}],"curies":[{"name":"wp","href":"https:\/\/api.w.org\/{rel}","templated":true}]}}