{"id":15,"date":"2015-04-21T15:00:54","date_gmt":"2015-04-21T15:00:54","guid":{"rendered":"http:\/\/blog.ufes.br\/iurygoncalves\/?page_id=15"},"modified":"2017-03-18T17:19:09","modified_gmt":"2017-03-18T17:19:09","slug":"apresentacao","status":"publish","type":"page","link":"https:\/\/blog.ufes.br\/iurygoncalves\/","title":{"rendered":"APRESENTA\u00c7\u00c3O"},"content":{"rendered":"<h1><strong>\u00a0<\/strong><\/h1>\n<p><strong>Iury \u00c2ngelo Gon\u00e7alves<\/strong><\/p>\n<p>Universidade Federal do Esp\u00edrito Santo \u2013 <a href=\"http:\/\/www.ufes.br\/\" target=\"_blank\">UFES<\/a><br \/>\nCentro Universit\u00e1rio Norte do Esp\u00edrito Santo \u2013\u00a0Campus UFES S\u00e3o Mateus, <a href=\"http:\/\/www.ceunes.ufes.br\/\" target=\"_blank\">CEUNES<\/a><br \/>\nDepartamento de Matem\u00e1tica Aplicada \u2013 <a href=\"http:\/\/www.matematicaaplicada.saomateus.ufes.br\/\" target=\"_blank\">DMA<\/a><\/p>\n<p style=\"text-align: left\">Rodovia BR 101 Norte, Km 60, Bairro Litor\u00e2neo, CEP 29932-540 \u2013 S\u00e3o Mateus \u2013 ES SALA 08 do pr\u00e9dio do DMA Telefone: (27) 3312-1651<\/p>\n<p><span style=\"color: #0000ff\">iuryangelo@outlook.com\u00a0\u00a0\u00a0\u00a0\u00a0\u00a0\u00a0\u00a0\u00a0\u00a0\u00a0\u00a0\u00a0\u00a0\u00a0\u00a0\u00a0\u00a0\u00a0\u00a0\u00a0\u00a0\u00a0\u00a0\u00a0\u00a0\u00a0\u00a0\u00a0\u00a0\u00a0\u00a0\u00a0\u00a0\u00a0\u00a0\u00a0\u00a0\u00a0\u00a0\u00a0\u00a0\u00a0\u00a0\u00a0\u00a0\u00a0\u00a0\u00a0\u00a0\u00a0\u00a0\u00a0\u00a0\u00a0\u00a0\u00a0\u00a0\u00a0\u00a0\u00a0\u00a0\u00a0\u00a0\u00a0\u00a0\u00a0\u00a0\u00a0\u00a0\u00a0\u00a0\u00a0\u00a0\u00a0\u00a0\u00a0\u00a0\u00a0\u00a0\u00a0\u00a0\u00a0\u00a0\u00a0\u00a0\u00a0\u00a0\u00a0\u00a0\u00a0\u00a0\u00a0\u00a0\u00a0\u00a0\u00a0\u00a0\u00a0\u00a0\u00a0\u00a0\u00a0\u00a0\u00a0\u00a0\u00a0\u00a0\u00a0\u00a0\u00a0\u00a0\u00a0\u00a0\u00a0\u00a0 iury.goncalves@ufes.br<\/span><\/p>\n<p><a href=\"http:\/\/lattes.cnpq.br\/4877304814912378\" target=\"_blank\">Curr\u00edculo lattes<\/a><\/p>\n<p>&nbsp;<\/p>\n<p><strong>Forma\u00e7\u00e3o<\/strong><\/p>\n<ul>\n<li>Graduado em Matem\u00e1tica &#8211; UFES &#8211; 2006<\/li>\n<li style=\"text-align: justify\">Mestre em Meteorologia pelo Instituto Nacional de Pesquisas Espaciais &#8211; INPE &#8211; 2009.\u00a0 \u00a0\u00a0 T\u00edtulo da disserta\u00e7\u00e3o: Impacto do Efeito da Quebra de Ondas Oce\u00e2nicas na Estrutura da Camada Limite Atmosf\u00e9rica.<\/li>\n<li>\u00a0Doutor em Meteorologia &#8211; INPE &#8211; 2014\u00a0\u00a0\u00a0\u00a0\u00a0\u00a0\u00a0\u00a0\u00a0\u00a0\u00a0\u00a0\u00a0\u00a0\u00a0\u00a0\u00a0\u00a0\u00a0\u00a0\u00a0\u00a0\u00a0\u00a0\u00a0\u00a0\u00a0\u00a0\u00a0\u00a0\u00a0\u00a0\u00a0\u00a0\u00a0\u00a0\u00a0\u00a0\u00a0\u00a0\u00a0\u00a0\u00a0\u00a0\u00a0\u00a0\u00a0\u00a0\u00a0\u00a0\u00a0\u00a0\u00a0\u00a0\u00a0\u00a0\u00a0\u00a0\u00a0\u00a0\u00a0\u00a0\u00a0\u00a0\u00a0\u00a0\u00a0\u00a0\u00a0\u00a0\u00a0\u00a0\u00a0\u00a0\u00a0\u00a0 T\u00edtulo da Tese: Parametriza\u00e7\u00f5es dos Efeitos da Quebra de Ondas Oce\u00e2nicas e Got\u00edculas na Modelagem Num\u00e9rica dos Processos de Troca de CO2, Momentum e Calor na Interface Oceano-Atmosfera.<\/li>\n<li>P\u00f3s-Doutorado em Meteorologia &#8211; USP &#8211; 2015.\u00a0\u00a0\u00a0\u00a0\u00a0\u00a0\u00a0\u00a0\u00a0\u00a0\u00a0\u00a0\u00a0\u00a0\u00a0\u00a0\u00a0\u00a0\u00a0\u00a0\u00a0\u00a0\u00a0\u00a0\u00a0\u00a0\u00a0\u00a0\u00a0\u00a0\u00a0\u00a0\u00a0\u00a0\u00a0\u00a0\u00a0\u00a0\u00a0\u00a0\u00a0\u00a0\u00a0\u00a0\u00a0\u00a0\u00a0\u00a0\u00a0\u00a0\u00a0\u00a0\u00a0\u00a0\u00a0\u00a0\u00a0\u00a0\u00a0\u00a0\u00a0\u00a0\u00a0\u00a0 T\u00edtulo da pesquisa: Modelagem do espectro de\u00a0 ondas oce\u00e2nicas curtas na turbul\u00eancia\u00a0 da baixa atmosfera.<\/li>\n<\/ul>\n<p>&nbsp;<\/p>\n","protected":false},"excerpt":{"rendered":"<p>\u00a0 Iury \u00c2ngelo Gon\u00e7alves Universidade Federal do Esp\u00edrito Santo \u2013 UFES Centro Universit\u00e1rio Norte do Esp\u00edrito Santo \u2013\u00a0Campus UFES S\u00e3o Mateus, CEUNES Departamento de Matem\u00e1tica Aplicada \u2013 DMA Rodovia BR 101 Norte, Km 60, Bairro Litor\u00e2neo, CEP 29932-540 \u2013 S\u00e3o &hellip; <a href=\"https:\/\/blog.ufes.br\/iurygoncalves\/\">Continue lendo <span class=\"meta-nav\">&rarr;<\/span><\/a><\/p>\n","protected":false},"author":222,"featured_media":0,"parent":0,"menu_order":0,"comment_status":"open","ping_status":"closed","template":"onecolumn-page.php","meta":{"_bbp_topic_count":0,"_bbp_reply_count":0,"_bbp_total_topic_count":0,"_bbp_total_reply_count":0,"_bbp_voice_count":0,"_bbp_anonymous_reply_count":0,"_bbp_topic_count_hidden":0,"_bbp_reply_count_hidden":0,"_bbp_forum_subforum_count":0,"_uag_custom_page_level_css":"","footnotes":""},"class_list":["post-15","page","type-page","status-publish","hentry"],"uagb_featured_image_src":{"full":false,"thumbnail":false,"medium":false,"medium_large":false,"large":false,"1536x1536":false,"2048x2048":false,"post-thumbnail":false},"uagb_author_info":{"display_name":"Iury Angelo Goncalves","author_link":"https:\/\/blog.ufes.br\/iurygoncalves\/author\/iury-goncalves\/"},"uagb_comment_info":8695,"uagb_excerpt":"\u00a0 Iury \u00c2ngelo Gon\u00e7alves Universidade Federal do Esp\u00edrito Santo \u2013 UFES Centro Universit\u00e1rio Norte do Esp\u00edrito Santo \u2013\u00a0Campus UFES S\u00e3o Mateus, CEUNES Departamento de Matem\u00e1tica Aplicada \u2013 DMA Rodovia BR 101 Norte, Km 60, Bairro Litor\u00e2neo, CEP 29932-540 \u2013 S\u00e3o &hellip; Continue lendo &rarr;","_links":{"self":[{"href":"https:\/\/blog.ufes.br\/iurygoncalves\/wp-json\/wp\/v2\/pages\/15","targetHints":{"allow":["GET"]}}],"collection":[{"href":"https:\/\/blog.ufes.br\/iurygoncalves\/wp-json\/wp\/v2\/pages"}],"about":[{"href":"https:\/\/blog.ufes.br\/iurygoncalves\/wp-json\/wp\/v2\/types\/page"}],"author":[{"embeddable":true,"href":"https:\/\/blog.ufes.br\/iurygoncalves\/wp-json\/wp\/v2\/users\/222"}],"replies":[{"embeddable":true,"href":"https:\/\/blog.ufes.br\/iurygoncalves\/wp-json\/wp\/v2\/comments?post=15"}],"version-history":[{"count":21,"href":"https:\/\/blog.ufes.br\/iurygoncalves\/wp-json\/wp\/v2\/pages\/15\/revisions"}],"predecessor-version":[{"id":142,"href":"https:\/\/blog.ufes.br\/iurygoncalves\/wp-json\/wp\/v2\/pages\/15\/revisions\/142"}],"wp:attachment":[{"href":"https:\/\/blog.ufes.br\/iurygoncalves\/wp-json\/wp\/v2\/media?parent=15"}],"curies":[{"name":"wp","href":"https:\/\/api.w.org\/{rel}","templated":true}]}}