{"id":5295,"date":"2021-04-28T16:41:29","date_gmt":"2021-04-28T19:41:29","guid":{"rendered":"https:\/\/blog.ufes.br\/kyriafinardi\/?page_id=5295"},"modified":"2022-03-15T12:48:37","modified_gmt":"2022-03-15T15:48:37","slug":"2020-2","status":"publish","type":"page","link":"https:\/\/blog.ufes.br\/kyriafinardi\/2020-2\/","title":{"rendered":"2020"},"content":{"rendered":"\n<h2 class=\"wp-block-heading\">DEZEMBRO<\/h2>\n\n\n\n<ul class=\"wp-block-list\"><li><strong>30 (nov) -03 (dez) \u2013<\/strong>&nbsp;Evento da ANPED Sudeste (provavelmente online).<br><a rel=\"noreferrer noopener\" href=\"http:\/\/regionais.anped.org.br\/sudeste2020\/\" target=\"_blank\">http:\/\/regionais.anped.org.br\/sudeste2020\/<\/a><\/li><\/ul>\n\n\n\n<ul class=\"wp-block-list\"><li><strong>01<\/strong>&nbsp;\u2013 Evento<em>&nbsp;\u201cXXIV Reuni\u00e3o da Regional Nordeste da FAUBAI<\/em>\u201d \u00e0s 17-18:30h.Mesa-redonda&nbsp; \u201c<strong>Sustentabilidade da internacionaliza\u00e7\u00e3o em tempos de pandemia: panorama atual<\/strong>\u201c.<\/li><\/ul>\n\n\n\n<div class=\"wp-block-image\"><figure class=\"aligncenter is-resized\"><img loading=\"lazy\" decoding=\"async\" src=\"https:\/\/blog.ufes.br\/kyriafinardi\/files\/2020\/11\/thumbnail_MESA_KYRIA_MARILIA_VIRGILIA_MONICA.jpg\" alt=\"\" class=\"wp-image-4243\" width=\"373\" height=\"373\" \/><\/figure><\/div>\n\n\n\n<p><strong>V\u00eddeo:&nbsp;<\/strong><a rel=\"noreferrer noopener\" href=\"https:\/\/www.youtube.com\/watch?v=EgJO1UQ9IzM&amp;ab_channel=FAUBAIBrazi\" target=\"_blank\">https:\/\/www.youtube.com\/watch?v=EgJO1UQ9IzM&amp;ab_channel=FAUBAIBrazi<\/a>l<\/p>\n\n\n\n<p class=\"has-white-color has-text-color\">&#8230;<\/p>\n\n\n\n<ul class=\"wp-block-list\"><li><strong>01\/12<\/strong>&nbsp;\u2013 Event \u201d&nbsp;<strong>English in the Global South<\/strong>\u201d at 2:30-4p.m:<\/li><\/ul>\n\n\n\n<div class=\"wp-block-image\"><figure class=\"aligncenter is-resized\"><img decoding=\"async\" src=\"https:\/\/blog.ufes.br\/kyriafinardi\/files\/2020\/11\/01-december.png\" alt=\"\" class=\"wp-image-4125\" width=\"-114\" height=\"-164\" \/><\/figure><\/div>\n\n\n\n<p class=\"has-white-color has-text-color\">&#8230;<\/p>\n\n\n\n<ul class=\"wp-block-list\"><li><strong>03 \u2013&nbsp;<\/strong><em>(DES)CONSTRU\u00c7\u00c3O, (DES)COLONIZA\u00c7\u00c3O E (IN)VISIBILIZA\u00c7\u00c3O DAS INTERNACIONALIZA\u00c7\u00d5ES DESDE A PERSPECTIVA DAS EPISTEMOLOGIAS DO SUL GLOBAL<\/em>&nbsp;at 4.pm.<br>Authors: Gabriela Freire Oliveira Piccin and Kyria Rebeca Finardi.<\/li><\/ul>\n\n\n\n<ul class=\"wp-block-list\"><li><strong>04&nbsp;<\/strong>\u2013 Reuni\u00e3o de Orienta\u00e7\u00e3o \u00e0s 14h.<\/li><\/ul>\n\n\n\n<ul class=\"wp-block-list\"><li><strong>09-11 \u2013<\/strong>&nbsp;<em>XXXV Enanpoll, online (UEL).<\/em><\/li><\/ul>\n\n\n\n<ul class=\"wp-block-list\"><li><strong>10 \u2013&nbsp;<\/strong>Defesa doutorado Paola Biehl.<\/li><\/ul>\n\n\n\n<ul class=\"wp-block-list\"><li><strong>30<\/strong>&nbsp;\u2013 Defesa de Roberta Le\u00e3o (PPGE) e Reninni Taquini (PPGE).<\/li><\/ul>\n\n\n\n<h3 class=\"wp-block-heading\"><strong>NOVEM<\/strong>BRO<\/h3>\n\n\n\n<ul class=\"wp-block-list\"><li><strong>02 \u2013&nbsp;<\/strong>Event \u201cReconstructing education through a global lens\u201d.<br>Participa\u00e7\u00e3o no panel&nbsp;<strong>\u201cHow the Covid-19 pandemic has affected global learning<\/strong>\u201c.<br><a rel=\"noreferrer noopener\" href=\"https:\/\/www.coventry.ac.uk\/research\/about-us\/research-events\/2020\/reconstructing-education-through-a-global-lens\/\" target=\"_blank\">https:\/\/www.coventry.ac.uk\/research\/about-us\/research-events\/2020\/reconstructing-education-through-a-global-lens\/<\/a><\/li><\/ul>\n\n\n\n<ul class=\"wp-block-list\"><li><strong>05 \u2013<\/strong>&nbsp;Evento \u201c<em>Reconstructing Education through a global lens<\/em>\u201c.<br>Participa\u00e7\u00e3o na mesa \u201c<strong>Shaping global urban environments for today and tomorrow: Internationalisation of researcher development and doctoral provision in strategic research areas through a Brazil\/UK collaboration<\/strong>\u201d \u00e0s 11-12h.<br>Com&nbsp;<a rel=\"noreferrer noopener\" href=\"https:\/\/pureportal.coventry.ac.uk\/en\/persons\/katherine-wimpenny\" target=\"_blank\">Prof Katherine Wimpenny<\/a>, Professor Lucia Garcia, Professor Tania Delboni,&nbsp;<a rel=\"noreferrer noopener\" href=\"https:\/\/pureportal.coventry.ac.uk\/en\/persons\/arinola-adefila\" target=\"_blank\">Dr Arinola Adefila<\/a>,&nbsp;<a rel=\"noreferrer noopener\" href=\"https:\/\/pureportal.coventry.ac.uk\/en\/persons\/luca-morini\" target=\"_blank\">Dr Luca Morini<\/a>,&nbsp;<a rel=\"noreferrer noopener\" href=\"https:\/\/pureportal.coventry.ac.uk\/en\/persons\/virginia-king\" target=\"_blank\">Dr Virginia King<\/a>,&nbsp;<a rel=\"noreferrer noopener\" href=\"https:\/\/pureportal.coventry.ac.uk\/en\/persons\/que-anh-dang\" target=\"_blank\">Dr Que Anh Dang<\/a>.<br>Link:&nbsp;<a rel=\"noreferrer noopener\" href=\"https:\/\/www.coventry.ac.uk\/research\/about-us\/research-events\/2020\/reconstructing-education-through-a-global-lens\/\" target=\"_blank\">https:\/\/www.coventry.ac.uk\/research\/about-us\/research-events\/2020\/reconstructing-education-through-a-global-lens\/<\/a><\/li><\/ul>\n\n\n\n<ul class=\"wp-block-list\"><li><strong>06&nbsp;<\/strong>\u2013 Reuni\u00e3o de orienta\u00e7\u00e3o \u00e0s 14h. Estudo. Mediadora: Gabi<br><a rel=\"noreferrer noopener\" href=\"https:\/\/blog.ufes.br\/kyriafinardi\/biblioteca-virtual\/textos-para-as-reunioes-de-orientacao\/?preview_id=3518&amp;preview_nonce=f268679bc7&amp;preview=true&amp;_thumbnail_id=3438\" target=\"_blank\">Texto<\/a>: (1)&nbsp;<em>LEAL, Fernanda Geremias; MORAES, M\u00e1rio Cesar Barreto (2018).<\/em><br>(2)&nbsp;<em>STEIN, Sharon; DE ANDREOTTI, Vanessa Oliveira. (2016).<\/em><br>(3)&nbsp;<em>ANDREOTTI, Vanessa Oliveira et al. (2016).<\/em><br>(4)&nbsp;<em>LEAL, Fernanda Geremias; OREGIONI, Maria Soledad. (2019).<\/em><\/li><\/ul>\n\n\n\n<ul class=\"wp-block-list\"><li><strong>09-11&nbsp;<\/strong>\u2013 \u201cResearch Methods in Language and Linguistics\u201d from the Master\u2019s in Advanced English Studies,&nbsp;&nbsp;as part of the activities included in the project UVempr\u00e9n-Apr\u00e9n UC Berkeley \u201cGlobal InnovationCollider\u201d&nbsp; coordinated by Ana Sevilla-Pav\u00f3n, de 16h-20h (Universidade de Valencia).<\/li><li><strong>09-11 \u2013<\/strong>&nbsp;<strong>(POSTPONED FOR 2021)<\/strong>&nbsp;.Evento Encuentro Internacional Plurilinguismo y Educaci\u00f3n&nbsp; em Cordoba, Argentina.<br><a rel=\"noreferrer noopener\" href=\"https:\/\/hispanismo.cervantes.es\/congresos-y-cursos\/i-encuentro-internacional-plurilinguismo-educacion\" target=\"_blank\">https:\/\/hispanismo.cervantes.es\/congresos-y-cursos\/i-encuentro-internacional-plurilinguismo-educacion<\/a><\/li><\/ul>\n\n\n\n<ul class=\"wp-block-list\"><li><strong>13 \u2013<\/strong>&nbsp;Reuni\u00e3o de orienta\u00e7\u00e3o \u00e0s 14h. Estudo. Mediadora: Gabi.<\/li><\/ul>\n\n\n\n<ul class=\"wp-block-list\"><li><strong>19<\/strong><em>&nbsp;\u2013 Touch base meeting to discuss blog, organization and WERA RIN<\/em>&nbsp;\u00e0s 10h.<\/li><\/ul>\n\n\n\n<ul class=\"wp-block-list\"><li><strong>20<\/strong>&nbsp;\u2013 Reuni\u00e3o de orienta\u00e7\u00e3o \u00e0s 14h.<br>Convidadas: Fernanda Leal e Vanessa Andreotti<br>Obs.: It\u2019s Carlos\u2019s B\u2019day!!!!<\/li><\/ul>\n\n\n\n<ul class=\"wp-block-list\"><li><strong>23<\/strong>&nbsp;\u2013 Lan\u00e7amento do livro da Jane Knight \u201c<em>Internacionaliza\u00e7\u00e3o da educa\u00e7\u00e3o superior: conceitos e tend\u00eancias<\/em>\u201d \u00e0s 17h.<\/li><\/ul>\n\n\n\n<div class=\"wp-block-image\"><figure class=\"aligncenter is-resized\"><img loading=\"lazy\" decoding=\"async\" src=\"https:\/\/blog.ufes.br\/kyriafinardi\/files\/2020\/11\/Book-Jane-Knight.jpeg\" alt=\"\" class=\"wp-image-4115\" width=\"445\" height=\"443\" \/><\/figure><\/div>\n\n\n\n<p class=\"has-white-color has-text-color\">&#8230;<\/p>\n\n\n\n<ul class=\"wp-block-list\"><li><strong>25&nbsp;<\/strong>\u2013 Webn\u00e1rios International Talks.<br><br>Pol\u00edticas Lingu\u00ednticas e Internacionaliza\u00e7\u00e3o.<\/li><\/ul>\n\n\n\n<div class=\"wp-block-image\"><figure class=\"aligncenter is-resized\"><img loading=\"lazy\" decoding=\"async\" src=\"https:\/\/blog.ufes.br\/kyriafinardi\/files\/2020\/10\/International-Talks-Faubai.jpeg\" alt=\"\" class=\"wp-image-3862\" width=\"450\" height=\"337\" \/><\/figure><\/div>\n\n\n\n<p class=\"has-white-color has-text-color\">&#8230;<\/p>\n\n\n\n<ul class=\"wp-block-list\"><li><strong>26<\/strong><em><strong>&nbsp;\u2013&nbsp;<\/strong>Decolonial Mate<\/em>&nbsp;(du Preez, 2018 and Tuck &amp; Yang, 2012) \u00e0s 16h.<\/li><\/ul>\n\n\n\n<ul class=\"wp-block-list\"><li><strong>27 \u2013&nbsp;<\/strong>Reuni\u00e3o de orienta\u00e7\u00e3o \u00e0s 14h. Rehearsal (defesa). Mediadoras<strong>:<\/strong>&nbsp;Roberta e Renini.<\/li><\/ul>\n\n\n\n<ul class=\"wp-block-list\"><li><strong>30 (nov) -03 (dez)<\/strong>&nbsp;\u2013 Evento da ANPED Sudeste (provavelmente online).<br><a rel=\"noreferrer noopener\" href=\"http:\/\/regionais.anped.org.br\/sudeste2020\/\" target=\"_blank\">http:\/\/regionais.anped.org.br\/sudeste2020\/<\/a><\/li><\/ul>\n\n\n\n<h3 class=\"wp-block-heading\"><strong>O<\/strong>UTUBRO<\/h3>\n\n\n\n<ul class=\"wp-block-list\"><li><strong>02&nbsp;<\/strong>\u2013 Reuni\u00e3o de orienta\u00e7\u00e3o \u00e0s 14h.<br>Estudo. Mediador: Carlos<br><a rel=\"noreferrer noopener\" href=\"https:\/\/blog.ufes.br\/kyriafinardi\/biblioteca-virtual\/textos-para-as-reunioes-de-orientacao\/\" target=\"_blank\">Texto<\/a>: DE SOUSA SANTOS, Boaventura (2004).<\/li><\/ul>\n\n\n\n<ul class=\"wp-block-list\"><li><strong>07&nbsp;<\/strong>\u2013 Semin\u00e1rio de Internacionaliza\u00e7\u00e3o do IFBA \u00e0s 16h.<\/li><\/ul>\n\n\n\n<div class=\"wp-block-image\"><figure class=\"aligncenter is-resized\"><img loading=\"lazy\" decoding=\"async\" src=\"https:\/\/blog.ufes.br\/kyriafinardi\/files\/2020\/09\/image-7.png\" alt=\"\" class=\"wp-image-3823\" width=\"431\" height=\"430\" \/><\/figure><\/div>\n\n\n\n<p class=\"has-white-color has-text-color\">&#8230;&#8230;.<\/p>\n\n\n\n<ul class=\"wp-block-list\"><li><strong>09 \u2013<\/strong>&nbsp;Reuni\u00e3o de orienta\u00e7\u00e3o \u00e0s 14h.<br>Estudo. Mediador: Thiago<br><em><a rel=\"noreferrer noopener\" href=\"https:\/\/blog.ufes.br\/kyriafinardi\/biblioteca-virtual\/textos-para-as-reunioes-de-orientacao\/?preview_id=3518&amp;preview_nonce=f268679bc7&amp;preview=true&amp;_thumbnail_id=3438\" target=\"_blank\">Textos:<\/a>&nbsp;(1) Schoorman, D. (2014).<\/em><br><em>(2) Schoorman, D. &amp; Bogotch, I. (2010).<\/em><br><em>(3) Schoorman, D. (2016).<\/em><br>(4)&nbsp;<em>Schoorman, D. (n.d.).<\/em><\/li><\/ul>\n\n\n\n<ul class=\"wp-block-list\"><li><strong>09 \u2013&nbsp;<\/strong>Banca Renata Mello.<\/li><\/ul>\n\n\n\n<ul class=\"wp-block-list\"><li><strong>16 \u2013<\/strong>&nbsp;Reuni\u00e3o de orienta\u00e7\u00e3o \u00e0s 14h. Estudo. Mediador: Thiago.<\/li><\/ul>\n\n\n\n<ul class=\"wp-block-list\"><li><strong>23 \u2013<\/strong>&nbsp;Reuni\u00e3o de orienta\u00e7\u00e3o \u00e0s 14h.<br>Convidado (<em>internacionaliza\u00e7\u00e3o<\/em>): Dilys Schoorman<\/li><\/ul>\n\n\n\n<ul class=\"wp-block-list\"><li><strong>28 \u2013&nbsp;<\/strong>Mesa redonda ALAB \u2013 AIALA \u00e0s 14h.<\/li><\/ul>\n\n\n\n<div class=\"wp-block-image\"><figure class=\"aligncenter is-resized\"><img loading=\"lazy\" decoding=\"async\" src=\"https:\/\/blog.ufes.br\/kyriafinardi\/files\/2020\/10\/AIALA-28-oct-ALAB-1.1.jpg\" alt=\"\" class=\"wp-image-3865\" width=\"420\" height=\"419\" \/><\/figure><\/div>\n\n\n\n<p>&#8230;..<\/p>\n\n\n\n<div class=\"wp-block-image\"><figure class=\"aligncenter is-resized\"><img loading=\"lazy\" decoding=\"async\" src=\"https:\/\/blog.ufes.br\/kyriafinardi\/files\/2020\/10\/AIALA-28-oct-ALAB-1.jpg\" alt=\"\" class=\"wp-image-3864\" width=\"415\" height=\"415\" \/><\/figure><\/div>\n\n\n\n<p class=\"has-white-color has-text-color\">&#8230;..<\/p>\n\n\n\n<div class=\"wp-block-image\"><figure class=\"aligncenter is-resized\"><img loading=\"lazy\" decoding=\"async\" src=\"https:\/\/blog.ufes.br\/kyriafinardi\/files\/2020\/10\/AIALA-28-oct-ALAB-2.jpg\" alt=\"\" class=\"wp-image-3866\" width=\"411\" height=\"411\" \/><\/figure><\/div>\n\n\n\n<p class=\"has-white-color has-text-color\">&#8230;..<\/p>\n\n\n\n<ul class=\"wp-block-list\"><li><strong>30 \u2013&nbsp;<\/strong>Reuni\u00e3o de orienta\u00e7\u00e3o \u00e0s 14h. Orienta\u00e7\u00e3o Mediadora: Kyria<\/li><\/ul>\n\n\n\n<h3 class=\"wp-block-heading\"><strong>SE<\/strong>TEMBRO<\/h3>\n\n\n\n<ul class=\"wp-block-list\"><li><strong>04&nbsp;<\/strong>\u2013 Reuni\u00e3o de orienta\u00e7\u00e3o \u00e0s 14h. Orienta\u00e7\u00e3o Mediadora: Kyria<br>GT Linguagem e Tecnologia da Anpoll \u2013 Ead e Pandemia \u00e0s 19h.<\/li><\/ul>\n\n\n\n<ul class=\"wp-block-list\"><li><strong>09&nbsp;<\/strong>\u2013 Evento online \u201cApplied Linguistics Q&amp;A Sessions\u201d da UFSC e UFPR \u00e0s 14h.<br>Link:&nbsp;<a rel=\"noreferrer noopener\" href=\"https:\/\/view.genial.ly\/5ef256e53bc81e0d60ef475c\/guide-applied-linguistics-qanda-sessions?fbclid=IwAR2fogMtJ9MmzwayblOBB2ONPb3EFRERS4ggoexV6Tg-1QaJz8Y3DONy6pY\" target=\"_blank\">https:\/\/view.genial.ly\/5ef256e53bc81e0d60ef475c\/guide-applied-linguistics-qanda-sessions?fbclid=IwAR2fogMtJ9MmzwayblOBB2ONPb3EFRERS4ggoexV6Tg-1QaJz8Y3DONy6pY<\/a>.<\/li><\/ul>\n\n\n\n<ul class=\"wp-block-list\"><li><strong>11 \u2013<\/strong>&nbsp;Reuni\u00e3o de orienta\u00e7\u00e3o \u00e0s 14h. Estudo Mediadora: Elisa.<br><a rel=\"noreferrer noopener\" href=\"https:\/\/blog.ufes.br\/kyriafinardi\/biblioteca-virtual\/textos-para-as-reunioes-de-orientacao\/\" target=\"_blank\">Texto<\/a>:&nbsp;<em>ASHCROFT, B., GRIFFITHS, G., TIFFIN, H. (1991).<\/em><\/li><\/ul>\n\n\n\n<ul class=\"wp-block-list\"><li><strong>16 \u2013&nbsp;<\/strong>Decolonial Mate \u00e0s 14h.<\/li><\/ul>\n\n\n\n<ul class=\"wp-block-list\"><li><strong>16-18 |<\/strong>&nbsp;Evento&nbsp; \u2013&nbsp;<em>XII Semin\u00e1rio de Estudos Lingu\u00edsticos da Unesp (SELin)<\/em><br>Tema&nbsp;<em>\u201cDi\u00e1logos entre a Lingu\u00edstica e a sociedade: perspectivas te\u00f3ricas e pr\u00e1ticas\u201d<\/em>.<br>Confer\u00eancia na mesa &nbsp;<strong>\u201cEnsino e aprendizagem de l\u00ednguas: di\u00e1logos com a sociedade\u201d<\/strong>, que acontecer\u00e1&nbsp;<strong>no dia 17&nbsp;<\/strong>de setembro, \u00e0s 17h30 com t\u00e9rmino \u00e0s 19h.&nbsp;<\/li><\/ul>\n\n\n\n<ul class=\"wp-block-list\"><li><strong>17&nbsp;<\/strong>\u2013 Semin\u00e1rio de Estudos Lingu\u00edsticos da Unesp.<br><strong>Mesa-Redonda 3 \u2013 Ensino e Aprendizagem de L\u00ednguas: di\u00e1logos com a sociedade \u00e0s 17h30-19h.<\/strong><br>Programa\u00e7\u00e3o geral:&nbsp;<a rel=\"noreferrer noopener\" href=\"https:\/\/seminariodeestudos0.wixsite.com\/selin2020\/programacao\" target=\"_blank\">https:\/\/seminariodeestudos0.wixsite.com\/selin2020\/programacao<\/a><\/li><\/ul>\n\n\n\n<div class=\"wp-block-image\"><figure class=\"aligncenter is-resized\"><img loading=\"lazy\" decoding=\"async\" src=\"https:\/\/blog.ufes.br\/kyriafinardi\/files\/2020\/09\/SELIN-17-setembro-1730-1900.jpeg\" alt=\"\" width=\"299\" height=\"422\" \/><\/figure><\/div>\n\n\n\n<p class=\"has-white-color has-text-color\">&#8230;<\/p>\n\n\n\n<ul class=\"wp-block-list\"><li><strong>18 \u2013<\/strong>&nbsp;Reuni\u00e3o de orienta\u00e7\u00e3o \u00e0s 14h. Estudo Mediador: Felipe<br><a rel=\"noreferrer noopener\" href=\"https:\/\/blog.ufes.br\/kyriafinardi\/biblioteca-virtual\/textos-para-as-reunioes-de-orientacao\/\" target=\"_blank\">Texto<\/a>:&nbsp;<em>Pigozzi, M. J. (2006).<\/em><\/li><\/ul>\n\n\n\n<ul class=\"wp-block-list\"><li><strong>22 \u2013&nbsp;<\/strong>Dia 01 \u201c<em>Roda de conversa sobre Internacionaliza\u00e7\u00e3o<\/em>\u201c. Com autores do dossi\u00ea \u201c<strong>Internacionaliza\u00e7\u00e3o na Educa\u00e7\u00e3o Superior: pressupostos, significados e impactos<\/strong>\u201c.<br>V\u00eddeo do youtube:<a rel=\"noreferrer noopener\" href=\"https:\/\/www.youtube.com\/channel\/UCDcipmeHDBR-cxvS9ltjzmw\" target=\"_blank\">&nbsp;https:\/\/www.youtube.com\/watch?v=lTgkMLX9hIo&amp;ab_channel=GEPESES<\/a><\/li><\/ul>\n\n\n\n<div class=\"wp-block-image\"><figure class=\"aligncenter is-resized\"><img loading=\"lazy\" decoding=\"async\" src=\"https:\/\/blog.ufes.br\/kyriafinardi\/files\/2020\/09\/image-8.png\" alt=\"\" width=\"425\" height=\"424\" \/><\/figure><\/div>\n\n\n\n<p>&#8230;..<\/p>\n\n\n\n<ul class=\"wp-block-list\"><li><strong>23 \u2013<\/strong>&nbsp;Dia 02 \u201cRoda de conversa sobre Internacionaliza\u00e7\u00e3o\u201d com os autores da edi\u00e7\u00e3o especial da ETD&nbsp;\u201cA Internacionaliza\u00e7\u00e3o na Educa\u00e7\u00e3o Superior: pressupostos, significados e impactos\u201d \u00e0s 14h.<br>Dispon\u00edvel em&nbsp;<a rel=\"noreferrer noopener\" href=\"https:\/\/periodicos.sbu.unicamp.br\/ojs\/index.php\/etd\/issue\/view\/1701\" target=\"_blank\">https:\/\/periodicos.sbu.unicamp.br\/ojs\/index.php\/etd\/issue\/view\/1701<\/a><br>V\u00eddeo do youtube:&nbsp;<a rel=\"noreferrer noopener\" href=\"https:\/\/www.youtube.com\/watch?v=p-Mu_cdbWZw\" target=\"_blank\">https:\/\/www.youtube.com\/watch?v=p-Mu_cdbWZw<\/a><\/li><\/ul>\n\n\n\n<div class=\"wp-block-image\"><figure class=\"aligncenter is-resized\"><img loading=\"lazy\" decoding=\"async\" src=\"https:\/\/blog.ufes.br\/kyriafinardi\/files\/2020\/09\/image-9.png\" alt=\"\" width=\"423\" height=\"423\" \/><\/figure><\/div>\n\n\n\n<p class=\"has-white-color has-text-color\">&#8230;&#8230;<\/p>\n\n\n\n<ul class=\"wp-block-list\"><li><strong>24&nbsp;<\/strong>\u2013 &nbsp;Convidada na Disciplina&nbsp;<em>Educa\u00e7\u00e3o e Linguagens<\/em>, Tema:&nbsp;<strong>Internacionaliza\u00e7\u00e3o<\/strong>, hor\u00e1rio 14:00-15:30h.<\/li><\/ul>\n\n\n\n<ul class=\"wp-block-list\"><li><strong>25 \u2013&nbsp;<\/strong>Reuni\u00e3o de orienta\u00e7\u00e3o \u00e0s 14h.<br><a rel=\"noreferrer noopener\" href=\"https:\/\/drive.google.com\/file\/d\/12ox7Im0W4RIU9BdNoyfbaaBh0Tfnb-2k\/view?usp=sharing\" target=\"_blank\">Convidados<\/a>&nbsp;(EMI e PL): Brett Diaz, Rosana Villares e Marcelo Kremer.<br><a rel=\"noreferrer noopener\" href=\"https:\/\/blog.ufes.br\/kyriafinardi\/biblioteca-virtual\/textos-para-as-reunioes-de-orientacao\/\" target=\"_blank\">Textos<\/a>: (1)&nbsp;<em>Diaz, B. A., &amp; Hall, M. K. (2020).<\/em><br>(2) Maldonado, R. V. (2019).<br>(3)&nbsp;<em>Kremer, M., &amp; Valcke, M. (2014).<\/em><\/li><\/ul>\n\n\n\n<ul class=\"wp-block-list\"><li><strong>29&nbsp;<\/strong>\u2013 Banca Quali Maria Cec\u00edlia Mendes \u00e0s 14h.<\/li><\/ul>\n\n\n\n<h3 class=\"wp-block-heading\"><strong>A<\/strong>GOSTO<\/h3>\n\n\n\n<ul class=\"wp-block-list\"><li><strong>7-8<\/strong>&nbsp;\u2013 EB\/IC Meeting AILA (Groningen, Holland).<\/li><\/ul>\n\n\n\n<ul class=\"wp-block-list\"><li><strong>9-14<\/strong>&nbsp;\u2013 AILA 2020 (Groningen, Holland)<br>World Congress of Applied Linguistics<br><a rel=\"noreferrer noopener\" href=\"https:\/\/www.aila2020.nl\/\" target=\"_blank\">https:\/\/www.aila2020.nl\/<\/a><\/li><\/ul>\n\n\n\n<ul class=\"wp-block-list\"><li><strong>28&nbsp;<\/strong>\u2013 Defesa de doutorado Andressa Molinari (PGE\/UEL)<\/li><\/ul>\n\n\n\n<h3 class=\"wp-block-heading\">JULIO<\/h3>\n\n\n\n<ul class=\"wp-block-list\"><li><strong>1-3<\/strong>&nbsp;\u2013 WERA 2020 (Santiago de Compostela, Spain)<br>World Education Research Association<br><a rel=\"noreferrer noopener\" href=\"https:\/\/wera-compostela.com\/\" target=\"_blank\">https:\/\/wera-compostela.com\/<\/a><\/li><\/ul>\n\n\n\n<ul class=\"wp-block-list\"><li><strong>21\/07<\/strong>&nbsp;\u2013 Apresenta\u00e7\u00e3o (live) Abralin \u00e0s 10h.<br>T\u00edtulo \u2013&nbsp;<strong>O perigo de uma \u00fanica l\u00edngua<\/strong><br><strong>Autoras:&nbsp;Kyria Finardi (UFES) e&nbsp;Laura Gurzynski-Weiss (Universidade de Indiana\/AILA)<\/strong>.<\/li><\/ul>\n\n\n\n<ul class=\"wp-block-list\"><li><strong>28 \u2013&nbsp;<\/strong>I CIPES (Bras\u00edlia)<br>I Col\u00f3quio Internacional de Pesquisas no Ensino Superior<\/li><\/ul>\n\n\n\n<h3 class=\"wp-block-heading\">JUNIO<\/h3>\n\n\n\n<ul class=\"wp-block-list\"><li><strong>17-18 \u2013<\/strong>&nbsp;International Teaching Online Symposium \u2013 University of Windsor.<br><a rel=\"noreferrer noopener\" href=\"https:\/\/www.uwindsor.ca\/conference\/international-teaching-online-symposium\/303\/call-proposals\" target=\"_blank\">https:\/\/www.uwindsor.ca\/conference\/international-teaching-online-symposium\/303\/call-proposals<\/a><\/li><\/ul>\n\n\n\n<ul class=\"wp-block-list\"><li><strong>26<\/strong>&nbsp;\u2013 Comemora\u00e7\u00e3o 30 anos da ALAB-&nbsp; uma conversa online com associadas (os) entre 18h e &nbsp;21h.<\/li><\/ul>\n\n\n\n<h3 class=\"wp-block-heading\"><strong>A<\/strong>BRIL<\/h3>\n\n\n\n<ul class=\"wp-block-list\"><li><strong>02&nbsp;<\/strong>\u2013 Banca de Thais Cons \u2013 UFPR.<\/li><\/ul>\n\n\n\n<ul class=\"wp-block-list\"><li><strong>30<\/strong>&nbsp;\u2013 defesa de Felipe Guimar\u00e3es.<\/li><\/ul>\n\n\n\n<h3 class=\"wp-block-heading\"><strong>MAR<\/strong>\u00c7O<\/h3>\n\n\n\n<ul class=\"wp-block-list\"><li><strong>02<\/strong>&nbsp;\u2013 Banca de Carolina Francisco \u2013 PPGEL.<\/li><\/ul>\n\n\n\n<ul class=\"wp-block-list\"><li><strong>22-26<\/strong>&nbsp;\u2013 CIES 2020 (Miami, Florida)<br>Conferences of the Comparative and International Education Society&nbsp;<a rel=\"noreferrer noopener\" href=\"https:\/\/cies2020.org\/\" target=\"_blank\">https:\/\/cies2020.org\/<\/a>.<\/li><\/ul>\n\n\n\n<h3 class=\"wp-block-heading\"><strong>FE<\/strong>VEREIRO<\/h3>\n\n\n\n<ul class=\"wp-block-list\"><li><strong>18<\/strong>&nbsp;\u2013 Banca PPGEL (Karina Fadini).<\/li><\/ul>\n\n\n\n<ul class=\"wp-block-list\"><li><strong>19<\/strong>&nbsp;\u2013 Defesas Gabriel Amorim.<\/li><\/ul>\n\n\n\n<ul class=\"wp-block-list\"><li><strong>20<\/strong>&nbsp;\u2013 Banca PPGEL (Daniel Marques).<\/li><\/ul>\n\n\n\n<h3 class=\"wp-block-heading\"><strong>JAN<\/strong>EIRO<\/h3>\n\n\n\n<ul class=\"wp-block-list\"><li>University of Valencia (Spain).<\/li><\/ul>\n\n\n\n<ul class=\"wp-block-list\"><li>Visita t\u00e9cnica Coventry University (England).<\/li><\/ul>\n","protected":false},"excerpt":{"rendered":"<p>DEZEMBRO 30 (nov) -03 (dez) \u2013&nbsp;Evento da ANPED Sudeste (provavelmente online).http:\/\/regionais.anped.org.br\/sudeste2020\/ 01&nbsp;\u2013 Evento&nbsp;\u201cXXIV Reuni\u00e3o da Regional Nordeste da FAUBAI\u201d \u00e0s 17-18:30h.Mesa-redonda&nbsp; \u201cSustentabilidade da internacionaliza\u00e7\u00e3o em tempos de pandemia: panorama atual\u201c. V\u00eddeo:&nbsp;https:\/\/www.youtube.com\/watch?v=EgJO1UQ9IzM&amp;ab_channel=FAUBAIBrazil &#8230; 01\/12&nbsp;\u2013 Event \u201d&nbsp;English in the Global South\u201d at 2:30-4p.m: &#8230; 03 \u2013&nbsp;(DES)CONSTRU\u00c7\u00c3O, (DES)COLONIZA\u00c7\u00c3O E (IN)VISIBILIZA\u00c7\u00c3O DAS INTERNACIONALIZA\u00c7\u00d5ES DESDE A PERSPECTIVA DAS EPISTEMOLOGIAS DO [&hellip;]<\/p>\n","protected":false},"author":151,"featured_media":4153,"parent":0,"menu_order":0,"comment_status":"closed","ping_status":"closed","template":"","meta":{"_bbp_topic_count":0,"_bbp_reply_count":0,"_bbp_total_topic_count":0,"_bbp_total_reply_count":0,"_bbp_voice_count":0,"_bbp_anonymous_reply_count":0,"_bbp_topic_count_hidden":0,"_bbp_reply_count_hidden":0,"_bbp_forum_subforum_count":0,"_uag_custom_page_level_css":"","footnotes":""},"class_list":["post-5295","page","type-page","status-publish","has-post-thumbnail","hentry"],"uagb_featured_image_src":{"full":["https:\/\/blog.ufes.br\/kyriafinardi\/files\/2020\/11\/Agenda.png",2050,780,false],"thumbnail":["https:\/\/blog.ufes.br\/kyriafinardi\/files\/2020\/11\/Agenda.png",150,57,false],"medium":["https:\/\/blog.ufes.br\/kyriafinardi\/files\/2020\/11\/Agenda.png",300,114,false],"medium_large":["https:\/\/blog.ufes.br\/kyriafinardi\/files\/2020\/11\/Agenda.png",625,238,false],"large":["https:\/\/blog.ufes.br\/kyriafinardi\/files\/2020\/11\/Agenda.png",625,238,false],"1536x1536":["https:\/\/blog.ufes.br\/kyriafinardi\/files\/2020\/11\/Agenda.png",1536,584,false],"2048x2048":["https:\/\/blog.ufes.br\/kyriafinardi\/files\/2020\/11\/Agenda.png",2048,779,false],"post-thumbnail":["https:\/\/blog.ufes.br\/kyriafinardi\/files\/2020\/11\/Agenda.png",624,237,false]},"uagb_author_info":{"display_name":"carlos.hildeblando","author_link":"https:\/\/blog.ufes.br\/kyriafinardi\/author\/carlos_alberto-hildeblando-junior\/"},"uagb_comment_info":0,"uagb_excerpt":"DEZEMBRO 30 (nov) -03 (dez) \u2013&nbsp;Evento da ANPED Sudeste (provavelmente online).http:\/\/regionais.anped.org.br\/sudeste2020\/ 01&nbsp;\u2013 Evento&nbsp;\u201cXXIV Reuni\u00e3o da Regional Nordeste da FAUBAI\u201d \u00e0s 17-18:30h.Mesa-redonda&nbsp; \u201cSustentabilidade da internacionaliza\u00e7\u00e3o em tempos de pandemia: panorama atual\u201c. V\u00eddeo:&nbsp;https:\/\/www.youtube.com\/watch?v=EgJO1UQ9IzM&amp;ab_channel=FAUBAIBrazil &#8230; 01\/12&nbsp;\u2013 Event \u201d&nbsp;English in the Global South\u201d at 2:30-4p.m: &#8230; 03 \u2013&nbsp;(DES)CONSTRU\u00c7\u00c3O, (DES)COLONIZA\u00c7\u00c3O E (IN)VISIBILIZA\u00c7\u00c3O DAS INTERNACIONALIZA\u00c7\u00d5ES DESDE A PERSPECTIVA DAS EPISTEMOLOGIAS DO&hellip;","_links":{"self":[{"href":"https:\/\/blog.ufes.br\/kyriafinardi\/wp-json\/wp\/v2\/pages\/5295","targetHints":{"allow":["GET"]}}],"collection":[{"href":"https:\/\/blog.ufes.br\/kyriafinardi\/wp-json\/wp\/v2\/pages"}],"about":[{"href":"https:\/\/blog.ufes.br\/kyriafinardi\/wp-json\/wp\/v2\/types\/page"}],"author":[{"embeddable":true,"href":"https:\/\/blog.ufes.br\/kyriafinardi\/wp-json\/wp\/v2\/users\/151"}],"replies":[{"embeddable":true,"href":"https:\/\/blog.ufes.br\/kyriafinardi\/wp-json\/wp\/v2\/comments?post=5295"}],"version-history":[{"count":9,"href":"https:\/\/blog.ufes.br\/kyriafinardi\/wp-json\/wp\/v2\/pages\/5295\/revisions"}],"predecessor-version":[{"id":6955,"href":"https:\/\/blog.ufes.br\/kyriafinardi\/wp-json\/wp\/v2\/pages\/5295\/revisions\/6955"}],"wp:featuredmedia":[{"embeddable":true,"href":"https:\/\/blog.ufes.br\/kyriafinardi\/wp-json\/wp\/v2\/media\/4153"}],"wp:attachment":[{"href":"https:\/\/blog.ufes.br\/kyriafinardi\/wp-json\/wp\/v2\/media?parent=5295"}],"curies":[{"name":"wp","href":"https:\/\/api.w.org\/{rel}","templated":true}]}}