{"id":6274,"date":"2021-11-09T13:58:16","date_gmt":"2021-11-09T16:58:16","guid":{"rendered":"https:\/\/blog.ufes.br\/kyriafinardi\/?page_id=6274"},"modified":"2022-09-15T12:54:05","modified_gmt":"2022-09-15T15:54:05","slug":"fapes-universal","status":"publish","type":"page","link":"https:\/\/blog.ufes.br\/kyriafinardi\/projetos-em-andamento\/fapes-universal\/","title":{"rendered":"Fapes Universal"},"content":{"rendered":"\n<h2 class=\"wp-block-heading\">Internationalizando a Extens\u00e3o e Estendendo a Internacionaliza\u00e7\u00e3o\/Interioriza\u00e7\u00e3o<\/h2>\n\n\n\n<p>O projeto conta com o apoio da&nbsp;Funda\u00e7\u00e3o de Amparo \u00e0 Pesquisa e Inova\u00e7\u00e3o do Esp\u00edrito Santo \u2013 Fapes \u2013 3\/2021 (Fapes Universal) para o per\u00edodo 01\/11\/21 a 31\/10\/23.<\/p>\n\n\n\n<h2 class=\"wp-block-heading\">Timeline do projeto<\/h2>\n\n\n\n<h2 class=\"wp-block-heading\"><img loading=\"lazy\" decoding=\"async\" width=\"2000\" height=\"1125\" class=\"wp-image-6916\" style=\"width: 1200px\" src=\"http:\/\/blog.ufes.br\/kyriafinardi\/files\/2022\/03\/Timeline-Universal-P-JPG.jpg\" alt=\"\" srcset=\"https:\/\/blog.ufes.br\/kyriafinardi\/files\/2022\/03\/Timeline-Universal-P-JPG.jpg 2000w, https:\/\/blog.ufes.br\/kyriafinardi\/files\/2022\/03\/Timeline-Universal-P-JPG-300x169.jpg 300w, https:\/\/blog.ufes.br\/kyriafinardi\/files\/2022\/03\/Timeline-Universal-P-JPG-1024x576.jpg 1024w, https:\/\/blog.ufes.br\/kyriafinardi\/files\/2022\/03\/Timeline-Universal-P-JPG-768x432.jpg 768w, https:\/\/blog.ufes.br\/kyriafinardi\/files\/2022\/03\/Timeline-Universal-P-JPG-1536x864.jpg 1536w, https:\/\/blog.ufes.br\/kyriafinardi\/files\/2022\/03\/Timeline-Universal-P-JPG-624x351.jpg 624w\" sizes=\"auto, (max-width: 2000px) 100vw, 2000px\" \/><\/h2>\n\n\n\n<blockquote class=\"wp-block-quote is-layout-flow wp-block-quote-is-layout-flow\"><p>O objetivo deste projeto \u00e9 internacionalizar a extens\u00e3o e estender\/interiorizar a internacionaliza\u00e7\u00e3o da UFES e da Universidade de Val\u00eancia (UV) na Espanha para a comunidade capixaba. Pretende-se criar possibilidades de trocas e intera\u00e7\u00f5es mediadas por tecnologias, l\u00ednguas e saberes compartilhados entre a UFES e a UV com a comunidade capixaba focando nas pequenas e m\u00e9dias empresas exportadoras (PMEs) para promover uma educa\u00e7\u00e3o glonacal, sens\u00edvel aos contextos global\/nacional\/regional\/local no cen\u00e1rio p\u00f3s-Covid. O projeto integra a\u00e7\u00f5es de ensino, pesquisa, extens\u00e3o, internacionaliza\u00e7\u00e3o e interioriza\u00e7\u00e3o da UFES e da UV no desenvolvimento da cidadania \u201cglonacal\u201d atuando na troca\/e transfer\u00eancia de conhecimento, inova\u00e7\u00e3o e tecnologia da UFES e UV para a comunidade capixaba, auxiliando no processo de internacionaliza\u00e7\u00e3o\/interioriza\u00e7\u00e3o do conhecimento das PMEs e comunidades envolvidas. Este projeto se articula com o projeto Empreendedorismo Juvenil pela Sociedade em 3D (YES3D) coordenado pela Ana Sevilla-Pav\u00f3n da UV e que investiga o papel da realidade virtual tridimensional e simula\u00e7\u00f5es em contextos de interc\u00e2mbios virtuais internacionais nos processos de forma\u00e7\u00e3o de futuros pro\ufb01ssionais do mundo dos neg\u00f3cios e, mais especi\ufb01camente, do empreendedorismo social, entendido como neg\u00f3cios com \ufb01ns sociais dedicados a agregar motiva\u00e7\u00f5es com \ufb01ns lucrativos ao setor sem \ufb01ns lucrativos, com base nos Objetivos de Desenvolvimento Sustent\u00e1vel (ODS) propostos pela UNESCO. A capacita\u00e7\u00e3o virtual prevista neste projeto \u00e9 especialmente relevante no contexto atual de pandemia e da necessidade de desenvolvimento da internacionaliza\u00e7\u00e3o e interioriza\u00e7\u00e3o da internacionaliza\u00e7\u00e3o no Estado. Em um contexto onde a mobilidade acad\u00eamica era privil\u00e9gio de menos de 2% da popula\u00e7\u00e3o acad\u00eamica capixaba antes de ser suspensa em virtude da pandemia, a mobilidade virtual por meio de simula\u00e7\u00f5es de ambientes virtuais pro\ufb01ssionais em trocas virtuais em mundos tridimensionais surge como uma ferramenta poderosa para internacionalizar\/interiorizar a\u00e7\u00f5es de ensino, pesquisa e extens\u00e3o das universidades envolvidas. A mobilidade virtual tem sido cada vez mais adotada para substituir e\/ou complementar a mobilidade f\u00edsica proporcionando benef\u00edcios potenciais semelhantes aos derivados da realiza\u00e7\u00e3o de um interc\u00e2mbio acad\u00eamico ou pro\ufb01ssional no exterior. Este projeto prop\u00f5e trocas virtuais entre acad\u00eamicos da UFES e da UV e as comunidades capixabas para solucionar problemas de comunica\u00e7\u00e3o interpessoal e intercultural somados a simula\u00e7\u00f5es de ambientes pro\ufb01ssionais e de empreendedorismo internacional e social em mundos virtuais tridimensionais para auxiliar a internacionaliza\u00e7\u00e3o das comunidades envolvidas e amplia\u00e7\u00e3o das a\u00e7\u00f5es de ensino, pesquisa, extens\u00e3o e internacionaliza\u00e7\u00e3o da UFES e UV para todo o Estado do Esp\u00edrito Santo. Nesse sentido, o projeto visa desenvolver uma cidadania glonacal por meio das trocas, transfer\u00eancia de conhecimento e capacita\u00e7\u00e3o da comunidade capixaba com apoio das a\u00e7\u00f5es de ensino, pesquisa, extens\u00e3o e internacionaliza\u00e7\u00e3o da UFES e da UV.<\/p><\/blockquote>\n\n\n\n<h2 class=\"wp-block-heading\">Encontro equipe do projeto no Brasil no dia 25\/02\/2022<\/h2>\n\n\n\n<h2 class=\"wp-block-heading\"><img loading=\"lazy\" decoding=\"async\" width=\"1005\" height=\"989\" class=\"wp-image-6879\" style=\"width: 300px\" src=\"http:\/\/blog.ufes.br\/kyriafinardi\/files\/2022\/03\/Para-blog.jpeg\" alt=\"\" srcset=\"https:\/\/blog.ufes.br\/kyriafinardi\/files\/2022\/03\/Para-blog.jpeg 1005w, https:\/\/blog.ufes.br\/kyriafinardi\/files\/2022\/03\/Para-blog-300x295.jpeg 300w, https:\/\/blog.ufes.br\/kyriafinardi\/files\/2022\/03\/Para-blog-768x756.jpeg 768w, https:\/\/blog.ufes.br\/kyriafinardi\/files\/2022\/03\/Para-blog-624x614.jpeg 624w\" sizes=\"auto, (max-width: 1005px) 100vw, 1005px\" \/><\/h2>\n\n\n\n<p><a rel=\"noreferrer noopener\" href=\"https:\/\/drive.google.com\/file\/d\/1rjoaTRT9a3rYtg6YwadPVo0IAtOuOiuI\/view?usp=sharing\" target=\"_blank\">V\u00eddeo de apresenta\u00e7\u00e3o dos membros do projeto<\/a><\/p>\n\n\n\n<h2 class=\"wp-block-heading\">Primeiros passos da equipe na RV<\/h2>\n\n\n\n<h2 class=\"wp-block-heading\"><img loading=\"lazy\" decoding=\"async\" width=\"1200\" height=\"1599\" class=\"wp-image-6883\" style=\"width: 300px\" src=\"http:\/\/blog.ufes.br\/kyriafinardi\/files\/2022\/03\/WhatsApp-Image-2022-02-25-at-11.04.25.jpeg\" alt=\"\" srcset=\"https:\/\/blog.ufes.br\/kyriafinardi\/files\/2022\/03\/WhatsApp-Image-2022-02-25-at-11.04.25.jpeg 1200w, https:\/\/blog.ufes.br\/kyriafinardi\/files\/2022\/03\/WhatsApp-Image-2022-02-25-at-11.04.25-225x300.jpeg 225w, https:\/\/blog.ufes.br\/kyriafinardi\/files\/2022\/03\/WhatsApp-Image-2022-02-25-at-11.04.25-768x1023.jpeg 768w, https:\/\/blog.ufes.br\/kyriafinardi\/files\/2022\/03\/WhatsApp-Image-2022-02-25-at-11.04.25-1153x1536.jpeg 1153w, https:\/\/blog.ufes.br\/kyriafinardi\/files\/2022\/03\/WhatsApp-Image-2022-02-25-at-11.04.25-624x831.jpeg 624w\" sizes=\"auto, (max-width: 1200px) 100vw, 1200px\" \/><\/h2>\n\n\n\n<p><a rel=\"noreferrer noopener\" href=\"https:\/\/drive.google.com\/file\/d\/1lB40fXasl-sFiG2OWFL8o7wuBqdQQ__D\/view?usp=sharing\" target=\"_blank\">Parte da equipe testando o equipamento<\/a><\/p>\n\n\n\n<h2 class=\"wp-block-heading\">Encontro equipe Brasil com membro do projeto na Espanha 15\/03\/22<\/h2>\n\n\n\n<p><img loading=\"lazy\" decoding=\"async\" width=\"1280\" height=\"581\" class=\"wp-image-6974\" style=\"width: 300px\" src=\"http:\/\/blog.ufes.br\/kyriafinardi\/files\/2022\/03\/Encontro-Jill-15-03-blog.jpeg\" alt=\"\" srcset=\"https:\/\/blog.ufes.br\/kyriafinardi\/files\/2022\/03\/Encontro-Jill-15-03-blog.jpeg 1280w, https:\/\/blog.ufes.br\/kyriafinardi\/files\/2022\/03\/Encontro-Jill-15-03-blog-300x136.jpeg 300w, https:\/\/blog.ufes.br\/kyriafinardi\/files\/2022\/03\/Encontro-Jill-15-03-blog-1024x465.jpeg 1024w, https:\/\/blog.ufes.br\/kyriafinardi\/files\/2022\/03\/Encontro-Jill-15-03-blog-768x349.jpeg 768w, https:\/\/blog.ufes.br\/kyriafinardi\/files\/2022\/03\/Encontro-Jill-15-03-blog-624x283.jpeg 624w\" sizes=\"auto, (max-width: 1280px) 100vw, 1280px\" \/><\/p>\n\n\n\n<h2 class=\"wp-block-heading\">Capacita\u00e7\u00e3o Realidade Virtual com a &#8220;Spatial&#8221; 25\/03\/22<img loading=\"lazy\" decoding=\"async\" width=\"1280\" height=\"720\" class=\"wp-image-7098\" style=\"width: 300px\" src=\"http:\/\/blog.ufes.br\/kyriafinardi\/files\/2022\/03\/WhatsApp-Image-2022-03-25-at-9.02.41-AM.jpeg\" alt=\"\" srcset=\"https:\/\/blog.ufes.br\/kyriafinardi\/files\/2022\/03\/WhatsApp-Image-2022-03-25-at-9.02.41-AM.jpeg 1280w, https:\/\/blog.ufes.br\/kyriafinardi\/files\/2022\/03\/WhatsApp-Image-2022-03-25-at-9.02.41-AM-300x169.jpeg 300w, https:\/\/blog.ufes.br\/kyriafinardi\/files\/2022\/03\/WhatsApp-Image-2022-03-25-at-9.02.41-AM-1024x576.jpeg 1024w, https:\/\/blog.ufes.br\/kyriafinardi\/files\/2022\/03\/WhatsApp-Image-2022-03-25-at-9.02.41-AM-768x432.jpeg 768w, https:\/\/blog.ufes.br\/kyriafinardi\/files\/2022\/03\/WhatsApp-Image-2022-03-25-at-9.02.41-AM-624x351.jpeg 624w\" sizes=\"auto, (max-width: 1280px) 100vw, 1280px\" \/><\/h2>\n\n\n\n<h2 class=\"has-text-align-left wp-block-heading\">Encontro da professora Kyria com a professora Marta Fortes da University of Limerick Irlanda. Novas possibilidades de VE para o Projeto Universal-30 de maio 2022<\/h2>\n\n\n\n<h2 class=\"has-text-align-left wp-block-heading\"><img loading=\"lazy\" decoding=\"async\" width=\"413\" height=\"531\" class=\"wp-image-7216\" style=\"width: 300px\" src=\"http:\/\/blog.ufes.br\/kyriafinardi\/files\/2022\/05\/Marta-Fortes-Saez-Limerick-U.-1.jpeg\" alt=\"\" srcset=\"https:\/\/blog.ufes.br\/kyriafinardi\/files\/2022\/05\/Marta-Fortes-Saez-Limerick-U.-1.jpeg 413w, https:\/\/blog.ufes.br\/kyriafinardi\/files\/2022\/05\/Marta-Fortes-Saez-Limerick-U.-1-233x300.jpeg 233w\" sizes=\"auto, (max-width: 413px) 100vw, 413px\" \/><\/h2>\n\n\n\n<h2 class=\"wp-block-heading\">Encontro de parte da equipe com a professora Marta Fortes da University of Limerick Irlanda 10\/06\/2022<\/h2>\n\n\n\n<h2 class=\"wp-block-heading\"><img loading=\"lazy\" decoding=\"async\" width=\"489\" height=\"273\" class=\"wp-image-7242\" style=\"width: 500px\" src=\"http:\/\/blog.ufes.br\/kyriafinardi\/files\/2022\/06\/Marta.jpeg\" alt=\"\" srcset=\"https:\/\/blog.ufes.br\/kyriafinardi\/files\/2022\/06\/Marta.jpeg 489w, https:\/\/blog.ufes.br\/kyriafinardi\/files\/2022\/06\/Marta-300x167.jpeg 300w\" sizes=\"auto, (max-width: 489px) 100vw, 489px\" \/><img loading=\"lazy\" decoding=\"async\" width=\"846\" height=\"227\" class=\"wp-image-7240\" style=\"width: 350px\" src=\"http:\/\/blog.ufes.br\/kyriafinardi\/files\/2022\/06\/Barbara-Kyria-e-Renini.jpeg\" alt=\"\" srcset=\"https:\/\/blog.ufes.br\/kyriafinardi\/files\/2022\/06\/Barbara-Kyria-e-Renini.jpeg 846w, https:\/\/blog.ufes.br\/kyriafinardi\/files\/2022\/06\/Barbara-Kyria-e-Renini-300x80.jpeg 300w, https:\/\/blog.ufes.br\/kyriafinardi\/files\/2022\/06\/Barbara-Kyria-e-Renini-768x206.jpeg 768w, https:\/\/blog.ufes.br\/kyriafinardi\/files\/2022\/06\/Barbara-Kyria-e-Renini-624x167.jpeg 624w\" sizes=\"auto, (max-width: 846px) 100vw, 846px\" \/><img loading=\"lazy\" decoding=\"async\" width=\"217\" height=\"276\" class=\"wp-image-7243\" style=\"width: 150px\" src=\"http:\/\/blog.ufes.br\/kyriafinardi\/files\/2022\/06\/Ana-Raquel.jpeg\" alt=\"\"><\/h2>\n\n\n\n<h2 class=\"wp-block-heading\">Participa\u00e7\u00e3o em evento internacional com resultados parciais do Projeto Universal 14\/06\/22<\/h2>\n\n\n<div class=\"wp-block-image\">\n<figure class=\"alignleft size-large is-resized\"><a href=\"https:\/\/drive.google.com\/file\/d\/12N7htpJKJJspiwW2ntXLsC3YqhZ2mK0G\/view?usp=sharing\" target=\"_blank\" rel=\"noreferrer noopener\"><img loading=\"lazy\" decoding=\"async\" src=\"https:\/\/blog.ufes.br\/kyriafinardi\/files\/2022\/06\/image-2-1024x576.jpg\" alt=\"\" class=\"wp-image-7351\" width=\"573\" height=\"322\" srcset=\"https:\/\/blog.ufes.br\/kyriafinardi\/files\/2022\/06\/image-2-1024x576.jpg 1024w, https:\/\/blog.ufes.br\/kyriafinardi\/files\/2022\/06\/image-2-300x169.jpg 300w, https:\/\/blog.ufes.br\/kyriafinardi\/files\/2022\/06\/image-2-768x432.jpg 768w, https:\/\/blog.ufes.br\/kyriafinardi\/files\/2022\/06\/image-2-1536x864.jpg 1536w, https:\/\/blog.ufes.br\/kyriafinardi\/files\/2022\/06\/image-2-624x351.jpg 624w, https:\/\/blog.ufes.br\/kyriafinardi\/files\/2022\/06\/image-2.jpg 1920w\" sizes=\"auto, (max-width: 573px) 100vw, 573px\" \/><\/a><\/figure>\n<\/div>\n\n\n<p><\/p>\n\n\n\n<p><\/p>\n\n\n\n<p><\/p>\n\n\n\n<h2 class=\"wp-block-heading\">Empresa participante do projeto<\/h2>\n\n\n\n<h2 class=\"wp-block-heading\">Encontro Fapes Universal e Universidade de Valencia sobre aplica\u00e7\u00f5es da realidade virtual no ensino de l\u00ednguas<\/h2>\n\n\n\n<h2 class=\"wp-block-heading\"><img loading=\"lazy\" decoding=\"async\" width=\"514\" height=\"423\" class=\"wp-image-7360\" style=\"width: 150px\" src=\"http:\/\/blog.ufes.br\/kyriafinardi\/files\/2022\/06\/Para-o-blog-site-3.jpeg\" alt=\"\" srcset=\"https:\/\/blog.ufes.br\/kyriafinardi\/files\/2022\/06\/Para-o-blog-site-3.jpeg 514w, https:\/\/blog.ufes.br\/kyriafinardi\/files\/2022\/06\/Para-o-blog-site-3-300x247.jpeg 300w\" sizes=\"auto, (max-width: 514px) 100vw, 514px\" \/><img loading=\"lazy\" decoding=\"async\" width=\"1255\" height=\"472\" class=\"wp-image-7356\" style=\"width: 400px\" src=\"http:\/\/blog.ufes.br\/kyriafinardi\/files\/2022\/06\/Para-o-blog-site.jpeg\" alt=\"\" srcset=\"https:\/\/blog.ufes.br\/kyriafinardi\/files\/2022\/06\/Para-o-blog-site.jpeg 1255w, https:\/\/blog.ufes.br\/kyriafinardi\/files\/2022\/06\/Para-o-blog-site-300x113.jpeg 300w, https:\/\/blog.ufes.br\/kyriafinardi\/files\/2022\/06\/Para-o-blog-site-1024x385.jpeg 1024w, https:\/\/blog.ufes.br\/kyriafinardi\/files\/2022\/06\/Para-o-blog-site-768x289.jpeg 768w, https:\/\/blog.ufes.br\/kyriafinardi\/files\/2022\/06\/Para-o-blog-site-624x235.jpeg 624w\" sizes=\"auto, (max-width: 1255px) 100vw, 1255px\" \/><img loading=\"lazy\" decoding=\"async\" width=\"788\" height=\"520\" class=\"wp-image-7357\" style=\"width: 550px\" src=\"http:\/\/blog.ufes.br\/kyriafinardi\/files\/2022\/06\/Para-o-blog-site-2.jpeg\" alt=\"\" srcset=\"https:\/\/blog.ufes.br\/kyriafinardi\/files\/2022\/06\/Para-o-blog-site-2.jpeg 788w, https:\/\/blog.ufes.br\/kyriafinardi\/files\/2022\/06\/Para-o-blog-site-2-300x198.jpeg 300w, https:\/\/blog.ufes.br\/kyriafinardi\/files\/2022\/06\/Para-o-blog-site-2-768x507.jpeg 768w, https:\/\/blog.ufes.br\/kyriafinardi\/files\/2022\/06\/Para-o-blog-site-2-624x412.jpeg 624w\" sizes=\"auto, (max-width: 788px) 100vw, 788px\" \/><\/h2>\n\n\n\n<h2 class=\"wp-block-heading\">Encontro VE com a Universidade de Gazi, Turquia-julho 2022<\/h2>\n\n\n\n<h2 class=\"wp-block-heading\"><a rel=\"noreferrer noopener\" href=\"https:\/\/drive.google.com\/file\/d\/14k9qpNuoGXyK-nrVJEjJylrmKD4eOcJP\/view?usp=sharing\" target=\"_blank\"><img loading=\"lazy\" decoding=\"async\" width=\"1280\" height=\"800\" class=\"wp-image-7419\" style=\"width: 850px\" src=\"http:\/\/blog.ufes.br\/kyriafinardi\/files\/2022\/07\/VE-Gazi-08-07-22.jpeg\" alt=\"\" srcset=\"https:\/\/blog.ufes.br\/kyriafinardi\/files\/2022\/07\/VE-Gazi-08-07-22.jpeg 1280w, https:\/\/blog.ufes.br\/kyriafinardi\/files\/2022\/07\/VE-Gazi-08-07-22-300x188.jpeg 300w, https:\/\/blog.ufes.br\/kyriafinardi\/files\/2022\/07\/VE-Gazi-08-07-22-1024x640.jpeg 1024w, https:\/\/blog.ufes.br\/kyriafinardi\/files\/2022\/07\/VE-Gazi-08-07-22-768x480.jpeg 768w, https:\/\/blog.ufes.br\/kyriafinardi\/files\/2022\/07\/VE-Gazi-08-07-22-624x390.jpeg 624w\" sizes=\"auto, (max-width: 1280px) 100vw, 1280px\" \/><\/a><\/h2>\n\n\n\n<h2 class=\"wp-block-heading\">Palestra VE com o professor Alun DeWinter<img loading=\"lazy\" decoding=\"async\" width=\"904\" height=\"1280\" class=\"wp-image-7432\" style=\"width: 850px\" src=\"http:\/\/blog.ufes.br\/kyriafinardi\/files\/2022\/07\/Palestra-Professor-Alun.jpeg\" alt=\"\" srcset=\"https:\/\/blog.ufes.br\/kyriafinardi\/files\/2022\/07\/Palestra-Professor-Alun.jpeg 904w, https:\/\/blog.ufes.br\/kyriafinardi\/files\/2022\/07\/Palestra-Professor-Alun-212x300.jpeg 212w, https:\/\/blog.ufes.br\/kyriafinardi\/files\/2022\/07\/Palestra-Professor-Alun-723x1024.jpeg 723w, https:\/\/blog.ufes.br\/kyriafinardi\/files\/2022\/07\/Palestra-Professor-Alun-768x1087.jpeg 768w, https:\/\/blog.ufes.br\/kyriafinardi\/files\/2022\/07\/Palestra-Professor-Alun-624x884.jpeg 624w\" sizes=\"auto, (max-width: 904px) 100vw, 904px\" \/><\/h2>\n\n\n\n<h2 class=\"wp-block-heading\">Encontro de planejamento VE UFES\/Limerick Irlanda &#8211; 14-09-22<img loading=\"lazy\" decoding=\"async\" width=\"1216\" height=\"429\" class=\"wp-image-7501\" style=\"width: 850px\" src=\"http:\/\/blog.ufes.br\/kyriafinardi\/files\/2022\/09\/Encontro-planejamento-VE-Limerik-14-09-22.jpeg\" alt=\"\" srcset=\"https:\/\/blog.ufes.br\/kyriafinardi\/files\/2022\/09\/Encontro-planejamento-VE-Limerik-14-09-22.jpeg 1216w, https:\/\/blog.ufes.br\/kyriafinardi\/files\/2022\/09\/Encontro-planejamento-VE-Limerik-14-09-22-300x106.jpeg 300w, https:\/\/blog.ufes.br\/kyriafinardi\/files\/2022\/09\/Encontro-planejamento-VE-Limerik-14-09-22-1024x361.jpeg 1024w, https:\/\/blog.ufes.br\/kyriafinardi\/files\/2022\/09\/Encontro-planejamento-VE-Limerik-14-09-22-768x271.jpeg 768w, https:\/\/blog.ufes.br\/kyriafinardi\/files\/2022\/09\/Encontro-planejamento-VE-Limerik-14-09-22-624x220.jpeg 624w\" sizes=\"auto, (max-width: 1216px) 100vw, 1216px\" \/><\/h2>\n\n\n\n<h2 class=\"wp-block-heading\"><img loading=\"lazy\" decoding=\"async\" width=\"1330\" height=\"1276\" class=\"wp-image-7061\" style=\"width: 300px\" src=\"http:\/\/blog.ufes.br\/kyriafinardi\/files\/2022\/03\/WhatsApp-Image-2021-09-14-at-20.01.07.jpeg\" alt=\"\" srcset=\"https:\/\/blog.ufes.br\/kyriafinardi\/files\/2022\/03\/WhatsApp-Image-2021-09-14-at-20.01.07.jpeg 1330w, https:\/\/blog.ufes.br\/kyriafinardi\/files\/2022\/03\/WhatsApp-Image-2021-09-14-at-20.01.07-300x288.jpeg 300w, https:\/\/blog.ufes.br\/kyriafinardi\/files\/2022\/03\/WhatsApp-Image-2021-09-14-at-20.01.07-1024x982.jpeg 1024w, https:\/\/blog.ufes.br\/kyriafinardi\/files\/2022\/03\/WhatsApp-Image-2021-09-14-at-20.01.07-768x737.jpeg 768w, https:\/\/blog.ufes.br\/kyriafinardi\/files\/2022\/03\/WhatsApp-Image-2021-09-14-at-20.01.07-624x599.jpeg 624w\" sizes=\"auto, (max-width: 1330px) 100vw, 1330px\" \/><\/h2>\n\n\n\n<p><strong>Video realizado para empresa participante do projeto<\/strong> <a rel=\"noreferrer noopener\" href=\"https:\/\/drive.google.com\/file\/d\/1JI-XDDtyKVglWb0rrU_Dym-xoa9zkX10\/view?usp=sharing\" target=\"_blank\">https:\/\/drive.google.com\/file\/d\/1JI-XDDtyKVglWb0rrU_Dym-xoa9zkX10\/view?usp=sharing<\/a><\/p>\n","protected":false},"excerpt":{"rendered":"<p>Internationalizando a Extens\u00e3o e Estendendo a Internacionaliza\u00e7\u00e3o\/Interioriza\u00e7\u00e3o O projeto conta com o apoio da&nbsp;Funda\u00e7\u00e3o de Amparo \u00e0 Pesquisa e Inova\u00e7\u00e3o do Esp\u00edrito Santo \u2013 Fapes \u2013 3\/2021 (Fapes Universal) para o per\u00edodo 01\/11\/21 a 31\/10\/23. Timeline do projeto O objetivo deste projeto \u00e9 internacionalizar a extens\u00e3o e estender\/interiorizar a internacionaliza\u00e7\u00e3o da UFES e da Universidade [&hellip;]<\/p>\n","protected":false},"author":90,"featured_media":0,"parent":4687,"menu_order":0,"comment_status":"closed","ping_status":"closed","template":"","meta":{"_bbp_topic_count":0,"_bbp_reply_count":0,"_bbp_total_topic_count":0,"_bbp_total_reply_count":0,"_bbp_voice_count":0,"_bbp_anonymous_reply_count":0,"_bbp_topic_count_hidden":0,"_bbp_reply_count_hidden":0,"_bbp_forum_subforum_count":0,"_uag_custom_page_level_css":"","footnotes":""},"class_list":["post-6274","page","type-page","status-publish","hentry"],"uagb_featured_image_src":{"full":false,"thumbnail":false,"medium":false,"medium_large":false,"large":false,"1536x1536":false,"2048x2048":false,"post-thumbnail":false},"uagb_author_info":{"display_name":"Kyria Finardi","author_link":"https:\/\/blog.ufes.br\/kyriafinardi\/author\/kyria_rebeca-neiva-de-lima-finardi\/"},"uagb_comment_info":0,"uagb_excerpt":"Internationalizando a Extens\u00e3o e Estendendo a Internacionaliza\u00e7\u00e3o\/Interioriza\u00e7\u00e3o O projeto conta com o apoio da&nbsp;Funda\u00e7\u00e3o de Amparo \u00e0 Pesquisa e Inova\u00e7\u00e3o do Esp\u00edrito Santo \u2013 Fapes \u2013 3\/2021 (Fapes Universal) para o per\u00edodo 01\/11\/21 a 31\/10\/23. Timeline do projeto O objetivo deste projeto \u00e9 internacionalizar a extens\u00e3o e estender\/interiorizar a internacionaliza\u00e7\u00e3o da UFES e da Universidade&hellip;","_links":{"self":[{"href":"https:\/\/blog.ufes.br\/kyriafinardi\/wp-json\/wp\/v2\/pages\/6274","targetHints":{"allow":["GET"]}}],"collection":[{"href":"https:\/\/blog.ufes.br\/kyriafinardi\/wp-json\/wp\/v2\/pages"}],"about":[{"href":"https:\/\/blog.ufes.br\/kyriafinardi\/wp-json\/wp\/v2\/types\/page"}],"author":[{"embeddable":true,"href":"https:\/\/blog.ufes.br\/kyriafinardi\/wp-json\/wp\/v2\/users\/90"}],"replies":[{"embeddable":true,"href":"https:\/\/blog.ufes.br\/kyriafinardi\/wp-json\/wp\/v2\/comments?post=6274"}],"version-history":[{"count":50,"href":"https:\/\/blog.ufes.br\/kyriafinardi\/wp-json\/wp\/v2\/pages\/6274\/revisions"}],"predecessor-version":[{"id":7503,"href":"https:\/\/blog.ufes.br\/kyriafinardi\/wp-json\/wp\/v2\/pages\/6274\/revisions\/7503"}],"up":[{"embeddable":true,"href":"https:\/\/blog.ufes.br\/kyriafinardi\/wp-json\/wp\/v2\/pages\/4687"}],"wp:attachment":[{"href":"https:\/\/blog.ufes.br\/kyriafinardi\/wp-json\/wp\/v2\/media?parent=6274"}],"curies":[{"name":"wp","href":"https:\/\/api.w.org\/{rel}","templated":true}]}}