{"id":536,"date":"2020-10-13T15:55:20","date_gmt":"2020-10-13T18:55:20","guid":{"rendered":"http:\/\/blog.ufes.br\/laburp\/?page_id=536"},"modified":"2024-06-24T16:09:05","modified_gmt":"2024-06-24T19:09:05","slug":"concluidas","status":"publish","type":"page","link":"https:\/\/blog.ufes.br\/laburp\/propostas-de-pesquisas\/concluidas\/","title":{"rendered":"Conclu\u00eddas"},"content":{"rendered":"\t\t<div data-elementor-type=\"wp-page\" data-elementor-id=\"536\" class=\"elementor elementor-536\">\n\t\t\t\t\t\t<section class=\"elementor-section elementor-top-section elementor-element elementor-element-96f7c9a elementor-section-full_width elementor-section-height-default elementor-section-height-default\" data-id=\"96f7c9a\" data-element_type=\"section\" data-e-type=\"section\">\n\t\t\t\t\t\t<div class=\"elementor-container elementor-column-gap-default\">\n\t\t\t\t\t<div class=\"elementor-column elementor-col-100 elementor-top-column elementor-element elementor-element-c676bf3\" data-id=\"c676bf3\" data-element_type=\"column\" data-e-type=\"column\">\n\t\t\t<div class=\"elementor-widget-wrap elementor-element-populated\">\n\t\t\t\t\t\t<div class=\"elementor-element elementor-element-6d3eeb3 elementor-widget elementor-widget-toggle\" data-id=\"6d3eeb3\" data-element_type=\"widget\" data-e-type=\"widget\" data-widget_type=\"toggle.default\">\n\t\t\t\t<div class=\"elementor-widget-container\">\n\t\t\t\t\t\t\t<div class=\"elementor-toggle\">\n\t\t\t\t\t\t\t<div class=\"elementor-toggle-item\">\n\t\t\t\t\t<div id=\"elementor-tab-title-1141\" class=\"elementor-tab-title\" data-tab=\"1\" role=\"button\" aria-controls=\"elementor-tab-content-1141\" aria-expanded=\"false\">\n\t\t\t\t\t\t\t\t\t\t\t\t<span class=\"elementor-toggle-icon elementor-toggle-icon-left\" aria-hidden=\"true\">\n\t\t\t\t\t\t\t\t\t\t\t\t\t\t\t<span class=\"elementor-toggle-icon-closed\"><i class=\"fas fa-caret-right\"><\/i><\/span>\n\t\t\t\t\t\t\t\t<span class=\"elementor-toggle-icon-opened\"><i class=\"elementor-toggle-icon-opened fas fa-caret-up\"><\/i><\/span>\n\t\t\t\t\t\t\t\t\t\t\t\t\t<\/span>\n\t\t\t\t\t\t\t\t\t\t\t\t<a class=\"elementor-toggle-title\" tabindex=\"0\">Roberto Garcia Sim\u00f5es (Doutorado)<\/a>\n\t\t\t\t\t<\/div>\n\n\t\t\t\t\t<div id=\"elementor-tab-content-1141\" class=\"elementor-tab-content elementor-clearfix\" data-tab=\"1\" role=\"region\" aria-labelledby=\"elementor-tab-title-1141\"><p><b>Tese de Doutorado conclu\u00edda<\/b><b> por <em>Roberto Garcia Sim\u00f5es<\/em><\/b><b><em>,<\/em> intitulada:<br \/><\/b><em>&#8220;Terraceno e desterritorializa\u00e7\u00e3o e espa\u00e7os (-,E) tempos. Cem escalas e plataformas mil&#8221;;<\/em><\/p><p>Resumo:<br \/>O que marca a tese \u00e9 a apropria\u00e7\u00e3o da geoan\u00e1lise em Deleuze, apenas mencionada em <em>Di\u00e1logos,<\/em> seguida de uma tentativa de come\u00e7ar a abri-la para contemplar tr\u00eas componentes: Terraceno, Espa\u00e7os (e, -) Tempos e Linhas. Especificamente, ensaiam-se enlaces entre escalas geogr\u00e1ficas, plat\u00f4s e plataformas, inserindo-os na extens\u00e3o e na intens\u00e3o.<br \/>Num tempo de desafios inauditos, essa geoan\u00e1lise transborda para a \u201can\u00e1lise\u201d na pol\u00edtica em espa\u00e7os e tempos chamuscados por \u201cfins\u201d e extin\u00e7\u00f5es, sem fins. Imp\u00f5e-se uma geoan\u00e1lise associada a geoa\u00e7\u00f5es transformadoras na e da Terra \u2013 abrangendo modos de vida de povos e mundos por virem ou em resist\u00eancias criadoras.<\/p><p>Palavras-chave:<br \/>Terra e territ\u00f3rio. Geoan\u00e1lise. Extenso e intenso. Espa\u00e7o e tempo. Deleuze e Guattari.<\/p><p>Dispon\u00edvel em: <a href=\"https:\/\/geografia.ufes.br\/pt-br\/pos-graduacao\/PPGG\/detalhes-da-tese?page=0%2C0&amp;id=17406\" target=\"_blank\" rel=\"noopener\">Teses defendidas.<\/a><\/p><\/div>\n\t\t\t\t<\/div>\n\t\t\t\t\t\t\t<div class=\"elementor-toggle-item\">\n\t\t\t\t\t<div id=\"elementor-tab-title-1142\" class=\"elementor-tab-title\" data-tab=\"2\" role=\"button\" aria-controls=\"elementor-tab-content-1142\" aria-expanded=\"false\">\n\t\t\t\t\t\t\t\t\t\t\t\t<span class=\"elementor-toggle-icon elementor-toggle-icon-left\" aria-hidden=\"true\">\n\t\t\t\t\t\t\t\t\t\t\t\t\t\t\t<span class=\"elementor-toggle-icon-closed\"><i class=\"fas fa-caret-right\"><\/i><\/span>\n\t\t\t\t\t\t\t\t<span class=\"elementor-toggle-icon-opened\"><i class=\"elementor-toggle-icon-opened fas fa-caret-up\"><\/i><\/span>\n\t\t\t\t\t\t\t\t\t\t\t\t\t<\/span>\n\t\t\t\t\t\t\t\t\t\t\t\t<a class=\"elementor-toggle-title\" tabindex=\"0\">Erick Alessandro Schunig (Doutorado)<\/a>\n\t\t\t\t\t<\/div>\n\n\t\t\t\t\t<div id=\"elementor-tab-content-1142\" class=\"elementor-tab-content elementor-clearfix\" data-tab=\"2\" role=\"region\" aria-labelledby=\"elementor-tab-title-1142\"><p><b>Tese de Doutorado conclu\u00edda<\/b><b>\u00a0por <\/b><em style=\"font-weight: bold\">Erick Alessandro Schunig Fernandes<\/em><b>, intitulada:\u00a0<\/b><br \/><em>\u201cA Agenda XXI como constru\u00e7\u00e3o m\u00edtica da cidade atrav\u00e9s do discurso do planejamento estrat\u00e9gico em munic\u00edpios da Regi\u00e3o Metropolitana da Grande Vit\u00f3ria-ES\u201d.<\/em><\/p><p>Resumo:<br \/>O estudo analisa a Agenda 21 como uma proposta de organiza\u00e7\u00e3o da cidade que atendeu aos interesses de agentes dominantes, nos munic\u00edpios de Vit\u00f3ria, Vila Velha, Serra, Cariacica e Viana, localizados na Regi\u00e3o Metropolitana da Grande Vit\u00f3ria, Esp\u00edrito Santo. Sendo uma vertente do planejamento estrat\u00e9gico estatal, esse documento se revelou ineficaz nas cidades mencionadas quanto \u00e0 proposta de uma governan\u00e7a equ\u00e2nime, tal como preconizam as diretrizes da Agenda 21 global e brasileira, concernente a ideia de uma cidade mais justa. Contudo, se constituiu num instrumento voltado para a elabora\u00e7\u00e3o de uma imagem sobre a cidade, sintetizando e apresentando-a como um produto. Acreditamos que a sua constru\u00e7\u00e3o tem por base o mito, valendo-se de mecanismos simb\u00f3licos para consolidar um projeto hegem\u00f4nico de agentes econ\u00f4micos. Em nossa an\u00e1lise, buscamos compreender como esse documento foi utilizado enquanto um discurso idealizador da cidade, a fim de ganhar a ades\u00e3o da popula\u00e7\u00e3o e obliterar as desigualdades existentes.<\/p><p>Palavras-chave:<br \/>Agenda 21. Heterotopia. Mito. Discurso ideol\u00f3gico. Planejamento da<br \/>cidade.<\/p><p>Dispon\u00edvel em: <a href=\"https:\/\/sappg.ufes.br\/tese_drupal\/\/tese_15969_Tese%20Erick%20FINAL.pdf\" target=\"_blank\" rel=\"noopener\">Sistema Acad\u00eamico da P\u00f3s-Gradua\u00e7\u00e3o da Ufes<\/a>.<\/p><\/div>\n\t\t\t\t<\/div>\n\t\t\t\t\t\t\t<div class=\"elementor-toggle-item\">\n\t\t\t\t\t<div id=\"elementor-tab-title-1143\" class=\"elementor-tab-title\" data-tab=\"3\" role=\"button\" aria-controls=\"elementor-tab-content-1143\" aria-expanded=\"false\">\n\t\t\t\t\t\t\t\t\t\t\t\t<span class=\"elementor-toggle-icon elementor-toggle-icon-left\" aria-hidden=\"true\">\n\t\t\t\t\t\t\t\t\t\t\t\t\t\t\t<span class=\"elementor-toggle-icon-closed\"><i class=\"fas fa-caret-right\"><\/i><\/span>\n\t\t\t\t\t\t\t\t<span class=\"elementor-toggle-icon-opened\"><i class=\"elementor-toggle-icon-opened fas fa-caret-up\"><\/i><\/span>\n\t\t\t\t\t\t\t\t\t\t\t\t\t<\/span>\n\t\t\t\t\t\t\t\t\t\t\t\t<a class=\"elementor-toggle-title\" tabindex=\"0\">Francismar Cunha Ferreira (Doutorado)<\/a>\n\t\t\t\t\t<\/div>\n\n\t\t\t\t\t<div id=\"elementor-tab-content-1143\" class=\"elementor-tab-content elementor-clearfix\" data-tab=\"3\" role=\"region\" aria-labelledby=\"elementor-tab-title-1143\"><p><b>Tese de Doutorado conclu\u00edda<\/b><b> por <em>Francismar Cunha Ferreira<\/em><\/b><b><em>,<\/em> intitulada:\u00a0<\/b><br \/><em>\u201cA organiza\u00e7\u00e3o territorial e produtiva da ind\u00fastria do petr\u00f3leo: o caso do grupo Petrobras no Brasil e no Esp\u00edrito Santo\u201d.<\/em><\/p><p>Resumo:<br \/>A tese analisa o circuito espacial da produ\u00e7\u00e3o de petr\u00f3leo e g\u00e1s do grupo econ\u00f4mico Petrobras no territ\u00f3rio nacional e de maneira detalhada no estado do Esp\u00edrito Santo. Parte da hip\u00f3tese de que esse circuito implica em uma configura\u00e7\u00e3o e organiza\u00e7\u00e3o territorial singular e multidimensional. Singular pelo fato de estruturar no territ\u00f3rio uma ampla e diferenciada rede de infraestruturas, unidades produtivas e for\u00e7a de trabalho que movimentam, articulam e integram, por meio de fluxos materiais e imateriais, diferentes fra\u00e7\u00f5es territoriais, agentes e escalas implicando em diferentes efeitos no territ\u00f3rio como polariza\u00e7\u00f5es e hierarquiza\u00e7\u00f5es. Al\u00e9m disso, a multidimensionalidade se deve ao fato de o circuito apresentar conjuntamente elementos que s\u00e3o de ordem econ\u00f4mica, espa\u00e7otemporal, pol\u00edtica, geopol\u00edtica, entre outras. Metodologicamente, al\u00e9m da revis\u00e3o bibliogr\u00e1fica sobre geografia econ\u00f4mica, em especial sobre grupo econ\u00f4mico e circuito espacial da produ\u00e7\u00e3o, foram levantadas informa\u00e7\u00f5es a partir da ANP, IBGE, Petrobras, Portal da Transpar\u00eancia, RAIS, trabalhos de campo e entrevistas com trabalhadores pr\u00f3prios e terceirizados da Petrobras. A hip\u00f3tese levantada se confirmou. A singularidade da configura\u00e7\u00e3o e organiza\u00e7\u00e3o territorial se deve a maneira dispersa pelo territ\u00f3rio nacional e capixaba, mas ao mesmo tempo, concentrada em \u00e1reas produtivas e nas metr\u00f3poles, que formam os n\u00f3s\/polos do circuito. Esses \u00faltimos, estabelecem um conjunto de fluxos e rela\u00e7\u00f5es que revelam, por um lado, uma hierarquiza\u00e7\u00e3o no circuito onde se tem a metr\u00f3pole carioca como principal n\u00f3\/polo, seguida pelas metr\u00f3poles que sediam as Unidades de Neg\u00f3cio da Petrobras como Vit\u00f3ria-ES, juntamente com bases operacionais especializadas como o caso de Maca\u00e9-RJ. Por outro lado, em rela\u00e7\u00e3o ao aspecto multidimensional, nota-se marcantes transforma\u00e7\u00f5es espa\u00e7otemporais no circuito, em especial, a partir de 2016, quando se inicia uma nova fase da ind\u00fastria petrol\u00edfera brasileira que denominamos de \u201cA desverticaliza\u00e7\u00e3o da Petrobras e as novas regula\u00e7\u00f5es do setor de petr\u00f3leo e g\u00e1s no Brasil\u201d. Essa fase se caracterizada pela intensifica\u00e7\u00e3o do neoliberalismo que tem implicado em profundas, r\u00e1pidas e bruscas transforma\u00e7\u00f5es no circuito que s\u00e3o internas e externas \u00e0 Petrobras, que se evidenciam basicamente a partir de mudan\u00e7as de marcos regulat\u00f3rios e pela privatiza\u00e7\u00e3o de ativos do grupo econ\u00f4mico. Al\u00e9m disso, destaca-se a dimens\u00e3o econ\u00f4mica, manifestada especialmente pelas disputas no entorno das rendas petrol\u00edferas sob a forma de royalties e participa\u00e7\u00e3o especial. Essas que se distribuem de maneira desigual pelo territ\u00f3rio nacional e capixaba, se concentrando de maneira expressiva nos estados e munic\u00edpios costeiros do Sudeste que s\u00e3o confrontantes aos principais campos produtores de petr\u00f3leo da regi\u00e3o do pr\u00e9-sal. Esse desequil\u00edbrio na distribui\u00e7\u00e3o dessas rendas at\u00e9 foi questionado em contexto hist\u00f3rico e pol\u00edtico especifico, o que levou a uma altera\u00e7\u00e3o das regras de distribui\u00e7\u00e3o das mesmas, entretanto, em fun\u00e7\u00e3o, dentre outras coisas, de disputas de for\u00e7as pol\u00edticas, os efeitos das novas regras foram suspensos, possibilitando assim, a manuten\u00e7\u00e3o da concentra\u00e7\u00e3o de rendas em determinados territ\u00f3rios, mantendo o petrorentismo e reafirmando n\u00e3o apenas as desigualdades e os desequil\u00edbrios na distribui\u00e7\u00e3o das rendas, mas tamb\u00e9m as desigualdades territoriais.<\/p><p>Palavras-chave:<br \/>Petrobras. Circuito espacial da produ\u00e7\u00e3o. Grupo econ\u00f4mico. <em>Royalties<\/em>. Neoliberalismo. <\/p><p>Dispon\u00edvel em: <a href=\"https:\/\/sappg.ufes.br\/tese_drupal\/\/tese_16892_05%20-%20TESE-VERS%C3O-FINAL%20-FRANCISMAR%20%281%29%20%281%29.pdf\" target=\"_blank\" rel=\"noopener\">Sistema Acad\u00eamico da P\u00f3s-Gradua\u00e7\u00e3o da Ufes<\/a>.<\/p><\/div>\n\t\t\t\t<\/div>\n\t\t\t\t\t\t\t<div class=\"elementor-toggle-item\">\n\t\t\t\t\t<div id=\"elementor-tab-title-1144\" class=\"elementor-tab-title\" data-tab=\"4\" role=\"button\" aria-controls=\"elementor-tab-content-1144\" aria-expanded=\"false\">\n\t\t\t\t\t\t\t\t\t\t\t\t<span class=\"elementor-toggle-icon elementor-toggle-icon-left\" aria-hidden=\"true\">\n\t\t\t\t\t\t\t\t\t\t\t\t\t\t\t<span class=\"elementor-toggle-icon-closed\"><i class=\"fas fa-caret-right\"><\/i><\/span>\n\t\t\t\t\t\t\t\t<span class=\"elementor-toggle-icon-opened\"><i class=\"elementor-toggle-icon-opened fas fa-caret-up\"><\/i><\/span>\n\t\t\t\t\t\t\t\t\t\t\t\t\t<\/span>\n\t\t\t\t\t\t\t\t\t\t\t\t<a class=\"elementor-toggle-title\" tabindex=\"0\">Vivian Albani (Doutorado)<\/a>\n\t\t\t\t\t<\/div>\n\n\t\t\t\t\t<div id=\"elementor-tab-content-1144\" class=\"elementor-tab-content elementor-clearfix\" data-tab=\"4\" role=\"region\" aria-labelledby=\"elementor-tab-title-1144\"><p><b>Tese de Doutorado conclu\u00edda<\/b><b> por <em>Vivian Albani<\/em><\/b><b><em>,<\/em> intitulada:\u00a0<\/b><br \/><em>\u201cO circuito espacial produtivo da ind\u00fastria de vestu\u00e1rio em Colatina (ES): a reestrutura\u00e7\u00e3o produtiva e os dois circuitos da economia urbana\u201d.<\/em><\/p><p>Resumo:<br \/>A organiza\u00e7\u00e3o do processo produtivo do circuito espacial de produ\u00e7\u00e3o da ind\u00fastria de vestu\u00e1rio possui como caracter\u00edstica uma grande quantidade de terceiriza\u00e7\u00f5es e subcontrata\u00e7\u00f5es. O processo de reestrutura\u00e7\u00e3o produtiva baseado na flexibilidade do processo produtivo, na concorr\u00eancia externa e nas constantes mudan\u00e7as da moda contribuem para que as empresas que controlam a produ\u00e7\u00e3o ampliem a terceiriza\u00e7\u00e3o e as subcontrata\u00e7\u00f5es de servi\u00e7os de fac\u00e7\u00f5es domiciliares e n\u00e3o domiciliares. Dessa forma, esta tese faz uma articula\u00e7\u00e3o entre o circuito espacial de produ\u00e7\u00e3o e a teoria dos dois circuitos da economia urbana, buscando compreender a atual organiza\u00e7\u00e3o produtiva da ind\u00fastria de vestu\u00e1rio em Colatina, ES, e como esse circuito produtivo gera uma divis\u00e3o territorial que define as atividades do circuito superior e do circuito inferior, bem como as atividades do circuito superior marginal. Al\u00e9m disso, busca compreender como essa mesma organiza\u00e7\u00e3o produtiva de empresas e fac\u00e7\u00f5es da cidade, baseadas em uma rela\u00e7\u00e3o de vizinhan\u00e7a, coopera\u00e7\u00e3o e aprendizagem m\u00fatua conferem uma singularidade na ind\u00fastria de vestu\u00e1rio em Colatina. A partir dessa an\u00e1lise, foi poss\u00edvel compreender que os dois circuitos da economia urbana continuam a se relacionar de maneira complementar e subordinada a partir de circuitos produtivos cada vez mais amplos, nos quais o circuito superior se fortalece com base no aumento da degrada\u00e7\u00e3o das condi\u00e7\u00f5es de trabalho do circuito inferior, em especial das costureiras das fac\u00e7\u00f5es domiciliares e na amplia\u00e7\u00e3o do circuito superior marginal. Por outro lado, esta tese tamb\u00e9m revela que a rela\u00e7\u00e3o de coopera\u00e7\u00e3o, concorr\u00eancia e a inova\u00e7\u00e3o, caracter\u00edsticas de um distrito industrial, permitem que a ind\u00fastria de vestu\u00e1rio em Colatina permane\u00e7a ativa at\u00e9 os dias atuais.<\/p><p>Palavras-chave:<br \/>Ind\u00fastria de vestu\u00e1rio. Dois circuitos da economia urbana. Circuito espacial produtivo. Reestrutura\u00e7\u00e3o produtiva.<\/p><p>Dispon\u00edvel em: <a href=\"https:\/\/sappg.ufes.br\/tese_drupal\/\/tese_16594_Tese_Vivian%20Albani_%202022_O%20circuito%20espacial%20produtivo%20da%20ind%FAstria%20de%20vestu%E1rio%20em%20Colatina%20%28ES%29_%20a%20reestrutura%E7%E3o%20produtiva%20e%20os%20dois%20circuitos%20da%20economia%20urbana.pdf\" target=\"_blank\" rel=\"noopener\">Sistema Acad\u00eamico da P\u00f3s-Gradua\u00e7\u00e3o da Ufes<\/a>.<\/p><\/div>\n\t\t\t\t<\/div>\n\t\t\t\t\t\t\t<div class=\"elementor-toggle-item\">\n\t\t\t\t\t<div id=\"elementor-tab-title-1145\" class=\"elementor-tab-title\" data-tab=\"5\" role=\"button\" aria-controls=\"elementor-tab-content-1145\" aria-expanded=\"false\">\n\t\t\t\t\t\t\t\t\t\t\t\t<span class=\"elementor-toggle-icon elementor-toggle-icon-left\" aria-hidden=\"true\">\n\t\t\t\t\t\t\t\t\t\t\t\t\t\t\t<span class=\"elementor-toggle-icon-closed\"><i class=\"fas fa-caret-right\"><\/i><\/span>\n\t\t\t\t\t\t\t\t<span class=\"elementor-toggle-icon-opened\"><i class=\"elementor-toggle-icon-opened fas fa-caret-up\"><\/i><\/span>\n\t\t\t\t\t\t\t\t\t\t\t\t\t<\/span>\n\t\t\t\t\t\t\t\t\t\t\t\t<a class=\"elementor-toggle-title\" tabindex=\"0\">Zandor Gomes Mesquita (Doutorado)<\/a>\n\t\t\t\t\t<\/div>\n\n\t\t\t\t\t<div id=\"elementor-tab-content-1145\" class=\"elementor-tab-content elementor-clearfix\" data-tab=\"5\" role=\"region\" aria-labelledby=\"elementor-tab-title-1145\"><p><b>Tese de Doutorado conclu\u00edda<\/b><b> por <em>Zandor Gomes Mesquita,<\/em><\/b><b>\u00a0intitulada:\u00a0<\/b><br \/><em>\u201cEntre a \u201cdi-vis\u00e3o\u201d, o \u201carte-fato\u201d e os \u201cmeios\u201d: a \u201cinven\u00e7\u00e3o\u201d da regi\u00e3o Norte Fluminense\u201d.<\/em><\/p><p>Resumo:<br \/>As discuss\u00f5es empreendidas na tese t\u00eam como base de investiga\u00e7\u00e3o a an\u00e1lise de duas quest\u00f5es principais: (1) quais s\u00e3o os processos que influenciaram a conforma\u00e7\u00e3o do Norte Fluminense? (2) Das diferentes din\u00e2micas desenvolvidas nessa espacialidade, do s\u00e9culo XVI at\u00e9 a atualidade, quais ainda se fazem presentes e caracterizam o regional? Acredita-se que a partir do entendimento desses diferentes pontos, faz-se poss\u00edvel compreender o Norte Fluminense de hoje, ressaltado no cen\u00e1rio nacional por receber Grandes Projetos de Interven\u00e7\u00e3o (como o Porto do A\u00e7u, a explora\u00e7\u00e3o petrol\u00edfera da Bacia de Campos, entre outros que ainda est\u00e3o em fase de elabora\u00e7\u00e3o), mas marcado por rela\u00e7\u00f5es que se vinculam ao per\u00edodo \u00e1ureo da atividade canavieira. Parte-se da ideia de que a constitui\u00e7\u00e3o de uma regi\u00e3o, como ressalta Bourdieu (1989) prov\u00e9m de um processo de \u201cdi-vis\u00e3o\u201d ou, como aponta Haesbaert (2018), \u00e9 um \u201carte-fato\u201d. Assim, a regi\u00e3o \u00e9 um produto de determinado per\u00edodo, influenciado por processos contextuais, historicamente constru\u00eddos, ligados a ela. Ao mesmo tempo, a regi\u00e3o exerce influ\u00eancia direta na composi\u00e7\u00e3o das din\u00e2micas que ir\u00e3o lhe conformar. Com isso, ela deve ser enfatizada tanto por seus aspectos concretos, ressaltando as caracter\u00edsticas de sua delimita\u00e7\u00e3o, quanto por seu plano abstrato, explicitando as quest\u00f5es relacionais que se fizeram presentes na sua materializa\u00e7\u00e3o. Assim, tem-se a ideia de que n\u00e3o h\u00e1 como compreender a forma\u00e7\u00e3o regional sem enfatizar os processos que se sucederam e que influenciaram as din\u00e2micas que conformam a regi\u00e3o. No caso do Norte Fluminense, suas bases de constitui\u00e7\u00e3o datam do in\u00edcio da coloniza\u00e7\u00e3o brasileira, no s\u00e9culo XVI, mas os tra\u00e7os mais marcantes s\u00e3o constitu\u00eddos na virada do s\u00e9culo XIX e in\u00edcio do s\u00e9culo XX, momento no qual a atividade canavieira ganha notoriedade no cen\u00e1rio nacional, refor\u00e7ando a estrutura\u00e7\u00e3o regional e as rela\u00e7\u00f5es sociais, pol\u00edticas e econ\u00f4micas que caracterizam a regi\u00e3o. Contudo, a partir da segunda metade do s\u00e9culo XX, principalmente ap\u00f3s a d\u00e9cada de 1970, com o decl\u00ednio do setor sucroalcooleiro e a intensifica\u00e7\u00e3o da produ\u00e7\u00e3o de petr\u00f3leo na Bacia de Campos, novas din\u00e2micas s\u00e3o institu\u00eddas nesse regionalizar. Com a busca dessas respostas, acredita-se que haver\u00e1 uma melhor possibilidade de compreens\u00e3o dessa complexidade que constitui o Norte Fluminense atual.<\/p><p>Palavras-chave:<br \/>Regi\u00e3o. Regionaliza\u00e7\u00e3o. Norte Fluminense.<\/p><p>Dispon\u00edvel em: <a href=\"https:\/\/sappg.ufes.br\/tese_drupal\/\/tese_15281_Zandor%20Mesquita_Tese20211209-194208.pdf\" target=\"_blank\" rel=\"noopener\">Sistema Acad\u00eamico da P\u00f3s-Gradua\u00e7\u00e3o da Ufes<\/a>.<\/p><\/div>\n\t\t\t\t<\/div>\n\t\t\t\t\t\t\t<div class=\"elementor-toggle-item\">\n\t\t\t\t\t<div id=\"elementor-tab-title-1146\" class=\"elementor-tab-title\" data-tab=\"6\" role=\"button\" aria-controls=\"elementor-tab-content-1146\" aria-expanded=\"false\">\n\t\t\t\t\t\t\t\t\t\t\t\t<span class=\"elementor-toggle-icon elementor-toggle-icon-left\" aria-hidden=\"true\">\n\t\t\t\t\t\t\t\t\t\t\t\t\t\t\t<span class=\"elementor-toggle-icon-closed\"><i class=\"fas fa-caret-right\"><\/i><\/span>\n\t\t\t\t\t\t\t\t<span class=\"elementor-toggle-icon-opened\"><i class=\"elementor-toggle-icon-opened fas fa-caret-up\"><\/i><\/span>\n\t\t\t\t\t\t\t\t\t\t\t\t\t<\/span>\n\t\t\t\t\t\t\t\t\t\t\t\t<a class=\"elementor-toggle-title\" tabindex=\"0\">Gabriel Roccon (Trabalho de Conclus\u00e3o de Curso)<\/a>\n\t\t\t\t\t<\/div>\n\n\t\t\t\t\t<div id=\"elementor-tab-content-1146\" class=\"elementor-tab-content elementor-clearfix\" data-tab=\"6\" role=\"region\" aria-labelledby=\"elementor-tab-title-1146\"><p><strong>Trabalho de Conclus\u00e3o de Curso conclu\u00eddo por <em>Gabriel Roccon, <\/em>intitulada:<em><br \/><\/em><\/strong><em>&#8220;Os percursos das \u00e1guas e dos descartes de res\u00edduos s\u00f3lidos em Feu Rosa e Vila Nova de Colares, Serra\/ES: uma experi\u00eancia de trabalho de campo da disciplina de Geografia Econ\u00f4mica em colabora\u00e7\u00e3o com o Centro de Refer\u00eancia das Juventudes&#8221;.<\/em><\/p><p>Resumo:<br \/>O presente relat\u00f3rio se constitui enquanto registro e espa\u00e7o para breves reflex\u00f5es, a partir de um trabalho de campo organizado coletivamente nos bairros Feu Rosa e Vila Nova de Colares (Serra\/ES), enquanto parte das atividades referentes \u00e0 disciplina de Geografia Econ\u00f4mica da Ufes ministrada pelo professor Cl\u00e1udio Zanotelli no per\u00edodo de 2023-1, e que contou com o apoio de integrantes da equipe de gest\u00e3o do Centro de Refer\u00eancia das Juventudes (CRJ) Feu Rosa. A atividade de campo foi planejada com a inten\u00e7\u00e3o de possibilitar um panorama geral dos bairros, os quais expressam muito nitidamente as diversas contradi\u00e7\u00f5es do processo de constitui\u00e7\u00e3o da Regi\u00e3o Metropolitana da Grande Vit\u00f3ria. A proposta da aula de campo partiu de alguns conceitos e provoca\u00e7\u00f5es de forma a buscar elementos que nos ajudassem a<br \/>compreender os processos de forma\u00e7\u00e3o e transforma\u00e7\u00e3o territoriais, a geo-hist\u00f3ria, a ocupa\u00e7\u00e3o urbana, a economia destruidora, a devasta\u00e7\u00e3o ambiental e a polui\u00e7\u00e3o, no contexto das discuss\u00f5es sobre o antropoceno e o capitaloceno, e a partir da \u00f3tica da cidade enquanto lugar de a\u00e7\u00e3o dos processos neoliberais, mas tamb\u00e9m lugar de resist\u00eancias e a\u00e7\u00f5es de transforma\u00e7\u00e3o (ZANOTELLI, 2021). Foi poss\u00edvel constatar o empenho coletivo dos quatro trabalhos que se apresentaram no semin\u00e1rio final da disciplina, no sentido de pensar a partir de perspectivas que viabilizem uma economia solid\u00e1ria, construtiva, coletiva, comum, local, comunit\u00e1ria, territorial e que apresentem alternativas poss\u00edveis de a\u00e7\u00e3o para enfrentar notadamente os problemas ambientais relativos aos efeitos sobre o meio das ocupa\u00e7\u00f5es e atividades diversas.<\/p><p>Palavras-chave: Economia destruidora; Educa\u00e7\u00e3o n\u00e3o-formal; Centro de Refer\u00eancia das<br \/>Juventudes; Feu Rosa; Vila Nova de Colares; Serra.<\/p><p>Dispon\u00edvel em: <a href=\"https:\/\/drive.google.com\/file\/d\/1cgPePszU-gPWuNjqCdqlDsOmzMHkqfBU\/view?usp=sharing\" target=\"_blank\" rel=\"noopener\">Trabalhos de Conclus\u00e3o de Curso (TCC).<\/a><\/p><\/div>\n\t\t\t\t<\/div>\n\t\t\t\t\t\t\t<div class=\"elementor-toggle-item\">\n\t\t\t\t\t<div id=\"elementor-tab-title-1147\" class=\"elementor-tab-title\" data-tab=\"7\" role=\"button\" aria-controls=\"elementor-tab-content-1147\" aria-expanded=\"false\">\n\t\t\t\t\t\t\t\t\t\t\t\t<span class=\"elementor-toggle-icon elementor-toggle-icon-left\" aria-hidden=\"true\">\n\t\t\t\t\t\t\t\t\t\t\t\t\t\t\t<span class=\"elementor-toggle-icon-closed\"><i class=\"fas fa-caret-right\"><\/i><\/span>\n\t\t\t\t\t\t\t\t<span class=\"elementor-toggle-icon-opened\"><i class=\"elementor-toggle-icon-opened fas fa-caret-up\"><\/i><\/span>\n\t\t\t\t\t\t\t\t\t\t\t\t\t<\/span>\n\t\t\t\t\t\t\t\t\t\t\t\t<a class=\"elementor-toggle-title\" tabindex=\"0\">Ana Paula F\u00e9lix de Carvalho Silva (Inicia\u00e7\u00e3o cient\u00edfica)<\/a>\n\t\t\t\t\t<\/div>\n\n\t\t\t\t\t<div id=\"elementor-tab-content-1147\" class=\"elementor-tab-content elementor-clearfix\" data-tab=\"7\" role=\"region\" aria-labelledby=\"elementor-tab-title-1147\"><p><b>Subprojeto de Pesquisa conclu\u00eddo<\/b><b>\u00a0por <\/b><em style=\"font-weight: bold\">Ana Paula F\u00e9lix de Carvalho Silva<\/em><b>, intitulada:\u00a0<\/b><br \/><em>\u201cConflitos por usos dos territ\u00f3rios: o Terminal Aquavi\u00e1rio Norte Capixaba e as popula\u00e7\u00f5es ribeirinhas de Barra Nova e Campo Grande em S\u00e3o Mateus-ES\u201d.<\/em><\/p><p>Resumo:<br \/>Trata dos conflitos provocados pelas instala\u00e7\u00f5es do Terminal Aquivi\u00e1rio do Norte Capixaba da empresa Tanspetro sobre os usos territoriais da comunidade ribeirinha (Pescadores principalmente) das localidades de Campo Grande e de Barra Nova, em S\u00e3o Mateus, norte do Esp\u00edrito Santo. A import\u00e2ncia da pesquisa \u00e9 de permitir trazer \u00e0 luz injusti\u00e7as socioespaciais recorrentes e que t\u00eam como causa a instala\u00e7\u00e3o de grandes infraestruturas industriais. A metodologia principal utilizada, al\u00e9m da revis\u00e3o da literatura e de um mapeamento cartogr\u00e1fico das principais infraestruturas e equipamentos e dos espa\u00e7os de prote\u00e7\u00e3o ambiental, \u00e9 a da realiza\u00e7\u00e3o de trabalho de campo e entrevistas junto aos atores sociais do conflito: ribeirinhos, agentes p\u00fablicos e representantes do Terminal Aquivi\u00e1rio Norte Capixaba. Espera-se desvelar os processos de espolia\u00e7\u00e3o social e ambiental provocados por enclaves territoriais instalados em territ\u00f3rios de diversidade social e ambiental.<\/p><p>Palavras-chave:<br \/>Conflitos socioambientais. Impactos das atividades do petr\u00f3leo. Barra Nova. S\u00e3o Mateus \u2013 ES. Terminal Aquavi\u00e1rio Norte Capixaba. Petroleiras capixabas. Explora\u00e7\u00e3o de petr\u00f3leo e g\u00e1s. Geografia econ\u00f4mica.<\/p><p>Dispon\u00edvel em: <a href=\"https:\/\/anaisjornadaic.sappg.ufes.br\/desc.php?&amp;id=16770\" target=\"_blank\" rel=\"noopener\">Anais da Jornada de Inicia\u00e7\u00e3o Cient\u00edfica da Ufes<\/a>.\u00a0<\/p><\/div>\n\t\t\t\t<\/div>\n\t\t\t\t\t\t\t<div class=\"elementor-toggle-item\">\n\t\t\t\t\t<div id=\"elementor-tab-title-1148\" class=\"elementor-tab-title\" data-tab=\"8\" role=\"button\" aria-controls=\"elementor-tab-content-1148\" aria-expanded=\"false\">\n\t\t\t\t\t\t\t\t\t\t\t\t<span class=\"elementor-toggle-icon elementor-toggle-icon-left\" aria-hidden=\"true\">\n\t\t\t\t\t\t\t\t\t\t\t\t\t\t\t<span class=\"elementor-toggle-icon-closed\"><i class=\"fas fa-caret-right\"><\/i><\/span>\n\t\t\t\t\t\t\t\t<span class=\"elementor-toggle-icon-opened\"><i class=\"elementor-toggle-icon-opened fas fa-caret-up\"><\/i><\/span>\n\t\t\t\t\t\t\t\t\t\t\t\t\t<\/span>\n\t\t\t\t\t\t\t\t\t\t\t\t<a class=\"elementor-toggle-title\" tabindex=\"0\">Angela Beatriz Rosa da Silva de Oliveira (Inicia\u00e7\u00e3o cient\u00edfica)<\/a>\n\t\t\t\t\t<\/div>\n\n\t\t\t\t\t<div id=\"elementor-tab-content-1148\" class=\"elementor-tab-content elementor-clearfix\" data-tab=\"8\" role=\"region\" aria-labelledby=\"elementor-tab-title-1148\"><p><b>Subprojeto de Pesquisa conclu\u00eddo<\/b><b>\u00a0por <\/b><em style=\"font-weight: bold\">Angela Beatriz Rosa da Silva de Oliveira<\/em><b>, intitulada:\u00a0<\/b><br \/><em>\u201cA geografia industrial: Estudo de caso das petroleiras capixabas\u201d.<\/em><\/p><p>Resumo:<br \/>Visa realizar um levantamento e mapeamento das petroleiras capixabas atuando no territ\u00f3rio do Esp\u00edrito Santo. Se buscar\u00e1 sistematizar as informa\u00e7\u00f5es econ\u00f4micas, de produ\u00e7\u00e3o, de circula\u00e7\u00e3o e dos fluxos e, por outro lado, dos equipamentos e instala\u00e7\u00f5es destas empresas com o objetivo de verificar os \u201cefeitos\u201d da ind\u00fastria do petr\u00f3leo na economia local. A metodologia a ser utilizada \u00e9 a de revis\u00e3o da literatura, o levantamento de dados junto \u00e0s institui\u00e7\u00f5es e \u00e0 ANP, bem como obter informa\u00e7\u00f5es das empresas pesquisadas. Procurar-se-\u00e1, igualmente, realizar trabalhos de campo e entrevistas com os respons\u00e1veis destas empresas.\u00a0 Espera-se melhor conhecer estas empresas e sua import\u00e2ncia para a economia local.<\/p><p>Palavras-chave:<br \/>Petroleiras capixabas. Explora\u00e7\u00e3o de petr\u00f3leo e g\u00e1s. Geografia econ\u00f4mica.<\/p><p>Dispon\u00edvel em: <a href=\"https:\/\/anaisjornadaic.sappg.ufes.br\/desc.php?&amp;id=16773\" target=\"_blank\" rel=\"noopener\">Anais da Jornada de Inicia\u00e7\u00e3o Cient\u00edfica da Ufes<\/a>.<\/p><\/div>\n\t\t\t\t<\/div>\n\t\t\t\t\t\t\t<div class=\"elementor-toggle-item\">\n\t\t\t\t\t<div id=\"elementor-tab-title-1149\" class=\"elementor-tab-title\" data-tab=\"9\" role=\"button\" aria-controls=\"elementor-tab-content-1149\" aria-expanded=\"false\">\n\t\t\t\t\t\t\t\t\t\t\t\t<span class=\"elementor-toggle-icon elementor-toggle-icon-left\" aria-hidden=\"true\">\n\t\t\t\t\t\t\t\t\t\t\t\t\t\t\t<span class=\"elementor-toggle-icon-closed\"><i class=\"fas fa-caret-right\"><\/i><\/span>\n\t\t\t\t\t\t\t\t<span class=\"elementor-toggle-icon-opened\"><i class=\"elementor-toggle-icon-opened fas fa-caret-up\"><\/i><\/span>\n\t\t\t\t\t\t\t\t\t\t\t\t\t<\/span>\n\t\t\t\t\t\t\t\t\t\t\t\t<a class=\"elementor-toggle-title\" tabindex=\"0\">Mateus Ribeiro de Souza (Inicia\u00e7\u00e3o cient\u00edfica)<\/a>\n\t\t\t\t\t<\/div>\n\n\t\t\t\t\t<div id=\"elementor-tab-content-1149\" class=\"elementor-tab-content elementor-clearfix\" data-tab=\"9\" role=\"region\" aria-labelledby=\"elementor-tab-title-1149\"><p><b>Subprojeto de Pesquisa conclu\u00eddo<\/b><b> por <em>Mateus Ribeiro de Souza<\/em><\/b><b><em>,<\/em> intitulada:\u00a0<\/b><br \/><em>\u201cTransforma\u00e7\u00f5es geoecon\u00f4micas do setor de g\u00e1s no Esp\u00edrito Santo\u201d.<\/em><\/p><p>Resumo:<br \/>O g\u00e1s natural aumentou nos \u00faltimos anos sua parcela na matriz el\u00e9trica e energ\u00e9tica do Brasil. Entretanto, ao mesmo tempo, por um lado, mudan\u00e7as significativas ocorreram no setor por meio do novo marco regulat\u00f3rio nacional do g\u00e1s (Lei 14.134, de 2021) e, por outro lado, tem havido uma crescente participa\u00e7\u00e3o no neg\u00f3cio do g\u00e1s de empresas privadas nacionais e internacionais. Esse \u00faltimo aspecto est\u00e1 associado diretamente ao movimento de sa\u00edda da Petrobras e de suas subsidi\u00e1rias do tratamento, transporte e distribui\u00e7\u00e3o do g\u00e1s. No caso do estado do Esp\u00edrito Santo, que concentra cerca de 8,7% das reservas de g\u00e1s natural do Brasil (ANP, 2020), al\u00e9m da sa\u00edda da Petrobras do segmento, houve a iniciativa do governo estadual de criar a empresa ES G\u00e1s. Essa empresa, p\u00fablica, deveria ter foco na distribui\u00e7\u00e3o de g\u00e1s no estado, no entanto, pouco tempo depois de criada ele j\u00e1 est\u00e1 em processo de privatiza\u00e7\u00e3o o que nos deixa interrogativo sobre as reais motiva\u00e7\u00f5es de sua funda\u00e7\u00e3o. Nos contextos de crescimento da participa\u00e7\u00e3o do g\u00e1s na matriz energ\u00e9tica, de mudan\u00e7as regulat\u00f3rias, de privatiza\u00e7\u00f5es no \u00e2mbito nacional (Petrobras e subsidi\u00e1rias) e estadual (ES G\u00e1s) e da entrada de novos agentes nacionais e internacionais no setor de g\u00e1s, o presente trabalho busca realizar um estudo geoecon\u00f4mico do setor do g\u00e1s natural no Esp\u00edrito Santo a partir da pesquisa sobre as mudan\u00e7as na regula\u00e7\u00e3o do setor, sobre o processo de privatiza\u00e7\u00e3o da ES G\u00e1s e sobre a inser\u00e7\u00e3o de novos agentes no setor.<\/p><p>Palavras-chave:<br \/>ES G\u00e1s. Petrobras. Privatiza\u00e7\u00e3o. Neoliberalismo. G\u00e1s Natural.<\/p><p>Dispon\u00edvel em: <a href=\"https:\/\/anaisjornadaic.sappg.ufes.br\/desc.php?&amp;id=19480\" target=\"_blank\" rel=\"noopener\">Anais da Jornada de Inicia\u00e7\u00e3o Cient\u00edfica da Ufes<\/a>.\u00a0<\/p><\/div>\n\t\t\t\t<\/div>\n\t\t\t\t\t\t\t\t<\/div>\n\t\t\t\t\t\t<\/div>\n\t\t\t\t<\/div>\n\t\t\t\t\t<\/div>\n\t\t<\/div>\n\t\t\t\t\t<\/div>\n\t\t<\/section>\n\t\t\t\t<\/div>\n\t\t","protected":false},"excerpt":{"rendered":"<p>Roberto Garcia Sim\u00f5es (Doutorado) Tese de Doutorado conclu\u00edda por Roberto Garcia Sim\u00f5es, intitulada:&#8220;Terraceno e desterritorializa\u00e7\u00e3o e espa\u00e7os (-,E) tempos. Cem escalas e plataformas mil&#8221;; Resumo:O que marca a tese \u00e9 a apropria\u00e7\u00e3o da geoan\u00e1lise em Deleuze, apenas mencionada em Di\u00e1logos, &hellip; <a href=\"https:\/\/blog.ufes.br\/laburp\/propostas-de-pesquisas\/concluidas\/\">Continue lendo <span class=\"meta-nav\">&rarr;<\/span><\/a><\/p>\n","protected":false},"author":385,"featured_media":0,"parent":51,"menu_order":0,"comment_status":"closed","ping_status":"closed","template":"","meta":{"_bbp_topic_count":0,"_bbp_reply_count":0,"_bbp_total_topic_count":0,"_bbp_total_reply_count":0,"_bbp_voice_count":0,"_bbp_anonymous_reply_count":0,"_bbp_topic_count_hidden":0,"_bbp_reply_count_hidden":0,"_bbp_forum_subforum_count":0,"_uag_custom_page_level_css":"","footnotes":""},"class_list":["post-536","page","type-page","status-publish","hentry"],"uagb_featured_image_src":{"full":false,"thumbnail":false,"medium":false,"medium_large":false,"large":false,"1536x1536":false,"2048x2048":false,"post-thumbnail":false},"uagb_author_info":{"display_name":"amanda.braga","author_link":"https:\/\/blog.ufes.br\/laburp\/author\/amanda-braga\/"},"uagb_comment_info":0,"uagb_excerpt":"Roberto Garcia Sim\u00f5es (Doutorado) Tese de Doutorado conclu\u00edda por Roberto Garcia Sim\u00f5es, intitulada:&#8220;Terraceno e desterritorializa\u00e7\u00e3o e espa\u00e7os (-,E) tempos. Cem escalas e plataformas mil&#8221;; Resumo:O que marca a tese \u00e9 a apropria\u00e7\u00e3o da geoan\u00e1lise em Deleuze, apenas mencionada em Di\u00e1logos, &hellip; Continue lendo &rarr;","_links":{"self":[{"href":"https:\/\/blog.ufes.br\/laburp\/wp-json\/wp\/v2\/pages\/536","targetHints":{"allow":["GET"]}}],"collection":[{"href":"https:\/\/blog.ufes.br\/laburp\/wp-json\/wp\/v2\/pages"}],"about":[{"href":"https:\/\/blog.ufes.br\/laburp\/wp-json\/wp\/v2\/types\/page"}],"author":[{"embeddable":true,"href":"https:\/\/blog.ufes.br\/laburp\/wp-json\/wp\/v2\/users\/385"}],"replies":[{"embeddable":true,"href":"https:\/\/blog.ufes.br\/laburp\/wp-json\/wp\/v2\/comments?post=536"}],"version-history":[{"count":43,"href":"https:\/\/blog.ufes.br\/laburp\/wp-json\/wp\/v2\/pages\/536\/revisions"}],"predecessor-version":[{"id":1914,"href":"https:\/\/blog.ufes.br\/laburp\/wp-json\/wp\/v2\/pages\/536\/revisions\/1914"}],"up":[{"embeddable":true,"href":"https:\/\/blog.ufes.br\/laburp\/wp-json\/wp\/v2\/pages\/51"}],"wp:attachment":[{"href":"https:\/\/blog.ufes.br\/laburp\/wp-json\/wp\/v2\/media?parent=536"}],"curies":[{"name":"wp","href":"https:\/\/api.w.org\/{rel}","templated":true}]}}