{"id":338,"date":"2020-07-22T18:03:55","date_gmt":"2020-07-22T21:03:55","guid":{"rendered":"http:\/\/blog.ufes.br\/lamab\/?page_id=338"},"modified":"2025-10-23T18:47:54","modified_gmt":"2025-10-23T21:47:54","slug":"colecoes","status":"publish","type":"page","link":"https:\/\/blog.ufes.br\/lamab\/?page_id=338","title":{"rendered":"Cole\u00e7\u00f5es"},"content":{"rendered":"<p><strong>Curadora<\/strong>: Leonora Pires Costa <a href=\"mailto:leonoracosta@yahoo.com\" target=\"_blank\" rel=\"noreferrer noopener\">leonoracosta@yahoo.com<\/a><br><strong>T\u00e9cnico<\/strong>: Gustavo Lazarini Forreque <a href=\"mailto:gustavo.forreque@ufes.br\">gustavo.forreque@ufes.br<\/a><br><strong>Consultas<\/strong> <strong>online<\/strong>: Mam\u00edferos <a href=\"http:\/\/splink.cria.org.br\/manager\/detail?resource=UFES-MAM\" target=\"_blank\" rel=\"noreferrer noopener\">UFES-MAM<\/a>, Tecidos Animais <a href=\"http:\/\/splink.cria.org.br\/manager\/detail?resource=UFES-CTA\" target=\"_blank\" rel=\"noreferrer noopener\">UFES-CTA<\/a><br><a href=\"https:\/\/blog.ufes.br\/lamab\/files\/2025\/03\/regras_col_destrutivas_UFES_2025.pdf\" data-type=\"attachment\" data-id=\"553\">Regras<\/a> para concess\u00e3o de amostras destrutivas e <a href=\"https:\/\/blog.ufes.br\/lamab\/files\/2025\/03\/form_amostra_destrutiva_UFES_mar2025.docx_.zip\" data-type=\"attachment\" data-id=\"554\">formul\u00e1rio<\/a> de solicita\u00e7\u00e3o.<\/p>\n<p><!-- \/wp:post-content --><!-- wp:media-text {\"align\":\"wide\",\"mediaId\":347,\"mediaType\":\"image\",\"mediaWidth\":46,\"verticalAlignment\":\"top\",\"imageFill\":true,\"focalPoint\":{\"x\":\"0.32\",\"y\":\"0.57\"},\"className\":\"alignwide\"} --><\/p>\n<figure><img decoding=\"async\" style=\"object-position: 32% 57%\" src=\"https:\/\/blog.ufes.br\/lamab\/files\/2020\/07\/gavetas_peles.png\" alt=\"\"><\/figure>\n<p><!-- wp:paragraph {\"placeholder\":\"Conte\u00fado...\",\"fontSize\":\"medium\"} --><\/p>\n<p><strong>Cole\u00e7\u00e3o de Mam\u00edferos<\/strong> <strong>(UFES-MAM)<\/strong><\/p>\n<p><!-- \/wp:paragraph --><!-- wp:paragraph {\"dropCap\":true} --><\/p>\n<p>A Cole\u00e7\u00e3o de Mam\u00edferos da Universidade Federal do Esp\u00edrito Santo (UFES-MAM) \u00e9 uma das mais novas e ativas cole\u00e7\u00f5es mastozool\u00f3gicas do pa\u00eds. Iniciada em 2008, ela \u00e9 hoje a maior do estado, com um acervo de mais de 5.000 exemplares de 8 ordens, 30 fam\u00edlias, mais de 110 g\u00eaneros e quase 200 esp\u00e9cies de mam\u00edferos. A cole\u00e7\u00e3o \u00e9 fiel deposit\u00e1ria de material biol\u00f3gico oriundo de pesquisas cient\u00edficas e estudos de impacto ambiental. Seu acervo est\u00e1 dispon\u00edvel para consulta online no <a href=\"http:\/\/splink.cria.org.br\/manager\/detail?resource=UFES-MAM\" target=\"_blank\" rel=\"noreferrer noopener\">SpeciesLink<\/a> e empr\u00e9stimos, al\u00e9m de visitas t\u00e9cnicas por pesquisadores do Brasil e do exterior. A cole\u00e7\u00e3o tamb\u00e9m \u00e9 utilizada em atividades de ensino de gradua\u00e7\u00e3o, p\u00f3s-gradua\u00e7\u00e3o e de extens\u00e3o.<\/p>\n<p><!-- \/wp:paragraph --><\/p>\n<p><!-- \/wp:media-text --><!-- wp:media-text {\"align\":\"wide\",\"mediaPosition\":\"right\",\"mediaId\":371,\"mediaType\":\"image\",\"mediaWidth\":40,\"imageFill\":true,\"focalPoint\":{\"x\":\"0.35\",\"y\":\"0.50\"},\"className\":\"alignwide\"} --><\/p>\n<p><!-- wp:paragraph {\"placeholder\":\"Conte\u00fado...\",\"fontSize\":\"medium\"} --><\/p>\n<p><strong>Cole\u00e7\u00e3o de Tecidos Animais (UFES-CTA)<\/strong><\/p>\n<p><!-- \/wp:paragraph --><!-- wp:paragraph {\"align\":\"left\",\"dropCap\":true} --><\/p>\n<p>O acervo da Cole\u00e7\u00e3o de Tecidos Animais da Universidade Federal do Esp\u00edrito Santo (UFES-CTA) consiste em cerca de 6.000 amostras de tecidos de mam\u00edferos, anf\u00edbios, r\u00e9pteis e aves de todas as regi\u00f5es e 15 estados brasileiros, com destaque para Esp\u00edrito Santo. Os registros est\u00e3o dispon\u00edveis para consulta na rede <a href=\"http:\/\/splink.cria.org.br\/manager\/detail?resource=UFES-CTA\" target=\"_blank\" rel=\"noreferrer noopener\">SpeciesLink<\/a>. A cole\u00e7\u00e3o se destaca nacionalmente por reunir tecidos de uma variada gama de esp\u00e9cies de roedores, marsupiais e morcegos, notadamente os grupos mais diversos dentre os mam\u00edferos sendo, consequentemente, os que mais contribuem para a alta diversidade de mam\u00edferos do Brasil.<\/p>\n<p><!-- \/wp:paragraph --><\/p>\n<figure><img decoding=\"async\" style=\"object-position: 35% 50%\" src=\"http:\/\/blog.ufes.br\/lamab\/files\/2020\/07\/tecidos.png\" alt=\"\"><\/figure>\n<p><!-- \/wp:media-text --><!-- wp:separator {\"opacity\":\"css\",\"className\":\"is-style-dots\"} --><\/p>\n<hr>\n<p><!-- \/wp:separator --><!-- wp:gallery {\"linkTo\":\"none\"} --><\/p>\n<figure><!-- wp:image {\"id\":352,\"sizeSlug\":\"large\",\"linkDestination\":\"none\"} --><p><\/p>\n<figure><img decoding=\"async\" src=\"https:\/\/blog.ufes.br\/lamab\/files\/2020\/07\/IMG_4640.jpg\" alt=\"\"><\/figure>\n<p><!-- \/wp:image --><!-- wp:image {\"id\":353,\"sizeSlug\":\"large\",\"linkDestination\":\"none\"} --><\/p>\n<figure><img decoding=\"async\" src=\"https:\/\/blog.ufes.br\/lamab\/files\/2020\/07\/IMG_4718.jpg\" alt=\"\"><\/figure>\n<p><!-- \/wp:image --><!-- wp:image {\"id\":367,\"sizeSlug\":\"large\",\"linkDestination\":\"none\"} --><\/p>\n<figure><img decoding=\"async\" src=\"https:\/\/blog.ufes.br\/lamab\/files\/2020\/07\/tubos_cranios.jpg\" alt=\"\"><\/figure>\n<p><!-- \/wp:image --><!-- wp:image {\"id\":374,\"sizeSlug\":\"large\",\"linkDestination\":\"none\"} --><\/p>\n<figure><img decoding=\"async\" src=\"https:\/\/blog.ufes.br\/lamab\/files\/2020\/07\/IMG_6844.jpg\" alt=\"\"><\/figure>\n<p><!-- \/wp:image --><!-- wp:image {\"id\":355,\"sizeSlug\":\"large\",\"linkDestination\":\"none\"} --><\/p>\n<figure><img decoding=\"async\" src=\"https:\/\/blog.ufes.br\/lamab\/files\/2020\/07\/IMG_7405.jpg\" alt=\"\"><\/figure>\n<p><!-- \/wp:image --><!-- wp:image {\"id\":356,\"sizeSlug\":\"large\",\"linkDestination\":\"none\"} --><\/p>\n<figure><img decoding=\"async\" src=\"https:\/\/blog.ufes.br\/lamab\/files\/2020\/07\/IMG_7411.jpg\" alt=\"\"><\/figure>\n<p><!-- \/wp:image --><\/p>\n<\/figure>\n<p><!-- \/wp:gallery --><!-- wp:group --><\/p>\n&nbsp;\n<p><!-- \/wp:group --><!-- wp:paragraph --><\/p>\n<p><!-- \/wp:paragraph --><\/p>","protected":false},"excerpt":{"rendered":"<p>Curadora: Leonora Pires Costa leonoracosta@yahoo.comT\u00e9cnico: Gustavo Lazarini Forreque gustavo.forreque@ufes.brConsultas online: Mam\u00edferos UFES-MAM, Tecidos Animais UFES-CTARegras para concess\u00e3o de amostras destrutivas e formul\u00e1rio de solicita\u00e7\u00e3o. Cole\u00e7\u00e3o de Mam\u00edferos (UFES-MAM) A Cole\u00e7\u00e3o de Mam\u00edferos da Universidade Federal do Esp\u00edrito Santo (UFES-MAM) \u00e9 &hellip; <a href=\"https:\/\/blog.ufes.br\/lamab\/?page_id=338\">Continue lendo <span class=\"meta-nav\">&rarr;<\/span><\/a><\/p>\n","protected":false},"author":243,"featured_media":0,"parent":0,"menu_order":0,"comment_status":"closed","ping_status":"closed","template":"","meta":{"_bbp_topic_count":0,"_bbp_reply_count":0,"_bbp_total_topic_count":0,"_bbp_total_reply_count":0,"_bbp_voice_count":0,"_bbp_anonymous_reply_count":0,"_bbp_topic_count_hidden":0,"_bbp_reply_count_hidden":0,"_bbp_forum_subforum_count":0,"_uag_custom_page_level_css":"","footnotes":""},"class_list":["post-338","page","type-page","status-publish","hentry"],"uagb_featured_image_src":{"full":false,"thumbnail":false,"medium":false,"medium_large":false,"large":false,"1536x1536":false,"2048x2048":false,"post-thumbnail":false},"uagb_author_info":{"display_name":"Yuri Leite","author_link":"https:\/\/blog.ufes.br\/lamab\/?author=243"},"uagb_comment_info":0,"uagb_excerpt":"Curadora: Leonora Pires Costa leonoracosta@yahoo.comT\u00e9cnico: Gustavo Lazarini Forreque gustavo.forreque@ufes.brConsultas online: Mam\u00edferos UFES-MAM, Tecidos Animais UFES-CTARegras para concess\u00e3o de amostras destrutivas e formul\u00e1rio de solicita\u00e7\u00e3o. Cole\u00e7\u00e3o de Mam\u00edferos (UFES-MAM) A Cole\u00e7\u00e3o de Mam\u00edferos da Universidade Federal do Esp\u00edrito Santo (UFES-MAM) \u00e9 &hellip; Continue lendo &rarr;","_links":{"self":[{"href":"https:\/\/blog.ufes.br\/lamab\/index.php?rest_route=\/wp\/v2\/pages\/338","targetHints":{"allow":["GET"]}}],"collection":[{"href":"https:\/\/blog.ufes.br\/lamab\/index.php?rest_route=\/wp\/v2\/pages"}],"about":[{"href":"https:\/\/blog.ufes.br\/lamab\/index.php?rest_route=\/wp\/v2\/types\/page"}],"author":[{"embeddable":true,"href":"https:\/\/blog.ufes.br\/lamab\/index.php?rest_route=\/wp\/v2\/users\/243"}],"replies":[{"embeddable":true,"href":"https:\/\/blog.ufes.br\/lamab\/index.php?rest_route=%2Fwp%2Fv2%2Fcomments&post=338"}],"version-history":[{"count":38,"href":"https:\/\/blog.ufes.br\/lamab\/index.php?rest_route=\/wp\/v2\/pages\/338\/revisions"}],"predecessor-version":[{"id":606,"href":"https:\/\/blog.ufes.br\/lamab\/index.php?rest_route=\/wp\/v2\/pages\/338\/revisions\/606"}],"wp:attachment":[{"href":"https:\/\/blog.ufes.br\/lamab\/index.php?rest_route=%2Fwp%2Fv2%2Fmedia&parent=338"}],"curies":[{"name":"wp","href":"https:\/\/api.w.org\/{rel}","templated":true}]}}