{"id":52,"date":"2018-06-12T22:29:14","date_gmt":"2018-06-13T01:29:14","guid":{"rendered":"http:\/\/blog.ufes.br\/neples\/?page_id=52"},"modified":"2025-05-30T20:32:12","modified_gmt":"2025-05-30T23:32:12","slug":"noticias","status":"publish","type":"page","link":"https:\/\/blog.ufes.br\/neples\/?page_id=52","title":{"rendered":"Not\u00edcias"},"content":{"rendered":"\n<p>Hor\u00e1rios e orienta\u00e7\u00f5es de visita ao acervo do Neples.<\/p>\n\n\n\n<figure class=\"wp-block-image size-full\"><img loading=\"lazy\" decoding=\"async\" width=\"461\" height=\"461\" src=\"https:\/\/blog.ufes.br\/neples\/files\/2024\/10\/1.-Neples-horario-2024-1.png\" alt=\"\" class=\"wp-image-1154\" srcset=\"https:\/\/blog.ufes.br\/neples\/files\/2024\/10\/1.-Neples-horario-2024-1.png 461w, https:\/\/blog.ufes.br\/neples\/files\/2024\/10\/1.-Neples-horario-2024-1-300x300.png 300w, https:\/\/blog.ufes.br\/neples\/files\/2024\/10\/1.-Neples-horario-2024-1-150x150.png 150w\" sizes=\"auto, (max-width: 461px) 100vw, 461px\" \/><\/figure>\n\n\n\n<p><strong>Chamada para publica\u00e7\u00e3o na <em>Fern\u00e3o<\/em> n. 13 e 14 de 2025<\/strong><\/p>\n\n\n\n<figure class=\"wp-block-image size-full\"><img loading=\"lazy\" decoding=\"async\" width=\"590\" height=\"542\" src=\"https:\/\/blog.ufes.br\/neples\/files\/2025\/05\/Captura-de-tela-2025-05-30-20.29.04-2.png\" alt=\"\" class=\"wp-image-1211\" srcset=\"https:\/\/blog.ufes.br\/neples\/files\/2025\/05\/Captura-de-tela-2025-05-30-20.29.04-2.png 590w, https:\/\/blog.ufes.br\/neples\/files\/2025\/05\/Captura-de-tela-2025-05-30-20.29.04-2-300x276.png 300w\" sizes=\"auto, (max-width: 590px) 100vw, 590px\" \/><\/figure>\n\n\n\n<p>m<\/p>\n\n\n\n<div data-wp-interactive=\"core\/file\" class=\"wp-block-file\"><object data-wp-bind--hidden=\"!state.hasPdfPreview\" hidden class=\"wp-block-file__embed\" data=\"https:\/\/blog.ufes.br\/neples\/files\/2025\/05\/chamada_de_trabalhos_para_a_revista_fernao_n._15_e_16_2026.pdf\" type=\"application\/pdf\" style=\"width:100%;height:600px\" aria-label=\"Incorporado de chamada_de_trabalhos_para_a_revista_fernao_n._15_e_16_2026.\"><\/object><a id=\"wp-block-file--media-400101b1-d838-4f70-9f5f-ee2d4ae64458\" href=\"https:\/\/blog.ufes.br\/neples\/files\/2025\/05\/chamada_de_trabalhos_para_a_revista_fernao_n._15_e_16_2026.pdf\">chamada_de_trabalhos_para_a_revista_fernao_n._15_e_16_2026<\/a><a href=\"https:\/\/blog.ufes.br\/neples\/files\/2025\/05\/chamada_de_trabalhos_para_a_revista_fernao_n._15_e_16_2026.pdf\" class=\"wp-block-file__button wp-element-button\" download aria-describedby=\"wp-block-file--media-400101b1-d838-4f70-9f5f-ee2d4ae64458\">Baixar<\/a><\/div>\n\n\n\n<p><strong>Nova chamada para o Brav@s Companheir@s e Fantasmas: XI Semin\u00e1rio Sobre o(a) Autor(a) Capixaba<\/strong><\/p>\n\n\n\n<p><\/p>\n\n\n\n<figure class=\"wp-block-image size-large\"><img loading=\"lazy\" decoding=\"async\" width=\"1024\" height=\"1024\" src=\"https:\/\/blog.ufes.br\/neples\/files\/2024\/07\/Cartaz-Bravos-22.08.2024-1024x1024.png\" alt=\"\" class=\"wp-image-1144\" srcset=\"https:\/\/blog.ufes.br\/neples\/files\/2024\/07\/Cartaz-Bravos-22.08.2024-1024x1024.png 1024w, https:\/\/blog.ufes.br\/neples\/files\/2024\/07\/Cartaz-Bravos-22.08.2024-300x300.png 300w, https:\/\/blog.ufes.br\/neples\/files\/2024\/07\/Cartaz-Bravos-22.08.2024-150x150.png 150w, https:\/\/blog.ufes.br\/neples\/files\/2024\/07\/Cartaz-Bravos-22.08.2024-768x768.png 768w, https:\/\/blog.ufes.br\/neples\/files\/2024\/07\/Cartaz-Bravos-22.08.2024.png 1080w\" sizes=\"auto, (max-width: 1024px) 100vw, 1024px\" \/><\/figure>\n\n\n\n<div data-wp-interactive=\"core\/file\" class=\"wp-block-file\"><object data-wp-bind--hidden=\"!state.hasPdfPreview\" hidden class=\"wp-block-file__embed\" data=\"https:\/\/blog.ufes.br\/neples\/files\/2024\/07\/Chamada-de-trabalhos-para-o-Bravos-companheiros-e-fantasmas-XI-Seminario-sobre-o-autor-capixaba.-2024.pdf\" type=\"application\/pdf\" style=\"width:100%;height:600px\" aria-label=\"Incorporado de Chamada-de-trabalhos-para-o-Bravos-companheiros-e-fantasmas-XI-Seminario-sobre-o-autor-capixaba.-2024.\"><\/object><a id=\"wp-block-file--media-4dd12375-ddf8-4ed5-863f-d83d53c74f08\" href=\"https:\/\/blog.ufes.br\/neples\/files\/2024\/07\/Chamada-de-trabalhos-para-o-Bravos-companheiros-e-fantasmas-XI-Seminario-sobre-o-autor-capixaba.-2024.pdf\">Chamada-de-trabalhos-para-o-Bravos-companheiros-e-fantasmas-XI-Seminario-sobre-o-autor-capixaba.-2024<\/a><a href=\"https:\/\/blog.ufes.br\/neples\/files\/2024\/07\/Chamada-de-trabalhos-para-o-Bravos-companheiros-e-fantasmas-XI-Seminario-sobre-o-autor-capixaba.-2024.pdf\" class=\"wp-block-file__button wp-element-button\" download aria-describedby=\"wp-block-file--media-4dd12375-ddf8-4ed5-863f-d83d53c74f08\">Baixar<\/a><\/div>\n\n\n\n<p><\/p>\n\n\n\n<p><strong>Chamada para publica\u00e7\u00e3o na <em>Fern\u00e3o<\/em> n. 13 e 14 de 2025<\/strong><\/p>\n\n\n\n<p>A <em>Fern\u00e3o<\/em>, publica\u00e7\u00e3o do N\u00facleo de Estudos e Pesquisas da Literatura do Esp\u00edrito Santo do Programa de P\u00f3s-Gradua\u00e7\u00e3o em Letras do Centro de Ci\u00eancias Humanas e Naturais da Universidade Federal do Esp\u00edrito Santo est\u00e1 recebendo textos para os n\u00fameros 15 e 16 referentes ao per\u00edodo de janeiro a junho (1\u00ba semestre) e de julho a dezembro (2\u00ba semestre) de 2026.<\/p>\n\n\n\n<figure class=\"wp-block-image size-large\"><img loading=\"lazy\" decoding=\"async\" width=\"1024\" height=\"1024\" src=\"https:\/\/blog.ufes.br\/neples\/files\/2024\/07\/Untitled-design-1024x1024.png\" alt=\"\" class=\"wp-image-1139\" srcset=\"https:\/\/blog.ufes.br\/neples\/files\/2024\/07\/Untitled-design-1024x1024.png 1024w, https:\/\/blog.ufes.br\/neples\/files\/2024\/07\/Untitled-design-300x300.png 300w, https:\/\/blog.ufes.br\/neples\/files\/2024\/07\/Untitled-design-150x150.png 150w, https:\/\/blog.ufes.br\/neples\/files\/2024\/07\/Untitled-design-768x768.png 768w, https:\/\/blog.ufes.br\/neples\/files\/2024\/07\/Untitled-design.png 1080w\" sizes=\"auto, (max-width: 1024px) 100vw, 1024px\" \/><\/figure>\n\n\n\n<p>A <em>Fern\u00e3o<\/em>, publica\u00e7\u00e3o do N\u00facleo de Estudos e Pesquisas da Literatura do Esp\u00edrito Santo do Programa de P\u00f3s-Gradua\u00e7\u00e3o em Letras do Centro de Ci\u00eancias Humanas e Naturais da Universidade Federal do Esp\u00edrito Santo est\u00e1 recebendo textos para os n\u00fameros11 e 12referentes ao per\u00edodo de janeiro a junho (1\u00ba semestre) e de julho a dezembro (2\u00ba semestre) de 2024.<\/p>\n\n\n\n<p>Quatro se\u00e7\u00f5es compor\u00e3o o peri\u00f3dico:<\/p>\n\n\n\n<ol start=\"1\" style=\"list-style-type:1\" class=\"wp-block-list\">\n<li><em>Portf\u00f3lio<\/em>: receber\u00e1 artigos sobre a obra liter\u00e1ria de Francisco Aur\u00e9lio Ribeiro (para o n\u00famero 13) e de Neida L\u00facia Moraes (para o n\u00famero 14).<\/li>\n\n\n\n<li><em>Mem\u00f3ria<\/em>:publicar\u00e1 (por parte de seus editores) e\/ou receber\u00e1 (de colaboradoras\/es) propostas de reedi\u00e7\u00e3o de estudos antigos e fora de circula\u00e7\u00e3o, de tem\u00e1tica diversa, na \u00e1rea de Estudos Liter\u00e1rios voltados para a literatura brasileira do Esp\u00edrito Santo.<\/li>\n\n\n\n<li><em>Seleta<\/em>: publicar\u00e1 (por parte de seus editores) e\/ou receber\u00e1 (de colaboradoras\/es) recolhas ou antologias de textos liter\u00e1rios antigos, manuscritos, editados e in\u00e9ditos, de diferentes \u00e9pocas da literatura brasileira do Esp\u00edrito Santo.<\/li>\n\n\n\n<li><em>Resenha autoral <\/em>[NOVA]: publicar\u00e1 coment\u00e1rios cr\u00edticos dos\/as pr\u00f3prios\/as autores\/as, nascidos\/as ou residentes no Esp\u00edrito Santo, a respeito de seus livros liter\u00e1rios ou de livros cr\u00edticos e historiogr\u00e1ficos sobre a literatura brasileira do Esp\u00edrito Santo, desde que publicados de 2019 em diante.<\/li>\n<\/ol>\n\n\n\n<p>Entenda-se como literatura brasileira do Esp\u00edrito Santo, para fins de publica\u00e7\u00e3o na <em>Fern\u00e3o<\/em>, tanto aquela feita por autor\/a natural do Esp\u00edrito Santo que, aqui ou fora daqui, tenha produzido no todo ou em parte a sua obra, como o\/a que, natural de outros estados ou de outros pa\u00edses, tenha entre n\u00f3s produzido e publicado obra liter\u00e1ria.<\/p>\n\n\n\n<p>Os&nbsp;trabalhos dever\u00e3o ser enviados em arquivo Word <strong>exclusivamente<\/strong> para o e-mail <strong>neples.ppgl@gmail.com<\/strong><a href=\"mailto:revistacontexto.ppgl@gmail.com\"><\/a> at\u00e9 o dia<strong> 03 de mar\u00e7o de 2025<\/strong>.<\/p>\n\n\n\n<p>Ser\u00e3o aceitos e publicados trabalhos de especialistas, mestrandas\/os, mestras\/es, doutorandas\/os, doutoras\/es, al\u00e9m de graduandas\/os e graduadas\/os em coautoria com algum\/a desses\/as pesquisadores\/as, que sejam aprovados pelas\/os pareceristas e que estejam de acordo com as normas editoriais, em anexo. Para a resenha autoral, n\u00e3o ser\u00e1 exigida essa titula\u00e7\u00e3o.<\/p>\n\n\n\n<div data-wp-interactive=\"core\/file\" class=\"wp-block-file\"><object data-wp-bind--hidden=\"!state.hasPdfPreview\" hidden class=\"wp-block-file__embed\" data=\"https:\/\/blog.ufes.br\/neples\/files\/2024\/07\/Chamada-de-trabalhos-para-a-revista-Fernao-n.-13-e-14-2025-1.pdf\" type=\"application\/pdf\" style=\"width:100%;height:600px\" aria-label=\"Incorporado de Chamada-de-trabalhos-para-a-revista-Fernao-n.-13-e-14-2025-1.\"><\/object><a id=\"wp-block-file--media-33595d22-21b0-4e0a-a3d4-9ac82791c247\" href=\"https:\/\/blog.ufes.br\/neples\/files\/2024\/07\/Chamada-de-trabalhos-para-a-revista-Fernao-n.-13-e-14-2025-1.pdf\">Chamada-de-trabalhos-para-a-revista-Fernao-n.-13-e-14-2025-1<\/a><a href=\"https:\/\/blog.ufes.br\/neples\/files\/2024\/07\/Chamada-de-trabalhos-para-a-revista-Fernao-n.-13-e-14-2025-1.pdf\" class=\"wp-block-file__button wp-element-button\" download aria-describedby=\"wp-block-file--media-33595d22-21b0-4e0a-a3d4-9ac82791c247\">Baixar<\/a><\/div>\n\n\n\n<p><strong>Novo n\u00famero da&nbsp;<em>Fern\u00e3o<\/em>&nbsp;(2023-1) dispon\u00edvel no Portal de peri\u00f3dicos da Ufes<\/strong><\/p>\n\n\n\n<figure class=\"wp-block-image size-large\"><img loading=\"lazy\" decoding=\"async\" width=\"728\" height=\"1024\" src=\"https:\/\/blog.ufes.br\/neples\/files\/2023\/07\/Capa-Fernao-n.-9-2023-1-1-728x1024.png\" alt=\"\" class=\"wp-image-1074\" srcset=\"https:\/\/blog.ufes.br\/neples\/files\/2023\/07\/Capa-Fernao-n.-9-2023-1-1-728x1024.png 728w, https:\/\/blog.ufes.br\/neples\/files\/2023\/07\/Capa-Fernao-n.-9-2023-1-1-213x300.png 213w, https:\/\/blog.ufes.br\/neples\/files\/2023\/07\/Capa-Fernao-n.-9-2023-1-1-768x1081.png 768w, https:\/\/blog.ufes.br\/neples\/files\/2023\/07\/Capa-Fernao-n.-9-2023-1-1-1091x1536.png 1091w, https:\/\/blog.ufes.br\/neples\/files\/2023\/07\/Capa-Fernao-n.-9-2023-1-1-1455x2048.png 1455w\" sizes=\"auto, (max-width: 728px) 100vw, 728px\" \/><\/figure>\n\n\n\n<p><a href=\"https:\/\/periodicos.ufes.br\/fernao\/index\">https:\/\/periodicos.ufes.br\/fernao\/index<\/a><\/p>\n\n\n\n<figure class=\"wp-block-image size-large\"><img loading=\"lazy\" decoding=\"async\" width=\"1024\" height=\"768\" src=\"https:\/\/blog.ufes.br\/neples\/files\/2023\/07\/IMG_20230316_094917506-1024x768.jpg\" alt=\"\" class=\"wp-image-1065\" srcset=\"https:\/\/blog.ufes.br\/neples\/files\/2023\/07\/IMG_20230316_094917506-1024x768.jpg 1024w, https:\/\/blog.ufes.br\/neples\/files\/2023\/07\/IMG_20230316_094917506-300x225.jpg 300w, https:\/\/blog.ufes.br\/neples\/files\/2023\/07\/IMG_20230316_094917506-768x576.jpg 768w, https:\/\/blog.ufes.br\/neples\/files\/2023\/07\/IMG_20230316_094917506-1536x1152.jpg 1536w, https:\/\/blog.ufes.br\/neples\/files\/2023\/07\/IMG_20230316_094917506.jpg 1600w\" sizes=\"auto, (max-width: 1024px) 100vw, 1024px\" \/><\/figure>\n\n\n\n<p><strong>Hist\u00f3ria da Literatura do Esp\u00edrito Santo<\/strong><\/p>\n\n\n\n<p>Est\u00e1 em fase de produ\u00e7\u00e3o a edi\u00e7\u00e3o fac-similada, em e-book de acesso gratuito, do livro in\u00e9dito Hist\u00f3ria da Literatura do Esp\u00edrito Santo (conservado em datiloscritos, na Biblioteca Central da Ufes), organizado por Reinaldo Santos Neves, nos anos de 1980.<\/p>\n\n\n\n<p>Artigos de Deny Gomes, Francisco Aurelio Ribeiro, Luiz Busatto, Oscar Gama Filho e Renato Pacheco (in memoriam) comp\u00f5em o livro.<\/p>\n\n\n\n<p>A edi\u00e7\u00e3o \u00e9 uma parceria do Neples, da Biblioteca Central e da Edufes.<\/p>\n\n\n\n<p><strong>Preparativos para o Bravos\/as XI-2024<\/strong> <\/p>\n\n\n\n<figure class=\"wp-block-image size-full is-resized\"><img loading=\"lazy\" decoding=\"async\" width=\"490\" height=\"486\" src=\"https:\/\/blog.ufes.br\/neples\/files\/2023\/05\/Aviso-Carmelia.png\" alt=\"\" class=\"wp-image-1050\" style=\"width:670px;height:665px\" srcset=\"https:\/\/blog.ufes.br\/neples\/files\/2023\/05\/Aviso-Carmelia.png 490w, https:\/\/blog.ufes.br\/neples\/files\/2023\/05\/Aviso-Carmelia-300x298.png 300w, https:\/\/blog.ufes.br\/neples\/files\/2023\/05\/Aviso-Carmelia-150x150.png 150w\" sizes=\"auto, (max-width: 490px) 100vw, 490px\" \/><\/figure>\n\n\n\n<p><strong>Publica\u00e7\u00e3o da revista <em>graciano<\/em><\/strong><\/p>\n\n\n\n<p>Com a anu\u00eancia gentil de Erly Vieira Jr., passamos a disponibilizar&nbsp;no Blog do Neples&nbsp;os 9 n\u00fameros da revista&nbsp;<em>graciano: literatura brasileira feita no Esp\u00edrito Santo<\/em>, publicados no per\u00edodo de 2010 e 2012, na Ufes.&nbsp;Iniciamos a postagem com o n\u00famero 0, de mar\u00e7o de 2010:&nbsp;<a rel=\"noreferrer noopener\" href=\"https:\/\/blog.ufes.br\/neples\/?page_id=36\" target=\"_blank\">https:\/\/blog.ufes.br\/neples\/?page_id=36<\/a><\/p>\n\n\n\n<figure class=\"wp-block-image size-full is-resized\"><img loading=\"lazy\" decoding=\"async\" width=\"589\" height=\"837\" src=\"http:\/\/blog.ufes.br\/neples\/files\/2023\/04\/Capa-Graciano-0.png\" alt=\"\" class=\"wp-image-995\" style=\"width:671px;height:953px\" srcset=\"https:\/\/blog.ufes.br\/neples\/files\/2023\/04\/Capa-Graciano-0.png 589w, https:\/\/blog.ufes.br\/neples\/files\/2023\/04\/Capa-Graciano-0-211x300.png 211w\" sizes=\"auto, (max-width: 589px) 100vw, 589px\" \/><\/figure>\n\n\n\n<p><strong>Postagem no Instagram (@neples.ppgl) de uma s\u00e9rie de imagens em comemora\u00e7\u00e3o aos 43 anos da Cole\u00e7\u00e3o Letras Capixabas<\/strong><\/p>\n\n\n\n<p>43 anos da Cole\u00e7\u00e3o Letras Capixabas.<\/p>\n\n\n\n<p>Comp\u00f5em-na 40 t\u00edtulos de diversos\/as autores\/as, em v\u00e1rios g\u00eaneros liter\u00e1rios elaborados em verso e prosa. Foi editada por um conselho editorial, de que se destacou Reinaldo Santos Neves, e publicada, ao longo dos anos 80, pela Funda\u00e7\u00e3o Ceciliano Abel de Almeida\/Universidade Federal do Esp\u00edrito Santo com distintas parcerias. Em comemora\u00e7\u00e3o a esse marco editorial do estado, postaremos capa, primeira p\u00e1gina do texto liter\u00e1rio e fotografia do\/a autor\/a de cada volume.<\/p>\n\n\n\n<figure class=\"wp-block-image size-large is-resized\"><img loading=\"lazy\" decoding=\"async\" width=\"573\" height=\"1024\" src=\"http:\/\/blog.ufes.br\/neples\/files\/2023\/04\/Colecao-Letras-Capixabas-Neples-573x1024.png\" alt=\"\" class=\"wp-image-1009\" style=\"width:668px;height:1194px\" srcset=\"https:\/\/blog.ufes.br\/neples\/files\/2023\/04\/Colecao-Letras-Capixabas-Neples-573x1024.png 573w, https:\/\/blog.ufes.br\/neples\/files\/2023\/04\/Colecao-Letras-Capixabas-Neples-168x300.png 168w, https:\/\/blog.ufes.br\/neples\/files\/2023\/04\/Colecao-Letras-Capixabas-Neples-768x1372.png 768w, https:\/\/blog.ufes.br\/neples\/files\/2023\/04\/Colecao-Letras-Capixabas-Neples-860x1536.png 860w, https:\/\/blog.ufes.br\/neples\/files\/2023\/04\/Colecao-Letras-Capixabas-Neples.png 1071w\" sizes=\"auto, (max-width: 573px) 100vw, 573px\" \/><\/figure>\n\n\n\n<p><strong>Chamada prorrogada para submiss\u00e3o de trabalhos \u00e0 <em>Fern\u00e3o<\/em>: 10 de abril de 2023<\/strong>.<\/p>\n\n\n\n<figure class=\"wp-block-image size-large\"><img loading=\"lazy\" decoding=\"async\" width=\"1024\" height=\"1024\" src=\"https:\/\/blog.ufes.br\/neples\/files\/2023\/03\/Chamada-Instagram-para-Fernao-2023-prorrogacao-1-1024x1024.png\" alt=\"\" class=\"wp-image-982\" srcset=\"https:\/\/blog.ufes.br\/neples\/files\/2023\/03\/Chamada-Instagram-para-Fernao-2023-prorrogacao-1-1024x1024.png 1024w, https:\/\/blog.ufes.br\/neples\/files\/2023\/03\/Chamada-Instagram-para-Fernao-2023-prorrogacao-1-300x300.png 300w, https:\/\/blog.ufes.br\/neples\/files\/2023\/03\/Chamada-Instagram-para-Fernao-2023-prorrogacao-1-150x150.png 150w, https:\/\/blog.ufes.br\/neples\/files\/2023\/03\/Chamada-Instagram-para-Fernao-2023-prorrogacao-1-768x768.png 768w, https:\/\/blog.ufes.br\/neples\/files\/2023\/03\/Chamada-Instagram-para-Fernao-2023-prorrogacao-1.png 1080w\" sizes=\"auto, (max-width: 1024px) 100vw, 1024px\" \/><\/figure>\n\n\n\n<p>Confira em <a href=\"http:\/\/blog.ufes.br\/neples\/files\/2023\/03\/Chamada-prorrogada-de-trabalhos-para-a-revista-Fernao-n.-9-e-10-2023.pdf\">Chamada prorrogada de trabalhos para a revista Fern\u00e3o n. 9 e 10, 2023<\/a><\/p>\n\n\n\n<p><strong><em>Fern\u00e3o<\/em> no Qualis Peri\u00f3dicos da Capes<\/strong><\/p>\n\n\n\n<p>A revista do Neples, <em>Fern\u00e3o<\/em>, recebe classifica\u00e7\u00e3o do Qualis Peri\u00f3dicos da Capes, quadri\u00eanio 2017-2020: <strong>B3<\/strong>.<\/p>\n\n\n\n<figure class=\"wp-block-image size-full is-resized\"><img loading=\"lazy\" decoding=\"async\" width=\"1002\" height=\"586\" src=\"https:\/\/blog.ufes.br\/neples\/files\/2023\/01\/Qualis-Capes-2022-Fernao-1.png\" alt=\"\" class=\"wp-image-954\" style=\"width:662px;height:386px\" srcset=\"https:\/\/blog.ufes.br\/neples\/files\/2023\/01\/Qualis-Capes-2022-Fernao-1.png 1002w, https:\/\/blog.ufes.br\/neples\/files\/2023\/01\/Qualis-Capes-2022-Fernao-1-300x175.png 300w, https:\/\/blog.ufes.br\/neples\/files\/2023\/01\/Qualis-Capes-2022-Fernao-1-768x449.png 768w\" sizes=\"auto, (max-width: 1002px) 100vw, 1002px\" \/><\/figure>\n\n\n\n<p><strong>Estreia da s\u00e9rie<\/strong>&nbsp;<em><strong>Ao p\u00e9 do ouvido: vozes de quem escreve<\/strong>. <strong>Entrevista com Junia Zaidan<\/strong><\/em><\/p>\n\n\n\n<p>Est\u00e1 dispon\u00edvel no canal do Youtube do Neples a s\u00e9rie&nbsp;<strong>Ao p\u00e9 do ouvido: vozes de quem escreve<\/strong>. Entrevista com Junia Zaidan:&nbsp;<a href=\"https:\/\/youtu.be\/oAjxW0xn9vI\">https:\/\/youtu.be\/oAjxW0xn9vI<\/a><\/p>\n\n\n\n<p><strong>Ao p\u00e9 do ouvido: vozes de quem escreve<\/strong>&nbsp;pretende ser uma pequena s\u00e9rie de entrevistas curtas gravadas pelos\/as pr\u00f3prios\/as autores\/as capixabas com c\u00e2mera de celular ou afim, em suas casas ou em lugares emblem\u00e1ticos de sua escolha, para responderem a perguntas como: 1. Expectativas em rela\u00e7\u00e3o a seu livro recente. 2. Limites que deseja superar na escrita criativa. 3. Proposta de liter\u00e1rio\/literariedade em seu trabalho. 4. Expectativa em rela\u00e7\u00e3o ao pr\u00f3ximo livro. 5. Leitura de trecho significativo do livro lan\u00e7ado.<\/p>\n\n\n\n<p>O prop\u00f3sito do Neples \u00e9 o de realizar mais um registro, como o semin\u00e1rio Bravos\/as Companheiros\/as e Fantasmas (em sua d\u00e9cima edi\u00e7\u00e3o neste ano) e a revista Fern\u00e3o (em seu oitavo n\u00famero:&nbsp;<a rel=\"noreferrer noopener\" href=\"https:\/\/www.youtube.com\/redirect?event=video_description&amp;redir_token=QUFFLUhqbjJEdGt6RW1QRms2RHVzLUJEWURBSVNiSWFsQXxBQ3Jtc0ttZmJlX3RRcWx3WHRJYjUxNGJuenBVOXllXzNVLU95Z29iTHJ0bXNVc29Ebm8wdWhwRkNwUGJBbVFUX3V4cXFrWVRwam45MkFzNnVkT1pPQmZyM0c0TVBfRlpSNzAySjA2aUtkTFRZdDA0TjJVMkRkVQ&amp;q=https%3A%2F%2Fperiodicos.ufes.br%2Ffernao%29&amp;v=oAjxW0xn9vI\" target=\"_blank\">https:\/\/periodicos.ufes.br\/fernao)<\/a>, de autores\/as dando voz e imagem a reflex\u00f5es sobre sua escrita criativa.<\/p>\n\n\n\n<p>Nessa entrevista, Junia Zaidan (Cachoeiro de Itapemirim, 1972) comenta sobre a elabora\u00e7\u00e3o de seu livro de estreia de contos, Guia an\u00f4nima, lan\u00e7ado pela Produtora FiNA e pela Editora Cousa, de Vit\u00f3ria, em 2022.<\/p>\n\n\n\n<figure class=\"wp-block-image size-full\"><img loading=\"lazy\" decoding=\"async\" width=\"742\" height=\"490\" src=\"https:\/\/blog.ufes.br\/neples\/files\/2022\/12\/Junia-3.png\" alt=\"\" class=\"wp-image-946\" srcset=\"https:\/\/blog.ufes.br\/neples\/files\/2022\/12\/Junia-3.png 742w, https:\/\/blog.ufes.br\/neples\/files\/2022\/12\/Junia-3-300x198.png 300w\" sizes=\"auto, (max-width: 742px) 100vw, 742px\" \/><\/figure>\n\n\n<p><strong>Nova data para submiss\u00e3o de trabalhos referentes ao Bravo X.<\/strong><\/p>\n<p><img loading=\"lazy\" decoding=\"async\" class=\"alignnone size-medium wp-image-919\" src=\"http:\/\/blog.ufes.br\/neples\/files\/2022\/10\/Novo-lembrete-Bravos-X-2022-298x300.png\" alt=\"\" width=\"298\" height=\"300\" srcset=\"https:\/\/blog.ufes.br\/neples\/files\/2022\/10\/Novo-lembrete-Bravos-X-2022-298x300.png 298w, https:\/\/blog.ufes.br\/neples\/files\/2022\/10\/Novo-lembrete-Bravos-X-2022-150x150.png 150w, https:\/\/blog.ufes.br\/neples\/files\/2022\/10\/Novo-lembrete-Bravos-X-2022.png 553w\" sizes=\"auto, (max-width: 298px) 100vw, 298px\" \/><\/p>\n<p><a href=\"http:\/\/blog.ufes.br\/neples\/files\/2022\/10\/Chamada-revisada-de-trabalhos-para-o-Bravos-companheiros-e-fantasmas-X-Seminario-sobre-o-autor-capixaba.-2022.pdf\">Chamada revisada de trabalhos para o Bravos companheiros e fantasmas &#8211; X Semin\u00e1rio sobre o autor capixaba. 2022<\/a><\/p>\n<p><strong>PROGRAMA\u00c7\u00c3O DO BRAVOS X<\/strong><\/p>\n<p>Audit\u00f3rio do IC-2 do CCHN da Ufes &#8211; 16 de setembro, sexta-feira, de 2022.<\/p>\n<p><a href=\"http:\/\/blog.ufes.br\/neples\/files\/2022\/09\/Programacao-Bravos-X.pdf\">Programa\u00e7\u00e3o Bravos X<\/a><\/p>\n<p><img loading=\"lazy\" decoding=\"async\" class=\"alignnone size-medium wp-image-879\" src=\"http:\/\/blog.ufes.br\/neples\/files\/2022\/09\/Chamada-palaestra-300x300.jpg\" alt=\"\" width=\"300\" height=\"300\" srcset=\"https:\/\/blog.ufes.br\/neples\/files\/2022\/09\/Chamada-palaestra-300x300.jpg 300w, https:\/\/blog.ufes.br\/neples\/files\/2022\/09\/Chamada-palaestra-1024x1024.jpg 1024w, https:\/\/blog.ufes.br\/neples\/files\/2022\/09\/Chamada-palaestra-150x150.jpg 150w, https:\/\/blog.ufes.br\/neples\/files\/2022\/09\/Chamada-palaestra-768x768.jpg 768w, https:\/\/blog.ufes.br\/neples\/files\/2022\/09\/Chamada-palaestra.jpg 1080w\" sizes=\"auto, (max-width: 300px) 100vw, 300px\" \/> <img loading=\"lazy\" decoding=\"async\" class=\"alignnone size-medium wp-image-878\" src=\"http:\/\/blog.ufes.br\/neples\/files\/2022\/09\/Chamada-palaestra-2-300x300.jpg\" alt=\"\" width=\"300\" height=\"300\" srcset=\"https:\/\/blog.ufes.br\/neples\/files\/2022\/09\/Chamada-palaestra-2-300x300.jpg 300w, https:\/\/blog.ufes.br\/neples\/files\/2022\/09\/Chamada-palaestra-2-1024x1024.jpg 1024w, https:\/\/blog.ufes.br\/neples\/files\/2022\/09\/Chamada-palaestra-2-150x150.jpg 150w, https:\/\/blog.ufes.br\/neples\/files\/2022\/09\/Chamada-palaestra-2-768x768.jpg 768w, https:\/\/blog.ufes.br\/neples\/files\/2022\/09\/Chamada-palaestra-2.jpg 1080w\" sizes=\"auto, (max-width: 300px) 100vw, 300px\" \/><\/p>\n<p><strong>CHAMADA PARA PUBLICA\u00c7\u00c3O DA&nbsp;<em>FERN\u00c3O<\/em><\/strong><\/p>\n<p><img loading=\"lazy\" decoding=\"async\" class=\"alignnone size-medium wp-image-871\" src=\"http:\/\/blog.ufes.br\/neples\/files\/2022\/07\/Chamada-Instagram-para-Fernao-2023-300x300.png\" alt=\"\" width=\"300\" height=\"300\" srcset=\"https:\/\/blog.ufes.br\/neples\/files\/2022\/07\/Chamada-Instagram-para-Fernao-2023-300x300.png 300w, https:\/\/blog.ufes.br\/neples\/files\/2022\/07\/Chamada-Instagram-para-Fernao-2023-1024x1024.png 1024w, https:\/\/blog.ufes.br\/neples\/files\/2022\/07\/Chamada-Instagram-para-Fernao-2023-150x150.png 150w, https:\/\/blog.ufes.br\/neples\/files\/2022\/07\/Chamada-Instagram-para-Fernao-2023-768x768.png 768w, https:\/\/blog.ufes.br\/neples\/files\/2022\/07\/Chamada-Instagram-para-Fernao-2023.png 1080w\" sizes=\"auto, (max-width: 300px) 100vw, 300px\" \/><\/p>\n<p><strong>N\u00famero 9 \u2013 2023\/1&nbsp;<\/strong><em>Portf\u00f3lio<\/em> Mara Coradello<\/p>\n<p><strong>N\u00famero 10 \u2013 2023\/2&nbsp;<\/strong><em>Portf\u00f3lio<\/em> Bith\/Wilberth Salgueiro<\/p>\n<p>A <em>Fern\u00e3o<\/em>, publica\u00e7\u00e3o do N\u00facleo de Estudos e Pesquisas da Literatura do Esp\u00edrito Santo do Programa de P\u00f3s-Gradua\u00e7\u00e3o em Letras do Centro de Ci\u00eancias Humanas e Naturais da Universidade Federal do Esp\u00edrito Santo est\u00e1 recebendo textos para os n\u00fameros 9 e 10 referentes ao per\u00edodo de janeiro a junho (1\u00ba semestre) e de julho a dezembro (2\u00ba semestre) de 2023.<\/p>\n<p>Quatro se\u00e7\u00f5es compor\u00e3o o peri\u00f3dico:<\/p>\n<ol>\n<li><em>Portf\u00f3lio<\/em>: receber\u00e1 artigos sobre a obra liter\u00e1ria de Mara Coradello (para o n\u00famero 9) e de Bith\/Wilberth Salgueiro (para o n\u00famero 10).<\/li>\n<li><em>Mem\u00f3ria<\/em>: publicar\u00e1 (por parte de seus editores) e\/ou receber\u00e1 (de colaboradoras\/es) propostas de reedi\u00e7\u00e3o de estudos antigos e fora de circula\u00e7\u00e3o, de tem\u00e1tica diversa, na \u00e1rea de Estudos Liter\u00e1rios voltados para a literatura brasileira do Esp\u00edrito Santo.<\/li>\n<li><em>Seleta<\/em>: publicar\u00e1 (por parte de seus editores) e\/ou receber\u00e1 (de colaboradoras\/es) recolhas ou antologias de textos liter\u00e1rios antigos, manuscritos, editados e in\u00e9ditos, de diferentes \u00e9pocas da literatura brasileira do Esp\u00edrito Santo.<\/li>\n<li><em>Resenha<\/em>: publicar\u00e1 coment\u00e1rios cr\u00edticos a respeito de livros liter\u00e1rios de autoras\/es nascidas\/os ou residentes no Esp\u00edrito Santo, ou de livros cr\u00edticos e historiogr\u00e1ficos sobre a literatura brasileira do Esp\u00edrito Santo, desde que publicados de 2018 em diante.<\/li>\n<\/ol>\n<p>Entenda-se como literatura brasileira do Esp\u00edrito Santo, para fins de publica\u00e7\u00e3o na <em>Fern\u00e3o<\/em>, tanto aquela feita por autor\/a natural do Esp\u00edrito Santo que, aqui ou fora daqui, tenha produzido no todo ou em parte a sua obra, como o\/a que, natural de outros estados ou de outros pa\u00edses, tenha entre n\u00f3s produzido e publicado obra liter\u00e1ria.<\/p>\n<p>Os&nbsp;trabalhos dever\u00e3o ser enviados em arquivo Word <strong>exclusivamente<\/strong> para o e-mail <strong>neples.ppgl@gmail.com<\/strong> at\u00e9 o dia<strong> 6 de mar\u00e7o de 2023<\/strong>.<\/p>\n<p>Ser\u00e3o aceitos e publicados trabalhos de especialistas, mestrandas\/os, mestras\/es, doutorandas\/os, doutoras\/es, al\u00e9m de graduandas\/os e graduadas\/os em coautoria com algum\/a desses\/as pesquisadores\/as, que sejam aprovados pelas\/os pareceristas e que estejam de acordo com as normas editoriais, em anexo.<\/p>\n<table width=\"539\">\n<tbody>\n<tr>\n<td colspan=\"2\" width=\"539\"><strong>CRONOGRAMA PREVISTO DE PUBLICA\u00c7\u00c3O<\/strong><\/td>\n<\/tr>\n<tr>\n<td width=\"289\"><strong>Chamada<\/strong><\/td>\n<td width=\"251\">At\u00e9 6 de mar\u00e7o de 2023<\/td>\n<\/tr>\n<tr>\n<td width=\"289\"><strong>Envio dos trabalhos \u00e0s\/aos pareceristas<\/strong><\/td>\n<td width=\"251\">10 de mar\u00e7o<\/td>\n<\/tr>\n<tr>\n<td width=\"289\"><strong>Emiss\u00e3o de parecer<\/strong><\/td>\n<td width=\"251\">De 10 de mar\u00e7o a 12 de abril<\/td>\n<\/tr>\n<tr>\n<td width=\"289\"><strong>Envio dos pareceres \u00e0s\/aos colaboradoras\/es<\/strong><\/td>\n<td width=\"251\">13 de abril<\/td>\n<\/tr>\n<tr>\n<td width=\"289\"><strong>Revis\u00e3o dos trabalhos pelas\/os colaboradoras\/es<\/strong><\/td>\n<td width=\"251\">De 13 de abril a 13 de maio<\/td>\n<\/tr>\n<tr>\n<td width=\"289\"><strong>Editora\u00e7\u00e3o do n\u00famero 9<\/strong><\/td>\n<td width=\"251\">Maio-junho<\/td>\n<\/tr>\n<tr>\n<td width=\"289\"><strong>Publica\u00e7\u00e3o eletr\u00f4nica do n. 9<\/strong><\/td>\n<td width=\"251\">Julho<\/td>\n<\/tr>\n<tr>\n<td width=\"289\"><strong>Editora\u00e7\u00e3o do n\u00famero 10<\/strong><\/td>\n<td width=\"251\">Outubro-novembro<\/td>\n<\/tr>\n<tr>\n<td width=\"289\"><strong>Publica\u00e7\u00e3o eletr\u00f4nica do n. 10<\/strong><\/td>\n<td width=\"251\">Dezembro<\/td>\n<\/tr>\n<\/tbody>\n<\/table>\n<p><strong>Editoras do n\u00famero 9:&nbsp;<\/strong>Maria Am\u00e9lia Dalvi (Ufes),&nbsp;Maria Isolina de Castro Soares (Ifes) e&nbsp; Yasmin Zandomenico (University of Massachusetts)<\/p>\n<p><strong>Editores do n\u00famero 10:&nbsp;<\/strong>Marcelo Ferraz de Paula (UFG),&nbsp;Paulo Roberto Sodr\u00e9&nbsp; &nbsp; &nbsp; &nbsp; &nbsp; &nbsp; &nbsp; &nbsp; &nbsp; &nbsp; (Ufes) e Vitor Cei (Ufes)<\/p>\n<p><strong>Editor-gerente do Peri\u00f3dico:&nbsp;<\/strong>S\u00e9rgio da Fonseca Amaral (Ufes)<\/p>\n<p><strong>Normas Editoriais<\/strong><\/p>\n<ol>\n<li>Para a se\u00e7\u00e3o <em>Portf\u00f3lio<\/em>, ser\u00e3o aceitos trabalhos de 12 a 30 p\u00e1ginas digitadas em espanhol, franc\u00eas, ingl\u00eas, italiano ou portugu\u00eas. S\u00f3 ser\u00e3o acatados para essa se\u00e7\u00e3o artigos in\u00e9ditos sobre a obra de Mara Coradello (para o n\u00famero 9) e de Bith\/Wilberth Salgueiro (para o n\u00famero 10), com autoria e\/ou coautoria de pesquisadoras\/es em diversos n\u00edveis de titula\u00e7\u00e3o: especialistas, mestrandas\/os, mestras\/es, doutorandas\/os e doutoras\/es. Graduandas\/os e graduadas\/os poder\u00e3o submeter seu trabalho, desde que haja ao menos um\/a coautor\/a com um daqueles t\u00edtulos.<\/li>\n<\/ol>\n<p>Para a se\u00e7\u00e3o <em>Mem\u00f3ria<\/em> e <em>Seleta<\/em> autoras\/es e coautoras\/es em diversos n\u00edveis de titula\u00e7\u00e3o dever\u00e3o apresentar ou introduzir criticamente os textos escolhidos para edi\u00e7\u00e3o, reedi\u00e7\u00e3o ou antologia em cerca de tr\u00eas p\u00e1ginas, ficando livre o n\u00famero de p\u00e1ginas do <em>corpus<\/em> escolhido.<\/p>\n<p>Para a se\u00e7\u00e3o <em>Resenha<\/em>, as\/os autoras\/es e coautoras\/es em diversos n\u00edveis de titula\u00e7\u00e3o dever\u00e3o desenvolver os textos cr\u00edticos em cerca de cinco p\u00e1ginas.<\/p>\n<ol start=\"2\">\n<li>Os pareceres de pelo menos dois\/duas especialistas ser\u00e3o produzidos a partir dos seguintes crit\u00e9rios de avalia\u00e7\u00e3o:<\/li>\n<\/ol>\n<p>2.1 Para a se\u00e7\u00e3o <em>Portf\u00f3lio<\/em>:<\/p>\n<p>1 Exposi\u00e7\u00e3o do objetivo do trabalho;<\/p>\n<p>2 Base te\u00f3rica clara, consistente e adequada;<\/p>\n<p>3 Desenvolvimento do trabalho de acordo com a teoria indicada;<\/p>\n<p>4 Discuss\u00e3o convincente;<\/p>\n<p>5 Conhecimento de estudos atualizados;<\/p>\n<p>6 Contribui\u00e7\u00e3o pessoal para o tema proposto;<\/p>\n<p>7 Revis\u00e3o e normaliza\u00e7\u00e3o.<\/p>\n<p>2.2 Para a se\u00e7\u00e3o <em>Mem\u00f3ria <\/em>e <em>Seleta<\/em>:<\/p>\n<p>1 Relev\u00e2ncia do texto escolhido;<\/p>\n<p>2 Apresenta\u00e7\u00e3o cr\u00edtica de que constem esclarecimentos sobre o texto selecionado, crit\u00e9rios de sele\u00e7\u00e3o, metodologia de edi\u00e7\u00e3o.<\/p>\n<p>3 Revis\u00e3o e normaliza\u00e7\u00e3o.<\/p>\n<p>2.3 Para a se\u00e7\u00e3o <em>Resenha<\/em>:<\/p>\n<ol>\n<li>Relev\u00e2ncia do livro escolhido;<\/li>\n<li>Obra publicada de 2018 em diante.<\/li>\n<li>Formata\u00e7\u00e3o:\n<ul>\n<li>Refer\u00eancia bibliogr\u00e1fica (no cabe\u00e7alho do texto).<\/li>\n<li>Exposi\u00e7\u00e3o das credenciais das\/os autora\/es resenhadas\/os: dados biobibliogr\u00e1ficos gerais sobre a\/o autora\/autora.<\/li>\n<li>Apresenta\u00e7\u00e3o do tema, g\u00eanero (se for o caso), linguagem, ideias principais da obra resenhada.<\/li>\n<li>Aprecia\u00e7\u00e3o da\/o resenhista:&nbsp;julgamento da obra.<\/li>\n<li>Revis\u00e3o e normaliza\u00e7\u00e3o.<\/li>\n<\/ul>\n<\/li>\n<\/ol>\n<ol start=\"3\">\n<li>Os textos de cada se\u00e7\u00e3o dever\u00e3o apresentar:<\/li>\n<\/ol>\n<p>3.1 <em>Portf\u00f3lio<\/em>:<\/p>\n<p>T\u00edtulo do artigo na l\u00edngua do trabalho e em ingl\u00eas, em mai\u00fasculas e centralizado; nome\/s das\/os autoras\/es, titula\u00e7\u00e3o acad\u00eamica e institui\u00e7\u00e3o em que atua\/m profissionalmente ou desenvolve\/m os estudos; resumo na l\u00edngua do artigo e em ingl\u00eas, palavras-chave na l\u00edngua do artigo e em ingl\u00eas, texto, refer\u00eancias e anexos.<\/p>\n<ul>\n<li><em>Mem\u00f3ria <\/em>e <em>Seleta<\/em>:<\/li>\n<\/ul>\n<p>T\u00edtulo do texto na l\u00edngua do trabalho e em ingl\u00eas, em mai\u00fasculas e centralizado; nome\/s das\/os autoras\/es, titula\u00e7\u00e3o acad\u00eamica e institui\u00e7\u00e3o em que atua\/m profissionalmente ou desenvolve\/m os estudos; texto e documentos ou obras selecionadas.<\/p>\n<p>3.4 <em>Resenha<\/em>:<\/p>\n<p>Cabe\u00e7alho com refer\u00eancia do livro resenhado, centralizado; nome da\/o resenhista, titula\u00e7\u00e3o acad\u00eamica e institui\u00e7\u00e3o em que atua profissionalmente ou desenvolve os estudos; texto.<\/p>\n<ol start=\"4\">\n<li>A digita\u00e7\u00e3o do texto dever\u00e1 ser feita em Word for Windows (edi\u00e7\u00e3o 6.0 ou superior), fonte Times New Roman, corpo 12, espa\u00e7amento 1,5, par\u00e1grafos em modo justificado sem recuo. Entre partes do texto e entre texto e exemplos, cita\u00e7\u00f5es, tabelas, ilustra\u00e7\u00f5es etc., utilizar 1 espa\u00e7o 1,5. Formato de papel A4, com margem normal. Dever-se-\u00e1 evitar formata\u00e7\u00e3o autom\u00e1tica de espa\u00e7amentos no texto.<\/li>\n<li>Os resumos, para a se\u00e7\u00e3o <em>Portf\u00f3lio<\/em>, dever\u00e3o ser antecedidos pela express\u00e3o RESUMO (ABSTRACT) em mai\u00fasculas, seguida de dois pontos. O texto dos resumos, em fonte Times New Roman, corpo 10, seguir\u00e1 na mesma linha e dever\u00e1 ficar entre 100 e 150 palavras, em que constem tema, <em>corpus<\/em>, objetivos, metodologia do trabalho e resultados da discuss\u00e3o.<\/li>\n<li>As palavras-chave, para a se\u00e7\u00e3o <em>Portf\u00f3lio<\/em>, dever\u00e3o ser antecedidas pela express\u00e3o PALAVRAS-CHAVE (KEYWORDS) em mai\u00fasculas, seguida de dois pontos. Utilizar entre tr\u00eas e cinco palavras-chave que especifiquem o conte\u00fado do trabalho, em fonte Times New Roman, corpo 10, com inicial em mai\u00fascula, separadas por ponto. Dever-se-\u00e1 evitar uso de termos muito gen\u00e9ricos, como \u201cLiteratura\u201d (Literatura do Esp\u00edrito Santo), \u201cArte\u201d (Literatura e Artes pl\u00e1sticas), \u201cPoesia\u201d (Miguel Marvilla \u2013 Poesia), \u201cCr\u00edtica\u201d (<em>Festa na sombra \u2013 <\/em>Cr\u00edtica liter\u00e1ria) etc.<\/li>\n<li>Os t\u00edtulos de se\u00e7\u00f5es, no caso de <em>Portf\u00f3lio<\/em>, <em>Mem\u00f3ria<\/em> e <em>Seleta<\/em>, dever\u00e3o ser digitados em fonte Times New Roman, tamanho 12, em negrito e duas linhas ap\u00f3s o \u00faltimo par\u00e1grafo da se\u00e7\u00e3o anterior. Apenas a primeira letra de cada subt\u00edtulo dever\u00e1 ser grafada com caracteres mai\u00fasculos, exceto nomes pr\u00f3prios e afins. Dever-se-\u00e1 evitar t\u00edtulos de se\u00e7\u00e3o como \u201cIntrodu\u00e7\u00e3o\u201d, \u201cConclus\u00e3o\u201d ou cong\u00eaneres.<\/li>\n<li>As refer\u00eancias no texto, para a se\u00e7\u00e3o <em>Portf\u00f3lio<\/em>, <em>Mem\u00f3ria<\/em> e <em>Seleta<\/em>, dever\u00e3o ser indexadas pelo sistema autor-data da ABNT: (SILVA, 2005, p. 36). Quando o sobrenome vier fora dos par\u00eanteses, dever-se-\u00e1 utilizar apenas a primeira letra em mai\u00fascula.<\/li>\n<li>A cita\u00e7\u00e3o dever\u00e1 seguir as normas da ABNT. Cita\u00e7\u00f5es at\u00e9 tr\u00eas linhas no texto sempre dever\u00e3o vir entre aspas e nunca em it\u00e1lico (este deve ser utilizado para termos estrangeiros ou destacados). Exemplos de <em>corpora <\/em>analisados dever\u00e3o vir no padr\u00e3o de cita\u00e7\u00e3o: recuo de 4 cm, espa\u00e7amento simples, fonte Times New Roman normal, corpo 10.<\/li>\n<li>Caso seja necess\u00e1ria a transcri\u00e7\u00e3o fon\u00e9tica, ou caso haja palavras em alfabetos n\u00e3o latinos, o autor dever\u00e1 enviar a fonte utilizada juntamente com seu artigo, a fim de que a mesma possa ser instalada para editora\u00e7\u00e3o do artigo.<\/li>\n<li>As notas de rodap\u00e9, se efetivamente necess\u00e1rias, dever\u00e3o aparecer em sequ\u00eancia num\u00e9rica, espa\u00e7amento simples, fonte Times New Roman normal, fonte corpo 10. Se houver nota no t\u00edtulo, deve-se marcar com asterisco (*). N\u00e3o se dever\u00e1 usar nota para citar refer\u00eancia bibliogr\u00e1fica.<\/li>\n<li>Tabelas, quadros e ilustra\u00e7\u00f5es autorizadas (desenhos, gr\u00e1ficos etc.) dever\u00e3o ser previamente escaneados e inseridos no texto, prontos para a editora\u00e7\u00e3o eletr\u00f4nica. Os t\u00edtulos de figuras dever\u00e3o ser digitados com fonte Times New Roman, tamanho 10, em formato normal, centralizado. Tabelas, quadros, ilustra\u00e7\u00f5es dever\u00e3o ser identificados por legendas.<\/li>\n<li>Os anexos dever\u00e3o ser entregues igualmente prontos para a editora\u00e7\u00e3o eletr\u00f4nica. Para anexos que se constituem de textos j\u00e1 publicados, o autor dever\u00e1 incluir refer\u00eancia bibliogr\u00e1fica completa.<\/li>\n<li>As refer\u00eancias, seguindo as normas vigentes da ABNT, dever\u00e3o ser antecedidas do termo \u201cRefer\u00eancias\u201d, em negrito. A primeira dever\u00e1 ser redigida na segunda linha abaixo desse termo. As\/os autoras\/es dever\u00e3o ser citadas\/os em ordem alfab\u00e9tica, sem numera\u00e7\u00e3o, sem espa\u00e7o entre as refer\u00eancias e sem recuo. As refer\u00eancias de um\/a mesmo\/a autor\/a dever\u00e3o ser realizadas em ordem decrescente, repetindo-se o nome em todas elas.<\/li>\n<li>A\/o autora\/autor dever\u00e1 apresentar, ao fim do trabalho, um breve curr\u00edculo acad\u00eamico de no m\u00e1ximo 10 linhas: a) nome completo; b) endere\u00e7o e e-mail; c) forma\u00e7\u00e3o acad\u00eamica; d) institui\u00e7\u00e3o em que trabalha; e) principais publica\u00e7\u00f5es.<\/li>\n<\/ol>\n<p><strong>E-mail para contato e envio dos trabalhos:&nbsp;<\/strong>neples.ppgl@gmail.com<\/p>\n<p><a href=\"http:\/\/blog.ufes.br\/neples\/files\/2022\/07\/Chamada-de-trabalhos-para-a-revista-Fernao-n.-9-e-10-2023.pdf\">Chamada de trabalhos para a revista Fern\u00e3o n. 9 e 10, 2023<\/a><\/p>\n<p><strong>Novo n\u00famero da&nbsp;<em>Fern\u00e3o<\/em> (2022-1) dispon\u00edvel no Portal de peri\u00f3dicos da Ufes<\/strong><\/p>\n<p><img loading=\"lazy\" decoding=\"async\" class=\"alignnone size-medium wp-image-843\" src=\"http:\/\/blog.ufes.br\/neples\/files\/2022\/07\/Capa-Fernao-n.-7-Vilaca-212x300.jpg\" alt=\"\" width=\"212\" height=\"300\" srcset=\"https:\/\/blog.ufes.br\/neples\/files\/2022\/07\/Capa-Fernao-n.-7-Vilaca-212x300.jpg 212w, https:\/\/blog.ufes.br\/neples\/files\/2022\/07\/Capa-Fernao-n.-7-Vilaca-725x1024.jpg 725w, https:\/\/blog.ufes.br\/neples\/files\/2022\/07\/Capa-Fernao-n.-7-Vilaca-768x1085.jpg 768w, https:\/\/blog.ufes.br\/neples\/files\/2022\/07\/Capa-Fernao-n.-7-Vilaca-1088x1536.jpg 1088w, https:\/\/blog.ufes.br\/neples\/files\/2022\/07\/Capa-Fernao-n.-7-Vilaca-1450x2048.jpg 1450w, https:\/\/blog.ufes.br\/neples\/files\/2022\/07\/Capa-Fernao-n.-7-Vilaca-scaled.jpg 1813w\" sizes=\"auto, (max-width: 212px) 100vw, 212px\" \/>&nbsp;<a href=\"https:\/\/periodicos.ufes.br\/fernao\/issue\/view\/1446\" target=\"_blank\" rel=\"noopener\" data-saferedirecturl=\"https:\/\/www.google.com\/url?q=https:\/\/periodicos.ufes.br\/fernao\/issue\/view\/1446&amp;source=gmail&amp;ust=1658226681247000&amp;usg=AOvVaw1_tMyvRcM55ZFA_ggxvhUi\">https:\/\/periodicos.ufes.br\/fernao\/issue\/view\/1446<\/a><\/p>\n<p><strong>Esclarecimentos sobre a nova chamada de trabalhos para o Bravos X<\/strong><\/p>\n<div dir=\"auto\">Caras\/os colaboradoras\/es,<\/div>\n<div dir=\"auto\">&nbsp;<\/div>\n<div dir=\"auto\">Como temos recebido d\u00favidas a respeito das altera\u00e7\u00f5es da nova chamada, gostar\u00edamos de esclarecer que:<\/div>\n<div dir=\"auto\">&nbsp;<\/div>\n<div dir=\"auto\">1. O semin\u00e1rio&nbsp;<b>Bravos\/as X<\/b>&nbsp;ser\u00e1 realizado no dia 16 de setembro, apenas com palestras online de convidados\/as no turno da manh\u00e3 (2 palestrantes) e da noite (2 palestrantes).&nbsp;Divulgaremos mais adiante os t\u00edtulos, os\/as palestrantes que a comiss\u00e3o organizadora convidar\u00e1 e o link das respectivas lives.<\/div>\n<div dir=\"auto\">&nbsp;<\/div>\n<div dir=\"auto\">2. A exemplo da edi\u00e7\u00e3o de 2020, n\u00e3o haver\u00e1 apresenta\u00e7\u00e3o de mesas-redondas nem de sess\u00f5es de comunica\u00e7\u00f5es. As pessoas que pretendiam expor seus trabalhos dever\u00e3o, se assim o desejarem, enviar-nos seus trabalhos completos exclusivamente para publica\u00e7\u00e3o no volume j\u00e1 tradicional do Neples, que re\u00fane a produ\u00e7\u00e3o cr\u00edtica recente acerca de autores\/as capixabas.<\/div>\n<div dir=\"auto\">&nbsp;<\/div>\n<div dir=\"auto\">Infelizmente, ainda n\u00e3o ser\u00e1 desta vez que nos reuniremos presencialmente para discutir sobre a literatura brasileira produzida no Esp\u00edrito Santo. Esperamos que isso ocorra na pr\u00f3xima edi\u00e7\u00e3o.<\/div>\n<div dir=\"auto\">&nbsp;<\/div>\n<div dir=\"auto\">Cordialmente,<\/div>\n<div dir=\"auto\">Coordena\u00e7\u00e3o do Neples<\/div>\n<p><strong>Nova chamada de trabalhos para o Bravos\/as X<\/strong><\/p>\n<p>Confira, por favor, as novas diretrizes para participa\u00e7\u00e3o no evento.<\/p>\n<p><img loading=\"lazy\" decoding=\"async\" class=\"alignnone size-medium wp-image-810\" src=\"http:\/\/blog.ufes.br\/neples\/files\/2022\/05\/Cartaz-Bravos-X-2022-300x300.jpg\" alt=\"\" width=\"300\" height=\"300\" srcset=\"https:\/\/blog.ufes.br\/neples\/files\/2022\/05\/Cartaz-Bravos-X-2022-300x300.jpg 300w, https:\/\/blog.ufes.br\/neples\/files\/2022\/05\/Cartaz-Bravos-X-2022-1024x1024.jpg 1024w, https:\/\/blog.ufes.br\/neples\/files\/2022\/05\/Cartaz-Bravos-X-2022-150x150.jpg 150w, https:\/\/blog.ufes.br\/neples\/files\/2022\/05\/Cartaz-Bravos-X-2022-768x768.jpg 768w, https:\/\/blog.ufes.br\/neples\/files\/2022\/05\/Cartaz-Bravos-X-2022.jpg 1080w\" sizes=\"auto, (max-width: 300px) 100vw, 300px\" \/> <img loading=\"lazy\" decoding=\"async\" class=\"alignnone size-medium wp-image-828\" src=\"http:\/\/blog.ufes.br\/neples\/files\/2022\/06\/Nova-chamada-Bravos-X-279x300.png\" alt=\"\" width=\"279\" height=\"300\" srcset=\"https:\/\/blog.ufes.br\/neples\/files\/2022\/06\/Nova-chamada-Bravos-X-279x300.png 279w, https:\/\/blog.ufes.br\/neples\/files\/2022\/06\/Nova-chamada-Bravos-X.png 579w\" sizes=\"auto, (max-width: 279px) 100vw, 279px\" \/><\/p>\n<p><a href=\"http:\/\/blog.ufes.br\/neples\/files\/2022\/06\/Nova-chamada-de-trabalhos-para-o-Bravos-companheiros-e-fantasmas-X-Seminario-sobre-o-autor-capixaba.-2022.pdf\">Nova chamada de trabalhos para o Bravos companheiros e fantasmas &#8211; X Semin\u00e1rio sobre o autor capixaba. 2022<\/a><\/p>\n<p><strong>No dia 17 de maio de 2022:<\/strong><\/p>\n<p><img loading=\"lazy\" decoding=\"async\" class=\"alignnone  wp-image-817\" src=\"http:\/\/blog.ufes.br\/neples\/files\/2022\/05\/Literaluta-1-300x300.jpg\" alt=\"\" width=\"301\" height=\"301\" srcset=\"https:\/\/blog.ufes.br\/neples\/files\/2022\/05\/Literaluta-1-300x300.jpg 300w, https:\/\/blog.ufes.br\/neples\/files\/2022\/05\/Literaluta-1-1024x1019.jpg 1024w, https:\/\/blog.ufes.br\/neples\/files\/2022\/05\/Literaluta-1-150x150.jpg 150w, https:\/\/blog.ufes.br\/neples\/files\/2022\/05\/Literaluta-1.jpg 1080w\" sizes=\"auto, (max-width: 301px) 100vw, 301px\" \/><\/p>\n<p><strong>Homenagem da Academia Esp\u00edrito-santense de Letras (AEL) ao Neples:<\/strong><\/p>\n<p>No evento Dezembrada, do Instituto Hist\u00f3rico e Geogr\u00e1fico do Esp\u00edrito Santo (IHGES), ocorrido no dia 15 \/12\/21, a AEL, em comemora\u00e7\u00e3o ao seu centen\u00e1rio, homenageou o Neples com o <em>Certificado Amigo da Academia Esp\u00edrito-santense de Letras.<\/em><\/p>\n<p><img loading=\"lazy\" decoding=\"async\" class=\"alignnone size-medium wp-image-783\" src=\"http:\/\/blog.ufes.br\/neples\/files\/2021\/12\/AEL-Amigo-da-academia-300x226.jpg\" alt=\"\" width=\"300\" height=\"226\" srcset=\"https:\/\/blog.ufes.br\/neples\/files\/2021\/12\/AEL-Amigo-da-academia-300x226.jpg 300w, https:\/\/blog.ufes.br\/neples\/files\/2021\/12\/AEL-Amigo-da-academia-768x577.jpg 768w, https:\/\/blog.ufes.br\/neples\/files\/2021\/12\/AEL-Amigo-da-academia.jpg 935w\" sizes=\"auto, (max-width: 300px) 100vw, 300px\" \/> <img loading=\"lazy\" decoding=\"async\" class=\"alignnone size-medium wp-image-781\" src=\"http:\/\/blog.ufes.br\/neples\/files\/2021\/12\/AEL-Amigo-da-academia-b-300x225.jpg\" alt=\"\" width=\"300\" height=\"225\" srcset=\"https:\/\/blog.ufes.br\/neples\/files\/2021\/12\/AEL-Amigo-da-academia-b-300x225.jpg 300w, https:\/\/blog.ufes.br\/neples\/files\/2021\/12\/AEL-Amigo-da-academia-b-1024x768.jpg 1024w, https:\/\/blog.ufes.br\/neples\/files\/2021\/12\/AEL-Amigo-da-academia-b-768x576.jpg 768w, https:\/\/blog.ufes.br\/neples\/files\/2021\/12\/AEL-Amigo-da-academia-b.jpg 1280w\" sizes=\"auto, (max-width: 300px) 100vw, 300px\" \/><\/p>\n<p>Nas imagens de Vitor Cei, o presidente do IHGES, Get\u00falio Neves, e a presidenta da AEL, Ester de Oliveira, na sess\u00e3o de homenagens. Ao lado, o certificado conferido ao Neples.<\/p>\n<p><strong>Chamada de trabalhos para o Bravos X:<\/strong><\/p>\n<p><img loading=\"lazy\" decoding=\"async\" class=\"\" src=\"http:\/\/blog.ufes.br\/neples\/files\/2022\/05\/Cartaz-Bravos-X-2022.jpg\" width=\"620\" height=\"620\"><\/p>\n<p><strong>BRAVOS\/AS COMPANHEIROS\/AS E FANTASMAS:&nbsp;<\/strong><strong>X SEMIN\u00c1RIO SOBRE O\/A AUTOR\/A CAPIXABA &#8211; 2022 &#8211;&nbsp;<\/strong><strong>Homenagem a Achilles Vivacqua (<\/strong><strong>1900-1942<\/strong><strong>)&nbsp;<\/strong><strong>(No centen\u00e1rio da Semana de 1922)<\/strong><\/p>\n<p>Esta \u00e9 uma chamada de trabalhos para o <strong>Bravos\/as Companheiros\/as e Fantasmas<\/strong>: <strong>X Semin\u00e1rio Sobre o\/a Autor\/a Capixaba<\/strong>, que o Programa de P\u00f3s-Gradua\u00e7\u00e3o em Letras (PPGL) do Centro de Ci\u00eancias Humanas e Naturais (CCHN) da Universidade Federal do Esp\u00edrito Santo (Ufes), por meio do N\u00facleo de Estudos e Pesquisas da Literatura do Esp\u00edrito Santo (Neples), realizar\u00e1 no dia <strong>16 de setembro<\/strong> de 2022, sexta-feira, com sess\u00f5es possivelmente remotas.<\/p>\n<p><a href=\"http:\/\/blog.ufes.br\/neples\/files\/2021\/11\/Chamada-de-trabalhos-para-o-Bravos-companheiros-e-fantasmas-X-Seminario-sobre-o-autor-capixaba.-2022.pdf\">Chamada de trabalhos para o Bravos companheiros e fantasmas &#8211; X Semin\u00e1rio sobre o autor capixaba. 2022<\/a><\/p>\n<p><strong>No dia 24 de julho de 2021:<\/strong><\/p>\n<p>Publicamos a <strong>S\u00e9rie Nomes da Literatura Brasileira feita no Esp\u00edrito Santo<\/strong> no Instagram (https:\/\/www.instagram.com\/neples.ppgl\/):<br data-rich-text-line-break=\"true\">&#8211; O objetivo \u00e9 dar mais visibilidade a autores\/as-obras que podem se tornar tema de estudos para o semin\u00e1rio Brav@s Companheir@s e Fantasmas e para a revista &nbsp;<em>Fern\u00e3o <\/em>&nbsp;(especialmente nas se\u00e7\u00f5es Mem\u00f3ria, Seleta e Resenha [no caso de autores\/as mais recentes]);<br data-rich-text-line-break=\"true\">&#8211; A sequ\u00eancia \u00e9, por um lado, aleat\u00f3ria (n\u00e3o h\u00e1 ordem alfab\u00e9tica nem cronol\u00f3gica); por outro, procura parear g\u00eaneros,&nbsp;etnias e \u00e9pocas. Por isso, h\u00e1 uma tentativa de altern\u00e2ncia de autores\/as brancos\/as, negros\/as, antigos\/as, modernos\/as, contempor\u00e2neos\/as, &#8220;cl\u00e1ssicos\/as&#8221;, veteranos\/as e iniciantes;<br data-rich-text-line-break=\"true\">&#8211; As postagens n\u00e3o seguem o ritmo eventual do Instagram; a inten\u00e7\u00e3o \u00e9 publicar os nomes mais conhecidos e\/ou noticiados, de maneira a formar um &#8220;mosaico&#8221; de dados ou uma esp\u00e9cie de &#8220;dicion\u00e1rio&#8221; visual indicador de nomes e obras de v\u00e1rios estilos e tend\u00eancias. Decerto, como o prop\u00f3sito da s\u00e9rie n\u00e3o \u00e9 ser exaustiva, alguns\/algumas faltar\u00e3o na s\u00e9rie, infelizmente, seja porque n\u00e3o h\u00e1 retratos\/imagens, seja porque escasseiam dados seguros de ano e local de nascimento, lista de obras, seja ainda porque \u00e9 muito grande o n\u00famero de pessoas que se dedicam \u00e0 publica\u00e7\u00e3o de literatura (escrita criativa);<br data-rich-text-line-break=\"true\">&#8211; As fontes para a recolha dos nomes s\u00e3o:&nbsp;<em>Mapa da literatura brasileira feita no Esp\u00edrito Santo<\/em>, de Reinaldo Santos Neves (2019 &#8211; https:\/\/blog.ufes.br\/neples\/files\/2019\/10\/Mapa-da-literatura-brasileira-feita-no-ES-de-Reinaldo-Santos-Neves.-1.pdf); <em>Dicion\u00e1rio de escritores e escritoras do Esp\u00edrito Santo<\/em>, de Francisco Aurelio Ribeiro e Thelma Maria Azevedo (2008); rol de autores\/as do site <em>Tert\u00falia: livros e autores do Esp\u00edrito Santo<\/em>, de Pedro J. Nunes (2005-), e do <em>Esta\u00e7\u00e3o Capixaba<\/em>, de Maria Clara Santos Neves (2015-);&nbsp;<em>Not\u00edcias da atual literatura brasileira<\/em>&nbsp;(2020, v. 1), de Vitor Cei et. al., al\u00e9m de not\u00edcias de jornal, do site da Secult-ES, do cat\u00e1logo de editoras etc.<\/p>\n<p><img loading=\"lazy\" decoding=\"async\" class=\"alignnone size-medium wp-image-746\" src=\"http:\/\/blog.ufes.br\/neples\/files\/2021\/07\/Insta-3-142x300.jpg\" alt=\"\" width=\"142\" height=\"300\" srcset=\"https:\/\/blog.ufes.br\/neples\/files\/2021\/07\/Insta-3-142x300.jpg 142w, https:\/\/blog.ufes.br\/neples\/files\/2021\/07\/Insta-3-485x1024.jpg 485w, https:\/\/blog.ufes.br\/neples\/files\/2021\/07\/Insta-3-768x1621.jpg 768w, https:\/\/blog.ufes.br\/neples\/files\/2021\/07\/Insta-3-728x1536.jpg 728w, https:\/\/blog.ufes.br\/neples\/files\/2021\/07\/Insta-3-970x2048.jpg 970w, https:\/\/blog.ufes.br\/neples\/files\/2021\/07\/Insta-3.jpg 1080w\" sizes=\"auto, (max-width: 142px) 100vw, 142px\" \/>&nbsp; &nbsp; <img loading=\"lazy\" decoding=\"async\" class=\"alignnone size-medium wp-image-745\" src=\"http:\/\/blog.ufes.br\/neples\/files\/2021\/07\/Insta-2-142x300.jpg\" alt=\"\" width=\"142\" height=\"300\" srcset=\"https:\/\/blog.ufes.br\/neples\/files\/2021\/07\/Insta-2-142x300.jpg 142w, https:\/\/blog.ufes.br\/neples\/files\/2021\/07\/Insta-2-485x1024.jpg 485w, https:\/\/blog.ufes.br\/neples\/files\/2021\/07\/Insta-2-768x1621.jpg 768w, https:\/\/blog.ufes.br\/neples\/files\/2021\/07\/Insta-2-728x1536.jpg 728w, https:\/\/blog.ufes.br\/neples\/files\/2021\/07\/Insta-2-970x2048.jpg 970w, https:\/\/blog.ufes.br\/neples\/files\/2021\/07\/Insta-2.jpg 1080w\" sizes=\"auto, (max-width: 142px) 100vw, 142px\" \/> &nbsp;&nbsp; <img loading=\"lazy\" decoding=\"async\" class=\"alignnone size-medium wp-image-744\" src=\"http:\/\/blog.ufes.br\/neples\/files\/2021\/07\/Insta-1-142x300.jpg\" alt=\"\" width=\"142\" height=\"300\" srcset=\"https:\/\/blog.ufes.br\/neples\/files\/2021\/07\/Insta-1-142x300.jpg 142w, https:\/\/blog.ufes.br\/neples\/files\/2021\/07\/Insta-1-485x1024.jpg 485w, https:\/\/blog.ufes.br\/neples\/files\/2021\/07\/Insta-1-768x1621.jpg 768w, https:\/\/blog.ufes.br\/neples\/files\/2021\/07\/Insta-1-728x1536.jpg 728w, https:\/\/blog.ufes.br\/neples\/files\/2021\/07\/Insta-1-970x2048.jpg 970w, https:\/\/blog.ufes.br\/neples\/files\/2021\/07\/Insta-1.jpg 1080w\" sizes=\"auto, (max-width: 142px) 100vw, 142px\" \/><\/p>\n<p><strong>No dia 23 de mar\u00e7o de 2021:<\/strong><\/p>\n<p>CHAMADA PARA PUBLICA\u00c7\u00c3O&nbsp;<strong><em>Fern\u00e3o<\/em><\/strong><\/p>\n<p><strong>N\u00famero 7 \u2013 2022\/1&nbsp;<\/strong><em>Portf\u00f3lio<\/em> Adilson Vila\u00e7a<\/p>\n<p><strong>N\u00famero 8 \u2013 2022\/2&nbsp;<\/strong><em>Portf\u00f3lio<\/em> Ester Abreu Vieira de Oliveira<\/p>\n<p>A <em>Fern\u00e3o<\/em>, publica\u00e7\u00e3o do N\u00facleo de Estudos e Pesquisas da Literatura do Esp\u00edrito Santo do Programa de P\u00f3s-Gradua\u00e7\u00e3o em Letras do Centro de Ci\u00eancias Humanas e Naturais da Universidade Federal do Esp\u00edrito Santo est\u00e1 recebendo textos para os n\u00fameros 7 e 8 referentes ao per\u00edodo de janeiro a junho (1\u00ba semestre) e de julho a dezembro (2\u00ba semestre) de 2022.<\/p>\n<p>Quatro se\u00e7\u00f5es compor\u00e3o o peri\u00f3dico:<\/p>\n<ol>\n<li><em>Portf\u00f3lio<\/em>: receber\u00e1 artigos sobre a obra liter\u00e1ria de Adilson Vila\u00e7a (para o n\u00famero 7) e de Ester Abreu Vieira de Oliveira (para o n\u00famero 8).<\/li>\n<li><em>Mem\u00f3ria<\/em>: publicar\u00e1 (por parte de seus editores) e\/ou receber\u00e1 (de colaboradoras\/es) propostas de reedi\u00e7\u00e3o de estudos antigos e fora de circula\u00e7\u00e3o, de tem\u00e1tica diversa, na \u00e1rea de Estudos Liter\u00e1rios voltados para a literatura brasileira do Esp\u00edrito Santo.<\/li>\n<li><em>Seleta<\/em>: publicar\u00e1 (por parte de seus editores) e\/ou receber\u00e1 (de colaboradoras\/es) recolhas ou antologias de textos liter\u00e1rios antigos, manuscritos, editados e in\u00e9ditos, de diferentes \u00e9pocas da literatura brasileira do Esp\u00edrito Santo.<\/li>\n<li><em>Resenha<\/em>: publicar\u00e1 coment\u00e1rios cr\u00edticos a respeito de livros liter\u00e1rios de autoras\/es nascidas\/os ou residentes no Esp\u00edrito Santo, ou de livros cr\u00edticos e historiogr\u00e1ficos sobre a literatura brasileira do Esp\u00edrito Santo, desde que publicados de 2017 em diante.<\/li>\n<\/ol>\n<p>Entenda-se como literatura brasileira do Esp\u00edrito Santo, para fins de publica\u00e7\u00e3o na <em>Fern\u00e3o<\/em>, tanto aquela feita por autor\/a natural do Esp\u00edrito Santo que, aqui ou fora daqui, tenha produzido no todo ou em parte a sua obra, como o\/a que, natural de outros estados ou de outros pa\u00edses, tenha entre n\u00f3s produzido e publicado obra liter\u00e1ria.<\/p>\n<p>Os&nbsp;trabalhos dever\u00e3o ser enviados em arquivo Word <strong>exclusivamente<\/strong> para o e-mail neples.ppgl@gmail.com at\u00e9 o dia<strong> 7 de mar\u00e7o de 2022<\/strong>.<\/p>\n<p>Ser\u00e3o aceitos e publicados trabalhos de especialistas, mestrandas\/os, mestras\/es, doutorandas\/os, doutoras\/es, al\u00e9m de graduandas\/os e graduadas\/os em coautoria com algum\/a desses\/as pesquisadores\/as, que sejam aprovados pelas\/os pareceristas e que estejam de acordo com as normas editoriais, em anexo.<\/p>\n<table style=\"height: 879px\" width=\"453\">\n<tbody>\n<tr>\n<td colspan=\"2\" width=\"539\"><strong>CRONOGRAMA PREVISTO DE PUBLICA\u00c7\u00c3O<\/strong><\/td>\n<\/tr>\n<tr>\n<td width=\"289\"><strong>Chamada<\/strong><\/td>\n<td width=\"251\">At\u00e9 7 de mar\u00e7o de 2022<\/td>\n<\/tr>\n<tr>\n<td width=\"289\"><strong>Envio dos trabalhos aos pareceristas<\/strong><\/td>\n<td width=\"251\">10 de mar\u00e7o<\/td>\n<\/tr>\n<tr>\n<td width=\"289\"><strong>Emiss\u00e3o de parecer<\/strong><\/td>\n<td width=\"251\">De 10 de mar\u00e7o a 12 de abril<\/td>\n<\/tr>\n<tr>\n<td width=\"289\"><strong>Envio dos pareceres aos colaboradores<\/strong><\/td>\n<td width=\"251\">13 de abril<\/td>\n<\/tr>\n<tr>\n<td width=\"289\"><strong>Revis\u00e3o dos trabalhos pelos colaboradores<\/strong><\/td>\n<td width=\"251\">De 13 de abril a 13 de maio<\/td>\n<\/tr>\n<tr>\n<td width=\"289\"><strong>Editora\u00e7\u00e3o do n\u00famero 7<\/strong><\/td>\n<td width=\"251\">Maio-junho<\/td>\n<\/tr>\n<tr>\n<td width=\"289\"><strong>Publica\u00e7\u00e3o eletr\u00f4nica do n. 7<\/strong><\/td>\n<td width=\"251\">Julho<\/td>\n<\/tr>\n<tr>\n<td width=\"289\"><strong>Editora\u00e7\u00e3o do n\u00famero 8<\/strong><\/td>\n<td width=\"251\">Outubro-novembro<\/td>\n<\/tr>\n<tr>\n<td width=\"289\"><strong>Publica\u00e7\u00e3o eletr\u00f4nica do n. 8<\/strong><\/td>\n<td width=\"251\">Dezembro<\/td>\n<\/tr>\n<\/tbody>\n<\/table>\n<p><strong>Editores do n\u00famero 7:<\/strong><\/p>\n<p>Fl\u00e1vio Carneiro&nbsp;&nbsp;&nbsp;&nbsp;&nbsp;&nbsp;&nbsp; (Universidade do Estado do Rio de Janeiro)<\/p>\n<p>Paulo R. Sodr\u00e9 &nbsp;&nbsp;&nbsp;&nbsp;&nbsp;&nbsp;&nbsp;&nbsp; (Universidade Federal do Esp\u00edrito Santo)<\/p>\n<p>Vitor Cei &nbsp;&nbsp;&nbsp;&nbsp;&nbsp;&nbsp;&nbsp;&nbsp;&nbsp;&nbsp;&nbsp;&nbsp;&nbsp;&nbsp;&nbsp;&nbsp;&nbsp;&nbsp; (Universidade Federal do Esp\u00edrito Santo)<\/p>\n<p><strong>Editor\/as do n\u00famero 8:<\/strong><\/p>\n<p>Maria Mirtis Caser &nbsp; (Universidade Federal do Esp\u00edrito Santo)<\/p>\n<p>Miguel Zugasti &nbsp;&nbsp;&nbsp;&nbsp;&nbsp;&nbsp;&nbsp;&nbsp; (Universidad de Navarra)<\/p>\n<p>Silvana Pinheiro &nbsp;&nbsp;&nbsp;&nbsp;&nbsp; (Secretaria da Educa\u00e7\u00e3o do Esp\u00edrito Santo)<\/p>\n<p><strong>Editor-gerente do Peri\u00f3dico: <\/strong><\/p>\n<p>S\u00e9rgio da Fonseca Amaral (Universidade Federal do Esp\u00edrito Sant<\/p>\n<p>Eis o link para a chamada:<\/p>\n<p><a href=\"http:\/\/blog.ufes.br\/neples\/files\/2021\/03\/Chamada-de-trabalhos-para-a-revista-Fernao-n.-7-e-8-2022.pdf\">Chamada de trabalhos para a revista Fern\u00e3o n. 7 e 8, 2022<\/a><\/p>\n<p><strong>No dia 13 de outubro de 2020:<\/strong><\/p>\n<p><img loading=\"lazy\" decoding=\"async\" class=\"alignnone  wp-image-697\" src=\"http:\/\/blog.ufes.br\/neples\/files\/2020\/09\/Literaluta.jpg\" alt=\"\" width=\"453\" height=\"453\"><\/p>\n<p>No dia 18 de setembro de 2020:<\/p>\n<div dir=\"ltr\">Em decorr\u00eancia da situa\u00e7\u00e3o de pandemia e isolamento social, modificamos o formato do <b>Brav@s Companheir@s e Fantasmas: IX Semin\u00e1rio Sobre o(a) Autor(a) Capixaba<\/b>, realizado bianualmente pelo Programa de P\u00f3s-Gradua\u00e7\u00e3o em Letras (PPGL) do Centro de Ci\u00eancias Humanas e Naturais (CCHN) da Universidade Federal do Esp\u00edrito Santo (Ufes), por meio do N\u00facleo de Estudos e Pesquisas da Literatura do Esp\u00edrito Santo (Neples).Assim sendo, como exposto na nova chamada de trabalhos divulgada no Blog do Neples e na p\u00e1gina do PPGL, tivemos a <i>Live<\/i> do escritor e dramaturgo Wilson Co\u00ealho sobre o teatro de Am\u00e2ncio Pinto Pereira. A palestra &#8220;Am\u00e2ncio Pereira e o teatro&#8221; no dia 18 de setembro, \u00e0s 10h, no canal do PPGL no Youtube, com a presen\u00e7a do coordenador do PPGL, Vitor Cei, do palestrante Wilson Co\u00ealho e do coordenador do Neples, S\u00e9rgio da Fonseca Amaral.<\/p>\n<\/div>\n<p><img loading=\"lazy\" decoding=\"async\" class=\"alignnone  wp-image-677\" src=\"http:\/\/blog.ufes.br\/neples\/files\/2020\/09\/Live-sobre-Am\u00e2ncio-Pereira.jpg\" alt=\"\" width=\"252\" height=\"252\"> <img loading=\"lazy\" decoding=\"async\" class=\"alignnone  wp-image-690\" src=\"http:\/\/blog.ufes.br\/neples\/files\/2020\/09\/Live-do-Bravos-IX-ste.-2020-d-.jpg\" alt=\"\" width=\"345\" height=\"248\"><\/p>\n<p>No dia 22 de junho de 2020:<\/p>\n<p><strong>ALTERA\u00c7\u00c3O DA CHAMADA <\/strong><strong>para inscri\u00e7\u00e3o de trabalhos para o Brav@s Companheir@s e Fantasmas: IX Semin\u00e1rio sobre o(a) Autor(a) Capixaba<\/strong><\/p>\n<p><img loading=\"lazy\" decoding=\"async\" class=\"alignnone  wp-image-662\" src=\"http:\/\/blog.ufes.br\/neples\/files\/2020\/06\/cartaz-web-IX-Bravos-cortado.jpg\" alt=\"\" width=\"349\" height=\"344\"><\/p>\n<p>Em decorr\u00eancia da situa\u00e7\u00e3o de pandemia e isolamento social, que atualmente vivenciamos, decidimo-nos por modificar o formato do <b>Brav@s Companheir@s e Fantasmas: IX Semin\u00e1rio Sobre o(a) Autor(a) Capixaba<\/b>, que o Programa de P\u00f3s-Gradua\u00e7\u00e3o em Letras (PPGL) do Centro de Ci\u00eancias Humanas e Naturais (CCHN) da Universidade Federal do Esp\u00edrito Santo (Ufes), por meio do N\u00facleo de Estudos e Pesquisas da Literatura do Esp\u00edrito Santo (Neples), realizaria presencialmente no dia 18 de setembro de 2020, sexta-feira, com sess\u00f5es nos turnos da manh\u00e3, tarde e noite.<\/p>\n<p>Assim sendo, apresentamos-lhes a nova chamada de trabalhos: submiss\u00e3o, at\u00e9 <b>21 de setembro<\/b>, de textos em forma de artigo para publica\u00e7\u00e3o, se aprovados pela comiss\u00e3o organizadora e\/ou pareceristas ad hoc, no e-book <i>Brav@s companheir@s e fantasmas 9: estudos cr\u00edticos sobre o(a) autor(a) capixaba<\/i>, a ser lan\u00e7ado provavelmente em 2021.<\/p>\n<p><a href=\"http:\/\/blog.ufes.br\/neples\/files\/2020\/06\/Nova-chamada-de-trabalhos-para-o-Bravos-companheiros-e-fantasmas-IX-Semin\u00e1rio-sobre-o-autor-capixaba.-2020.pdf\">Nova chamada de trabalhos para o Bravos companheiros e fantasmas &#8211; IX Semin\u00e1rio sobre o autor capixaba. 2020<\/a><\/p>\n<p><strong>No dia 7 de abril de 2020:<\/strong><\/p>\n<p><strong>CHAMADA PARA PUBLICA\u00c7\u00c3O 2021<\/strong><\/p>\n<p>A&nbsp;<em>Fern\u00e3o<\/em>, publica\u00e7\u00e3o do N\u00facleo de Estudos e Pesquisas da Literatura do Esp\u00edrito Santo do Programa de P\u00f3s-Gradua\u00e7\u00e3o em Letras do Centro de Ci\u00eancias Humanas e Naturais da Universidade Federal do Esp\u00edrito Santo est\u00e1 recebendo textos para os&nbsp;<strong>n\u00fameros 5&nbsp;<\/strong>e&nbsp;<strong>6&nbsp;<\/strong>referentes ao per\u00edodo de janeiro a junho (1\u00ba semestre) e de julho a dezembro (2\u00ba semestre) de 2021.&nbsp;Quatro se\u00e7\u00f5es compor\u00e3o o peri\u00f3dico:<\/p>\n<ol>\n<li><em>Portf\u00f3lio<\/em>: receber\u00e1 artigos sobre a obra de Luiz Guilherme Santos Neves (n. 5) e Andr\u00e9ia Delmaschio (n. 6).<\/li>\n<li><em>Mem\u00f3ria<\/em>: publicar\u00e1 (por parte de seus editores) e\/ou receber\u00e1 (de colaboradores) propostas de reedi\u00e7\u00e3o de estudos antigos e fora de circula\u00e7\u00e3o, de tem\u00e1tica diversa, na \u00e1rea de Estudos Liter\u00e1rios voltados para a literatura do Esp\u00edrito Santo.<\/li>\n<li><em>Seleta<\/em>: publicar\u00e1 (por parte de seus editores) e\/ou receber\u00e1 recolhas ou antologias de textos liter\u00e1rios antigos, manuscritos, editados e in\u00e9ditos, de diferentes \u00e9pocas da literatura do Esp\u00edrito Santo.<\/li>\n<li><em>Resenha<\/em>: publicar\u00e1 coment\u00e1rios cr\u00edticos a respeito de livros liter\u00e1rios de autores nascidos ou residentes no Esp\u00edrito Santo, ou de livros cr\u00edticos e historiogr\u00e1ficos sobre a literatura do Esp\u00edrito Santo, desde que publicados de 2016 em diante.<\/li>\n<\/ol>\n<p>Entenda-se como Literatura do Esp\u00edrito Santo, para fins de publica\u00e7\u00e3o na Fern\u00e3o, tanto aquela feita por autor(a) natural do Esp\u00edrito Santo que, aqui ou fora daqui, tenha produzido no todo ou em parte a sua obra, como o(a) que, natural de outros estados ou at\u00e9 mesmo de pa\u00edses estrangeiros, tenha entre n\u00f3s produzido obra liter\u00e1ria.<\/p>\n<p>Os&nbsp;trabalhos dever\u00e3o ser enviados em arquivo Word&nbsp;<strong>exclusivamente<\/strong>&nbsp;para o e-mail neples.ppgl@gmail.com at\u00e9 o dia<strong>&nbsp;8 de mar\u00e7o de 2021<\/strong>.<\/p>\n<p>Ser\u00e3o aceitos e publicados trabalhos de especialistas, mestranda(o)s, mestra(e)s, doutoranda(o)s, doutora(e)s, al\u00e9m de graduanda(o)s e graduada(o)s em coautoria com algum(a) dessa(e)s pesquisadora(e)s, que sejam aprovados pela(o)s pareceristas e que estejam de acordo com as normas editoriais, em anexo.<\/p>\n<table width=\"628\">\n<tbody>\n<tr>\n<td colspan=\"2\" width=\"539\"><strong>CRONOGRAMA PREVISTO DE PUBLICA\u00c7\u00c3O<\/strong><\/td>\n<\/tr>\n<tr>\n<td width=\"289\"><strong>Chamada<\/strong><\/td>\n<td width=\"251\">At\u00e9 8 de mar\u00e7o de 2021<\/td>\n<\/tr>\n<tr>\n<td width=\"289\"><strong>Envio dos trabalhos aos pareceristas<\/strong><\/td>\n<td width=\"251\">10 de mar\u00e7o<\/td>\n<\/tr>\n<tr>\n<td width=\"289\"><strong>Emiss\u00e3o de parecer<\/strong><\/td>\n<td width=\"251\">De 10 de mar\u00e7o a 12 de abril<\/td>\n<\/tr>\n<tr>\n<td width=\"289\"><strong>Envio dos pareceres aos colaboradores<\/strong><\/td>\n<td width=\"251\">13 de abril<\/td>\n<\/tr>\n<tr>\n<td width=\"289\"><strong>Revis\u00e3o dos trabalhos pelos colaboradores<\/strong><\/td>\n<td width=\"251\">De 13 de abril a 13 de maio<\/td>\n<\/tr>\n<tr>\n<td width=\"289\"><strong>Editora\u00e7\u00e3o do n\u00famero 5<\/strong><\/td>\n<td width=\"251\">Maio-junho<\/td>\n<\/tr>\n<tr>\n<td width=\"289\"><strong>Publica\u00e7\u00e3o eletr\u00f4nica do n. 5<\/strong><\/td>\n<td width=\"251\">Julho<\/td>\n<\/tr>\n<tr>\n<td width=\"289\"><strong>Editora\u00e7\u00e3o do n\u00famero 6<\/strong><\/td>\n<td width=\"251\">Outubro-novembro<\/td>\n<\/tr>\n<tr>\n<td width=\"289\"><strong>Publica\u00e7\u00e3o eletr\u00f4nica do n. 6<\/strong><\/td>\n<td width=\"251\">Dezembro<\/td>\n<\/tr>\n<\/tbody>\n<\/table>\n<p><strong>Editores do n\u00famero 5:<\/strong><\/p>\n<p>Luiz Cl\u00e1udio Kleaim (Universidad del Norte, Col\u00f4mbia),&nbsp;Nelson Martinelli Filho (Universidade Federal do Esp\u00edrito Santo) e Wilberth Salgueiro (Universidade Federal do Esp\u00edrito Santo)<\/p>\n<p><strong>Editores do n\u00famero 6:<\/strong><\/p>\n<p>Eduardo F. Hopkins Rodriguez (Pontificia Universidad Cat\u00f3lica del Per\u00fa),&nbsp;Ester Abreu Vieira de Oliveira (Universidade Federal do Esp\u00edrito Santo) e&nbsp;Maria Mirtis Caser (Universidade Federal do Esp\u00edrito Santo)<\/p>\n<p><strong>Editor-gerente do Peri\u00f3dico:<\/strong><\/p>\n<p>S\u00e9rgio da Fonseca Amaral (Universidade Federal do Esp\u00edrito Santo)<\/p>\n<p>Eis a chamada com mais informa\u00e7\u00f5es:<\/p>\n<p><a href=\"http:\/\/blog.ufes.br\/neples\/files\/2020\/04\/Chamada-de-trabalhos-para-revista-Fern%C3%A3o-n.-5-e-6-2021-1-e-2021-2.pdf\">Chamada de trabalhos para revista Fern\u00e3o n. 5 e 6, 2021-1 e 2021-2<\/a><\/p>\n<p><strong>No dia 7 de dezembro de 2019<\/strong><\/p>\n<p><img loading=\"lazy\" decoding=\"async\" class=\"alignnone  wp-image-572\" src=\"http:\/\/blog.ufes.br\/neples\/files\/2019\/12\/Neples-Blank.jpg\" alt=\"\" width=\"248\" height=\"248\"><\/p>\n<p><strong>No dia 23 de outubro de 2019<\/strong><\/p>\n<p>Est\u00e1 aberta a chamada para publica\u00e7\u00e3o nos n\u00fameros 3 e 4 da revista <em>Fern\u00e3o, <\/em>referentes ao per\u00edodo de janeiro a junho (1\u00ba semestre) e de julho a dezembro (2\u00ba semestre) de 2020. Os trabalhos dever\u00e3o ser enviados para o e-mail&nbsp;neples.ppgl@gmail.com&nbsp;at\u00e9 28 de fevereiro. Quatro se\u00e7\u00f5es compor\u00e3o os n\u00fameros do peri\u00f3dico:<\/p>\n<ol>\n<li><em>Portf\u00f3lio<\/em>: receber\u00e1 artigos sobre a obra de Elisa Lucinda (n. 3) e S\u00e9rgio Blank (n. 4).<\/li>\n<li><em>Mem\u00f3ria<\/em>: publicar\u00e1 (por parte de seus editores) e\/ou receber\u00e1 (de colaboradores) propostas de reedi\u00e7\u00e3o de estudos antigos e fora de circula\u00e7\u00e3o, de tem\u00e1tica diversa, na \u00e1rea de Estudos Liter\u00e1rios voltados para a literatura do Esp\u00edrito Santo.<\/li>\n<li><em>Seleta<\/em>: publicar\u00e1 (por parte de seus editores) e\/ou receber\u00e1 recolhas ou antologias de textos liter\u00e1rios antigos, manuscritos, editados e in\u00e9ditos, de diferentes \u00e9pocas da literatura do Esp\u00edrito Santo.<\/li>\n<li><em>Resenha: publicar\u00e1 coment\u00e1rios cr\u00edticos a respeito de livros liter\u00e1rios de autores nascidos ou residentes no Esp\u00edrito Santo, ou de livros cr\u00edticos e historiogr\u00e1ficos sobre a literatura do Esp\u00edrito Santo, desde que publicados de 2016 em diante.<\/em><\/li>\n<\/ol>\n<p>Eis a chamada com outras informa\u00e7\u00f5es e orienta\u00e7\u00f5es: <a href=\"http:\/\/blog.ufes.br\/neples\/files\/2019\/10\/Chamada-de-trabalhos-para-revista-Fern\u00e3o-n.-3-e-4-2020-1-e-2020-2.pdf\">Chamada de trabalhos para revista Fern\u00e3o n. 3 e 4, 2020-1 e 2020-2<\/a><\/p>\n<p><strong>No dia 10 de outubro de 2019<\/strong><\/p>\n<p>Est\u00e1 aberta a chamada para inscri\u00e7\u00e3o de trabalhos para o&nbsp;<b>Brav@s Companheir@s e Fantasmas: IX Semin\u00e1rio sobre o(a) Autor(a) Capixaba,<\/b>&nbsp;que o Programa de P\u00f3s-Gradua\u00e7\u00e3o em Letras (PPGL) do Centro de Ci\u00eancias Humanas e Naturais (CCHN) da Universidade Federal do Esp\u00edrito Santo (Ufes), por meio do N\u00facleo de Estudos e Pesquisas da Literatura do Esp\u00edrito Santo (Neples), realizar\u00e1 no dia&nbsp;<strong>18 de setembro<\/strong>&nbsp;de 2020, sexta-feira, com sess\u00f5es nos turnos da manh\u00e3, tarde e noite.<\/p>\n<p>Eis a chamada com informa\u00e7\u00f5es e orienta\u00e7\u00f5es:<\/p>\n<p><a href=\"http:\/\/blog.ufes.br\/neples\/files\/2019\/10\/Chamada-de-trabalhos-para-o-Bravos-companheiros-e-fantasmas-IX-Semin%C3%A1rio-sobre-o-autor-capixaba.-2020.pdf\">Chamada de trabalhos para o Bravos companheiros e fantasmas \u2013 IX Semin\u00e1rio sobre o autor capixaba. 2020<\/a><\/p>\n<p>O homenageado dessa edi\u00e7\u00e3o \u00e9 Am\u00e2ncio Pinto Pereira, dramaturgo (1862-1918).<\/p>\n<p><img loading=\"lazy\" decoding=\"async\" class=\"alignnone  wp-image-358\" src=\"http:\/\/blog.ufes.br\/neples\/files\/2019\/02\/IMG_20190213_112428637.jpg\" alt=\"\" width=\"195\" height=\"317\"><\/p>\n<p>cujos dados biobibliogr\u00e1ficos apresentamos:<\/p>\n<p>\u201cAM\u00c2NCIO PINTO PEREIRA&nbsp; &nbsp; &nbsp; &nbsp; &nbsp; &nbsp; &nbsp; &nbsp; &nbsp; &nbsp; &nbsp; &nbsp; &nbsp; &nbsp; &nbsp; &nbsp; &nbsp; &nbsp; &nbsp; &nbsp; &nbsp; &nbsp; &nbsp; &nbsp; &nbsp; &nbsp; &nbsp; &nbsp; &nbsp; &nbsp; &nbsp; &nbsp; &nbsp; &nbsp; &nbsp; &nbsp; &nbsp; &nbsp; &nbsp; &nbsp; &nbsp; &nbsp; &nbsp; &nbsp; &nbsp; &nbsp; &nbsp; &nbsp; &nbsp; &nbsp; Nasceu em Vit\u00f3ria, ES, em 8 de abril de 1862. Faleceu em Vit\u00f3ria, em 13 de agosto de 1918. Professor. Ainda estudante, isto \u00e9, aos 16 anos de idade, fundou, juntamente com outros colegas, o Clube Saldanha Marinho, de fei\u00e7\u00e3o republicana, manifestando-se, desde mo\u00e7o, em favor da aboli\u00e7\u00e3o da escravatura atrav\u00e9s da imprensa de sua prov\u00edncia. Foi fundador e redator de dois jornais:&nbsp;<em>Sete de Setembro&nbsp;<\/em>e a&nbsp;<em>Gazeta Liter\u00e1ria<\/em>, al\u00e9m de haver colaborado nas seguintes folhas:&nbsp;<em>O Esp\u00edrito-santense, Gazeta da Vit\u00f3ria, Gazeta do Itapemirim, Pyrilampo, Com\u00e9rcio do Esp\u00edrito Santo, Echo da Lavoura, Autonomista, A Tribuna, Jornal Oficial, Di\u00e1rio da Manh\u00e3, Nova Senda, Regenera\u00e7\u00e3o, Meteoro, O Semanal, O Lidador, O Combate, Alvorada, A Ordem<\/em>&nbsp;e na revista humor\u00edstica&nbsp;<em>O Olho<\/em>, de Luiz de Fraga Santos e Arist\u00f3teles da Silva Santos. Publicou, abrangendo desde trabalhos did\u00e1ticos at\u00e9 pe\u00e7as teatrais, os seguintes livros:&nbsp;<em>No\u00e7\u00f5es abreviadas de Geografia e Hist\u00f3ria do Esp\u00edrito Santo<\/em>, em cinco edi\u00e7\u00f5es, a primeira datada de 1894 e adotada, como as demais, pela Diretoria da Instru\u00e7\u00e3o P\u00fablica local;&nbsp;<em>Almanaque do Esp\u00edrito Santo<\/em>, em dois volumes, o primeiro em 1898, e o segundo, edi\u00e7\u00e3o p\u00f3stuma, em 1919;&nbsp;<em>Tra\u00e7os biogr\u00e1ficos<\/em>, 1897;&nbsp;<em>Folhas avulsas<\/em>, 1895;&nbsp;<em>Folhas dispersas<\/em>, 1896;&nbsp;<em>Humorismos<\/em>, contos, 1897,&nbsp;<em>Benevente, cidade de Anchieta<\/em>, s\/ data;&nbsp;<em>Na lua de mel<\/em>, com\u00e9dia,&nbsp; 1895;&nbsp;<em>O tio Mendes<\/em>, com\u00e9dia, 1897;&nbsp;<em>O&nbsp; engrossa: Virou-se contra o feiticeiro<\/em>, com\u00e9dia,&nbsp; 1890;&nbsp;<em>Apuros de um marido<\/em>, com\u00e9dia em&nbsp; um ato;&nbsp;<em>Jorge ou perdi\u00e7\u00e3o de&nbsp; mulher<\/em>; novela;&nbsp;<em>Homens e coisas do&nbsp; Esp\u00edrito Santo<\/em>, em dois volumes, o primeiro datado de 1897 e o segundo em&nbsp; edi\u00e7\u00e3o p\u00f3stuma;&nbsp;<em>Datas esp\u00edrito-santenses<\/em>, em dois volumes, o primeiro publicado em 1909 e o segundo em edi\u00e7\u00e3o p\u00f3stuma. Deixou v\u00e1rios trabalhos in\u00e9ditos (pe\u00e7as teatrais, operetas infantis e um romance). Pertenceu \u00e0 Societ\u00e9 Academique de Histoire Internacionale de Paris, ao Instituto Hist\u00f3rico da Bahia, ao Instituto Hist\u00f3rico e Geogr\u00e1fico de Sergipe, ao Instituto Hist\u00f3rico e Geogr\u00e1fico da Para\u00edba e ao Instituto Hist\u00f3rico e Geogr\u00e1fico do Esp\u00edrito Santo. Segundo Oscar Gama [Filho, em&nbsp;<em>Teatro rom\u00e2ntico capixaba<\/em>&nbsp;{1987}], foi o primeiro dramaturgo brasileiro a escrever pe\u00e7as teatrais dedicadas ao p\u00fablico infantil\u201d.<\/p>\n<p>In: RIBEIRO, Francisco Aurelio; AZEVEDO, Thelma Maria.&nbsp;<em>Dicion\u00e1rio de escritores e escritoras do Esp\u00edrito Santo<\/em>. Vit\u00f3ria: Academia Esp\u00edrito-santense de Letras, 2008. p. 183.<\/p>\n<p><strong>No dia 9 de julho de 2019,<\/strong><\/p>\n<p>o Neples participou do evento&nbsp;<strong>Semana Maria Antonieta Tatagiba &#8211; 2019<\/strong>, a convite de Pedro Ant\u00f4nio de Souza, presidente da Academia Maria Antonieta Tatagiba; de Ana Maria da Silva, diretora da Biblioteca P\u00fablica do Esp\u00edrito Santo, e de Renata Bomfim, presidenta da Academia Feminina Esp\u00edrito-santense de Letras.<\/p>\n<p><img loading=\"lazy\" decoding=\"async\" class=\"alignnone  wp-image-437\" src=\"http:\/\/blog.ufes.br\/neples\/files\/2019\/07\/unnamed.jpg\" alt=\"\" width=\"421\" height=\"421\"><\/p>\n<p>Palestraram sobre a poeta de S\u00e3o Pedro do Itabapoana Anaximandro Amorim, Ester de Oliveira e Paulo R. Sodr\u00e9.<\/p>\n<p><img loading=\"lazy\" decoding=\"async\" class=\"alignnone  wp-image-505\" src=\"http:\/\/blog.ufes.br\/neples\/files\/2019\/07\/IMG_20190709_182815179.jpg\" alt=\"\" width=\"427\" height=\"223\"><\/p>\n<p><img loading=\"lazy\" decoding=\"async\" class=\"alignnone  wp-image-506\" src=\"http:\/\/blog.ufes.br\/neples\/files\/2019\/07\/IMG_20190709_182824489.jpg\" alt=\"\" width=\"426\" height=\"320\"><\/p>\n<p><img loading=\"lazy\" decoding=\"async\" class=\"alignnone  wp-image-509\" src=\"http:\/\/blog.ufes.br\/neples\/files\/2019\/07\/IMG_20190709_185419571.jpg\" alt=\"\" width=\"431\" height=\"343\"><\/p>\n<p><img loading=\"lazy\" decoding=\"async\" class=\"alignnone  wp-image-431\" src=\"http:\/\/blog.ufes.br\/neples\/files\/2019\/07\/IMG-20190710-WA0006.jpg\" alt=\"\" width=\"424\" height=\"318\"><\/p>\n<p><img loading=\"lazy\" decoding=\"async\" class=\"alignnone  wp-image-514\" src=\"http:\/\/blog.ufes.br\/neples\/files\/2019\/07\/Tatagiba.jpg\" alt=\"\" width=\"425\" height=\"241\"><\/p>\n<p><strong>Publica\u00e7\u00e3o do n\u00famero inaugural da&nbsp;<em>Fern\u00e3o<\/em>, revista&nbsp;do Neples<\/strong><\/p>\n<p>Est\u00e1 dispon\u00edvel no Portal de Peri\u00f3dicos da Ufes o n\u00famero 1 da revista do Neples, com portf\u00f3lio dedicado a Reinaldo Santos Neves. Para acess\u00e1-la clique no link http:\/\/periodicos.ufes.br\/fernao\/issue\/view\/977<\/p>\n<p><img loading=\"lazy\" decoding=\"async\" class=\"alignnone  wp-image-413\" src=\"http:\/\/blog.ufes.br\/neples\/files\/2019\/05\/Capa-Revista-Fern\u00e3o-peq.png\" alt=\"\" width=\"192\" height=\"272\"><\/p>\n<p><strong>Acervo bibliogr\u00e1fico do Neples<\/strong><\/p>\n<p><strong><img loading=\"lazy\" decoding=\"async\" class=\"alignnone  wp-image-380\" src=\"http:\/\/blog.ufes.br\/neples\/files\/2019\/03\/Tatagiba-O-sol.jpg\" alt=\"\" width=\"117\" height=\"166\">&nbsp;<img loading=\"lazy\" decoding=\"async\" class=\"alignnone  wp-image-379\" src=\"http:\/\/blog.ufes.br\/neples\/files\/2019\/03\/IMG_20190204_113157445.jpg\" alt=\"\" width=\"81\" height=\"122\">&nbsp;<img loading=\"lazy\" decoding=\"async\" class=\"alignnone  wp-image-378\" src=\"http:\/\/blog.ufes.br\/neples\/files\/2019\/03\/IMG_20190204_112816077.jpg\" alt=\"\" width=\"91\" height=\"184\">&nbsp;<img loading=\"lazy\" decoding=\"async\" class=\"alignnone  wp-image-381\" src=\"http:\/\/blog.ufes.br\/neples\/files\/2019\/03\/IMG_20190204_113424147.jpg\" alt=\"\" width=\"122\" height=\"170\"> <img loading=\"lazy\" decoding=\"async\" class=\"alignnone  wp-image-377\" src=\"http:\/\/blog.ufes.br\/neples\/files\/2019\/03\/IMG_20190204_112448099.jpg\" alt=\"\" width=\"186\" height=\"236\"> <img loading=\"lazy\" decoding=\"async\" class=\"alignnone  wp-image-399\" src=\"http:\/\/blog.ufes.br\/neples\/files\/2019\/03\/Col.-Roberto-Almada-n.-1.jpg\" alt=\"\" width=\"117\" height=\"198\"><\/strong><\/p>\n<p>Iniciamos a divulga\u00e7\u00e3o, no link <em>Acervo bibliogr\u00e1fico<\/em>, da listagem de t\u00edtulos que constam do acervo do Neples. Inicialmente, arrolamos as cole\u00e7\u00f5es (Letras Capixabas, da Ufes; Almeida Cousin, do Instituto Hist\u00f3rico e Geogr\u00e1fico do Esp\u00edrito Santo; Palavras da Cidade, Escritos de Vit\u00f3ria e Roberto Almada, da Prefeitura Municipal de Vit\u00f3ria; Projeto Nossolivro, da Rede Gazeta de Comunica\u00e7\u00f5es); mais adiante, as refer\u00eancias do acervo geral (literatura, estudos cr\u00edticos, peri\u00f3dicos etc.) ser\u00e3o publicadas.<\/p>\n<p><strong>No encerramento do Brav@s VIII<\/strong>,<\/p>\n<p>em 19 de junho de 2018, na Ufes, foi anunciado pelo Neples que o homenageado do pr\u00f3ximo semin\u00e1rio ser\u00e1 Am\u00e2ncio Pinto Pereira, pol\u00edgrafo considerado o primeiro autor brasileiro a dedicar pe\u00e7as teatrais ao p\u00fablico infantil.<\/p>\n<p><img loading=\"lazy\" decoding=\"async\" class=\"alignnone  wp-image-358\" src=\"http:\/\/blog.ufes.br\/neples\/files\/2019\/02\/IMG_20190213_112428637.jpg\" alt=\"\" width=\"222\" height=\"361\"><\/p>\n<p>Apresentamos seus dados biobibliogr\u00e1ficos, de maneira a estimular poss\u00edveis pesquisas a seu respeito de sua diversificada obra:<\/p>\n<p>\u201cAM\u00c2NCIO PINTO PEREIRA&nbsp; &nbsp; &nbsp; &nbsp; &nbsp; &nbsp; &nbsp; &nbsp; &nbsp; &nbsp; &nbsp; &nbsp; &nbsp; &nbsp; &nbsp; &nbsp; &nbsp; &nbsp; &nbsp; &nbsp; &nbsp; &nbsp; &nbsp; &nbsp; &nbsp; &nbsp; &nbsp; &nbsp; &nbsp; &nbsp; &nbsp; &nbsp; &nbsp; &nbsp; &nbsp; &nbsp; &nbsp; &nbsp; &nbsp; &nbsp; &nbsp; &nbsp; &nbsp; &nbsp; &nbsp; &nbsp; &nbsp; &nbsp; &nbsp; &nbsp; Nasceu em Vit\u00f3ria, ES, em 8 de abril de 1862. Faleceu em Vit\u00f3ria, em 13 de agosto de 1918. Professor. Ainda estudante, isto \u00e9, aos 16 anos de idade, fundou, juntamente com outros colegas, o Clube Saldanha Marinho, de fei\u00e7\u00e3o republicana, manifestando-se, desde mo\u00e7o, em favor da aboli\u00e7\u00e3o da escravatura atrav\u00e9s da imprensa de sua prov\u00edncia. Foi fundador e redator de dois jornais: <em>Sete de Setembro <\/em>e a <em>Gazeta Liter\u00e1ria<\/em>, al\u00e9m de haver colaborado nas seguintes folhas: <em>O Esp\u00edrito-santense, Gazeta da Vit\u00f3ria, Gazeta do Itapemirim, Pyrilampo, Com\u00e9rcio do Esp\u00edrito Santo, Echo da Lavoura, Autonomista, A Tribuna, Jornal Oficial, Di\u00e1rio da Manh\u00e3, Nova Senda, Regenera\u00e7\u00e3o, Meteoro, O Semanal, O Lidador, O Combate, Alvorada, A Ordem<\/em> e na revista humor\u00edstica <em>O Olho<\/em>, de Luiz de Fraga Santos e Arist\u00f3teles da Silva Santos. Publicou, abrangendo desde trabalhos did\u00e1ticos at\u00e9 pe\u00e7as teatrais, os seguintes livros: <em>No\u00e7\u00f5es abreviadas de Geografia e Hist\u00f3ria do Esp\u00edrito Santo<\/em>, em cinco edi\u00e7\u00f5es, a primeira datada de 1894 e adotada, como as demais, pela Diretoria da Instru\u00e7\u00e3o P\u00fablica local; <em>Almanaque do Esp\u00edrito Santo<\/em>, em dois volumes, o primeiro em 1898, e o segundo, edi\u00e7\u00e3o p\u00f3stuma, em 1919; <em>Tra\u00e7os biogr\u00e1ficos<\/em>, 1897; <em>Folhas avulsas<\/em>, 1895; <em>Folhas dispersas<\/em>, 1896; <em>Humorismos<\/em>, contos, 1897, <em>Benevente, cidade de Anchieta<\/em>, s\/ data; <em>Na lua de mel<\/em>, com\u00e9dia,&nbsp; 1895; <em>O tio Mendes<\/em>, com\u00e9dia, 1897; <em>O&nbsp; engrossa: Virou-se contra o feiticeiro<\/em>, com\u00e9dia,&nbsp; 1890; <em>Apuros de um marido<\/em>, com\u00e9dia em&nbsp; um ato; <em>Jorge ou perdi\u00e7\u00e3o de&nbsp; mulher<\/em>; novela; <em>Homens e coisas do&nbsp; Esp\u00edrito Santo<\/em>, em dois volumes, o primeiro datado de 1897 e o segundo em&nbsp; edi\u00e7\u00e3o p\u00f3stuma; <em>Datas esp\u00edrito-santenses<\/em>, em dois volumes, o primeiro publicado em 1909 e o segundo em edi\u00e7\u00e3o p\u00f3stuma. Deixou v\u00e1rios trabalhos in\u00e9ditos (pe\u00e7as teatrais, operetas infantis e um romance). Pertenceu \u00e0 Societ\u00e9 Academique de Histoire Internacionale de Paris, ao Instituto Hist\u00f3rico da Bahia, ao Instituto Hist\u00f3rico e Geogr\u00e1fico de Sergipe, ao Instituto Hist\u00f3rico e Geogr\u00e1fico da Para\u00edba e ao Instituto Hist\u00f3rico e Geogr\u00e1fico do Esp\u00edrito Santo. Segundo Oscar Gama [Filho, em <em>Teatro rom\u00e2ntico capixaba<\/em> {1987}], foi o primeiro dramaturgo brasileiro a escrever pe\u00e7as teatrais dedicadas ao p\u00fablico infantil\u201d.<\/p>\n<p>In: RIBEIRO, Francisco Aurelio; AZEVEDO, Thelma Maria. <em>Dicion\u00e1rio de escritores e escritoras do Esp\u00edrito Santo<\/em>. Vit\u00f3ria: Academia Esp\u00edrito-santense de Letras, 2008. p. 183.<\/p>\n<p><strong>No dia 19 de junho de 2018, <\/strong><\/p>\n<p>ter\u00e7a-feira, ocorreu o&nbsp;<strong>Brav@s Companheir@s e Fantasmas: VIII Semin\u00e1rio sobre o(a) Autor(a) Capixaba<\/strong>, na Universidade Federal do Esp\u00edrito Santo, Vit\u00f3ria.<\/p>\n<p><img loading=\"lazy\" decoding=\"async\" class=\"alignnone wp-image-28\" src=\"http:\/\/blog.ufes.br\/neples\/files\/2018\/06\/Bravos-VIII-imagem.jpg\" alt=\"\" width=\"237\" height=\"346\"><\/p>\n<p><strong>No dia 29 de maio de 2018, <\/strong><\/p>\n<p>o Neples participou do evento&nbsp;<strong>Encontro com a Literatura Tcheca<\/strong>, a convite da Biblioteca P\u00fablica do Esp\u00edrito Santo (BPES) e do Consulado Honor\u00e1rio da Rep\u00fablica Tcheca de Vit\u00f3ria.<\/p>\n<p><img loading=\"lazy\" decoding=\"async\" class=\"alignnone wp-image-53\" src=\"http:\/\/blog.ufes.br\/neples\/files\/2018\/06\/encontro_com_literatura_tcheca.jpg\" alt=\"\" width=\"248\" height=\"248\"><\/p>\n<p><img loading=\"lazy\" decoding=\"async\" class=\"alignnone wp-image-54\" src=\"http:\/\/blog.ufes.br\/neples\/files\/2018\/06\/Tchecos-1.jpg\" alt=\"\" width=\"173\" height=\"130\"> <img loading=\"lazy\" decoding=\"async\" class=\"alignnone wp-image-55\" src=\"http:\/\/blog.ufes.br\/neples\/files\/2018\/06\/Tchecos-2.jpg\" alt=\"\" width=\"172\" height=\"129\"><\/p>\n<p><img loading=\"lazy\" decoding=\"async\" class=\"alignnone wp-image-56\" src=\"http:\/\/blog.ufes.br\/neples\/files\/2018\/06\/Tchecos-3.jpg\" alt=\"\" width=\"348\" height=\"261\"><\/p>","protected":false},"excerpt":{"rendered":"<p>Hor\u00e1rios e orienta\u00e7\u00f5es de visita ao acervo do Neples. Chamada para publica\u00e7\u00e3o na Fern\u00e3o n. 13 e 14 de 2025 m Nova chamada para o Brav@s Companheir@s e Fantasmas: XI Semin\u00e1rio Sobre o(a) Autor(a) Capixaba Chamada para publica\u00e7\u00e3o na Fern\u00e3o &hellip; <a href=\"https:\/\/blog.ufes.br\/neples\/?page_id=52\">Continue lendo <span class=\"meta-nav\">&rarr;<\/span><\/a><\/p>\n","protected":false},"author":342,"featured_media":0,"parent":0,"menu_order":0,"comment_status":"closed","ping_status":"closed","template":"","meta":{"_bbp_topic_count":0,"_bbp_reply_count":0,"_bbp_total_topic_count":0,"_bbp_total_reply_count":0,"_bbp_voice_count":0,"_bbp_anonymous_reply_count":0,"_bbp_topic_count_hidden":0,"_bbp_reply_count_hidden":0,"_bbp_forum_subforum_count":0,"_uag_custom_page_level_css":"","footnotes":""},"class_list":["post-52","page","type-page","status-publish","hentry"],"uagb_featured_image_src":{"full":false,"thumbnail":false,"medium":false,"medium_large":false,"large":false,"1536x1536":false,"2048x2048":false,"post-thumbnail":false},"uagb_author_info":{"display_name":"paulo.sodre","author_link":"https:\/\/blog.ufes.br\/neples\/?author=342"},"uagb_comment_info":0,"uagb_excerpt":"Hor\u00e1rios e orienta\u00e7\u00f5es de visita ao acervo do Neples. Chamada para publica\u00e7\u00e3o na Fern\u00e3o n. 13 e 14 de 2025 m Nova chamada para o Brav@s Companheir@s e Fantasmas: XI Semin\u00e1rio Sobre o(a) Autor(a) Capixaba Chamada para publica\u00e7\u00e3o na Fern\u00e3o &hellip; Continue lendo &rarr;","_links":{"self":[{"href":"https:\/\/blog.ufes.br\/neples\/index.php?rest_route=\/wp\/v2\/pages\/52","targetHints":{"allow":["GET"]}}],"collection":[{"href":"https:\/\/blog.ufes.br\/neples\/index.php?rest_route=\/wp\/v2\/pages"}],"about":[{"href":"https:\/\/blog.ufes.br\/neples\/index.php?rest_route=\/wp\/v2\/types\/page"}],"author":[{"embeddable":true,"href":"https:\/\/blog.ufes.br\/neples\/index.php?rest_route=\/wp\/v2\/users\/342"}],"replies":[{"embeddable":true,"href":"https:\/\/blog.ufes.br\/neples\/index.php?rest_route=%2Fwp%2Fv2%2Fcomments&post=52"}],"version-history":[{"count":70,"href":"https:\/\/blog.ufes.br\/neples\/index.php?rest_route=\/wp\/v2\/pages\/52\/revisions"}],"predecessor-version":[{"id":1213,"href":"https:\/\/blog.ufes.br\/neples\/index.php?rest_route=\/wp\/v2\/pages\/52\/revisions\/1213"}],"wp:attachment":[{"href":"https:\/\/blog.ufes.br\/neples\/index.php?rest_route=%2Fwp%2Fv2%2Fmedia&parent=52"}],"curies":[{"name":"wp","href":"https:\/\/api.w.org\/{rel}","templated":true}]}}