{"id":2634,"date":"2018-10-24T11:02:18","date_gmt":"2018-10-24T14:02:18","guid":{"rendered":"http:\/\/blog.ufes.br\/patri_lab\/?page_id=2634"},"modified":"2018-10-25T15:47:09","modified_gmt":"2018-10-25T18:47:09","slug":"pos-graduacao-participacao-social-na-preservacao-de-sitios-historicos-urbanos-experimento-metodologico-no-sitio-historico-de-santa-leopoldina-es","status":"publish","type":"page","link":"https:\/\/blog.ufes.br\/patri_lab\/linhas-de-pesquisa\/pesquisas-encerradas\/patrimonio-territorio-e-planejamento-espacial\/pos-graduacao-participacao-social-na-preservacao-de-sitios-historicos-urbanos-experimento-metodologico-no-sitio-historico-de-santa-leopoldina-es\/","title":{"rendered":"[P\u00f3s-gradua\u00e7\u00e3o] &#8220;Participa\u00e7\u00e3o social na preserva\u00e7\u00e3o de s\u00edtios hist\u00f3ricos urbanos. Experimento metodol\u00f3gico no s\u00edtio hist\u00f3rico de Santa Leopoldina\/ES&#8221;"},"content":{"rendered":"<p><strong><span class=\"token-ufes continua\">Autora:<\/span><\/strong>\u00a0Let\u00edcia Nunes Barcellos<\/p>\n<p><strong><span class=\"token-ufes continua\">Tipo:<\/span><\/strong>\u00a0Disserta\u00e7\u00e3o de mestrado acad\u00eamico<br \/>\n<strong><span class=\"token-ufes continua\">Data de publica\u00e7\u00e3o:<\/span><\/strong>\u00a028\/06\/2017<\/p>\n<p><strong><span class=\"token-ufes continua\">Orientadora:\u00a0<\/span><\/strong><span class=\"token-ufes continua\">Renata Hermanny de Almeida<\/span><\/p>\n<p><strong>Resumo:\u00a0<\/strong>Este trabalho se insere nos estudos que tratam da participa\u00e7\u00e3o social nas pol\u00edticas p\u00fablicas, especificamente relacionado \u00e0 preserva\u00e7\u00e3o de s\u00edtios hist\u00f3ricos urbanos no Brasil. A participa\u00e7\u00e3o social nas pol\u00edticas p\u00fablicas \u00e9 tema cada vez mais estudado e discutido, num momento de crise do modelo de representa\u00e7\u00e3o pol\u00edtica em curso nos contextos nacional e<br \/>\ninternacional, com desconfian\u00e7a por parte dos cidad\u00e3os em rela\u00e7\u00e3o \u00e0s institui\u00e7\u00f5es pol\u00edticas tradicionais e ao esvaziamento dos partidos pol\u00edticos. Ao mesmo tempo, a popula\u00e7\u00e3o reivindica, cada vez mais, seu direito de participar de decis\u00f5es que afetam direta ou indiretamente sua vida. No contexto da pol\u00edtica urbana, o Estatuto da Cidade indica como diretriz da pol\u00edtica urbana a gest\u00e3o democr\u00e1tica da cidade, por meio da participa\u00e7\u00e3o da popula\u00e7\u00e3o, que deve ocorrer atrav\u00e9s de \u00f3rg\u00e3os colegiados de pol\u00edtica urbana, debates,<br \/>\naudi\u00eancias e consultas p\u00fablicas, entre outros. Para a preserva\u00e7\u00e3o do patrim\u00f4nio, a participa\u00e7\u00e3o social \u00e9 condi\u00e7\u00e3o indispens\u00e1vel, entretanto, n\u00e3o \u00e9 efetiva na pol\u00edtica patrimonial<br \/>\ndo Brasil. A aus\u00eancia de participa\u00e7\u00e3o acarreta consequ\u00eancias negativas na preserva\u00e7\u00e3o do<br \/>\npatrim\u00f4nio. A popula\u00e7\u00e3o, em geral, n\u00e3o participa do processo, conhece pouco sobre o<br \/>\npatrim\u00f4nio e, por isso, n\u00e3o se sente comprometida, n\u00e3o se relaciona com o bem tombado e<br \/>\nn\u00e3o lhe confere valor. N\u00e3o h\u00e1 instrumentos para participa\u00e7\u00e3o social definidos na pol\u00edtica de prote\u00e7\u00e3o patrimonial, por isso a participa\u00e7\u00e3o se d\u00e1 de diferentes formas e com diferentes graus de envolvimento, a depender de cada projeto e de seus gestores. Nesta pesquisa, estabelecesse como recorte temporal a Constitui\u00e7\u00e3o Federal de 1988, considerada a Constitui\u00e7\u00e3o Cidad\u00e3,<br \/>\nque possibilita a cria\u00e7\u00e3o de diversos espa\u00e7os e instrumentos para participa\u00e7\u00e3o da sociedade nas decis\u00f5es relacionadas \u00e0s pol\u00edticas p\u00fablicas. Como recorte espacial, estabelece-se o s\u00edtio hist\u00f3rico urbano, por ser a cidade o lugar prop\u00edcio ao exerc\u00edcio da democracia e os s\u00edtios hist\u00f3ricos, por ser de interesse do estudo o patrim\u00f4nio entendido como conjunto, e n\u00e3o edifica\u00e7\u00f5es ou monumentos isolados. A pesquisa objetiva identificar estrat\u00e9gias para<br \/>\npreserva\u00e7\u00e3o de s\u00edtios hist\u00f3ricos urbanos com participa\u00e7\u00e3o social. Para isso, adota o s\u00edtio hist\u00f3rico de Santa Leopoldina, um dos cinco s\u00edtios hist\u00f3ricos urbanos do estado do Esp\u00edrito Santo, tombado pelo Conselho Estadual de Cultura em 1983, como objeto concreto de experimenta\u00e7\u00e3o de metodologia participativa visando o estabelecimento de estrat\u00e9gias para preserva\u00e7\u00e3o do s\u00edtio hist\u00f3rico com participa\u00e7\u00e3o social. Para isso, realiza-se revis\u00e3o bibliogr\u00e1fica sobre a participa\u00e7\u00e3o social, seus instrumentos e metodologias; an\u00e1lise do s\u00edtio<br \/>\nhist\u00f3rico de Santa Leopoldina no campo urban\u00edstico-ambiental, socioecon\u00f4mico e da gest\u00e3o urbana e do s\u00edtio hist\u00f3rico; e experimento de roteiro metodol\u00f3gico em Santa Leopoldina, elaborado tendo como refer\u00eancia principal a metodologia da Red Cimas. Como resultado da pesquisa, confirma-se a hip\u00f3tese da aus\u00eancia de participa\u00e7\u00e3o social na preserva\u00e7\u00e3o do s\u00edtio hist\u00f3rico da cidade, identificada tanto no processo de tombamento como no experimento do roteiro metodol\u00f3gico.<\/p>\n<p>Palavras-chave: Participa\u00e7\u00e3o social. Preserva\u00e7\u00e3o. Gest\u00e3o urbana. Instrumentos de participa\u00e7\u00e3o social. S\u00edtios hist\u00f3ricos urbanos.<\/p>\n<p><a href=\"http:\/\/www.arquitetura.ufes.br\/pt-br\/pos-graduacao\/PPGAU\/detalhes-da-tese?id=11186\" target=\"_blank\" rel=\"noopener\">Acesso ao documento<\/a><\/p>\n","protected":false},"excerpt":{"rendered":"<p>Autora:\u00a0Let\u00edcia Nunes Barcellos Tipo:\u00a0Disserta\u00e7\u00e3o de mestrado acad\u00eamico Data de publica\u00e7\u00e3o:\u00a028\/06\/2017 Orientadora:\u00a0Renata Hermanny de Almeida Resumo:\u00a0Este trabalho se insere nos estudos que tratam da participa\u00e7\u00e3o social nas pol\u00edticas p\u00fablicas, especificamente relacionado \u00e0 preserva\u00e7\u00e3o de s\u00edtios hist\u00f3ricos urbanos no Brasil. A participa\u00e7\u00e3o &hellip; <a href=\"https:\/\/blog.ufes.br\/patri_lab\/linhas-de-pesquisa\/pesquisas-encerradas\/patrimonio-territorio-e-planejamento-espacial\/pos-graduacao-participacao-social-na-preservacao-de-sitios-historicos-urbanos-experimento-metodologico-no-sitio-historico-de-santa-leopoldina-es\/\">Continue lendo <span class=\"meta-nav\">&rarr;<\/span><\/a><\/p>\n","protected":false},"author":175,"featured_media":0,"parent":375,"menu_order":0,"comment_status":"closed","ping_status":"closed","template":"","meta":{"_bbp_topic_count":0,"_bbp_reply_count":0,"_bbp_total_topic_count":0,"_bbp_total_reply_count":0,"_bbp_voice_count":0,"_bbp_anonymous_reply_count":0,"_bbp_topic_count_hidden":0,"_bbp_reply_count_hidden":0,"_bbp_forum_subforum_count":0,"_uag_custom_page_level_css":"","footnotes":""},"class_list":["post-2634","page","type-page","status-publish","hentry"],"uagb_featured_image_src":{"full":false,"thumbnail":false,"medium":false,"medium_large":false,"large":false,"1536x1536":false,"2048x2048":false,"post-thumbnail":false},"uagb_author_info":{"display_name":"Damiany Nossa","author_link":"https:\/\/blog.ufes.br\/patri_lab\/author\/damiany-nossa\/"},"uagb_comment_info":0,"uagb_excerpt":"Autora:\u00a0Let\u00edcia Nunes Barcellos Tipo:\u00a0Disserta\u00e7\u00e3o de mestrado acad\u00eamico Data de publica\u00e7\u00e3o:\u00a028\/06\/2017 Orientadora:\u00a0Renata Hermanny de Almeida Resumo:\u00a0Este trabalho se insere nos estudos que tratam da participa\u00e7\u00e3o social nas pol\u00edticas p\u00fablicas, especificamente relacionado \u00e0 preserva\u00e7\u00e3o de s\u00edtios hist\u00f3ricos urbanos no Brasil. A participa\u00e7\u00e3o &hellip; Continue lendo &rarr;","_links":{"self":[{"href":"https:\/\/blog.ufes.br\/patri_lab\/wp-json\/wp\/v2\/pages\/2634","targetHints":{"allow":["GET"]}}],"collection":[{"href":"https:\/\/blog.ufes.br\/patri_lab\/wp-json\/wp\/v2\/pages"}],"about":[{"href":"https:\/\/blog.ufes.br\/patri_lab\/wp-json\/wp\/v2\/types\/page"}],"author":[{"embeddable":true,"href":"https:\/\/blog.ufes.br\/patri_lab\/wp-json\/wp\/v2\/users\/175"}],"replies":[{"embeddable":true,"href":"https:\/\/blog.ufes.br\/patri_lab\/wp-json\/wp\/v2\/comments?post=2634"}],"version-history":[{"count":5,"href":"https:\/\/blog.ufes.br\/patri_lab\/wp-json\/wp\/v2\/pages\/2634\/revisions"}],"predecessor-version":[{"id":2703,"href":"https:\/\/blog.ufes.br\/patri_lab\/wp-json\/wp\/v2\/pages\/2634\/revisions\/2703"}],"up":[{"embeddable":true,"href":"https:\/\/blog.ufes.br\/patri_lab\/wp-json\/wp\/v2\/pages\/375"}],"wp:attachment":[{"href":"https:\/\/blog.ufes.br\/patri_lab\/wp-json\/wp\/v2\/media?parent=2634"}],"curies":[{"name":"wp","href":"https:\/\/api.w.org\/{rel}","templated":true}]}}