{"id":2642,"date":"2018-10-24T11:15:41","date_gmt":"2018-10-24T14:15:41","guid":{"rendered":"http:\/\/blog.ufes.br\/patri_lab\/?page_id=2642"},"modified":"2018-10-25T15:46:42","modified_gmt":"2018-10-25T18:46:42","slug":"pos-graduacao-museificacao-do-territorio-experimentacao-conceitual-em-roteiro-cultural-no-espirito-santo","status":"publish","type":"page","link":"https:\/\/blog.ufes.br\/patri_lab\/linhas-de-pesquisa\/pesquisas-encerradas\/patrimonio-territorio-e-planejamento-espacial\/pos-graduacao-museificacao-do-territorio-experimentacao-conceitual-em-roteiro-cultural-no-espirito-santo\/","title":{"rendered":"[P\u00f3s-gradua\u00e7\u00e3o] &#8220;Museifica\u00e7\u00e3o do territ\u00f3rio : experimenta\u00e7\u00e3o conceitual em roteiro cultural no Esp\u00edrito Santo&#8221;"},"content":{"rendered":"<p><strong><span class=\"token-ufes continua\">Autora:<\/span><\/strong>\u00a0Aline Tessarolo Ruy<\/p>\n<p><strong><span class=\"token-ufes continua\">Tipo:<\/span><\/strong>\u00a0Disserta\u00e7\u00e3o de mestrado acad\u00eamico<br \/>\n<strong><span class=\"token-ufes continua\">Data de publica\u00e7\u00e3o:<\/span><\/strong>\u00a024\/05\/2017<\/p>\n<p><strong><span class=\"token-ufes continua\">Orientador:\u00a0<\/span><\/strong><span class=\"token-ufes continua\">Renata Hermanny de Almeida<\/span><\/p>\n<p><strong><span class=\"token-ufes continua\">Resumo:<\/span><\/strong>\u00a0Na sociedade contempor\u00e2nea rotas, roteiros, itiner\u00e1rios, circuitos, entre outros, s\u00e3o termos utilizados para designar estrat\u00e9gias de desenvolvimento e salvaguarda visando o conhecimento e experimenta\u00e7\u00e3o de territ\u00f3rios. Estes termos, neste trabalho, universalizados como roteiros culturais, est\u00e3o estreitamente vinculados \u00e0 l\u00f3gica tur\u00edstica, hoje mundializada. Essa modalidade de produ\u00e7\u00e3o territorial \u00e9 associada por diversos autores a museifica\u00e7\u00e3o: fen\u00f4meno recente que sugere uma territorializa\u00e7\u00e3o nos padr\u00f5es museol\u00f3gicos, produzindo a petrifica\u00e7\u00e3o\/congelamento de meios gerais, ao serem tratados como objetos de museu. Diante da poss\u00edvel integra\u00e7\u00e3o entre os dois temas apresentados, esta pesquisa tem por objetivo entender os roteiros como agentes da museifica\u00e7\u00e3o territorial, por meio da an\u00e1lise de objeto vinculado \u00e0 imigra\u00e7\u00e3o europeia no Estado do Esp\u00edrito Santo. Como procedimentos, adota pesquisa qualitativa, no estudo de caso do Circuito Caravaggio situado, neste Estado, no munic\u00edpio de Santa Teresa \u0096 mediante a an\u00e1lise dos oito processos pr\u00f3prios da museifica\u00e7\u00e3o, definidos em fundamenta\u00e7\u00e3o conceitual. A pesquisa tem como resultado a identifica\u00e7\u00e3o de processos pr\u00f3prios da museifica\u00e7\u00e3o territorial no Circuito Caravaggio, demonstrando a vincula\u00e7\u00e3o real entre a museifica\u00e7\u00e3o do territ\u00f3rio e os roteiros culturais.<\/p>\n<p>Palavras-chave: Museifica\u00e7\u00e3o. Territ\u00f3rio. Roteiro cultural.<\/p>\n<p><a href=\"http:\/\/www.arquitetura.ufes.br\/pt-br\/pos-graduacao\/PPGAU\/detalhes-da-tese?id=11051\" target=\"_blank\" rel=\"noopener\">Acesso ao documento<\/a><\/p>\n","protected":false},"excerpt":{"rendered":"<p>Autora:\u00a0Aline Tessarolo Ruy Tipo:\u00a0Disserta\u00e7\u00e3o de mestrado acad\u00eamico Data de publica\u00e7\u00e3o:\u00a024\/05\/2017 Orientador:\u00a0Renata Hermanny de Almeida Resumo:\u00a0Na sociedade contempor\u00e2nea rotas, roteiros, itiner\u00e1rios, circuitos, entre outros, s\u00e3o termos utilizados para designar estrat\u00e9gias de desenvolvimento e salvaguarda visando o conhecimento e experimenta\u00e7\u00e3o de territ\u00f3rios. &hellip; <a href=\"https:\/\/blog.ufes.br\/patri_lab\/linhas-de-pesquisa\/pesquisas-encerradas\/patrimonio-territorio-e-planejamento-espacial\/pos-graduacao-museificacao-do-territorio-experimentacao-conceitual-em-roteiro-cultural-no-espirito-santo\/\">Continue lendo <span class=\"meta-nav\">&rarr;<\/span><\/a><\/p>\n","protected":false},"author":175,"featured_media":0,"parent":375,"menu_order":0,"comment_status":"closed","ping_status":"closed","template":"","meta":{"_bbp_topic_count":0,"_bbp_reply_count":0,"_bbp_total_topic_count":0,"_bbp_total_reply_count":0,"_bbp_voice_count":0,"_bbp_anonymous_reply_count":0,"_bbp_topic_count_hidden":0,"_bbp_reply_count_hidden":0,"_bbp_forum_subforum_count":0,"_uag_custom_page_level_css":"","footnotes":""},"class_list":["post-2642","page","type-page","status-publish","hentry"],"uagb_featured_image_src":{"full":false,"thumbnail":false,"medium":false,"medium_large":false,"large":false,"1536x1536":false,"2048x2048":false,"post-thumbnail":false},"uagb_author_info":{"display_name":"Damiany Nossa","author_link":"https:\/\/blog.ufes.br\/patri_lab\/author\/damiany-nossa\/"},"uagb_comment_info":0,"uagb_excerpt":"Autora:\u00a0Aline Tessarolo Ruy Tipo:\u00a0Disserta\u00e7\u00e3o de mestrado acad\u00eamico Data de publica\u00e7\u00e3o:\u00a024\/05\/2017 Orientador:\u00a0Renata Hermanny de Almeida Resumo:\u00a0Na sociedade contempor\u00e2nea rotas, roteiros, itiner\u00e1rios, circuitos, entre outros, s\u00e3o termos utilizados para designar estrat\u00e9gias de desenvolvimento e salvaguarda visando o conhecimento e experimenta\u00e7\u00e3o de territ\u00f3rios. &hellip; Continue lendo &rarr;","_links":{"self":[{"href":"https:\/\/blog.ufes.br\/patri_lab\/wp-json\/wp\/v2\/pages\/2642","targetHints":{"allow":["GET"]}}],"collection":[{"href":"https:\/\/blog.ufes.br\/patri_lab\/wp-json\/wp\/v2\/pages"}],"about":[{"href":"https:\/\/blog.ufes.br\/patri_lab\/wp-json\/wp\/v2\/types\/page"}],"author":[{"embeddable":true,"href":"https:\/\/blog.ufes.br\/patri_lab\/wp-json\/wp\/v2\/users\/175"}],"replies":[{"embeddable":true,"href":"https:\/\/blog.ufes.br\/patri_lab\/wp-json\/wp\/v2\/comments?post=2642"}],"version-history":[{"count":4,"href":"https:\/\/blog.ufes.br\/patri_lab\/wp-json\/wp\/v2\/pages\/2642\/revisions"}],"predecessor-version":[{"id":2702,"href":"https:\/\/blog.ufes.br\/patri_lab\/wp-json\/wp\/v2\/pages\/2642\/revisions\/2702"}],"up":[{"embeddable":true,"href":"https:\/\/blog.ufes.br\/patri_lab\/wp-json\/wp\/v2\/pages\/375"}],"wp:attachment":[{"href":"https:\/\/blog.ufes.br\/patri_lab\/wp-json\/wp\/v2\/media?parent=2642"}],"curies":[{"name":"wp","href":"https:\/\/api.w.org\/{rel}","templated":true}]}}