{"id":2711,"date":"2018-10-31T15:45:23","date_gmt":"2018-10-31T18:45:23","guid":{"rendered":"http:\/\/blog.ufes.br\/patri_lab\/?page_id=2711"},"modified":"2019-09-10T16:17:42","modified_gmt":"2019-09-10T19:17:42","slug":"graduacao","status":"publish","type":"page","link":"https:\/\/blog.ufes.br\/patri_lab\/pesquisadores\/estudantes\/graduacao\/","title":{"rendered":"Gradua\u00e7\u00e3o"},"content":{"rendered":"<ul>\n<li><strong>Aline de Sousa Portela<\/strong><\/li>\n<\/ul>\n<p>Graduanda em Arquitetura e Urbanismo da Universidade Federal do Esp\u00edrito Santo (2014-atual). \u00c9 pesquisadora do Patri_Lab desde 2018.<\/p>\n<p>Curr\u00edculo lattes:\u00a0<a href=\"http:\/\/lattes.cnpq.br\/9158209563902656\" target=\"_blank\" rel=\"noopener noreferrer\">http:\/\/lattes.cnpq.br\/9158209563902656<\/a><\/p>\n<p>Endere\u00e7o eletr\u00f4nico:\u00a0<span class=\"mark7pa3of4un\"><span class=\"mark3b47ht91g\">aline<\/span><\/span><span class=\"mark3b47ht91g\">17_sp@hotmail.com<\/span><\/p>\n<ul>\n<li><strong>Vanessa Krohling Mayer<\/strong><\/li>\n<\/ul>\n<p>Graduanda em Arquitetura e Urbanismo da Universidade Federal do Esp\u00edrito Santo (2015-atual). \u00c9 pesquisadora do Patri_Lab desde 2018.<\/p>\n<p>Curr\u00edculo lattes:\u00a0<a href=\"http:\/\/lattes.cnpq.br\/9097865033492180\" target=\"_blank\" rel=\"noopener noreferrer\">http:\/\/lattes.cnpq.br\/9097865033492180<\/a><\/p>\n<p>Endere\u00e7o eletr\u00f4nico:\u00a0<span class=\"mark1t8oz03u0\"><span class=\"markaxjvpk2ac\">vanessa<\/span><\/span><span class=\"markaxjvpk2ac\">km1@hotmail.com<\/span><\/p>\n<ul>\n<li><strong>Amanda Lovatti Coelho Koffer<\/strong><\/li>\n<\/ul>\n<p>Graduanda em Arquitetura e Urbanismo da Universidade Federal do Esp\u00edrito Santo (2016-atual), t\u00e9cnica em Portos pelo Instituto Federal do Esp\u00edrito Santo (2012-2015). \u00c9 pesquisadora do Patri_Lab desde 2019.<\/p>\n<p>Curr\u00edculo lattes: <a href=\"http:\/\/lattes.cnpq.br\/9260233393261762\">http:\/\/lattes.cnpq.br\/9260233393261762<\/a><\/p>\n<p>Endere\u00e7o eletr\u00f4nico: lovatti.amanda@gmail.com<\/p>\n<ul>\n<li><strong>Let\u00edcia Andrade Cremasco<\/strong><\/li>\n<\/ul>\n<p>Graduanda em Arquitetura e Urbanismo da Universidade Federal do Esp\u00edrito Santo 2016-atual. \u00c9 pesquisadora do Patri_Lab desde 2018.<\/p>\n<p>Curr\u00edculo lattes: <a href=\"\/\/lattes.cnpq.br\/7959665806049637\">http:\/\/lattes.cnpq.br\/7959665806049637<\/a><\/p>\n<p>Endere\u00e7o eletr\u00f4nico: leticiaacremasco@gmail.com<\/p>\n<ul>\n<li><strong>Maria Vict\u00f3ria Soares de Souza<\/strong><\/li>\n<\/ul>\n<p>Graduanda em Arquitetura e Urbanismo da Universidade Federal do Esp\u00edrito Santo (2016-atual), t\u00e9cnica em Portos pelo Instituto Federal do Esp\u00edrito Santo (2012-2015). \u00c9 pesquisadora do Patri_Lab desde 2019.<\/p>\n<p>Curr\u00edculo lattes: <a href=\"http:\/\/lattes.cnpq.br\/6772890871336375\">http:\/\/lattes.cnpq.br\/6772890871336375<\/a><\/p>\n<p>Endere\u00e7o eletr\u00f4nico: mariavicsoares@gmail.com<\/p>\n<ul>\n<li><strong>Vitoria Suliotis<\/strong><\/li>\n<\/ul>\n<p>Graduanda em Arquitetura e Urbanismo da Universidade Federal do Esp\u00edrito Santo (2016-atual), t\u00e9cnica em Edifica\u00e7\u00f5es pelo Instituto Federal do Esp\u00edrito Santo (2011-2014). \u00c9 pesquisadora do Patri_Lab desde 2019.<\/p>\n<p>Curr\u00edculo lattes: <a href=\"http:\/\/lattes.cnpq.br\/1660053712155295\">http:\/\/lattes.cnpq.br\/1660053712155295<\/a><\/p>\n<p>Endere\u00e7o eletr\u00f4nico: vitoriasuliotis@gmail.com<\/p>\n","protected":false},"excerpt":{"rendered":"<p>Aline de Sousa Portela Graduanda em Arquitetura e Urbanismo da Universidade Federal do Esp\u00edrito Santo (2014-atual). \u00c9 pesquisadora do Patri_Lab desde 2018. Curr\u00edculo lattes:\u00a0http:\/\/lattes.cnpq.br\/9158209563902656 Endere\u00e7o eletr\u00f4nico:\u00a0aline17_sp@hotmail.com Vanessa Krohling Mayer Graduanda em Arquitetura e Urbanismo da Universidade Federal do Esp\u00edrito Santo &hellip; <a href=\"https:\/\/blog.ufes.br\/patri_lab\/pesquisadores\/estudantes\/graduacao\/\">Continue lendo <span class=\"meta-nav\">&rarr;<\/span><\/a><\/p>\n","protected":false},"author":175,"featured_media":0,"parent":15,"menu_order":2,"comment_status":"closed","ping_status":"closed","template":"","meta":{"_bbp_topic_count":0,"_bbp_reply_count":0,"_bbp_total_topic_count":0,"_bbp_total_reply_count":0,"_bbp_voice_count":0,"_bbp_anonymous_reply_count":0,"_bbp_topic_count_hidden":0,"_bbp_reply_count_hidden":0,"_bbp_forum_subforum_count":0,"_uag_custom_page_level_css":"","footnotes":""},"class_list":["post-2711","page","type-page","status-publish","hentry"],"uagb_featured_image_src":{"full":false,"thumbnail":false,"medium":false,"medium_large":false,"large":false,"1536x1536":false,"2048x2048":false,"post-thumbnail":false},"uagb_author_info":{"display_name":"Damiany Nossa","author_link":"https:\/\/blog.ufes.br\/patri_lab\/author\/damiany-nossa\/"},"uagb_comment_info":0,"uagb_excerpt":"Aline de Sousa Portela Graduanda em Arquitetura e Urbanismo da Universidade Federal do Esp\u00edrito Santo (2014-atual). \u00c9 pesquisadora do Patri_Lab desde 2018. Curr\u00edculo lattes:\u00a0http:\/\/lattes.cnpq.br\/9158209563902656 Endere\u00e7o eletr\u00f4nico:\u00a0aline17_sp@hotmail.com Vanessa Krohling Mayer Graduanda em Arquitetura e Urbanismo da Universidade Federal do Esp\u00edrito Santo &hellip; Continue lendo &rarr;","_links":{"self":[{"href":"https:\/\/blog.ufes.br\/patri_lab\/wp-json\/wp\/v2\/pages\/2711","targetHints":{"allow":["GET"]}}],"collection":[{"href":"https:\/\/blog.ufes.br\/patri_lab\/wp-json\/wp\/v2\/pages"}],"about":[{"href":"https:\/\/blog.ufes.br\/patri_lab\/wp-json\/wp\/v2\/types\/page"}],"author":[{"embeddable":true,"href":"https:\/\/blog.ufes.br\/patri_lab\/wp-json\/wp\/v2\/users\/175"}],"replies":[{"embeddable":true,"href":"https:\/\/blog.ufes.br\/patri_lab\/wp-json\/wp\/v2\/comments?post=2711"}],"version-history":[{"count":4,"href":"https:\/\/blog.ufes.br\/patri_lab\/wp-json\/wp\/v2\/pages\/2711\/revisions"}],"predecessor-version":[{"id":2777,"href":"https:\/\/blog.ufes.br\/patri_lab\/wp-json\/wp\/v2\/pages\/2711\/revisions\/2777"}],"up":[{"embeddable":true,"href":"https:\/\/blog.ufes.br\/patri_lab\/wp-json\/wp\/v2\/pages\/15"}],"wp:attachment":[{"href":"https:\/\/blog.ufes.br\/patri_lab\/wp-json\/wp\/v2\/media?parent=2711"}],"curies":[{"name":"wp","href":"https:\/\/api.w.org\/{rel}","templated":true}]}}